{"id":2446,"date":"2019-11-25T08:17:10","date_gmt":"2019-11-25T07:17:10","guid":{"rendered":"https:\/\/eschringen.de\/wordpress\/?post_type=tribe_events&#038;p=2446"},"modified":"2019-11-25T08:17:10","modified_gmt":"2019-11-25T07:17:10","slug":"adventsbasar","status":"publish","type":"tribe_events","link":"https:\/\/eschringen.de\/wordpress\/event\/adventsbasar\/","title":{"rendered":"Adventsbasar"},"content":{"rendered":"<p><strong>Adventsbasar vor der St. Laurentiuskirche in Eschringen<\/strong><\/p>\n<p>Es ist wieder soweit. Wir laden Sie herzlich ein zu unserem Basar am 2. Advent, den 8. Dezember 2019. Die Bude \u00f6ffnet am Nachmittag, um 15.00 Uhr.<br \/>\nWie in den Jahren zuvor bieten wir Gl\u00fchwein, Pl\u00e4tzchen, Kerzen, mehrere Gelees und Marmeladen usw. an.<br \/>\nEin besonderer H\u00f6hepunkt in diesem Jahr sind unsere \u00dcberraschungsgeschenkp\u00e4ckchen. In einem der P\u00e4ckchen versteckt sich eine Reise (gespendet von Fortuna Reisen).<br \/>\nNach der Abendmesse (18.00 Uhr) kommt der Nikolaus zu unseren Besuchern und beschenkt jeden mit einer Gabe aus seinem Sack.<br \/>\nDas Bl\u00e4serensemble des MV \u201eLyra\u201c geh\u00f6rt seit Jahren zum engagierten Kreis der Helfer und unterh\u00e4lt unsere G\u00e4ste am Abend mit adventlicher Musik.<br \/>\nDer Erl\u00f6s geht an das Kinderkrankenhaus der Dominikanerinnen (Sr. Wiltrud) in Ghana und das Projekt von Kaplan Hartmann.<br \/>\nAuf regen Besuch hoffen Gertrud Schweitzer und ihre flei\u00dfigen Helfer.<\/p>\n<p>(gs)<\/p>\n","protected":false},"excerpt":{"rendered":"<p>Adventsbasar vor der St. Laurentiuskirche in Eschringen Es ist wieder soweit. Wir laden Sie herzlich ein zu unserem Basar am 2. Advent, den 8. Dezember 2019. Die Bude \u00f6ffnet am Nachmittag, um 15.00 Uhr. Wie in den Jahren zuvor bieten wir Gl\u00fchwein, Pl\u00e4tzchen, Kerzen, mehrere Gelees und Marmeladen usw. an. Ein besonderer H\u00f6hepunkt in diesem &#8230; <a title=\"Adventsbasar\" class=\"read-more\" href=\"https:\/\/eschringen.de\/wordpress\/event\/adventsbasar\/\" aria-label=\"Mehr Informationen \u00fcber Adventsbasar\">Weiterlesen &#8230;<\/a><\/p>\n","protected":false},"author":1,"featured_media":1424,"template":"","meta":{"ngg_post_thumbnail":0,"_tribe_events_status":"","_tribe_events_status_reason":"","footnotes":""},"tags":[],"tribe_events_cat":[],"class_list":["post-2446","tribe_events","type-tribe_events","status-publish","has-post-thumbnail","hentry"],"yoast_head":"<!-- This site is optimized with the Yoast SEO plugin v27.4 - https:\/\/yoast.com\/product\/yoast-seo-wordpress\/ -->\n<title>Adventsbasar - Eschringen<\/title>\n<meta name=\"robots\" content=\"index, follow, max-snippet:-1, max-image-preview:large, max-video-preview:-1\" \/>\n<link rel=\"canonical\" href=\"https:\/\/eschringen.de\/wordpress\/event\/adventsbasar\/\" \/>\n<meta property=\"og:locale\" content=\"de_DE\" \/>\n<meta property=\"og:type\" content=\"article\" \/>\n<meta property=\"og:title\" content=\"Adventsbasar - Eschringen\" \/>\n<meta property=\"og:description\" content=\"Adventsbasar vor der St. Laurentiuskirche in Eschringen Es ist wieder soweit. Wir laden Sie herzlich ein zu unserem Basar am 2. Advent, den 8. Dezember 2019. Die Bude \u00f6ffnet am Nachmittag, um 15.00 Uhr. Wie in den Jahren zuvor bieten wir Gl\u00fchwein, Pl\u00e4tzchen, Kerzen, mehrere Gelees und Marmeladen usw. an. Ein besonderer H\u00f6hepunkt in diesem ... Weiterlesen ...\" \/>\n<meta property=\"og:url\" content=\"https:\/\/eschringen.de\/wordpress\/event\/adventsbasar\/\" \/>\n<meta property=\"og:site_name\" content=\"Eschringen\" \/>\n<meta property=\"og:image\" content=\"https:\/\/eschringen.de\/wordpress\/wp-content\/uploads\/2017\/06\/Kirche_kal.jpg\" \/>\n\t<meta property=\"og:image:width\" content=\"210\" \/>\n\t<meta property=\"og:image:height\" content=\"212\" \/>\n\t<meta property=\"og:image:type\" content=\"image\/jpeg\" \/>\n<meta name=\"twitter:card\" content=\"summary_large_image\" \/>\n<meta name=\"twitter:label1\" content=\"Gesch\u00e4tzte Lesezeit\" \/>\n\t<meta name=\"twitter:data1\" content=\"1\u00a0Minute\" \/>\n<script type=\"application\/ld+json\" class=\"yoast-schema-graph\">{\"@context\":\"https:\\\/\\\/schema.org\",\"@graph\":[{\"@type\":\"WebPage\",\"@id\":\"https:\\\/\\\/eschringen.de\\\/wordpress\\\/event\\\/adventsbasar\\\/\",\"url\":\"https:\\\/\\\/eschringen.de\\\/wordpress\\\/event\\\/adventsbasar\\\/\",\"name\":\"Adventsbasar - Eschringen\",\"isPartOf\":{\"@id\":\"https:\\\/\\\/eschringen.de\\\/wordpress\\\/#website\"},\"primaryImageOfPage\":{\"@id\":\"https:\\\/\\\/eschringen.de\\\/wordpress\\\/event\\\/adventsbasar\\\/#primaryimage\"},\"image\":{\"@id\":\"https:\\\/\\\/eschringen.de\\\/wordpress\\\/event\\\/adventsbasar\\\/#primaryimage\"},\"thumbnailUrl\":\"https:\\\/\\\/i0.wp.com\\\/eschringen.de\\\/wordpress\\\/wp-content\\\/uploads\\\/2017\\\/06\\\/Kirche_kal.jpg?fit=210%2C212&ssl=1\",\"datePublished\":\"2019-11-25T07:17:10+00:00\",\"breadcrumb\":{\"@id\":\"https:\\\/\\\/eschringen.de\\\/wordpress\\\/event\\\/adventsbasar\\\/#breadcrumb\"},\"inLanguage\":\"de\",\"potentialAction\":[{\"@type\":\"ReadAction\",\"target\":[\"https:\\\/\\\/eschringen.de\\\/wordpress\\\/event\\\/adventsbasar\\\/\"]}]},{\"@type\":\"ImageObject\",\"inLanguage\":\"de\",\"@id\":\"https:\\\/\\\/eschringen.de\\\/wordpress\\\/event\\\/adventsbasar\\\/#primaryimage\",\"url\":\"https:\\\/\\\/i0.wp.com\\\/eschringen.de\\\/wordpress\\\/wp-content\\\/uploads\\\/2017\\\/06\\\/Kirche_kal.jpg?fit=210%2C212&ssl=1\",\"contentUrl\":\"https:\\\/\\\/i0.wp.com\\\/eschringen.de\\\/wordpress\\\/wp-content\\\/uploads\\\/2017\\\/06\\\/Kirche_kal.jpg?fit=210%2C212&ssl=1\",\"width\":210,\"height\":212},{\"@type\":\"BreadcrumbList\",\"@id\":\"https:\\\/\\\/eschringen.de\\\/wordpress\\\/event\\\/adventsbasar\\\/#breadcrumb\",\"itemListElement\":[{\"@type\":\"ListItem\",\"position\":1,\"name\":\"Startseite\",\"item\":\"https:\\\/\\\/eschringen.de\\\/wordpress\\\/\"},{\"@type\":\"ListItem\",\"position\":2,\"name\":\"Veranstaltungen\",\"item\":\"https:\\\/\\\/eschringen.de\\\/wordpress\\\/events\\\/\"},{\"@type\":\"ListItem\",\"position\":3,\"name\":\"Adventsbasar\"}]},{\"@type\":\"WebSite\",\"@id\":\"https:\\\/\\\/eschringen.de\\\/wordpress\\\/#website\",\"url\":\"https:\\\/\\\/eschringen.de\\\/wordpress\\\/\",\"name\":\"Eschringen\",\"description\":\"\",\"publisher\":{\"@id\":\"https:\\\/\\\/eschringen.de\\\/wordpress\\\/#organization\"},\"potentialAction\":[{\"@type\":\"SearchAction\",\"target\":{\"@type\":\"EntryPoint\",\"urlTemplate\":\"https:\\\/\\\/eschringen.de\\\/wordpress\\\/?s={search_term_string}\"},\"query-input\":{\"@type\":\"PropertyValueSpecification\",\"valueRequired\":true,\"valueName\":\"search_term_string\"}}],\"inLanguage\":\"de\"},{\"@type\":\"Organization\",\"@id\":\"https:\\\/\\\/eschringen.de\\\/wordpress\\\/#organization\",\"name\":\"Eschringen\",\"url\":\"https:\\\/\\\/eschringen.de\\\/wordpress\\\/\",\"logo\":{\"@type\":\"ImageObject\",\"inLanguage\":\"de\",\"@id\":\"https:\\\/\\\/eschringen.de\\\/wordpress\\\/#\\\/schema\\\/logo\\\/image\\\/\",\"url\":\"https:\\\/\\\/eschringen.de\\\/wordpress\\\/wp-content\\\/uploads\\\/2017\\\/03\\\/2017_kw15.jpg\",\"contentUrl\":\"https:\\\/\\\/eschringen.de\\\/wordpress\\\/wp-content\\\/uploads\\\/2017\\\/03\\\/2017_kw15.jpg\",\"width\":784,\"height\":447,\"caption\":\"Eschringen\"},\"image\":{\"@id\":\"https:\\\/\\\/eschringen.de\\\/wordpress\\\/#\\\/schema\\\/logo\\\/image\\\/\"}}]}<\/script>\n<!-- \/ Yoast SEO plugin. -->","yoast_head_json":{"title":"Adventsbasar - Eschringen","robots":{"index":"index","follow":"follow","max-snippet":"max-snippet:-1","max-image-preview":"max-image-preview:large","max-video-preview":"max-video-preview:-1"},"canonical":"https:\/\/eschringen.de\/wordpress\/event\/adventsbasar\/","og_locale":"de_DE","og_type":"article","og_title":"Adventsbasar - Eschringen","og_description":"Adventsbasar vor der St. Laurentiuskirche in Eschringen Es ist wieder soweit. Wir laden Sie herzlich ein zu unserem Basar am 2. Advent, den 8. Dezember 2019. Die Bude \u00f6ffnet am Nachmittag, um 15.00 Uhr. Wie in den Jahren zuvor bieten wir Gl\u00fchwein, Pl\u00e4tzchen, Kerzen, mehrere Gelees und Marmeladen usw. an. Ein besonderer H\u00f6hepunkt in diesem ... Weiterlesen ...","og_url":"https:\/\/eschringen.de\/wordpress\/event\/adventsbasar\/","og_site_name":"Eschringen","og_image":[{"width":210,"height":212,"url":"https:\/\/eschringen.de\/wordpress\/wp-content\/uploads\/2017\/06\/Kirche_kal.jpg","type":"image\/jpeg"}],"twitter_card":"summary_large_image","twitter_misc":{"Gesch\u00e4tzte Lesezeit":"1\u00a0Minute"},"schema":{"@context":"https:\/\/schema.org","@graph":[{"@type":"WebPage","@id":"https:\/\/eschringen.de\/wordpress\/event\/adventsbasar\/","url":"https:\/\/eschringen.de\/wordpress\/event\/adventsbasar\/","name":"Adventsbasar - Eschringen","isPartOf":{"@id":"https:\/\/eschringen.de\/wordpress\/#website"},"primaryImageOfPage":{"@id":"https:\/\/eschringen.de\/wordpress\/event\/adventsbasar\/#primaryimage"},"image":{"@id":"https:\/\/eschringen.de\/wordpress\/event\/adventsbasar\/#primaryimage"},"thumbnailUrl":"https:\/\/i0.wp.com\/eschringen.de\/wordpress\/wp-content\/uploads\/2017\/06\/Kirche_kal.jpg?fit=210%2C212&ssl=1","datePublished":"2019-11-25T07:17:10+00:00","breadcrumb":{"@id":"https:\/\/eschringen.de\/wordpress\/event\/adventsbasar\/#breadcrumb"},"inLanguage":"de","potentialAction":[{"@type":"ReadAction","target":["https:\/\/eschringen.de\/wordpress\/event\/adventsbasar\/"]}]},{"@type":"ImageObject","inLanguage":"de","@id":"https:\/\/eschringen.de\/wordpress\/event\/adventsbasar\/#primaryimage","url":"https:\/\/i0.wp.com\/eschringen.de\/wordpress\/wp-content\/uploads\/2017\/06\/Kirche_kal.jpg?fit=210%2C212&ssl=1","contentUrl":"https:\/\/i0.wp.com\/eschringen.de\/wordpress\/wp-content\/uploads\/2017\/06\/Kirche_kal.jpg?fit=210%2C212&ssl=1","width":210,"height":212},{"@type":"BreadcrumbList","@id":"https:\/\/eschringen.de\/wordpress\/event\/adventsbasar\/#breadcrumb","itemListElement":[{"@type":"ListItem","position":1,"name":"Startseite","item":"https:\/\/eschringen.de\/wordpress\/"},{"@type":"ListItem","position":2,"name":"Veranstaltungen","item":"https:\/\/eschringen.de\/wordpress\/events\/"},{"@type":"ListItem","position":3,"name":"Adventsbasar"}]},{"@type":"WebSite","@id":"https:\/\/eschringen.de\/wordpress\/#website","url":"https:\/\/eschringen.de\/wordpress\/","name":"Eschringen","description":"","publisher":{"@id":"https:\/\/eschringen.de\/wordpress\/#organization"},"potentialAction":[{"@type":"SearchAction","target":{"@type":"EntryPoint","urlTemplate":"https:\/\/eschringen.de\/wordpress\/?s={search_term_string}"},"query-input":{"@type":"PropertyValueSpecification","valueRequired":true,"valueName":"search_term_string"}}],"inLanguage":"de"},{"@type":"Organization","@id":"https:\/\/eschringen.de\/wordpress\/#organization","name":"Eschringen","url":"https:\/\/eschringen.de\/wordpress\/","logo":{"@type":"ImageObject","inLanguage":"de","@id":"https:\/\/eschringen.de\/wordpress\/#\/schema\/logo\/image\/","url":"https:\/\/eschringen.de\/wordpress\/wp-content\/uploads\/2017\/03\/2017_kw15.jpg","contentUrl":"https:\/\/eschringen.de\/wordpress\/wp-content\/uploads\/2017\/03\/2017_kw15.jpg","width":784,"height":447,"caption":"Eschringen"},"image":{"@id":"https:\/\/eschringen.de\/wordpress\/#\/schema\/logo\/image\/"}}]}},"jetpack_sharing_enabled":true,"_links":{"self":[{"href":"https:\/\/eschringen.de\/wordpress\/wp-json\/wp\/v2\/tribe_events\/2446","targetHints":{"allow":["GET"]}}],"collection":[{"href":"https:\/\/eschringen.de\/wordpress\/wp-json\/wp\/v2\/tribe_events"}],"about":[{"href":"https:\/\/eschringen.de\/wordpress\/wp-json\/wp\/v2\/types\/tribe_events"}],"author":[{"embeddable":true,"href":"https:\/\/eschringen.de\/wordpress\/wp-json\/wp\/v2\/users\/1"}],"version-history":[{"count":1,"href":"https:\/\/eschringen.de\/wordpress\/wp-json\/wp\/v2\/tribe_events\/2446\/revisions"}],"predecessor-version":[{"id":2447,"href":"https:\/\/eschringen.de\/wordpress\/wp-json\/wp\/v2\/tribe_events\/2446\/revisions\/2447"}],"wp:featuredmedia":[{"embeddable":true,"href":"https:\/\/eschringen.de\/wordpress\/wp-json\/wp\/v2\/media\/1424"}],"wp:attachment":[{"href":"https:\/\/eschringen.de\/wordpress\/wp-json\/wp\/v2\/media?parent=2446"}],"wp:term":[{"taxonomy":"post_tag","embeddable":true,"href":"https:\/\/eschringen.de\/wordpress\/wp-json\/wp\/v2\/tags?post=2446"},{"taxonomy":"tribe_events_cat","embeddable":true,"href":"https:\/\/eschringen.de\/wordpress\/wp-json\/wp\/v2\/tribe_events_cat?post=2446"}],"curies":[{"name":"wp","href":"https:\/\/api.w.org\/{rel}","templated":true}]}}