{"id":2434,"date":"2019-11-01T15:56:49","date_gmt":"2019-11-01T14:56:49","guid":{"rendered":"https:\/\/eschringen.de\/wordpress\/?post_type=tribe_events&#038;p=2434"},"modified":"2019-11-01T15:56:49","modified_gmt":"2019-11-01T14:56:49","slug":"besuch-pictures-of-pop-ausstellung","status":"publish","type":"tribe_events","link":"https:\/\/eschringen.de\/wordpress\/event\/besuch-pictures-of-pop-ausstellung\/","title":{"rendered":"Besuch \u201ePictures of Pop\u201c-Ausstellung"},"content":{"rendered":"<p><strong>Geschichtswerkstatt besucht \u201ePictures of Pop\u201c-Ausstellungen<\/strong><\/p>\n<p>Seit Ende August jagt eine Ausstellungser\u00f6ffnung die andere. Der saarl\u00e4ndische PopRat unter dem Vorsitz von Peter Meyer brachte \u00fcber 21 eigenst\u00e4ndige Fotoausstellungen zum Komplex \u201ePopkultur\/popul\u00e4re Musik\u201c auf den Weg \u2013 sowohl zeitgen\u00f6ssische, aktuelle Fotos von regionalen und international bekannten FotografInnen, aber auch gemischte Auswahlen aus Fotobest\u00e4nden mit oft historischem Schwerpunkt.<br \/>\nZwei Eschringer sind jeweils mit eigenst\u00e4ndigen Ausstellungen mit von der Partie:<br \/>\nZippo Zimmermann hat mit seiner Frau Katrin Reis die Ausstellung \u201e+1 auf der G\u00e4steliste (Ep. 2) im wahrsten Sinne \u201ekomponiert\u201c; deren hochgelobte Fotos werden im Lokal \u201eJules Verne\u201c pr\u00e4sentiert.<br \/>\nRoland Schmitt co-kuratiert als ehemaliger SR-Archivar eine Ausstellung, die den Saarl\u00e4ndischen Rundfunk anhand von 70 Fotos als Popkultur-Botschafter w\u00fcrdigt (\u201eHallo Twen\u201c, \u201eGoldene Europa\u201c, \u201eSR1 Unplugged\u201c etc.).<br \/>\nAm Freitag, den 22. November 2019, wird sich die Geschichtswerkstatt\/vhs Halberg beide Ausstellungen anschauen: Wegen der eingeschr\u00e4nkten \u00d6ffnungszeiten zuerst die eine auf dem Halberg, anschlie\u00dfend die andere im \u201eJules Verne\u201c (ab ca. 18 Uhr).<br \/>\nEs werden Fahrgemeinschaften gebildet und mit PKWs die Zielpunkte angesteuert. Abfahrt ist gegen 16:30 Uhr am Treffpunkt ehemaliges Gasthaus \u201eZur neuen Simbach\u201c (Andreas-Kremp-Stra\u00dfe 8). Der Eintritt ist frei.<br \/>\nZwecks Planung der Fahrgemeinschaften bitte tel. anmelden bei Roland Schmitt, Tel. 3272, oder via E-mail: rschmitt@eschringen.de<\/p>\n","protected":false},"excerpt":{"rendered":"<p>Geschichtswerkstatt besucht \u201ePictures of Pop\u201c-Ausstellungen Seit Ende August jagt eine Ausstellungser\u00f6ffnung die andere. Der saarl\u00e4ndische PopRat unter dem Vorsitz von Peter Meyer brachte \u00fcber 21 eigenst\u00e4ndige Fotoausstellungen zum Komplex \u201ePopkultur\/popul\u00e4re Musik\u201c auf den Weg \u2013 sowohl zeitgen\u00f6ssische, aktuelle Fotos von regionalen und international bekannten FotografInnen, aber auch gemischte Auswahlen aus Fotobest\u00e4nden mit oft historischem Schwerpunkt. &#8230; <a title=\"Besuch \u201ePictures of Pop\u201c-Ausstellung\" class=\"read-more\" href=\"https:\/\/eschringen.de\/wordpress\/event\/besuch-pictures-of-pop-ausstellung\/\" aria-label=\"Mehr Informationen \u00fcber Besuch \u201ePictures of Pop\u201c-Ausstellung\">Weiterlesen &#8230;<\/a><\/p>\n","protected":false},"author":1,"featured_media":1419,"template":"","meta":{"ngg_post_thumbnail":0,"_tribe_events_status":"","_tribe_events_status_reason":"","footnotes":""},"tags":[],"tribe_events_cat":[],"class_list":["post-2434","tribe_events","type-tribe_events","status-publish","has-post-thumbnail","hentry"],"yoast_head":"<!-- This site is optimized with the Yoast SEO plugin v27.4 - https:\/\/yoast.com\/product\/yoast-seo-wordpress\/ -->\n<title>Besuch \u201ePictures of Pop\u201c-Ausstellung - Eschringen<\/title>\n<meta name=\"robots\" content=\"index, follow, max-snippet:-1, max-image-preview:large, max-video-preview:-1\" \/>\n<link rel=\"canonical\" href=\"https:\/\/eschringen.de\/wordpress\/event\/besuch-pictures-of-pop-ausstellung\/\" \/>\n<meta property=\"og:locale\" content=\"de_DE\" \/>\n<meta property=\"og:type\" content=\"article\" \/>\n<meta property=\"og:title\" content=\"Besuch \u201ePictures of Pop\u201c-Ausstellung - Eschringen\" \/>\n<meta property=\"og:description\" content=\"Geschichtswerkstatt besucht \u201ePictures of Pop\u201c-Ausstellungen Seit Ende August jagt eine Ausstellungser\u00f6ffnung die andere. Der saarl\u00e4ndische PopRat unter dem Vorsitz von Peter Meyer brachte \u00fcber 21 eigenst\u00e4ndige Fotoausstellungen zum Komplex \u201ePopkultur\/popul\u00e4re Musik\u201c auf den Weg \u2013 sowohl zeitgen\u00f6ssische, aktuelle Fotos von regionalen und international bekannten FotografInnen, aber auch gemischte Auswahlen aus Fotobest\u00e4nden mit oft historischem Schwerpunkt. ... Weiterlesen ...\" \/>\n<meta property=\"og:url\" content=\"https:\/\/eschringen.de\/wordpress\/event\/besuch-pictures-of-pop-ausstellung\/\" \/>\n<meta property=\"og:site_name\" content=\"Eschringen\" \/>\n<meta property=\"og:image\" content=\"https:\/\/eschringen.de\/wordpress\/wp-content\/uploads\/2017\/05\/GW_kal-1.jpg\" \/>\n\t<meta property=\"og:image:width\" content=\"210\" \/>\n\t<meta property=\"og:image:height\" content=\"210\" \/>\n\t<meta property=\"og:image:type\" content=\"image\/jpeg\" \/>\n<meta name=\"twitter:card\" content=\"summary_large_image\" \/>\n<meta name=\"twitter:label1\" content=\"Gesch\u00e4tzte Lesezeit\" \/>\n\t<meta name=\"twitter:data1\" content=\"1\u00a0Minute\" \/>\n<script type=\"application\/ld+json\" class=\"yoast-schema-graph\">{\"@context\":\"https:\\\/\\\/schema.org\",\"@graph\":[{\"@type\":\"WebPage\",\"@id\":\"https:\\\/\\\/eschringen.de\\\/wordpress\\\/event\\\/besuch-pictures-of-pop-ausstellung\\\/\",\"url\":\"https:\\\/\\\/eschringen.de\\\/wordpress\\\/event\\\/besuch-pictures-of-pop-ausstellung\\\/\",\"name\":\"Besuch \u201ePictures of Pop\u201c-Ausstellung - Eschringen\",\"isPartOf\":{\"@id\":\"https:\\\/\\\/eschringen.de\\\/wordpress\\\/#website\"},\"primaryImageOfPage\":{\"@id\":\"https:\\\/\\\/eschringen.de\\\/wordpress\\\/event\\\/besuch-pictures-of-pop-ausstellung\\\/#primaryimage\"},\"image\":{\"@id\":\"https:\\\/\\\/eschringen.de\\\/wordpress\\\/event\\\/besuch-pictures-of-pop-ausstellung\\\/#primaryimage\"},\"thumbnailUrl\":\"https:\\\/\\\/i0.wp.com\\\/eschringen.de\\\/wordpress\\\/wp-content\\\/uploads\\\/2017\\\/05\\\/GW_kal-1.jpg?fit=210%2C210&ssl=1\",\"datePublished\":\"2019-11-01T14:56:49+00:00\",\"breadcrumb\":{\"@id\":\"https:\\\/\\\/eschringen.de\\\/wordpress\\\/event\\\/besuch-pictures-of-pop-ausstellung\\\/#breadcrumb\"},\"inLanguage\":\"de\",\"potentialAction\":[{\"@type\":\"ReadAction\",\"target\":[\"https:\\\/\\\/eschringen.de\\\/wordpress\\\/event\\\/besuch-pictures-of-pop-ausstellung\\\/\"]}]},{\"@type\":\"ImageObject\",\"inLanguage\":\"de\",\"@id\":\"https:\\\/\\\/eschringen.de\\\/wordpress\\\/event\\\/besuch-pictures-of-pop-ausstellung\\\/#primaryimage\",\"url\":\"https:\\\/\\\/i0.wp.com\\\/eschringen.de\\\/wordpress\\\/wp-content\\\/uploads\\\/2017\\\/05\\\/GW_kal-1.jpg?fit=210%2C210&ssl=1\",\"contentUrl\":\"https:\\\/\\\/i0.wp.com\\\/eschringen.de\\\/wordpress\\\/wp-content\\\/uploads\\\/2017\\\/05\\\/GW_kal-1.jpg?fit=210%2C210&ssl=1\",\"width\":210,\"height\":210},{\"@type\":\"BreadcrumbList\",\"@id\":\"https:\\\/\\\/eschringen.de\\\/wordpress\\\/event\\\/besuch-pictures-of-pop-ausstellung\\\/#breadcrumb\",\"itemListElement\":[{\"@type\":\"ListItem\",\"position\":1,\"name\":\"Startseite\",\"item\":\"https:\\\/\\\/eschringen.de\\\/wordpress\\\/\"},{\"@type\":\"ListItem\",\"position\":2,\"name\":\"Veranstaltungen\",\"item\":\"https:\\\/\\\/eschringen.de\\\/wordpress\\\/events\\\/\"},{\"@type\":\"ListItem\",\"position\":3,\"name\":\"Besuch \u201ePictures of Pop\u201c-Ausstellung\"}]},{\"@type\":\"WebSite\",\"@id\":\"https:\\\/\\\/eschringen.de\\\/wordpress\\\/#website\",\"url\":\"https:\\\/\\\/eschringen.de\\\/wordpress\\\/\",\"name\":\"Eschringen\",\"description\":\"\",\"publisher\":{\"@id\":\"https:\\\/\\\/eschringen.de\\\/wordpress\\\/#organization\"},\"potentialAction\":[{\"@type\":\"SearchAction\",\"target\":{\"@type\":\"EntryPoint\",\"urlTemplate\":\"https:\\\/\\\/eschringen.de\\\/wordpress\\\/?s={search_term_string}\"},\"query-input\":{\"@type\":\"PropertyValueSpecification\",\"valueRequired\":true,\"valueName\":\"search_term_string\"}}],\"inLanguage\":\"de\"},{\"@type\":\"Organization\",\"@id\":\"https:\\\/\\\/eschringen.de\\\/wordpress\\\/#organization\",\"name\":\"Eschringen\",\"url\":\"https:\\\/\\\/eschringen.de\\\/wordpress\\\/\",\"logo\":{\"@type\":\"ImageObject\",\"inLanguage\":\"de\",\"@id\":\"https:\\\/\\\/eschringen.de\\\/wordpress\\\/#\\\/schema\\\/logo\\\/image\\\/\",\"url\":\"https:\\\/\\\/eschringen.de\\\/wordpress\\\/wp-content\\\/uploads\\\/2017\\\/03\\\/2017_kw15.jpg\",\"contentUrl\":\"https:\\\/\\\/eschringen.de\\\/wordpress\\\/wp-content\\\/uploads\\\/2017\\\/03\\\/2017_kw15.jpg\",\"width\":784,\"height\":447,\"caption\":\"Eschringen\"},\"image\":{\"@id\":\"https:\\\/\\\/eschringen.de\\\/wordpress\\\/#\\\/schema\\\/logo\\\/image\\\/\"}}]}<\/script>\n<!-- \/ Yoast SEO plugin. -->","yoast_head_json":{"title":"Besuch \u201ePictures of Pop\u201c-Ausstellung - Eschringen","robots":{"index":"index","follow":"follow","max-snippet":"max-snippet:-1","max-image-preview":"max-image-preview:large","max-video-preview":"max-video-preview:-1"},"canonical":"https:\/\/eschringen.de\/wordpress\/event\/besuch-pictures-of-pop-ausstellung\/","og_locale":"de_DE","og_type":"article","og_title":"Besuch \u201ePictures of Pop\u201c-Ausstellung - Eschringen","og_description":"Geschichtswerkstatt besucht \u201ePictures of Pop\u201c-Ausstellungen Seit Ende August jagt eine Ausstellungser\u00f6ffnung die andere. Der saarl\u00e4ndische PopRat unter dem Vorsitz von Peter Meyer brachte \u00fcber 21 eigenst\u00e4ndige Fotoausstellungen zum Komplex \u201ePopkultur\/popul\u00e4re Musik\u201c auf den Weg \u2013 sowohl zeitgen\u00f6ssische, aktuelle Fotos von regionalen und international bekannten FotografInnen, aber auch gemischte Auswahlen aus Fotobest\u00e4nden mit oft historischem Schwerpunkt. ... Weiterlesen ...","og_url":"https:\/\/eschringen.de\/wordpress\/event\/besuch-pictures-of-pop-ausstellung\/","og_site_name":"Eschringen","og_image":[{"width":210,"height":210,"url":"https:\/\/eschringen.de\/wordpress\/wp-content\/uploads\/2017\/05\/GW_kal-1.jpg","type":"image\/jpeg"}],"twitter_card":"summary_large_image","twitter_misc":{"Gesch\u00e4tzte Lesezeit":"1\u00a0Minute"},"schema":{"@context":"https:\/\/schema.org","@graph":[{"@type":"WebPage","@id":"https:\/\/eschringen.de\/wordpress\/event\/besuch-pictures-of-pop-ausstellung\/","url":"https:\/\/eschringen.de\/wordpress\/event\/besuch-pictures-of-pop-ausstellung\/","name":"Besuch \u201ePictures of Pop\u201c-Ausstellung - Eschringen","isPartOf":{"@id":"https:\/\/eschringen.de\/wordpress\/#website"},"primaryImageOfPage":{"@id":"https:\/\/eschringen.de\/wordpress\/event\/besuch-pictures-of-pop-ausstellung\/#primaryimage"},"image":{"@id":"https:\/\/eschringen.de\/wordpress\/event\/besuch-pictures-of-pop-ausstellung\/#primaryimage"},"thumbnailUrl":"https:\/\/i0.wp.com\/eschringen.de\/wordpress\/wp-content\/uploads\/2017\/05\/GW_kal-1.jpg?fit=210%2C210&ssl=1","datePublished":"2019-11-01T14:56:49+00:00","breadcrumb":{"@id":"https:\/\/eschringen.de\/wordpress\/event\/besuch-pictures-of-pop-ausstellung\/#breadcrumb"},"inLanguage":"de","potentialAction":[{"@type":"ReadAction","target":["https:\/\/eschringen.de\/wordpress\/event\/besuch-pictures-of-pop-ausstellung\/"]}]},{"@type":"ImageObject","inLanguage":"de","@id":"https:\/\/eschringen.de\/wordpress\/event\/besuch-pictures-of-pop-ausstellung\/#primaryimage","url":"https:\/\/i0.wp.com\/eschringen.de\/wordpress\/wp-content\/uploads\/2017\/05\/GW_kal-1.jpg?fit=210%2C210&ssl=1","contentUrl":"https:\/\/i0.wp.com\/eschringen.de\/wordpress\/wp-content\/uploads\/2017\/05\/GW_kal-1.jpg?fit=210%2C210&ssl=1","width":210,"height":210},{"@type":"BreadcrumbList","@id":"https:\/\/eschringen.de\/wordpress\/event\/besuch-pictures-of-pop-ausstellung\/#breadcrumb","itemListElement":[{"@type":"ListItem","position":1,"name":"Startseite","item":"https:\/\/eschringen.de\/wordpress\/"},{"@type":"ListItem","position":2,"name":"Veranstaltungen","item":"https:\/\/eschringen.de\/wordpress\/events\/"},{"@type":"ListItem","position":3,"name":"Besuch \u201ePictures of Pop\u201c-Ausstellung"}]},{"@type":"WebSite","@id":"https:\/\/eschringen.de\/wordpress\/#website","url":"https:\/\/eschringen.de\/wordpress\/","name":"Eschringen","description":"","publisher":{"@id":"https:\/\/eschringen.de\/wordpress\/#organization"},"potentialAction":[{"@type":"SearchAction","target":{"@type":"EntryPoint","urlTemplate":"https:\/\/eschringen.de\/wordpress\/?s={search_term_string}"},"query-input":{"@type":"PropertyValueSpecification","valueRequired":true,"valueName":"search_term_string"}}],"inLanguage":"de"},{"@type":"Organization","@id":"https:\/\/eschringen.de\/wordpress\/#organization","name":"Eschringen","url":"https:\/\/eschringen.de\/wordpress\/","logo":{"@type":"ImageObject","inLanguage":"de","@id":"https:\/\/eschringen.de\/wordpress\/#\/schema\/logo\/image\/","url":"https:\/\/eschringen.de\/wordpress\/wp-content\/uploads\/2017\/03\/2017_kw15.jpg","contentUrl":"https:\/\/eschringen.de\/wordpress\/wp-content\/uploads\/2017\/03\/2017_kw15.jpg","width":784,"height":447,"caption":"Eschringen"},"image":{"@id":"https:\/\/eschringen.de\/wordpress\/#\/schema\/logo\/image\/"}}]}},"jetpack_sharing_enabled":true,"_links":{"self":[{"href":"https:\/\/eschringen.de\/wordpress\/wp-json\/wp\/v2\/tribe_events\/2434","targetHints":{"allow":["GET"]}}],"collection":[{"href":"https:\/\/eschringen.de\/wordpress\/wp-json\/wp\/v2\/tribe_events"}],"about":[{"href":"https:\/\/eschringen.de\/wordpress\/wp-json\/wp\/v2\/types\/tribe_events"}],"author":[{"embeddable":true,"href":"https:\/\/eschringen.de\/wordpress\/wp-json\/wp\/v2\/users\/1"}],"version-history":[{"count":1,"href":"https:\/\/eschringen.de\/wordpress\/wp-json\/wp\/v2\/tribe_events\/2434\/revisions"}],"predecessor-version":[{"id":2435,"href":"https:\/\/eschringen.de\/wordpress\/wp-json\/wp\/v2\/tribe_events\/2434\/revisions\/2435"}],"wp:featuredmedia":[{"embeddable":true,"href":"https:\/\/eschringen.de\/wordpress\/wp-json\/wp\/v2\/media\/1419"}],"wp:attachment":[{"href":"https:\/\/eschringen.de\/wordpress\/wp-json\/wp\/v2\/media?parent=2434"}],"wp:term":[{"taxonomy":"post_tag","embeddable":true,"href":"https:\/\/eschringen.de\/wordpress\/wp-json\/wp\/v2\/tags?post=2434"},{"taxonomy":"tribe_events_cat","embeddable":true,"href":"https:\/\/eschringen.de\/wordpress\/wp-json\/wp\/v2\/tribe_events_cat?post=2434"}],"curies":[{"name":"wp","href":"https:\/\/api.w.org\/{rel}","templated":true}]}}