{"id":2295,"date":"2019-06-20T20:22:13","date_gmt":"2019-06-20T18:22:13","guid":{"rendered":"https:\/\/eschringen.de\/wordpress\/?post_type=tribe_events&#038;p=2295"},"modified":"2019-08-22T09:07:28","modified_gmt":"2019-08-22T07:07:28","slug":"kaffeenachmittag-osteurop-haushaltshilfen","status":"publish","type":"tribe_events","link":"https:\/\/eschringen.de\/wordpress\/event\/kaffeenachmittag-osteurop-haushaltshilfen\/","title":{"rendered":"Kaffeenachmittag osteurop. Haushaltshilfen"},"content":{"rendered":"<p>Caritasausschuss der Pfarrei Heilige Veronika<\/p>\n<p>Einladung an die osteurop\u00e4ischen Betreuerinnen von Senioren<\/p>\n<p>Am Samstag, den 7. September 2019 von 14 bis 16 Uhr l\u00e4dt der Caritasausschuss der Pfarrei Heilige Veronika wieder die osteurop\u00e4ischen Haushaltshilfen von Senioren zum Kaffeenachmittag ein, dieses Mal im Pfarrhaus Eschringen. In gem\u00fctlicher Atmosph\u00e4re, bei Kaffee und Kuchen haben die Damen und Herren Gelegenheit miteinander ins Gespr\u00e4ch zu kommen. Besonders viel Freude hatten sie bei den letzten Treffen daran, sich in ihrer Heimatsprache zu unterhalten und auszutauschen. Mitglieder des Caritasausschusses sorgen f\u00fcr eine leckere Kaffeetafel. Mit dem Nachmittag m\u00f6chten wir uns daf\u00fcr bedanken, dass Sie f\u00fcr alte oder pflegebed\u00fcrftige Menschen da sind, obwohl das nicht immer einfach ist. Daf\u00fcr, dass Sie den Mut haben, die eigene Familie f\u00fcr einige Zeit zu verlassen, um in einem fremden Land zu leben und sich ganz um Menschen zu k\u00fcmmern, die sonst zu Hause nicht versorgt werden k\u00f6nnten.<\/p>\n<p>Wir laden Sie ein zum gegenseitigen Kennenlernen, zum Gespr\u00e4ch untereinander und mit uns, zu Kaffee und Kuchen.<\/p>\n<p>Am Samstag, den 7. September, von 14.00 bis 16.00 Uhr im Pfarrheim in Eschringen, Andreas-Kremp-Stra\u00dfe 19 (hinter der Kirche).<\/p>\n<p>Eine Anmeldung ist nur erforderlich, wenn Sie abgeholt werden m\u00f6chten. Bitte geben Sie uns dann bis Mittwoch, den 4. September Bescheid.<\/p>\n<p>Pfarrb\u00fcro Heilige Veronika Ensheim<\/p>\n<p>Telefon 06893\/2237<\/p>\n<p>E-Mail: Pfarramt.Ensheim@Bistum-Speyer.de<\/p>\n<p>\u00d6ffnungszeiten: Montag bis Freitag von 9.00 &#8211; 12.00 Uhr<\/p>\n<p>Montag, Donnerstag und Freitag von 15.00 &#8211; 17.00 Uhr<\/p>\n<p>Wir freuen uns auf Sie!<\/p>\n<p>Wir bitten die Familien ihren Helferinnen diese kleine Auszeit zu erm\u00f6glichen. Kennen Sie jemanden in unserer Pfarrei? Machen Sie sie bitte auf den Termin aufmerksam!<\/p>\n","protected":false},"excerpt":{"rendered":"<p>Caritasausschuss der Pfarrei Heilige Veronika Einladung an die osteurop\u00e4ischen Betreuerinnen von Senioren Am Samstag, den 7. September 2019 von 14 bis 16 Uhr l\u00e4dt der Caritasausschuss der Pfarrei Heilige Veronika wieder die osteurop\u00e4ischen Haushaltshilfen von Senioren zum Kaffeenachmittag ein, dieses Mal im Pfarrhaus Eschringen. In gem\u00fctlicher Atmosph\u00e4re, bei Kaffee und Kuchen haben die Damen und &#8230; <a title=\"Kaffeenachmittag osteurop. Haushaltshilfen\" class=\"read-more\" href=\"https:\/\/eschringen.de\/wordpress\/event\/kaffeenachmittag-osteurop-haushaltshilfen\/\" aria-label=\"Mehr Informationen \u00fcber Kaffeenachmittag osteurop. Haushaltshilfen\">Weiterlesen &#8230;<\/a><\/p>\n","protected":false},"author":1,"featured_media":1424,"template":"","meta":{"ngg_post_thumbnail":0,"_tribe_events_status":"","_tribe_events_status_reason":"","footnotes":""},"tags":[],"tribe_events_cat":[],"class_list":["post-2295","tribe_events","type-tribe_events","status-publish","has-post-thumbnail","hentry"],"yoast_head":"<!-- This site is optimized with the Yoast SEO plugin v27.4 - https:\/\/yoast.com\/product\/yoast-seo-wordpress\/ -->\n<title>Kaffeenachmittag osteurop. Haushaltshilfen - Eschringen<\/title>\n<meta name=\"robots\" content=\"index, follow, max-snippet:-1, max-image-preview:large, max-video-preview:-1\" \/>\n<link rel=\"canonical\" href=\"https:\/\/eschringen.de\/wordpress\/event\/kaffeenachmittag-osteurop-haushaltshilfen\/\" \/>\n<meta property=\"og:locale\" content=\"de_DE\" \/>\n<meta property=\"og:type\" content=\"article\" \/>\n<meta property=\"og:title\" content=\"Kaffeenachmittag osteurop. Haushaltshilfen - Eschringen\" \/>\n<meta property=\"og:description\" content=\"Caritasausschuss der Pfarrei Heilige Veronika Einladung an die osteurop\u00e4ischen Betreuerinnen von Senioren Am Samstag, den 7. September 2019 von 14 bis 16 Uhr l\u00e4dt der Caritasausschuss der Pfarrei Heilige Veronika wieder die osteurop\u00e4ischen Haushaltshilfen von Senioren zum Kaffeenachmittag ein, dieses Mal im Pfarrhaus Eschringen. In gem\u00fctlicher Atmosph\u00e4re, bei Kaffee und Kuchen haben die Damen und ... Weiterlesen ...\" \/>\n<meta property=\"og:url\" content=\"https:\/\/eschringen.de\/wordpress\/event\/kaffeenachmittag-osteurop-haushaltshilfen\/\" \/>\n<meta property=\"og:site_name\" content=\"Eschringen\" \/>\n<meta property=\"article:modified_time\" content=\"2019-08-22T07:07:28+00:00\" \/>\n<meta property=\"og:image\" content=\"https:\/\/eschringen.de\/wordpress\/wp-content\/uploads\/2017\/06\/Kirche_kal.jpg\" \/>\n\t<meta property=\"og:image:width\" content=\"210\" \/>\n\t<meta property=\"og:image:height\" content=\"212\" \/>\n\t<meta property=\"og:image:type\" content=\"image\/jpeg\" \/>\n<meta name=\"twitter:card\" content=\"summary_large_image\" \/>\n<meta name=\"twitter:label1\" content=\"Gesch\u00e4tzte Lesezeit\" \/>\n\t<meta name=\"twitter:data1\" content=\"1\u00a0Minute\" \/>\n<script type=\"application\/ld+json\" class=\"yoast-schema-graph\">{\"@context\":\"https:\\\/\\\/schema.org\",\"@graph\":[{\"@type\":\"WebPage\",\"@id\":\"https:\\\/\\\/eschringen.de\\\/wordpress\\\/event\\\/kaffeenachmittag-osteurop-haushaltshilfen\\\/\",\"url\":\"https:\\\/\\\/eschringen.de\\\/wordpress\\\/event\\\/kaffeenachmittag-osteurop-haushaltshilfen\\\/\",\"name\":\"Kaffeenachmittag osteurop. Haushaltshilfen - Eschringen\",\"isPartOf\":{\"@id\":\"https:\\\/\\\/eschringen.de\\\/wordpress\\\/#website\"},\"primaryImageOfPage\":{\"@id\":\"https:\\\/\\\/eschringen.de\\\/wordpress\\\/event\\\/kaffeenachmittag-osteurop-haushaltshilfen\\\/#primaryimage\"},\"image\":{\"@id\":\"https:\\\/\\\/eschringen.de\\\/wordpress\\\/event\\\/kaffeenachmittag-osteurop-haushaltshilfen\\\/#primaryimage\"},\"thumbnailUrl\":\"https:\\\/\\\/i0.wp.com\\\/eschringen.de\\\/wordpress\\\/wp-content\\\/uploads\\\/2017\\\/06\\\/Kirche_kal.jpg?fit=210%2C212&ssl=1\",\"datePublished\":\"2019-06-20T18:22:13+00:00\",\"dateModified\":\"2019-08-22T07:07:28+00:00\",\"breadcrumb\":{\"@id\":\"https:\\\/\\\/eschringen.de\\\/wordpress\\\/event\\\/kaffeenachmittag-osteurop-haushaltshilfen\\\/#breadcrumb\"},\"inLanguage\":\"de\",\"potentialAction\":[{\"@type\":\"ReadAction\",\"target\":[\"https:\\\/\\\/eschringen.de\\\/wordpress\\\/event\\\/kaffeenachmittag-osteurop-haushaltshilfen\\\/\"]}]},{\"@type\":\"ImageObject\",\"inLanguage\":\"de\",\"@id\":\"https:\\\/\\\/eschringen.de\\\/wordpress\\\/event\\\/kaffeenachmittag-osteurop-haushaltshilfen\\\/#primaryimage\",\"url\":\"https:\\\/\\\/i0.wp.com\\\/eschringen.de\\\/wordpress\\\/wp-content\\\/uploads\\\/2017\\\/06\\\/Kirche_kal.jpg?fit=210%2C212&ssl=1\",\"contentUrl\":\"https:\\\/\\\/i0.wp.com\\\/eschringen.de\\\/wordpress\\\/wp-content\\\/uploads\\\/2017\\\/06\\\/Kirche_kal.jpg?fit=210%2C212&ssl=1\",\"width\":210,\"height\":212},{\"@type\":\"BreadcrumbList\",\"@id\":\"https:\\\/\\\/eschringen.de\\\/wordpress\\\/event\\\/kaffeenachmittag-osteurop-haushaltshilfen\\\/#breadcrumb\",\"itemListElement\":[{\"@type\":\"ListItem\",\"position\":1,\"name\":\"Startseite\",\"item\":\"https:\\\/\\\/eschringen.de\\\/wordpress\\\/\"},{\"@type\":\"ListItem\",\"position\":2,\"name\":\"Veranstaltungen\",\"item\":\"https:\\\/\\\/eschringen.de\\\/wordpress\\\/events\\\/\"},{\"@type\":\"ListItem\",\"position\":3,\"name\":\"Kaffeenachmittag osteurop. Haushaltshilfen\"}]},{\"@type\":\"WebSite\",\"@id\":\"https:\\\/\\\/eschringen.de\\\/wordpress\\\/#website\",\"url\":\"https:\\\/\\\/eschringen.de\\\/wordpress\\\/\",\"name\":\"Eschringen\",\"description\":\"\",\"publisher\":{\"@id\":\"https:\\\/\\\/eschringen.de\\\/wordpress\\\/#organization\"},\"potentialAction\":[{\"@type\":\"SearchAction\",\"target\":{\"@type\":\"EntryPoint\",\"urlTemplate\":\"https:\\\/\\\/eschringen.de\\\/wordpress\\\/?s={search_term_string}\"},\"query-input\":{\"@type\":\"PropertyValueSpecification\",\"valueRequired\":true,\"valueName\":\"search_term_string\"}}],\"inLanguage\":\"de\"},{\"@type\":\"Organization\",\"@id\":\"https:\\\/\\\/eschringen.de\\\/wordpress\\\/#organization\",\"name\":\"Eschringen\",\"url\":\"https:\\\/\\\/eschringen.de\\\/wordpress\\\/\",\"logo\":{\"@type\":\"ImageObject\",\"inLanguage\":\"de\",\"@id\":\"https:\\\/\\\/eschringen.de\\\/wordpress\\\/#\\\/schema\\\/logo\\\/image\\\/\",\"url\":\"https:\\\/\\\/eschringen.de\\\/wordpress\\\/wp-content\\\/uploads\\\/2017\\\/03\\\/2017_kw15.jpg\",\"contentUrl\":\"https:\\\/\\\/eschringen.de\\\/wordpress\\\/wp-content\\\/uploads\\\/2017\\\/03\\\/2017_kw15.jpg\",\"width\":784,\"height\":447,\"caption\":\"Eschringen\"},\"image\":{\"@id\":\"https:\\\/\\\/eschringen.de\\\/wordpress\\\/#\\\/schema\\\/logo\\\/image\\\/\"}}]}<\/script>\n<!-- \/ Yoast SEO plugin. -->","yoast_head_json":{"title":"Kaffeenachmittag osteurop. Haushaltshilfen - Eschringen","robots":{"index":"index","follow":"follow","max-snippet":"max-snippet:-1","max-image-preview":"max-image-preview:large","max-video-preview":"max-video-preview:-1"},"canonical":"https:\/\/eschringen.de\/wordpress\/event\/kaffeenachmittag-osteurop-haushaltshilfen\/","og_locale":"de_DE","og_type":"article","og_title":"Kaffeenachmittag osteurop. Haushaltshilfen - Eschringen","og_description":"Caritasausschuss der Pfarrei Heilige Veronika Einladung an die osteurop\u00e4ischen Betreuerinnen von Senioren Am Samstag, den 7. September 2019 von 14 bis 16 Uhr l\u00e4dt der Caritasausschuss der Pfarrei Heilige Veronika wieder die osteurop\u00e4ischen Haushaltshilfen von Senioren zum Kaffeenachmittag ein, dieses Mal im Pfarrhaus Eschringen. In gem\u00fctlicher Atmosph\u00e4re, bei Kaffee und Kuchen haben die Damen und ... Weiterlesen ...","og_url":"https:\/\/eschringen.de\/wordpress\/event\/kaffeenachmittag-osteurop-haushaltshilfen\/","og_site_name":"Eschringen","article_modified_time":"2019-08-22T07:07:28+00:00","og_image":[{"width":210,"height":212,"url":"https:\/\/eschringen.de\/wordpress\/wp-content\/uploads\/2017\/06\/Kirche_kal.jpg","type":"image\/jpeg"}],"twitter_card":"summary_large_image","twitter_misc":{"Gesch\u00e4tzte Lesezeit":"1\u00a0Minute"},"schema":{"@context":"https:\/\/schema.org","@graph":[{"@type":"WebPage","@id":"https:\/\/eschringen.de\/wordpress\/event\/kaffeenachmittag-osteurop-haushaltshilfen\/","url":"https:\/\/eschringen.de\/wordpress\/event\/kaffeenachmittag-osteurop-haushaltshilfen\/","name":"Kaffeenachmittag osteurop. Haushaltshilfen - Eschringen","isPartOf":{"@id":"https:\/\/eschringen.de\/wordpress\/#website"},"primaryImageOfPage":{"@id":"https:\/\/eschringen.de\/wordpress\/event\/kaffeenachmittag-osteurop-haushaltshilfen\/#primaryimage"},"image":{"@id":"https:\/\/eschringen.de\/wordpress\/event\/kaffeenachmittag-osteurop-haushaltshilfen\/#primaryimage"},"thumbnailUrl":"https:\/\/i0.wp.com\/eschringen.de\/wordpress\/wp-content\/uploads\/2017\/06\/Kirche_kal.jpg?fit=210%2C212&ssl=1","datePublished":"2019-06-20T18:22:13+00:00","dateModified":"2019-08-22T07:07:28+00:00","breadcrumb":{"@id":"https:\/\/eschringen.de\/wordpress\/event\/kaffeenachmittag-osteurop-haushaltshilfen\/#breadcrumb"},"inLanguage":"de","potentialAction":[{"@type":"ReadAction","target":["https:\/\/eschringen.de\/wordpress\/event\/kaffeenachmittag-osteurop-haushaltshilfen\/"]}]},{"@type":"ImageObject","inLanguage":"de","@id":"https:\/\/eschringen.de\/wordpress\/event\/kaffeenachmittag-osteurop-haushaltshilfen\/#primaryimage","url":"https:\/\/i0.wp.com\/eschringen.de\/wordpress\/wp-content\/uploads\/2017\/06\/Kirche_kal.jpg?fit=210%2C212&ssl=1","contentUrl":"https:\/\/i0.wp.com\/eschringen.de\/wordpress\/wp-content\/uploads\/2017\/06\/Kirche_kal.jpg?fit=210%2C212&ssl=1","width":210,"height":212},{"@type":"BreadcrumbList","@id":"https:\/\/eschringen.de\/wordpress\/event\/kaffeenachmittag-osteurop-haushaltshilfen\/#breadcrumb","itemListElement":[{"@type":"ListItem","position":1,"name":"Startseite","item":"https:\/\/eschringen.de\/wordpress\/"},{"@type":"ListItem","position":2,"name":"Veranstaltungen","item":"https:\/\/eschringen.de\/wordpress\/events\/"},{"@type":"ListItem","position":3,"name":"Kaffeenachmittag osteurop. Haushaltshilfen"}]},{"@type":"WebSite","@id":"https:\/\/eschringen.de\/wordpress\/#website","url":"https:\/\/eschringen.de\/wordpress\/","name":"Eschringen","description":"","publisher":{"@id":"https:\/\/eschringen.de\/wordpress\/#organization"},"potentialAction":[{"@type":"SearchAction","target":{"@type":"EntryPoint","urlTemplate":"https:\/\/eschringen.de\/wordpress\/?s={search_term_string}"},"query-input":{"@type":"PropertyValueSpecification","valueRequired":true,"valueName":"search_term_string"}}],"inLanguage":"de"},{"@type":"Organization","@id":"https:\/\/eschringen.de\/wordpress\/#organization","name":"Eschringen","url":"https:\/\/eschringen.de\/wordpress\/","logo":{"@type":"ImageObject","inLanguage":"de","@id":"https:\/\/eschringen.de\/wordpress\/#\/schema\/logo\/image\/","url":"https:\/\/eschringen.de\/wordpress\/wp-content\/uploads\/2017\/03\/2017_kw15.jpg","contentUrl":"https:\/\/eschringen.de\/wordpress\/wp-content\/uploads\/2017\/03\/2017_kw15.jpg","width":784,"height":447,"caption":"Eschringen"},"image":{"@id":"https:\/\/eschringen.de\/wordpress\/#\/schema\/logo\/image\/"}}]}},"jetpack_sharing_enabled":true,"_links":{"self":[{"href":"https:\/\/eschringen.de\/wordpress\/wp-json\/wp\/v2\/tribe_events\/2295","targetHints":{"allow":["GET"]}}],"collection":[{"href":"https:\/\/eschringen.de\/wordpress\/wp-json\/wp\/v2\/tribe_events"}],"about":[{"href":"https:\/\/eschringen.de\/wordpress\/wp-json\/wp\/v2\/types\/tribe_events"}],"author":[{"embeddable":true,"href":"https:\/\/eschringen.de\/wordpress\/wp-json\/wp\/v2\/users\/1"}],"version-history":[{"count":2,"href":"https:\/\/eschringen.de\/wordpress\/wp-json\/wp\/v2\/tribe_events\/2295\/revisions"}],"predecessor-version":[{"id":2376,"href":"https:\/\/eschringen.de\/wordpress\/wp-json\/wp\/v2\/tribe_events\/2295\/revisions\/2376"}],"wp:featuredmedia":[{"embeddable":true,"href":"https:\/\/eschringen.de\/wordpress\/wp-json\/wp\/v2\/media\/1424"}],"wp:attachment":[{"href":"https:\/\/eschringen.de\/wordpress\/wp-json\/wp\/v2\/media?parent=2295"}],"wp:term":[{"taxonomy":"post_tag","embeddable":true,"href":"https:\/\/eschringen.de\/wordpress\/wp-json\/wp\/v2\/tags?post=2295"},{"taxonomy":"tribe_events_cat","embeddable":true,"href":"https:\/\/eschringen.de\/wordpress\/wp-json\/wp\/v2\/tribe_events_cat?post=2295"}],"curies":[{"name":"wp","href":"https:\/\/api.w.org\/{rel}","templated":true}]}}