{"id":2034,"date":"2018-11-21T14:00:39","date_gmt":"2018-11-21T13:00:39","guid":{"rendered":"https:\/\/eschringen.de\/wordpress\/?post_type=tribe_events&#038;p=2034"},"modified":"2018-11-21T14:00:39","modified_gmt":"2018-11-21T13:00:39","slug":"stefan-moersdorf-liest-aus-seinem-jakobsweg-buch","status":"publish","type":"tribe_events","link":"https:\/\/eschringen.de\/wordpress\/event\/stefan-moersdorf-liest-aus-seinem-jakobsweg-buch\/","title":{"rendered":"Stefan M\u00f6rsdorf liest aus seinem Jakobsweg-Buch"},"content":{"rendered":"<p><strong>5.12.: Ex-Minister Stefan M\u00f6rsdorf liest aus seinem Jakobsweg-Buch<\/strong><\/p>\n<p>Bereits im vergangenen Sommer hatte der ehemalige saarl\u00e4ndische Umweltminister Stefan M\u00f6rsdorf den Weg nach Eschringen gefunden, besuchte besondere Orte unseres Dorfes, darunter auch die Laurentiuskapelle (s. Bericht in home-pages September).<br \/>\nNun kommt er ein weiteres Mal hierher, auf Einladung der NABU-Ortsgruppe Eschringen-Ensheim, und zwar am Mittwoch, den 5. Dezember, in deren Vereinshaus in der Gr\u00e4finthalerstra\u00dfe. Beginn ist um 19 Uhr.<br \/>\nM\u00f6rsdorf wird aus seinem autobiografischen Buch \u201eSchritt f\u00fcr Schritt: auf dem Sternenweg zur\u00fcck ins Leben\u201c lesen, das Anfang des Jahres ver\u00f6ffentlicht worden war. Darin erz\u00e4hlt er \u201e&#8230;mit gro\u00dfer Offenheit von seiner Krankheit&#8230; und von der Pilgerwanderung&#8230;, die er sich als Therapie verordnet hatte\u201c (Literaturland Saar). Kurz vor seinem 51. Geburtstag, im Juli 2012, war bei ihm eine Hirnblutung aufgetreten. Tagelang lag er im Koma. Seiner Frau wurde mitgeteilt, sie m\u00fcsse damit rechnen, dass er die Nacht nicht \u00fcberleben werde. Wenn doch, bliebe er ein Schwerstpflegefall. Doch M\u00f6rsdorf gelang es, die L\u00e4hmung seiner linken K\u00f6rperh\u00e4lfte nach und nach zu \u00fcberwinden.<br \/>\nDie Lesung ist f\u00fcr alle Interessierten frei.<\/p>\n<p>(red.)<\/p>\n","protected":false},"excerpt":{"rendered":"<p>5.12.: Ex-Minister Stefan M\u00f6rsdorf liest aus seinem Jakobsweg-Buch Bereits im vergangenen Sommer hatte der ehemalige saarl\u00e4ndische Umweltminister Stefan M\u00f6rsdorf den Weg nach Eschringen gefunden, besuchte besondere Orte unseres Dorfes, darunter auch die Laurentiuskapelle (s. Bericht in home-pages September). Nun kommt er ein weiteres Mal hierher, auf Einladung der NABU-Ortsgruppe Eschringen-Ensheim, und zwar am Mittwoch, den &#8230; <a title=\"Stefan M\u00f6rsdorf liest aus seinem Jakobsweg-Buch\" class=\"read-more\" href=\"https:\/\/eschringen.de\/wordpress\/event\/stefan-moersdorf-liest-aus-seinem-jakobsweg-buch\/\" aria-label=\"Mehr Informationen \u00fcber Stefan M\u00f6rsdorf liest aus seinem Jakobsweg-Buch\">Weiterlesen &#8230;<\/a><\/p>\n","protected":false},"author":1,"featured_media":1426,"template":"","meta":{"ngg_post_thumbnail":0,"_tribe_events_status":"","_tribe_events_status_reason":"","footnotes":""},"tags":[],"tribe_events_cat":[],"class_list":["post-2034","tribe_events","type-tribe_events","status-publish","has-post-thumbnail","hentry"],"yoast_head":"<!-- This site is optimized with the Yoast SEO plugin v27.4 - https:\/\/yoast.com\/product\/yoast-seo-wordpress\/ -->\n<title>Stefan M\u00f6rsdorf liest aus seinem Jakobsweg-Buch - Eschringen<\/title>\n<meta name=\"robots\" content=\"index, follow, max-snippet:-1, max-image-preview:large, max-video-preview:-1\" \/>\n<link rel=\"canonical\" href=\"https:\/\/eschringen.de\/wordpress\/event\/stefan-moersdorf-liest-aus-seinem-jakobsweg-buch\/\" \/>\n<meta property=\"og:locale\" content=\"de_DE\" \/>\n<meta property=\"og:type\" content=\"article\" \/>\n<meta property=\"og:title\" content=\"Stefan M\u00f6rsdorf liest aus seinem Jakobsweg-Buch - Eschringen\" \/>\n<meta property=\"og:description\" content=\"5.12.: Ex-Minister Stefan M\u00f6rsdorf liest aus seinem Jakobsweg-Buch Bereits im vergangenen Sommer hatte der ehemalige saarl\u00e4ndische Umweltminister Stefan M\u00f6rsdorf den Weg nach Eschringen gefunden, besuchte besondere Orte unseres Dorfes, darunter auch die Laurentiuskapelle (s. Bericht in home-pages September). Nun kommt er ein weiteres Mal hierher, auf Einladung der NABU-Ortsgruppe Eschringen-Ensheim, und zwar am Mittwoch, den ... Weiterlesen ...\" \/>\n<meta property=\"og:url\" content=\"https:\/\/eschringen.de\/wordpress\/event\/stefan-moersdorf-liest-aus-seinem-jakobsweg-buch\/\" \/>\n<meta property=\"og:site_name\" content=\"Eschringen\" \/>\n<meta property=\"og:image\" content=\"https:\/\/eschringen.de\/wordpress\/wp-content\/uploads\/2017\/03\/NABU_kal.jpg\" \/>\n\t<meta property=\"og:image:width\" content=\"210\" \/>\n\t<meta property=\"og:image:height\" content=\"212\" \/>\n\t<meta property=\"og:image:type\" content=\"image\/jpeg\" \/>\n<meta name=\"twitter:card\" content=\"summary_large_image\" \/>\n<meta name=\"twitter:label1\" content=\"Gesch\u00e4tzte Lesezeit\" \/>\n\t<meta name=\"twitter:data1\" content=\"1\u00a0Minute\" \/>\n<script type=\"application\/ld+json\" class=\"yoast-schema-graph\">{\"@context\":\"https:\\\/\\\/schema.org\",\"@graph\":[{\"@type\":\"WebPage\",\"@id\":\"https:\\\/\\\/eschringen.de\\\/wordpress\\\/event\\\/stefan-moersdorf-liest-aus-seinem-jakobsweg-buch\\\/\",\"url\":\"https:\\\/\\\/eschringen.de\\\/wordpress\\\/event\\\/stefan-moersdorf-liest-aus-seinem-jakobsweg-buch\\\/\",\"name\":\"Stefan M\u00f6rsdorf liest aus seinem Jakobsweg-Buch - Eschringen\",\"isPartOf\":{\"@id\":\"https:\\\/\\\/eschringen.de\\\/wordpress\\\/#website\"},\"primaryImageOfPage\":{\"@id\":\"https:\\\/\\\/eschringen.de\\\/wordpress\\\/event\\\/stefan-moersdorf-liest-aus-seinem-jakobsweg-buch\\\/#primaryimage\"},\"image\":{\"@id\":\"https:\\\/\\\/eschringen.de\\\/wordpress\\\/event\\\/stefan-moersdorf-liest-aus-seinem-jakobsweg-buch\\\/#primaryimage\"},\"thumbnailUrl\":\"https:\\\/\\\/i0.wp.com\\\/eschringen.de\\\/wordpress\\\/wp-content\\\/uploads\\\/2017\\\/03\\\/NABU_kal.jpg?fit=210%2C212&ssl=1\",\"datePublished\":\"2018-11-21T13:00:39+00:00\",\"breadcrumb\":{\"@id\":\"https:\\\/\\\/eschringen.de\\\/wordpress\\\/event\\\/stefan-moersdorf-liest-aus-seinem-jakobsweg-buch\\\/#breadcrumb\"},\"inLanguage\":\"de\",\"potentialAction\":[{\"@type\":\"ReadAction\",\"target\":[\"https:\\\/\\\/eschringen.de\\\/wordpress\\\/event\\\/stefan-moersdorf-liest-aus-seinem-jakobsweg-buch\\\/\"]}]},{\"@type\":\"ImageObject\",\"inLanguage\":\"de\",\"@id\":\"https:\\\/\\\/eschringen.de\\\/wordpress\\\/event\\\/stefan-moersdorf-liest-aus-seinem-jakobsweg-buch\\\/#primaryimage\",\"url\":\"https:\\\/\\\/i0.wp.com\\\/eschringen.de\\\/wordpress\\\/wp-content\\\/uploads\\\/2017\\\/03\\\/NABU_kal.jpg?fit=210%2C212&ssl=1\",\"contentUrl\":\"https:\\\/\\\/i0.wp.com\\\/eschringen.de\\\/wordpress\\\/wp-content\\\/uploads\\\/2017\\\/03\\\/NABU_kal.jpg?fit=210%2C212&ssl=1\",\"width\":210,\"height\":212},{\"@type\":\"BreadcrumbList\",\"@id\":\"https:\\\/\\\/eschringen.de\\\/wordpress\\\/event\\\/stefan-moersdorf-liest-aus-seinem-jakobsweg-buch\\\/#breadcrumb\",\"itemListElement\":[{\"@type\":\"ListItem\",\"position\":1,\"name\":\"Startseite\",\"item\":\"https:\\\/\\\/eschringen.de\\\/wordpress\\\/\"},{\"@type\":\"ListItem\",\"position\":2,\"name\":\"Veranstaltungen\",\"item\":\"https:\\\/\\\/eschringen.de\\\/wordpress\\\/events\\\/\"},{\"@type\":\"ListItem\",\"position\":3,\"name\":\"Stefan M\u00f6rsdorf liest aus seinem Jakobsweg-Buch\"}]},{\"@type\":\"WebSite\",\"@id\":\"https:\\\/\\\/eschringen.de\\\/wordpress\\\/#website\",\"url\":\"https:\\\/\\\/eschringen.de\\\/wordpress\\\/\",\"name\":\"Eschringen\",\"description\":\"\",\"publisher\":{\"@id\":\"https:\\\/\\\/eschringen.de\\\/wordpress\\\/#organization\"},\"potentialAction\":[{\"@type\":\"SearchAction\",\"target\":{\"@type\":\"EntryPoint\",\"urlTemplate\":\"https:\\\/\\\/eschringen.de\\\/wordpress\\\/?s={search_term_string}\"},\"query-input\":{\"@type\":\"PropertyValueSpecification\",\"valueRequired\":true,\"valueName\":\"search_term_string\"}}],\"inLanguage\":\"de\"},{\"@type\":\"Organization\",\"@id\":\"https:\\\/\\\/eschringen.de\\\/wordpress\\\/#organization\",\"name\":\"Eschringen\",\"url\":\"https:\\\/\\\/eschringen.de\\\/wordpress\\\/\",\"logo\":{\"@type\":\"ImageObject\",\"inLanguage\":\"de\",\"@id\":\"https:\\\/\\\/eschringen.de\\\/wordpress\\\/#\\\/schema\\\/logo\\\/image\\\/\",\"url\":\"https:\\\/\\\/eschringen.de\\\/wordpress\\\/wp-content\\\/uploads\\\/2017\\\/03\\\/2017_kw15.jpg\",\"contentUrl\":\"https:\\\/\\\/eschringen.de\\\/wordpress\\\/wp-content\\\/uploads\\\/2017\\\/03\\\/2017_kw15.jpg\",\"width\":784,\"height\":447,\"caption\":\"Eschringen\"},\"image\":{\"@id\":\"https:\\\/\\\/eschringen.de\\\/wordpress\\\/#\\\/schema\\\/logo\\\/image\\\/\"}}]}<\/script>\n<!-- \/ Yoast SEO plugin. -->","yoast_head_json":{"title":"Stefan M\u00f6rsdorf liest aus seinem Jakobsweg-Buch - Eschringen","robots":{"index":"index","follow":"follow","max-snippet":"max-snippet:-1","max-image-preview":"max-image-preview:large","max-video-preview":"max-video-preview:-1"},"canonical":"https:\/\/eschringen.de\/wordpress\/event\/stefan-moersdorf-liest-aus-seinem-jakobsweg-buch\/","og_locale":"de_DE","og_type":"article","og_title":"Stefan M\u00f6rsdorf liest aus seinem Jakobsweg-Buch - Eschringen","og_description":"5.12.: Ex-Minister Stefan M\u00f6rsdorf liest aus seinem Jakobsweg-Buch Bereits im vergangenen Sommer hatte der ehemalige saarl\u00e4ndische Umweltminister Stefan M\u00f6rsdorf den Weg nach Eschringen gefunden, besuchte besondere Orte unseres Dorfes, darunter auch die Laurentiuskapelle (s. Bericht in home-pages September). Nun kommt er ein weiteres Mal hierher, auf Einladung der NABU-Ortsgruppe Eschringen-Ensheim, und zwar am Mittwoch, den ... Weiterlesen ...","og_url":"https:\/\/eschringen.de\/wordpress\/event\/stefan-moersdorf-liest-aus-seinem-jakobsweg-buch\/","og_site_name":"Eschringen","og_image":[{"width":210,"height":212,"url":"https:\/\/eschringen.de\/wordpress\/wp-content\/uploads\/2017\/03\/NABU_kal.jpg","type":"image\/jpeg"}],"twitter_card":"summary_large_image","twitter_misc":{"Gesch\u00e4tzte Lesezeit":"1\u00a0Minute"},"schema":{"@context":"https:\/\/schema.org","@graph":[{"@type":"WebPage","@id":"https:\/\/eschringen.de\/wordpress\/event\/stefan-moersdorf-liest-aus-seinem-jakobsweg-buch\/","url":"https:\/\/eschringen.de\/wordpress\/event\/stefan-moersdorf-liest-aus-seinem-jakobsweg-buch\/","name":"Stefan M\u00f6rsdorf liest aus seinem Jakobsweg-Buch - Eschringen","isPartOf":{"@id":"https:\/\/eschringen.de\/wordpress\/#website"},"primaryImageOfPage":{"@id":"https:\/\/eschringen.de\/wordpress\/event\/stefan-moersdorf-liest-aus-seinem-jakobsweg-buch\/#primaryimage"},"image":{"@id":"https:\/\/eschringen.de\/wordpress\/event\/stefan-moersdorf-liest-aus-seinem-jakobsweg-buch\/#primaryimage"},"thumbnailUrl":"https:\/\/i0.wp.com\/eschringen.de\/wordpress\/wp-content\/uploads\/2017\/03\/NABU_kal.jpg?fit=210%2C212&ssl=1","datePublished":"2018-11-21T13:00:39+00:00","breadcrumb":{"@id":"https:\/\/eschringen.de\/wordpress\/event\/stefan-moersdorf-liest-aus-seinem-jakobsweg-buch\/#breadcrumb"},"inLanguage":"de","potentialAction":[{"@type":"ReadAction","target":["https:\/\/eschringen.de\/wordpress\/event\/stefan-moersdorf-liest-aus-seinem-jakobsweg-buch\/"]}]},{"@type":"ImageObject","inLanguage":"de","@id":"https:\/\/eschringen.de\/wordpress\/event\/stefan-moersdorf-liest-aus-seinem-jakobsweg-buch\/#primaryimage","url":"https:\/\/i0.wp.com\/eschringen.de\/wordpress\/wp-content\/uploads\/2017\/03\/NABU_kal.jpg?fit=210%2C212&ssl=1","contentUrl":"https:\/\/i0.wp.com\/eschringen.de\/wordpress\/wp-content\/uploads\/2017\/03\/NABU_kal.jpg?fit=210%2C212&ssl=1","width":210,"height":212},{"@type":"BreadcrumbList","@id":"https:\/\/eschringen.de\/wordpress\/event\/stefan-moersdorf-liest-aus-seinem-jakobsweg-buch\/#breadcrumb","itemListElement":[{"@type":"ListItem","position":1,"name":"Startseite","item":"https:\/\/eschringen.de\/wordpress\/"},{"@type":"ListItem","position":2,"name":"Veranstaltungen","item":"https:\/\/eschringen.de\/wordpress\/events\/"},{"@type":"ListItem","position":3,"name":"Stefan M\u00f6rsdorf liest aus seinem Jakobsweg-Buch"}]},{"@type":"WebSite","@id":"https:\/\/eschringen.de\/wordpress\/#website","url":"https:\/\/eschringen.de\/wordpress\/","name":"Eschringen","description":"","publisher":{"@id":"https:\/\/eschringen.de\/wordpress\/#organization"},"potentialAction":[{"@type":"SearchAction","target":{"@type":"EntryPoint","urlTemplate":"https:\/\/eschringen.de\/wordpress\/?s={search_term_string}"},"query-input":{"@type":"PropertyValueSpecification","valueRequired":true,"valueName":"search_term_string"}}],"inLanguage":"de"},{"@type":"Organization","@id":"https:\/\/eschringen.de\/wordpress\/#organization","name":"Eschringen","url":"https:\/\/eschringen.de\/wordpress\/","logo":{"@type":"ImageObject","inLanguage":"de","@id":"https:\/\/eschringen.de\/wordpress\/#\/schema\/logo\/image\/","url":"https:\/\/eschringen.de\/wordpress\/wp-content\/uploads\/2017\/03\/2017_kw15.jpg","contentUrl":"https:\/\/eschringen.de\/wordpress\/wp-content\/uploads\/2017\/03\/2017_kw15.jpg","width":784,"height":447,"caption":"Eschringen"},"image":{"@id":"https:\/\/eschringen.de\/wordpress\/#\/schema\/logo\/image\/"}}]}},"jetpack_sharing_enabled":true,"_links":{"self":[{"href":"https:\/\/eschringen.de\/wordpress\/wp-json\/wp\/v2\/tribe_events\/2034","targetHints":{"allow":["GET"]}}],"collection":[{"href":"https:\/\/eschringen.de\/wordpress\/wp-json\/wp\/v2\/tribe_events"}],"about":[{"href":"https:\/\/eschringen.de\/wordpress\/wp-json\/wp\/v2\/types\/tribe_events"}],"author":[{"embeddable":true,"href":"https:\/\/eschringen.de\/wordpress\/wp-json\/wp\/v2\/users\/1"}],"version-history":[{"count":1,"href":"https:\/\/eschringen.de\/wordpress\/wp-json\/wp\/v2\/tribe_events\/2034\/revisions"}],"predecessor-version":[{"id":2035,"href":"https:\/\/eschringen.de\/wordpress\/wp-json\/wp\/v2\/tribe_events\/2034\/revisions\/2035"}],"wp:featuredmedia":[{"embeddable":true,"href":"https:\/\/eschringen.de\/wordpress\/wp-json\/wp\/v2\/media\/1426"}],"wp:attachment":[{"href":"https:\/\/eschringen.de\/wordpress\/wp-json\/wp\/v2\/media?parent=2034"}],"wp:term":[{"taxonomy":"post_tag","embeddable":true,"href":"https:\/\/eschringen.de\/wordpress\/wp-json\/wp\/v2\/tags?post=2034"},{"taxonomy":"tribe_events_cat","embeddable":true,"href":"https:\/\/eschringen.de\/wordpress\/wp-json\/wp\/v2\/tribe_events_cat?post=2034"}],"curies":[{"name":"wp","href":"https:\/\/api.w.org\/{rel}","templated":true}]}}