{"id":2017,"date":"2018-11-02T10:10:30","date_gmt":"2018-11-02T09:10:30","guid":{"rendered":"https:\/\/eschringen.de\/wordpress\/?post_type=tribe_events&#038;p=2017"},"modified":"2018-11-02T10:10:30","modified_gmt":"2018-11-02T09:10:30","slug":"kaffeenachmittag-fuer-osteuropaeische-betreuerinnen-von-senioren","status":"publish","type":"tribe_events","link":"https:\/\/eschringen.de\/wordpress\/event\/kaffeenachmittag-fuer-osteuropaeische-betreuerinnen-von-senioren\/","title":{"rendered":"Kaffeenachmittag f\u00fcr osteurop\u00e4ische Betreuerinnen von Senioren"},"content":{"rendered":"<p>Caritasausschuss der Pfarrei Heilige Veronika<br \/>\nKaffeenachmittag beim Adventsmarkt: Einladung an die osteurop\u00e4ischen Betreuerinnen von Senioren<\/p>\n<p>Am 1. Dezember l\u00e4dt der Caritasausschuss der Pfarrei Heilige Veronika nun schon zum sechsten Mal die osteurop\u00e4ischen Haushaltshilfen von Senioren zum Kaffeenachmittag ein, Dieses Mal sind die Helferinnen zum Adventsmarkt im Pfarrheim Ensheim eingeladen. Deshalb beginnt der Kaffeenachmittag eine Stunde sp\u00e4ter als gewohnt. Von 15 bis 17 Uhr sind die Damen und Herren nicht nur zu Kaffee und Kuchen sondern auch zum Bummel zwischen den St\u00e4nden eingeladen. Zum Kaffee d\u00fcrfen sie sich dieses Mal vom reichhaltigen Kuchenbuffet etwas aussuchen. In vorweihnachtlicher Atmosph\u00e4re, bei Kaffee und Kuchen haben die Damen und Herren Gelegenheit miteinander ins Gespr\u00e4ch zu kommen. Beim Adventsmarkt k\u00f6nnen sie dann au\u00dfer den Caritashelferinnen auch weitere Menschen unserer Pfarrei kennenlernen. Mit dem Nachmittag m\u00f6chten wir uns daf\u00fcr bedanken, dass Sie f\u00fcr alte oder pflegebed\u00fcrftige Menschen da sind, obwohl das nicht immer einfach ist. Daf\u00fcr, dass Sie den Mut haben, die eigene Familie f\u00fcr einige Zeit zu verlassen, um in einem fremden Land zu leben und sich ganz um Menschen zu k\u00fcmmern, die sonst zu Hause nicht versorgt werden k\u00f6nnten.<br \/>\nWir laden Sie ein zum gegenseitigen Kennenlernen, zum Gespr\u00e4ch untereinander und mit uns, zu Kaffee und Kuchen.<\/p>\n<p>Am Samstag, den 1. Dezember 2018 von 15.00 bis 17.00 Uhr im Pfarrheim in Ensheim, Schwester-Gottfrieda-Stra\u00dfe 7.<\/p>\n<p>Wenn Sie sich bis Mittwoch, den 28. November anmelden, wird ein Fahrdienst f\u00fcr Sie organisiert.<\/p>\n<p>Pfarrb\u00fcro Heilige Veronika Ensheim<br \/>\nTelefon 06893\/2237<br \/>\nE-Mail: Pfarramt.Ensheim@Bistum-Speyer.de<br \/>\n\u00d6ffnungszeiten: Montag bis Freitag von 9.00 &#8211; 12.00 Uhr<br \/>\nMontag, Donnerstag und Freitag von 15.00 &#8211; 17.00 Uhr<\/p>\n<p>Wir freuen uns auf Sie!<br \/>\nWir bitten die Familien ihren Helferinnen diese kleine Auszeit zu erm\u00f6glichen. Kennen Sie jemanden in unserer Pfarrei? Machen Sie sie bitte auf den Termin aufmerksam!<\/p>\n","protected":false},"excerpt":{"rendered":"<p>Caritasausschuss der Pfarrei Heilige Veronika Kaffeenachmittag beim Adventsmarkt: Einladung an die osteurop\u00e4ischen Betreuerinnen von Senioren Am 1. Dezember l\u00e4dt der Caritasausschuss der Pfarrei Heilige Veronika nun schon zum sechsten Mal die osteurop\u00e4ischen Haushaltshilfen von Senioren zum Kaffeenachmittag ein, Dieses Mal sind die Helferinnen zum Adventsmarkt im Pfarrheim Ensheim eingeladen. Deshalb beginnt der Kaffeenachmittag eine Stunde &#8230; <a title=\"Kaffeenachmittag f\u00fcr osteurop\u00e4ische Betreuerinnen von Senioren\" class=\"read-more\" href=\"https:\/\/eschringen.de\/wordpress\/event\/kaffeenachmittag-fuer-osteuropaeische-betreuerinnen-von-senioren\/\" aria-label=\"Mehr Informationen \u00fcber Kaffeenachmittag f\u00fcr osteurop\u00e4ische Betreuerinnen von Senioren\">Weiterlesen &#8230;<\/a><\/p>\n","protected":false},"author":1,"featured_media":1424,"template":"","meta":{"ngg_post_thumbnail":0,"_tribe_events_status":"","_tribe_events_status_reason":"","footnotes":""},"tags":[],"tribe_events_cat":[],"class_list":["post-2017","tribe_events","type-tribe_events","status-publish","has-post-thumbnail","hentry"],"yoast_head":"<!-- This site is optimized with the Yoast SEO plugin v27.4 - https:\/\/yoast.com\/product\/yoast-seo-wordpress\/ -->\n<title>Kaffeenachmittag f\u00fcr osteurop\u00e4ische Betreuerinnen von Senioren - Eschringen<\/title>\n<meta name=\"robots\" content=\"index, follow, max-snippet:-1, max-image-preview:large, max-video-preview:-1\" \/>\n<link rel=\"canonical\" href=\"https:\/\/eschringen.de\/wordpress\/event\/kaffeenachmittag-fuer-osteuropaeische-betreuerinnen-von-senioren\/\" \/>\n<meta property=\"og:locale\" content=\"de_DE\" \/>\n<meta property=\"og:type\" content=\"article\" \/>\n<meta property=\"og:title\" content=\"Kaffeenachmittag f\u00fcr osteurop\u00e4ische Betreuerinnen von Senioren - Eschringen\" \/>\n<meta property=\"og:description\" content=\"Caritasausschuss der Pfarrei Heilige Veronika Kaffeenachmittag beim Adventsmarkt: Einladung an die osteurop\u00e4ischen Betreuerinnen von Senioren Am 1. Dezember l\u00e4dt der Caritasausschuss der Pfarrei Heilige Veronika nun schon zum sechsten Mal die osteurop\u00e4ischen Haushaltshilfen von Senioren zum Kaffeenachmittag ein, Dieses Mal sind die Helferinnen zum Adventsmarkt im Pfarrheim Ensheim eingeladen. Deshalb beginnt der Kaffeenachmittag eine Stunde ... Weiterlesen ...\" \/>\n<meta property=\"og:url\" content=\"https:\/\/eschringen.de\/wordpress\/event\/kaffeenachmittag-fuer-osteuropaeische-betreuerinnen-von-senioren\/\" \/>\n<meta property=\"og:site_name\" content=\"Eschringen\" \/>\n<meta property=\"og:image\" content=\"https:\/\/eschringen.de\/wordpress\/wp-content\/uploads\/2017\/06\/Kirche_kal.jpg\" \/>\n\t<meta property=\"og:image:width\" content=\"210\" \/>\n\t<meta property=\"og:image:height\" content=\"212\" \/>\n\t<meta property=\"og:image:type\" content=\"image\/jpeg\" \/>\n<meta name=\"twitter:card\" content=\"summary_large_image\" \/>\n<meta name=\"twitter:label1\" content=\"Gesch\u00e4tzte Lesezeit\" \/>\n\t<meta name=\"twitter:data1\" content=\"2\u00a0Minuten\" \/>\n<script type=\"application\/ld+json\" class=\"yoast-schema-graph\">{\"@context\":\"https:\\\/\\\/schema.org\",\"@graph\":[{\"@type\":\"WebPage\",\"@id\":\"https:\\\/\\\/eschringen.de\\\/wordpress\\\/event\\\/kaffeenachmittag-fuer-osteuropaeische-betreuerinnen-von-senioren\\\/\",\"url\":\"https:\\\/\\\/eschringen.de\\\/wordpress\\\/event\\\/kaffeenachmittag-fuer-osteuropaeische-betreuerinnen-von-senioren\\\/\",\"name\":\"Kaffeenachmittag f\u00fcr osteurop\u00e4ische Betreuerinnen von Senioren - Eschringen\",\"isPartOf\":{\"@id\":\"https:\\\/\\\/eschringen.de\\\/wordpress\\\/#website\"},\"primaryImageOfPage\":{\"@id\":\"https:\\\/\\\/eschringen.de\\\/wordpress\\\/event\\\/kaffeenachmittag-fuer-osteuropaeische-betreuerinnen-von-senioren\\\/#primaryimage\"},\"image\":{\"@id\":\"https:\\\/\\\/eschringen.de\\\/wordpress\\\/event\\\/kaffeenachmittag-fuer-osteuropaeische-betreuerinnen-von-senioren\\\/#primaryimage\"},\"thumbnailUrl\":\"https:\\\/\\\/i0.wp.com\\\/eschringen.de\\\/wordpress\\\/wp-content\\\/uploads\\\/2017\\\/06\\\/Kirche_kal.jpg?fit=210%2C212&ssl=1\",\"datePublished\":\"2018-11-02T09:10:30+00:00\",\"breadcrumb\":{\"@id\":\"https:\\\/\\\/eschringen.de\\\/wordpress\\\/event\\\/kaffeenachmittag-fuer-osteuropaeische-betreuerinnen-von-senioren\\\/#breadcrumb\"},\"inLanguage\":\"de\",\"potentialAction\":[{\"@type\":\"ReadAction\",\"target\":[\"https:\\\/\\\/eschringen.de\\\/wordpress\\\/event\\\/kaffeenachmittag-fuer-osteuropaeische-betreuerinnen-von-senioren\\\/\"]}]},{\"@type\":\"ImageObject\",\"inLanguage\":\"de\",\"@id\":\"https:\\\/\\\/eschringen.de\\\/wordpress\\\/event\\\/kaffeenachmittag-fuer-osteuropaeische-betreuerinnen-von-senioren\\\/#primaryimage\",\"url\":\"https:\\\/\\\/i0.wp.com\\\/eschringen.de\\\/wordpress\\\/wp-content\\\/uploads\\\/2017\\\/06\\\/Kirche_kal.jpg?fit=210%2C212&ssl=1\",\"contentUrl\":\"https:\\\/\\\/i0.wp.com\\\/eschringen.de\\\/wordpress\\\/wp-content\\\/uploads\\\/2017\\\/06\\\/Kirche_kal.jpg?fit=210%2C212&ssl=1\",\"width\":210,\"height\":212},{\"@type\":\"BreadcrumbList\",\"@id\":\"https:\\\/\\\/eschringen.de\\\/wordpress\\\/event\\\/kaffeenachmittag-fuer-osteuropaeische-betreuerinnen-von-senioren\\\/#breadcrumb\",\"itemListElement\":[{\"@type\":\"ListItem\",\"position\":1,\"name\":\"Startseite\",\"item\":\"https:\\\/\\\/eschringen.de\\\/wordpress\\\/\"},{\"@type\":\"ListItem\",\"position\":2,\"name\":\"Veranstaltungen\",\"item\":\"https:\\\/\\\/eschringen.de\\\/wordpress\\\/events\\\/\"},{\"@type\":\"ListItem\",\"position\":3,\"name\":\"Kaffeenachmittag f\u00fcr osteurop\u00e4ische Betreuerinnen von Senioren\"}]},{\"@type\":\"WebSite\",\"@id\":\"https:\\\/\\\/eschringen.de\\\/wordpress\\\/#website\",\"url\":\"https:\\\/\\\/eschringen.de\\\/wordpress\\\/\",\"name\":\"Eschringen\",\"description\":\"\",\"publisher\":{\"@id\":\"https:\\\/\\\/eschringen.de\\\/wordpress\\\/#organization\"},\"potentialAction\":[{\"@type\":\"SearchAction\",\"target\":{\"@type\":\"EntryPoint\",\"urlTemplate\":\"https:\\\/\\\/eschringen.de\\\/wordpress\\\/?s={search_term_string}\"},\"query-input\":{\"@type\":\"PropertyValueSpecification\",\"valueRequired\":true,\"valueName\":\"search_term_string\"}}],\"inLanguage\":\"de\"},{\"@type\":\"Organization\",\"@id\":\"https:\\\/\\\/eschringen.de\\\/wordpress\\\/#organization\",\"name\":\"Eschringen\",\"url\":\"https:\\\/\\\/eschringen.de\\\/wordpress\\\/\",\"logo\":{\"@type\":\"ImageObject\",\"inLanguage\":\"de\",\"@id\":\"https:\\\/\\\/eschringen.de\\\/wordpress\\\/#\\\/schema\\\/logo\\\/image\\\/\",\"url\":\"https:\\\/\\\/eschringen.de\\\/wordpress\\\/wp-content\\\/uploads\\\/2017\\\/03\\\/2017_kw15.jpg\",\"contentUrl\":\"https:\\\/\\\/eschringen.de\\\/wordpress\\\/wp-content\\\/uploads\\\/2017\\\/03\\\/2017_kw15.jpg\",\"width\":784,\"height\":447,\"caption\":\"Eschringen\"},\"image\":{\"@id\":\"https:\\\/\\\/eschringen.de\\\/wordpress\\\/#\\\/schema\\\/logo\\\/image\\\/\"}}]}<\/script>\n<!-- \/ Yoast SEO plugin. -->","yoast_head_json":{"title":"Kaffeenachmittag f\u00fcr osteurop\u00e4ische Betreuerinnen von Senioren - Eschringen","robots":{"index":"index","follow":"follow","max-snippet":"max-snippet:-1","max-image-preview":"max-image-preview:large","max-video-preview":"max-video-preview:-1"},"canonical":"https:\/\/eschringen.de\/wordpress\/event\/kaffeenachmittag-fuer-osteuropaeische-betreuerinnen-von-senioren\/","og_locale":"de_DE","og_type":"article","og_title":"Kaffeenachmittag f\u00fcr osteurop\u00e4ische Betreuerinnen von Senioren - Eschringen","og_description":"Caritasausschuss der Pfarrei Heilige Veronika Kaffeenachmittag beim Adventsmarkt: Einladung an die osteurop\u00e4ischen Betreuerinnen von Senioren Am 1. Dezember l\u00e4dt der Caritasausschuss der Pfarrei Heilige Veronika nun schon zum sechsten Mal die osteurop\u00e4ischen Haushaltshilfen von Senioren zum Kaffeenachmittag ein, Dieses Mal sind die Helferinnen zum Adventsmarkt im Pfarrheim Ensheim eingeladen. Deshalb beginnt der Kaffeenachmittag eine Stunde ... Weiterlesen ...","og_url":"https:\/\/eschringen.de\/wordpress\/event\/kaffeenachmittag-fuer-osteuropaeische-betreuerinnen-von-senioren\/","og_site_name":"Eschringen","og_image":[{"width":210,"height":212,"url":"https:\/\/eschringen.de\/wordpress\/wp-content\/uploads\/2017\/06\/Kirche_kal.jpg","type":"image\/jpeg"}],"twitter_card":"summary_large_image","twitter_misc":{"Gesch\u00e4tzte Lesezeit":"2\u00a0Minuten"},"schema":{"@context":"https:\/\/schema.org","@graph":[{"@type":"WebPage","@id":"https:\/\/eschringen.de\/wordpress\/event\/kaffeenachmittag-fuer-osteuropaeische-betreuerinnen-von-senioren\/","url":"https:\/\/eschringen.de\/wordpress\/event\/kaffeenachmittag-fuer-osteuropaeische-betreuerinnen-von-senioren\/","name":"Kaffeenachmittag f\u00fcr osteurop\u00e4ische Betreuerinnen von Senioren - Eschringen","isPartOf":{"@id":"https:\/\/eschringen.de\/wordpress\/#website"},"primaryImageOfPage":{"@id":"https:\/\/eschringen.de\/wordpress\/event\/kaffeenachmittag-fuer-osteuropaeische-betreuerinnen-von-senioren\/#primaryimage"},"image":{"@id":"https:\/\/eschringen.de\/wordpress\/event\/kaffeenachmittag-fuer-osteuropaeische-betreuerinnen-von-senioren\/#primaryimage"},"thumbnailUrl":"https:\/\/i0.wp.com\/eschringen.de\/wordpress\/wp-content\/uploads\/2017\/06\/Kirche_kal.jpg?fit=210%2C212&ssl=1","datePublished":"2018-11-02T09:10:30+00:00","breadcrumb":{"@id":"https:\/\/eschringen.de\/wordpress\/event\/kaffeenachmittag-fuer-osteuropaeische-betreuerinnen-von-senioren\/#breadcrumb"},"inLanguage":"de","potentialAction":[{"@type":"ReadAction","target":["https:\/\/eschringen.de\/wordpress\/event\/kaffeenachmittag-fuer-osteuropaeische-betreuerinnen-von-senioren\/"]}]},{"@type":"ImageObject","inLanguage":"de","@id":"https:\/\/eschringen.de\/wordpress\/event\/kaffeenachmittag-fuer-osteuropaeische-betreuerinnen-von-senioren\/#primaryimage","url":"https:\/\/i0.wp.com\/eschringen.de\/wordpress\/wp-content\/uploads\/2017\/06\/Kirche_kal.jpg?fit=210%2C212&ssl=1","contentUrl":"https:\/\/i0.wp.com\/eschringen.de\/wordpress\/wp-content\/uploads\/2017\/06\/Kirche_kal.jpg?fit=210%2C212&ssl=1","width":210,"height":212},{"@type":"BreadcrumbList","@id":"https:\/\/eschringen.de\/wordpress\/event\/kaffeenachmittag-fuer-osteuropaeische-betreuerinnen-von-senioren\/#breadcrumb","itemListElement":[{"@type":"ListItem","position":1,"name":"Startseite","item":"https:\/\/eschringen.de\/wordpress\/"},{"@type":"ListItem","position":2,"name":"Veranstaltungen","item":"https:\/\/eschringen.de\/wordpress\/events\/"},{"@type":"ListItem","position":3,"name":"Kaffeenachmittag f\u00fcr osteurop\u00e4ische Betreuerinnen von Senioren"}]},{"@type":"WebSite","@id":"https:\/\/eschringen.de\/wordpress\/#website","url":"https:\/\/eschringen.de\/wordpress\/","name":"Eschringen","description":"","publisher":{"@id":"https:\/\/eschringen.de\/wordpress\/#organization"},"potentialAction":[{"@type":"SearchAction","target":{"@type":"EntryPoint","urlTemplate":"https:\/\/eschringen.de\/wordpress\/?s={search_term_string}"},"query-input":{"@type":"PropertyValueSpecification","valueRequired":true,"valueName":"search_term_string"}}],"inLanguage":"de"},{"@type":"Organization","@id":"https:\/\/eschringen.de\/wordpress\/#organization","name":"Eschringen","url":"https:\/\/eschringen.de\/wordpress\/","logo":{"@type":"ImageObject","inLanguage":"de","@id":"https:\/\/eschringen.de\/wordpress\/#\/schema\/logo\/image\/","url":"https:\/\/eschringen.de\/wordpress\/wp-content\/uploads\/2017\/03\/2017_kw15.jpg","contentUrl":"https:\/\/eschringen.de\/wordpress\/wp-content\/uploads\/2017\/03\/2017_kw15.jpg","width":784,"height":447,"caption":"Eschringen"},"image":{"@id":"https:\/\/eschringen.de\/wordpress\/#\/schema\/logo\/image\/"}}]}},"jetpack_sharing_enabled":true,"_links":{"self":[{"href":"https:\/\/eschringen.de\/wordpress\/wp-json\/wp\/v2\/tribe_events\/2017","targetHints":{"allow":["GET"]}}],"collection":[{"href":"https:\/\/eschringen.de\/wordpress\/wp-json\/wp\/v2\/tribe_events"}],"about":[{"href":"https:\/\/eschringen.de\/wordpress\/wp-json\/wp\/v2\/types\/tribe_events"}],"author":[{"embeddable":true,"href":"https:\/\/eschringen.de\/wordpress\/wp-json\/wp\/v2\/users\/1"}],"version-history":[{"count":1,"href":"https:\/\/eschringen.de\/wordpress\/wp-json\/wp\/v2\/tribe_events\/2017\/revisions"}],"predecessor-version":[{"id":2018,"href":"https:\/\/eschringen.de\/wordpress\/wp-json\/wp\/v2\/tribe_events\/2017\/revisions\/2018"}],"wp:featuredmedia":[{"embeddable":true,"href":"https:\/\/eschringen.de\/wordpress\/wp-json\/wp\/v2\/media\/1424"}],"wp:attachment":[{"href":"https:\/\/eschringen.de\/wordpress\/wp-json\/wp\/v2\/media?parent=2017"}],"wp:term":[{"taxonomy":"post_tag","embeddable":true,"href":"https:\/\/eschringen.de\/wordpress\/wp-json\/wp\/v2\/tags?post=2017"},{"taxonomy":"tribe_events_cat","embeddable":true,"href":"https:\/\/eschringen.de\/wordpress\/wp-json\/wp\/v2\/tribe_events_cat?post=2017"}],"curies":[{"name":"wp","href":"https:\/\/api.w.org\/{rel}","templated":true}]}}