{"id":2007,"date":"2018-11-02T09:47:16","date_gmt":"2018-11-02T08:47:16","guid":{"rendered":"https:\/\/eschringen.de\/wordpress\/?post_type=tribe_events&#038;p=2007"},"modified":"2018-11-12T13:44:43","modified_gmt":"2018-11-12T12:44:43","slug":"filmdokumentation-1100-jahrfeierlichkeiten-vor-25-jahren","status":"publish","type":"tribe_events","link":"https:\/\/eschringen.de\/wordpress\/event\/filmdokumentation-1100-jahrfeierlichkeiten-vor-25-jahren\/","title":{"rendered":"Filmdokumentation \u201e1100-Jahrfeierlichkeiten vor 25 Jahren\u201c"},"content":{"rendered":"<p><strong>27.11.: Filmdokumentation \u201e1100-Jahrfeierlichkeiten vor 25 Jahren\u201c<\/strong><\/p>\n<p>Im Rahmen ihres 25-j\u00e4hrigen Bestehens l\u00e4dt die Eschringer Geschichtswerkstatt\/VHS Halberg zu einer weiteren Jubil\u00e4umsveranstaltung ein. Am Dienstag, den 27. November 2018, wird im Dorfgemeinschaftshaus ab 19:30 Uhr die Rohschnittfassung einer Filmdoku gezeigt, die aus unterschiedlichem privaten Material zusammengef\u00fcgt wurde. Sie basiert vorwiegend auf analogen Videoaufnahmen, die in der Festwoche w\u00e4hrend der 1100-Jahrfeier im Juni 1993 anl\u00e4sslich der Ersterw\u00e4hnung unseres Dorfes im Jahre 893 entstanden waren. Die erfahrene AV-Mediengestalterin Sarah Vogelgesang, geb\u00fcrtige Eschringerin, hat das vielf\u00e4ltige Material gesichtet, digital aufbereitet, weitgehend chronologisch geschnitten und inhaltlich verkn\u00fcpft. Eine textliche Bearbeitung steht noch aus, soll aber in naher Zukunft auch dank bei der Vorf\u00fchrung gewonnener neuer Erkenntnisse angegangen werden.<br \/>\nDie Pr\u00e4sentation wird moderiert von Roland Schmitt, Leiter der Geschichtswerkstatt und seinerzeit im Organisationsteam der Jubil\u00e4ums-\u201cMacher\u201c.<br \/>\nDer Eintritt ist nat\u00fcrlich frei! Die Geschichtswerkstatt freut sich auf regen Besuch, von Zeitzeugen und Interessierten.<\/p>\n","protected":false},"excerpt":{"rendered":"<p>27.11.: Filmdokumentation \u201e1100-Jahrfeierlichkeiten vor 25 Jahren\u201c Im Rahmen ihres 25-j\u00e4hrigen Bestehens l\u00e4dt die Eschringer Geschichtswerkstatt\/VHS Halberg zu einer weiteren Jubil\u00e4umsveranstaltung ein. Am Dienstag, den 27. November 2018, wird im Dorfgemeinschaftshaus ab 19:30 Uhr die Rohschnittfassung einer Filmdoku gezeigt, die aus unterschiedlichem privaten Material zusammengef\u00fcgt wurde. Sie basiert vorwiegend auf analogen Videoaufnahmen, die in der Festwoche &#8230; <a title=\"Filmdokumentation \u201e1100-Jahrfeierlichkeiten vor 25 Jahren\u201c\" class=\"read-more\" href=\"https:\/\/eschringen.de\/wordpress\/event\/filmdokumentation-1100-jahrfeierlichkeiten-vor-25-jahren\/\" aria-label=\"Mehr Informationen \u00fcber Filmdokumentation \u201e1100-Jahrfeierlichkeiten vor 25 Jahren\u201c\">Weiterlesen &#8230;<\/a><\/p>\n","protected":false},"author":1,"featured_media":1419,"template":"","meta":{"ngg_post_thumbnail":0,"_tribe_events_status":"","_tribe_events_status_reason":"","footnotes":""},"tags":[],"tribe_events_cat":[],"class_list":["post-2007","tribe_events","type-tribe_events","status-publish","has-post-thumbnail","hentry"],"yoast_head":"<!-- This site is optimized with the Yoast SEO plugin v27.4 - https:\/\/yoast.com\/product\/yoast-seo-wordpress\/ -->\n<title>Filmdokumentation \u201e1100-Jahrfeierlichkeiten vor 25 Jahren\u201c - Eschringen<\/title>\n<meta name=\"robots\" content=\"index, follow, max-snippet:-1, max-image-preview:large, max-video-preview:-1\" \/>\n<link rel=\"canonical\" href=\"https:\/\/eschringen.de\/wordpress\/event\/filmdokumentation-1100-jahrfeierlichkeiten-vor-25-jahren\/\" \/>\n<meta property=\"og:locale\" content=\"de_DE\" \/>\n<meta property=\"og:type\" content=\"article\" \/>\n<meta property=\"og:title\" content=\"Filmdokumentation \u201e1100-Jahrfeierlichkeiten vor 25 Jahren\u201c - Eschringen\" \/>\n<meta property=\"og:description\" content=\"27.11.: Filmdokumentation \u201e1100-Jahrfeierlichkeiten vor 25 Jahren\u201c Im Rahmen ihres 25-j\u00e4hrigen Bestehens l\u00e4dt die Eschringer Geschichtswerkstatt\/VHS Halberg zu einer weiteren Jubil\u00e4umsveranstaltung ein. Am Dienstag, den 27. November 2018, wird im Dorfgemeinschaftshaus ab 19:30 Uhr die Rohschnittfassung einer Filmdoku gezeigt, die aus unterschiedlichem privaten Material zusammengef\u00fcgt wurde. Sie basiert vorwiegend auf analogen Videoaufnahmen, die in der Festwoche ... Weiterlesen ...\" \/>\n<meta property=\"og:url\" content=\"https:\/\/eschringen.de\/wordpress\/event\/filmdokumentation-1100-jahrfeierlichkeiten-vor-25-jahren\/\" \/>\n<meta property=\"og:site_name\" content=\"Eschringen\" \/>\n<meta property=\"article:modified_time\" content=\"2018-11-12T12:44:43+00:00\" \/>\n<meta property=\"og:image\" content=\"https:\/\/eschringen.de\/wordpress\/wp-content\/uploads\/2017\/05\/GW_kal-1.jpg\" \/>\n\t<meta property=\"og:image:width\" content=\"210\" \/>\n\t<meta property=\"og:image:height\" content=\"210\" \/>\n\t<meta property=\"og:image:type\" content=\"image\/jpeg\" \/>\n<meta name=\"twitter:card\" content=\"summary_large_image\" \/>\n<meta name=\"twitter:label1\" content=\"Gesch\u00e4tzte Lesezeit\" \/>\n\t<meta name=\"twitter:data1\" content=\"1\u00a0Minute\" \/>\n<script type=\"application\/ld+json\" class=\"yoast-schema-graph\">{\"@context\":\"https:\\\/\\\/schema.org\",\"@graph\":[{\"@type\":\"WebPage\",\"@id\":\"https:\\\/\\\/eschringen.de\\\/wordpress\\\/event\\\/filmdokumentation-1100-jahrfeierlichkeiten-vor-25-jahren\\\/\",\"url\":\"https:\\\/\\\/eschringen.de\\\/wordpress\\\/event\\\/filmdokumentation-1100-jahrfeierlichkeiten-vor-25-jahren\\\/\",\"name\":\"Filmdokumentation \u201e1100-Jahrfeierlichkeiten vor 25 Jahren\u201c - Eschringen\",\"isPartOf\":{\"@id\":\"https:\\\/\\\/eschringen.de\\\/wordpress\\\/#website\"},\"primaryImageOfPage\":{\"@id\":\"https:\\\/\\\/eschringen.de\\\/wordpress\\\/event\\\/filmdokumentation-1100-jahrfeierlichkeiten-vor-25-jahren\\\/#primaryimage\"},\"image\":{\"@id\":\"https:\\\/\\\/eschringen.de\\\/wordpress\\\/event\\\/filmdokumentation-1100-jahrfeierlichkeiten-vor-25-jahren\\\/#primaryimage\"},\"thumbnailUrl\":\"https:\\\/\\\/i0.wp.com\\\/eschringen.de\\\/wordpress\\\/wp-content\\\/uploads\\\/2017\\\/05\\\/GW_kal-1.jpg?fit=210%2C210&ssl=1\",\"datePublished\":\"2018-11-02T08:47:16+00:00\",\"dateModified\":\"2018-11-12T12:44:43+00:00\",\"breadcrumb\":{\"@id\":\"https:\\\/\\\/eschringen.de\\\/wordpress\\\/event\\\/filmdokumentation-1100-jahrfeierlichkeiten-vor-25-jahren\\\/#breadcrumb\"},\"inLanguage\":\"de\",\"potentialAction\":[{\"@type\":\"ReadAction\",\"target\":[\"https:\\\/\\\/eschringen.de\\\/wordpress\\\/event\\\/filmdokumentation-1100-jahrfeierlichkeiten-vor-25-jahren\\\/\"]}]},{\"@type\":\"ImageObject\",\"inLanguage\":\"de\",\"@id\":\"https:\\\/\\\/eschringen.de\\\/wordpress\\\/event\\\/filmdokumentation-1100-jahrfeierlichkeiten-vor-25-jahren\\\/#primaryimage\",\"url\":\"https:\\\/\\\/i0.wp.com\\\/eschringen.de\\\/wordpress\\\/wp-content\\\/uploads\\\/2017\\\/05\\\/GW_kal-1.jpg?fit=210%2C210&ssl=1\",\"contentUrl\":\"https:\\\/\\\/i0.wp.com\\\/eschringen.de\\\/wordpress\\\/wp-content\\\/uploads\\\/2017\\\/05\\\/GW_kal-1.jpg?fit=210%2C210&ssl=1\",\"width\":210,\"height\":210},{\"@type\":\"BreadcrumbList\",\"@id\":\"https:\\\/\\\/eschringen.de\\\/wordpress\\\/event\\\/filmdokumentation-1100-jahrfeierlichkeiten-vor-25-jahren\\\/#breadcrumb\",\"itemListElement\":[{\"@type\":\"ListItem\",\"position\":1,\"name\":\"Startseite\",\"item\":\"https:\\\/\\\/eschringen.de\\\/wordpress\\\/\"},{\"@type\":\"ListItem\",\"position\":2,\"name\":\"Veranstaltungen\",\"item\":\"https:\\\/\\\/eschringen.de\\\/wordpress\\\/events\\\/\"},{\"@type\":\"ListItem\",\"position\":3,\"name\":\"Filmdokumentation \u201e1100-Jahrfeierlichkeiten vor 25 Jahren\u201c\"}]},{\"@type\":\"WebSite\",\"@id\":\"https:\\\/\\\/eschringen.de\\\/wordpress\\\/#website\",\"url\":\"https:\\\/\\\/eschringen.de\\\/wordpress\\\/\",\"name\":\"Eschringen\",\"description\":\"\",\"publisher\":{\"@id\":\"https:\\\/\\\/eschringen.de\\\/wordpress\\\/#organization\"},\"potentialAction\":[{\"@type\":\"SearchAction\",\"target\":{\"@type\":\"EntryPoint\",\"urlTemplate\":\"https:\\\/\\\/eschringen.de\\\/wordpress\\\/?s={search_term_string}\"},\"query-input\":{\"@type\":\"PropertyValueSpecification\",\"valueRequired\":true,\"valueName\":\"search_term_string\"}}],\"inLanguage\":\"de\"},{\"@type\":\"Organization\",\"@id\":\"https:\\\/\\\/eschringen.de\\\/wordpress\\\/#organization\",\"name\":\"Eschringen\",\"url\":\"https:\\\/\\\/eschringen.de\\\/wordpress\\\/\",\"logo\":{\"@type\":\"ImageObject\",\"inLanguage\":\"de\",\"@id\":\"https:\\\/\\\/eschringen.de\\\/wordpress\\\/#\\\/schema\\\/logo\\\/image\\\/\",\"url\":\"https:\\\/\\\/eschringen.de\\\/wordpress\\\/wp-content\\\/uploads\\\/2017\\\/03\\\/2017_kw15.jpg\",\"contentUrl\":\"https:\\\/\\\/eschringen.de\\\/wordpress\\\/wp-content\\\/uploads\\\/2017\\\/03\\\/2017_kw15.jpg\",\"width\":784,\"height\":447,\"caption\":\"Eschringen\"},\"image\":{\"@id\":\"https:\\\/\\\/eschringen.de\\\/wordpress\\\/#\\\/schema\\\/logo\\\/image\\\/\"}}]}<\/script>\n<!-- \/ Yoast SEO plugin. -->","yoast_head_json":{"title":"Filmdokumentation \u201e1100-Jahrfeierlichkeiten vor 25 Jahren\u201c - Eschringen","robots":{"index":"index","follow":"follow","max-snippet":"max-snippet:-1","max-image-preview":"max-image-preview:large","max-video-preview":"max-video-preview:-1"},"canonical":"https:\/\/eschringen.de\/wordpress\/event\/filmdokumentation-1100-jahrfeierlichkeiten-vor-25-jahren\/","og_locale":"de_DE","og_type":"article","og_title":"Filmdokumentation \u201e1100-Jahrfeierlichkeiten vor 25 Jahren\u201c - Eschringen","og_description":"27.11.: Filmdokumentation \u201e1100-Jahrfeierlichkeiten vor 25 Jahren\u201c Im Rahmen ihres 25-j\u00e4hrigen Bestehens l\u00e4dt die Eschringer Geschichtswerkstatt\/VHS Halberg zu einer weiteren Jubil\u00e4umsveranstaltung ein. Am Dienstag, den 27. November 2018, wird im Dorfgemeinschaftshaus ab 19:30 Uhr die Rohschnittfassung einer Filmdoku gezeigt, die aus unterschiedlichem privaten Material zusammengef\u00fcgt wurde. Sie basiert vorwiegend auf analogen Videoaufnahmen, die in der Festwoche ... Weiterlesen ...","og_url":"https:\/\/eschringen.de\/wordpress\/event\/filmdokumentation-1100-jahrfeierlichkeiten-vor-25-jahren\/","og_site_name":"Eschringen","article_modified_time":"2018-11-12T12:44:43+00:00","og_image":[{"width":210,"height":210,"url":"https:\/\/eschringen.de\/wordpress\/wp-content\/uploads\/2017\/05\/GW_kal-1.jpg","type":"image\/jpeg"}],"twitter_card":"summary_large_image","twitter_misc":{"Gesch\u00e4tzte Lesezeit":"1\u00a0Minute"},"schema":{"@context":"https:\/\/schema.org","@graph":[{"@type":"WebPage","@id":"https:\/\/eschringen.de\/wordpress\/event\/filmdokumentation-1100-jahrfeierlichkeiten-vor-25-jahren\/","url":"https:\/\/eschringen.de\/wordpress\/event\/filmdokumentation-1100-jahrfeierlichkeiten-vor-25-jahren\/","name":"Filmdokumentation \u201e1100-Jahrfeierlichkeiten vor 25 Jahren\u201c - Eschringen","isPartOf":{"@id":"https:\/\/eschringen.de\/wordpress\/#website"},"primaryImageOfPage":{"@id":"https:\/\/eschringen.de\/wordpress\/event\/filmdokumentation-1100-jahrfeierlichkeiten-vor-25-jahren\/#primaryimage"},"image":{"@id":"https:\/\/eschringen.de\/wordpress\/event\/filmdokumentation-1100-jahrfeierlichkeiten-vor-25-jahren\/#primaryimage"},"thumbnailUrl":"https:\/\/i0.wp.com\/eschringen.de\/wordpress\/wp-content\/uploads\/2017\/05\/GW_kal-1.jpg?fit=210%2C210&ssl=1","datePublished":"2018-11-02T08:47:16+00:00","dateModified":"2018-11-12T12:44:43+00:00","breadcrumb":{"@id":"https:\/\/eschringen.de\/wordpress\/event\/filmdokumentation-1100-jahrfeierlichkeiten-vor-25-jahren\/#breadcrumb"},"inLanguage":"de","potentialAction":[{"@type":"ReadAction","target":["https:\/\/eschringen.de\/wordpress\/event\/filmdokumentation-1100-jahrfeierlichkeiten-vor-25-jahren\/"]}]},{"@type":"ImageObject","inLanguage":"de","@id":"https:\/\/eschringen.de\/wordpress\/event\/filmdokumentation-1100-jahrfeierlichkeiten-vor-25-jahren\/#primaryimage","url":"https:\/\/i0.wp.com\/eschringen.de\/wordpress\/wp-content\/uploads\/2017\/05\/GW_kal-1.jpg?fit=210%2C210&ssl=1","contentUrl":"https:\/\/i0.wp.com\/eschringen.de\/wordpress\/wp-content\/uploads\/2017\/05\/GW_kal-1.jpg?fit=210%2C210&ssl=1","width":210,"height":210},{"@type":"BreadcrumbList","@id":"https:\/\/eschringen.de\/wordpress\/event\/filmdokumentation-1100-jahrfeierlichkeiten-vor-25-jahren\/#breadcrumb","itemListElement":[{"@type":"ListItem","position":1,"name":"Startseite","item":"https:\/\/eschringen.de\/wordpress\/"},{"@type":"ListItem","position":2,"name":"Veranstaltungen","item":"https:\/\/eschringen.de\/wordpress\/events\/"},{"@type":"ListItem","position":3,"name":"Filmdokumentation \u201e1100-Jahrfeierlichkeiten vor 25 Jahren\u201c"}]},{"@type":"WebSite","@id":"https:\/\/eschringen.de\/wordpress\/#website","url":"https:\/\/eschringen.de\/wordpress\/","name":"Eschringen","description":"","publisher":{"@id":"https:\/\/eschringen.de\/wordpress\/#organization"},"potentialAction":[{"@type":"SearchAction","target":{"@type":"EntryPoint","urlTemplate":"https:\/\/eschringen.de\/wordpress\/?s={search_term_string}"},"query-input":{"@type":"PropertyValueSpecification","valueRequired":true,"valueName":"search_term_string"}}],"inLanguage":"de"},{"@type":"Organization","@id":"https:\/\/eschringen.de\/wordpress\/#organization","name":"Eschringen","url":"https:\/\/eschringen.de\/wordpress\/","logo":{"@type":"ImageObject","inLanguage":"de","@id":"https:\/\/eschringen.de\/wordpress\/#\/schema\/logo\/image\/","url":"https:\/\/eschringen.de\/wordpress\/wp-content\/uploads\/2017\/03\/2017_kw15.jpg","contentUrl":"https:\/\/eschringen.de\/wordpress\/wp-content\/uploads\/2017\/03\/2017_kw15.jpg","width":784,"height":447,"caption":"Eschringen"},"image":{"@id":"https:\/\/eschringen.de\/wordpress\/#\/schema\/logo\/image\/"}}]}},"jetpack_sharing_enabled":true,"_links":{"self":[{"href":"https:\/\/eschringen.de\/wordpress\/wp-json\/wp\/v2\/tribe_events\/2007","targetHints":{"allow":["GET"]}}],"collection":[{"href":"https:\/\/eschringen.de\/wordpress\/wp-json\/wp\/v2\/tribe_events"}],"about":[{"href":"https:\/\/eschringen.de\/wordpress\/wp-json\/wp\/v2\/types\/tribe_events"}],"author":[{"embeddable":true,"href":"https:\/\/eschringen.de\/wordpress\/wp-json\/wp\/v2\/users\/1"}],"version-history":[{"count":1,"href":"https:\/\/eschringen.de\/wordpress\/wp-json\/wp\/v2\/tribe_events\/2007\/revisions"}],"predecessor-version":[{"id":2008,"href":"https:\/\/eschringen.de\/wordpress\/wp-json\/wp\/v2\/tribe_events\/2007\/revisions\/2008"}],"wp:featuredmedia":[{"embeddable":true,"href":"https:\/\/eschringen.de\/wordpress\/wp-json\/wp\/v2\/media\/1419"}],"wp:attachment":[{"href":"https:\/\/eschringen.de\/wordpress\/wp-json\/wp\/v2\/media?parent=2007"}],"wp:term":[{"taxonomy":"post_tag","embeddable":true,"href":"https:\/\/eschringen.de\/wordpress\/wp-json\/wp\/v2\/tags?post=2007"},{"taxonomy":"tribe_events_cat","embeddable":true,"href":"https:\/\/eschringen.de\/wordpress\/wp-json\/wp\/v2\/tribe_events_cat?post=2007"}],"curies":[{"name":"wp","href":"https:\/\/api.w.org\/{rel}","templated":true}]}}