{"id":1741,"date":"2018-02-17T19:08:10","date_gmt":"2018-02-17T18:08:10","guid":{"rendered":"http:\/\/eschringen.de\/wordpress\/?post_type=tribe_events&#038;p=1741"},"modified":"2018-02-17T19:08:10","modified_gmt":"2018-02-17T18:08:10","slug":"ausstellungsbesuch-saarprominente","status":"publish","type":"tribe_events","link":"https:\/\/eschringen.de\/wordpress\/event\/ausstellungsbesuch-saarprominente\/","title":{"rendered":"Ausstellungsbesuch &#8222;Saarprominente&#8220;"},"content":{"rendered":"<p>28 M\u00e4rz: Geschichtswerkstatt besucht Ausstellung \u201eSaarprominente\u201c<\/p>\n<p>Die Eschringer Geschichtswerkstatt l\u00e4dt ihre Mitstreiter sowie an Regionalgeschichte interessierte Mitb\u00fcrgerinnen und Mitb\u00fcrger zur Exkursion ins Saarbr\u00fccker Historische Museum Saar ein. Dort wird Leiter Roland Schmitt durch die Ausstellung \u201eSaarprominente\u201c f\u00fchren.<\/p>\n<p><a href=\"https:\/\/i0.wp.com\/eschringen.de\/wordpress\/wp-content\/uploads\/2018\/02\/HPSaarProminente.jpg\"><img data-recalc-dims=\"1\" loading=\"lazy\" decoding=\"async\" class=\"alignleft size-full wp-image-1742\" src=\"https:\/\/i0.wp.com\/eschringen.de\/wordpress\/wp-content\/uploads\/2018\/02\/HPSaarProminente.jpg?resize=210%2C310\" alt=\"\" height=\"310\" width=\"210\" srcset=\"https:\/\/i0.wp.com\/eschringen.de\/wordpress\/wp-content\/uploads\/2018\/02\/HPSaarProminente.jpg?w=210&amp;ssl=1 210w, https:\/\/i0.wp.com\/eschringen.de\/wordpress\/wp-content\/uploads\/2018\/02\/HPSaarProminente.jpg?resize=203%2C300&amp;ssl=1 203w\" sizes=\"auto, (max-width: 210px) 100vw, 210px\" \/><\/a>Insgesamt wurden vom Museumsteam 113 prominente Personen ausgew\u00e4hlt. In der Sonderausstellung stehen inklusive der Kunstfiguren Max Palu und Heinz Becker 30 Pers\u00f6nlichkeiten in Einzelpr\u00e4sentationen im Mittelpunkt. Zu sehen sind 120, \u00fcberwiegend noch nie gezeigte, private Objekte von 36 Leihgebern. Von Politik \u00fcber Sport, Wissenschaft, Kunst und Kultur bis zum Film \u2013 das Spektrum der einzelnen Einflussbereiche ist breit gef\u00e4chert. Es zeigt, wie vielf\u00e4ltig die Verdienste der im Saarland wirkenden oder aus dem Saarland stammenden Ber\u00fchmtheiten sind. Einige Pers\u00f6nlichkeiten spielten auch eine Rolle f\u00fcr den Bezirk Halberg wie z. B. Carl Ferdinand Stumm als Stahlmagnat (Halbergerh\u00fctte in Brebach), hatten hier Besitzungen, z. B. den Eschringer Hof (Brauerfamilie Bruch), oder waren gern gesehene G\u00e4ste in Eschringer Kneipen wie z. B. Weltenbummler Heinz Rox-Schulz.<\/p>\n<p>Treffpunkt ist am Mittwoch, den <strong>28. M\u00e4rz 2018<\/strong>, <strong>18 Uhr,<\/strong> vor dem ehemaliges Gasthaus <strong>\u201eZur neuen Simbach\u201c<\/strong> (Andreas-Kremp-Stra\u00dfe). Von dort geht es in Fahrgemeinschaften nach Saarbr\u00fccken. Beginn der F\u00fchrung ist um 18:30 Uhr. Die Eintrittskosten \u00fcbernimmt die Geschichtswerkstatt. Um Voranmeldung wird gebeten: <a href=\"mailto:rschmitt@eschringen.de\">rschmitt@eschringen.de<\/a> bzw. Tel. 06893-3272.<\/p>\n","protected":false},"excerpt":{"rendered":"<p>28 M\u00e4rz: Geschichtswerkstatt besucht Ausstellung \u201eSaarprominente\u201c Die Eschringer Geschichtswerkstatt l\u00e4dt ihre Mitstreiter sowie an Regionalgeschichte interessierte Mitb\u00fcrgerinnen und Mitb\u00fcrger zur Exkursion ins Saarbr\u00fccker Historische Museum Saar ein. Dort wird Leiter Roland Schmitt durch die Ausstellung \u201eSaarprominente\u201c f\u00fchren. Insgesamt wurden vom Museumsteam 113 prominente Personen ausgew\u00e4hlt. In der Sonderausstellung stehen inklusive der Kunstfiguren Max Palu und &#8230; <a title=\"Ausstellungsbesuch &#8222;Saarprominente&#8220;\" class=\"read-more\" href=\"https:\/\/eschringen.de\/wordpress\/event\/ausstellungsbesuch-saarprominente\/\" aria-label=\"Mehr Informationen \u00fcber Ausstellungsbesuch &#8222;Saarprominente&#8220;\">Weiterlesen &#8230;<\/a><\/p>\n","protected":false},"author":1,"featured_media":1419,"template":"","meta":{"ngg_post_thumbnail":0,"_tribe_events_status":"","_tribe_events_status_reason":"","footnotes":""},"tags":[],"tribe_events_cat":[],"class_list":["post-1741","tribe_events","type-tribe_events","status-publish","has-post-thumbnail","hentry"],"yoast_head":"<!-- This site is optimized with the Yoast SEO plugin v27.4 - https:\/\/yoast.com\/product\/yoast-seo-wordpress\/ -->\n<title>Ausstellungsbesuch &quot;Saarprominente&quot; - Eschringen<\/title>\n<meta name=\"robots\" content=\"index, follow, max-snippet:-1, max-image-preview:large, max-video-preview:-1\" \/>\n<link rel=\"canonical\" href=\"https:\/\/eschringen.de\/wordpress\/event\/ausstellungsbesuch-saarprominente\/\" \/>\n<meta property=\"og:locale\" content=\"de_DE\" \/>\n<meta property=\"og:type\" content=\"article\" \/>\n<meta property=\"og:title\" content=\"Ausstellungsbesuch &quot;Saarprominente&quot; - Eschringen\" \/>\n<meta property=\"og:description\" content=\"28 M\u00e4rz: Geschichtswerkstatt besucht Ausstellung \u201eSaarprominente\u201c Die Eschringer Geschichtswerkstatt l\u00e4dt ihre Mitstreiter sowie an Regionalgeschichte interessierte Mitb\u00fcrgerinnen und Mitb\u00fcrger zur Exkursion ins Saarbr\u00fccker Historische Museum Saar ein. Dort wird Leiter Roland Schmitt durch die Ausstellung \u201eSaarprominente\u201c f\u00fchren. Insgesamt wurden vom Museumsteam 113 prominente Personen ausgew\u00e4hlt. In der Sonderausstellung stehen inklusive der Kunstfiguren Max Palu und ... Weiterlesen ...\" \/>\n<meta property=\"og:url\" content=\"https:\/\/eschringen.de\/wordpress\/event\/ausstellungsbesuch-saarprominente\/\" \/>\n<meta property=\"og:site_name\" content=\"Eschringen\" \/>\n<meta property=\"og:image\" content=\"https:\/\/eschringen.de\/wordpress\/wp-content\/uploads\/2017\/05\/GW_kal-1.jpg\" \/>\n\t<meta property=\"og:image:width\" content=\"210\" \/>\n\t<meta property=\"og:image:height\" content=\"210\" \/>\n\t<meta property=\"og:image:type\" content=\"image\/jpeg\" \/>\n<meta name=\"twitter:card\" content=\"summary_large_image\" \/>\n<meta name=\"twitter:label1\" content=\"Gesch\u00e4tzte Lesezeit\" \/>\n\t<meta name=\"twitter:data1\" content=\"1\u00a0Minute\" \/>\n<script type=\"application\/ld+json\" class=\"yoast-schema-graph\">{\"@context\":\"https:\\\/\\\/schema.org\",\"@graph\":[{\"@type\":\"WebPage\",\"@id\":\"https:\\\/\\\/eschringen.de\\\/wordpress\\\/event\\\/ausstellungsbesuch-saarprominente\\\/\",\"url\":\"https:\\\/\\\/eschringen.de\\\/wordpress\\\/event\\\/ausstellungsbesuch-saarprominente\\\/\",\"name\":\"Ausstellungsbesuch \\\"Saarprominente\\\" - Eschringen\",\"isPartOf\":{\"@id\":\"https:\\\/\\\/eschringen.de\\\/wordpress\\\/#website\"},\"primaryImageOfPage\":{\"@id\":\"https:\\\/\\\/eschringen.de\\\/wordpress\\\/event\\\/ausstellungsbesuch-saarprominente\\\/#primaryimage\"},\"image\":{\"@id\":\"https:\\\/\\\/eschringen.de\\\/wordpress\\\/event\\\/ausstellungsbesuch-saarprominente\\\/#primaryimage\"},\"thumbnailUrl\":\"https:\\\/\\\/i0.wp.com\\\/eschringen.de\\\/wordpress\\\/wp-content\\\/uploads\\\/2017\\\/05\\\/GW_kal-1.jpg?fit=210%2C210&ssl=1\",\"datePublished\":\"2018-02-17T18:08:10+00:00\",\"breadcrumb\":{\"@id\":\"https:\\\/\\\/eschringen.de\\\/wordpress\\\/event\\\/ausstellungsbesuch-saarprominente\\\/#breadcrumb\"},\"inLanguage\":\"de\",\"potentialAction\":[{\"@type\":\"ReadAction\",\"target\":[\"https:\\\/\\\/eschringen.de\\\/wordpress\\\/event\\\/ausstellungsbesuch-saarprominente\\\/\"]}]},{\"@type\":\"ImageObject\",\"inLanguage\":\"de\",\"@id\":\"https:\\\/\\\/eschringen.de\\\/wordpress\\\/event\\\/ausstellungsbesuch-saarprominente\\\/#primaryimage\",\"url\":\"https:\\\/\\\/i0.wp.com\\\/eschringen.de\\\/wordpress\\\/wp-content\\\/uploads\\\/2017\\\/05\\\/GW_kal-1.jpg?fit=210%2C210&ssl=1\",\"contentUrl\":\"https:\\\/\\\/i0.wp.com\\\/eschringen.de\\\/wordpress\\\/wp-content\\\/uploads\\\/2017\\\/05\\\/GW_kal-1.jpg?fit=210%2C210&ssl=1\",\"width\":210,\"height\":210},{\"@type\":\"BreadcrumbList\",\"@id\":\"https:\\\/\\\/eschringen.de\\\/wordpress\\\/event\\\/ausstellungsbesuch-saarprominente\\\/#breadcrumb\",\"itemListElement\":[{\"@type\":\"ListItem\",\"position\":1,\"name\":\"Startseite\",\"item\":\"https:\\\/\\\/eschringen.de\\\/wordpress\\\/\"},{\"@type\":\"ListItem\",\"position\":2,\"name\":\"Veranstaltungen\",\"item\":\"https:\\\/\\\/eschringen.de\\\/wordpress\\\/events\\\/\"},{\"@type\":\"ListItem\",\"position\":3,\"name\":\"Ausstellungsbesuch &#8222;Saarprominente&#8220;\"}]},{\"@type\":\"WebSite\",\"@id\":\"https:\\\/\\\/eschringen.de\\\/wordpress\\\/#website\",\"url\":\"https:\\\/\\\/eschringen.de\\\/wordpress\\\/\",\"name\":\"Eschringen\",\"description\":\"\",\"publisher\":{\"@id\":\"https:\\\/\\\/eschringen.de\\\/wordpress\\\/#organization\"},\"potentialAction\":[{\"@type\":\"SearchAction\",\"target\":{\"@type\":\"EntryPoint\",\"urlTemplate\":\"https:\\\/\\\/eschringen.de\\\/wordpress\\\/?s={search_term_string}\"},\"query-input\":{\"@type\":\"PropertyValueSpecification\",\"valueRequired\":true,\"valueName\":\"search_term_string\"}}],\"inLanguage\":\"de\"},{\"@type\":\"Organization\",\"@id\":\"https:\\\/\\\/eschringen.de\\\/wordpress\\\/#organization\",\"name\":\"Eschringen\",\"url\":\"https:\\\/\\\/eschringen.de\\\/wordpress\\\/\",\"logo\":{\"@type\":\"ImageObject\",\"inLanguage\":\"de\",\"@id\":\"https:\\\/\\\/eschringen.de\\\/wordpress\\\/#\\\/schema\\\/logo\\\/image\\\/\",\"url\":\"https:\\\/\\\/eschringen.de\\\/wordpress\\\/wp-content\\\/uploads\\\/2017\\\/03\\\/2017_kw15.jpg\",\"contentUrl\":\"https:\\\/\\\/eschringen.de\\\/wordpress\\\/wp-content\\\/uploads\\\/2017\\\/03\\\/2017_kw15.jpg\",\"width\":784,\"height\":447,\"caption\":\"Eschringen\"},\"image\":{\"@id\":\"https:\\\/\\\/eschringen.de\\\/wordpress\\\/#\\\/schema\\\/logo\\\/image\\\/\"}}]}<\/script>\n<!-- \/ Yoast SEO plugin. -->","yoast_head_json":{"title":"Ausstellungsbesuch \"Saarprominente\" - Eschringen","robots":{"index":"index","follow":"follow","max-snippet":"max-snippet:-1","max-image-preview":"max-image-preview:large","max-video-preview":"max-video-preview:-1"},"canonical":"https:\/\/eschringen.de\/wordpress\/event\/ausstellungsbesuch-saarprominente\/","og_locale":"de_DE","og_type":"article","og_title":"Ausstellungsbesuch \"Saarprominente\" - Eschringen","og_description":"28 M\u00e4rz: Geschichtswerkstatt besucht Ausstellung \u201eSaarprominente\u201c Die Eschringer Geschichtswerkstatt l\u00e4dt ihre Mitstreiter sowie an Regionalgeschichte interessierte Mitb\u00fcrgerinnen und Mitb\u00fcrger zur Exkursion ins Saarbr\u00fccker Historische Museum Saar ein. Dort wird Leiter Roland Schmitt durch die Ausstellung \u201eSaarprominente\u201c f\u00fchren. Insgesamt wurden vom Museumsteam 113 prominente Personen ausgew\u00e4hlt. In der Sonderausstellung stehen inklusive der Kunstfiguren Max Palu und ... Weiterlesen ...","og_url":"https:\/\/eschringen.de\/wordpress\/event\/ausstellungsbesuch-saarprominente\/","og_site_name":"Eschringen","og_image":[{"width":210,"height":210,"url":"https:\/\/eschringen.de\/wordpress\/wp-content\/uploads\/2017\/05\/GW_kal-1.jpg","type":"image\/jpeg"}],"twitter_card":"summary_large_image","twitter_misc":{"Gesch\u00e4tzte Lesezeit":"1\u00a0Minute"},"schema":{"@context":"https:\/\/schema.org","@graph":[{"@type":"WebPage","@id":"https:\/\/eschringen.de\/wordpress\/event\/ausstellungsbesuch-saarprominente\/","url":"https:\/\/eschringen.de\/wordpress\/event\/ausstellungsbesuch-saarprominente\/","name":"Ausstellungsbesuch \"Saarprominente\" - Eschringen","isPartOf":{"@id":"https:\/\/eschringen.de\/wordpress\/#website"},"primaryImageOfPage":{"@id":"https:\/\/eschringen.de\/wordpress\/event\/ausstellungsbesuch-saarprominente\/#primaryimage"},"image":{"@id":"https:\/\/eschringen.de\/wordpress\/event\/ausstellungsbesuch-saarprominente\/#primaryimage"},"thumbnailUrl":"https:\/\/i0.wp.com\/eschringen.de\/wordpress\/wp-content\/uploads\/2017\/05\/GW_kal-1.jpg?fit=210%2C210&ssl=1","datePublished":"2018-02-17T18:08:10+00:00","breadcrumb":{"@id":"https:\/\/eschringen.de\/wordpress\/event\/ausstellungsbesuch-saarprominente\/#breadcrumb"},"inLanguage":"de","potentialAction":[{"@type":"ReadAction","target":["https:\/\/eschringen.de\/wordpress\/event\/ausstellungsbesuch-saarprominente\/"]}]},{"@type":"ImageObject","inLanguage":"de","@id":"https:\/\/eschringen.de\/wordpress\/event\/ausstellungsbesuch-saarprominente\/#primaryimage","url":"https:\/\/i0.wp.com\/eschringen.de\/wordpress\/wp-content\/uploads\/2017\/05\/GW_kal-1.jpg?fit=210%2C210&ssl=1","contentUrl":"https:\/\/i0.wp.com\/eschringen.de\/wordpress\/wp-content\/uploads\/2017\/05\/GW_kal-1.jpg?fit=210%2C210&ssl=1","width":210,"height":210},{"@type":"BreadcrumbList","@id":"https:\/\/eschringen.de\/wordpress\/event\/ausstellungsbesuch-saarprominente\/#breadcrumb","itemListElement":[{"@type":"ListItem","position":1,"name":"Startseite","item":"https:\/\/eschringen.de\/wordpress\/"},{"@type":"ListItem","position":2,"name":"Veranstaltungen","item":"https:\/\/eschringen.de\/wordpress\/events\/"},{"@type":"ListItem","position":3,"name":"Ausstellungsbesuch &#8222;Saarprominente&#8220;"}]},{"@type":"WebSite","@id":"https:\/\/eschringen.de\/wordpress\/#website","url":"https:\/\/eschringen.de\/wordpress\/","name":"Eschringen","description":"","publisher":{"@id":"https:\/\/eschringen.de\/wordpress\/#organization"},"potentialAction":[{"@type":"SearchAction","target":{"@type":"EntryPoint","urlTemplate":"https:\/\/eschringen.de\/wordpress\/?s={search_term_string}"},"query-input":{"@type":"PropertyValueSpecification","valueRequired":true,"valueName":"search_term_string"}}],"inLanguage":"de"},{"@type":"Organization","@id":"https:\/\/eschringen.de\/wordpress\/#organization","name":"Eschringen","url":"https:\/\/eschringen.de\/wordpress\/","logo":{"@type":"ImageObject","inLanguage":"de","@id":"https:\/\/eschringen.de\/wordpress\/#\/schema\/logo\/image\/","url":"https:\/\/eschringen.de\/wordpress\/wp-content\/uploads\/2017\/03\/2017_kw15.jpg","contentUrl":"https:\/\/eschringen.de\/wordpress\/wp-content\/uploads\/2017\/03\/2017_kw15.jpg","width":784,"height":447,"caption":"Eschringen"},"image":{"@id":"https:\/\/eschringen.de\/wordpress\/#\/schema\/logo\/image\/"}}]}},"jetpack_sharing_enabled":true,"_links":{"self":[{"href":"https:\/\/eschringen.de\/wordpress\/wp-json\/wp\/v2\/tribe_events\/1741","targetHints":{"allow":["GET"]}}],"collection":[{"href":"https:\/\/eschringen.de\/wordpress\/wp-json\/wp\/v2\/tribe_events"}],"about":[{"href":"https:\/\/eschringen.de\/wordpress\/wp-json\/wp\/v2\/types\/tribe_events"}],"author":[{"embeddable":true,"href":"https:\/\/eschringen.de\/wordpress\/wp-json\/wp\/v2\/users\/1"}],"version-history":[{"count":1,"href":"https:\/\/eschringen.de\/wordpress\/wp-json\/wp\/v2\/tribe_events\/1741\/revisions"}],"predecessor-version":[{"id":1743,"href":"https:\/\/eschringen.de\/wordpress\/wp-json\/wp\/v2\/tribe_events\/1741\/revisions\/1743"}],"wp:featuredmedia":[{"embeddable":true,"href":"https:\/\/eschringen.de\/wordpress\/wp-json\/wp\/v2\/media\/1419"}],"wp:attachment":[{"href":"https:\/\/eschringen.de\/wordpress\/wp-json\/wp\/v2\/media?parent=1741"}],"wp:term":[{"taxonomy":"post_tag","embeddable":true,"href":"https:\/\/eschringen.de\/wordpress\/wp-json\/wp\/v2\/tags?post=1741"},{"taxonomy":"tribe_events_cat","embeddable":true,"href":"https:\/\/eschringen.de\/wordpress\/wp-json\/wp\/v2\/tribe_events_cat?post=1741"}],"curies":[{"name":"wp","href":"https:\/\/api.w.org\/{rel}","templated":true}]}}