{"id":1716,"date":"2018-01-23T14:13:29","date_gmt":"2018-01-23T13:13:29","guid":{"rendered":"http:\/\/eschringen.de\/wordpress\/?post_type=tribe_events&#038;p=1716"},"modified":"2018-01-23T16:52:54","modified_gmt":"2018-01-23T15:52:54","slug":"konzert-in-der-evangelischen-kirche-in-ensheim","status":"publish","type":"tribe_events","link":"https:\/\/eschringen.de\/wordpress\/event\/konzert-in-der-evangelischen-kirche-in-ensheim\/","title":{"rendered":"Konzert in der Evangelischen Kirche in Ensheim"},"content":{"rendered":"<p>Am Sonntag, 4. Februar, l\u00e4dt die Evangelische Kirchengemeinde um 16 Uhr zu einem Konzert in die Evangelische Kirche in Ensheim ein. Britta Jacobs und Irene Kalisvaart spielen Werke von Georg Philipp Telemann, Franz Schubert, Astor Piazzolla und Mario Castelnuovo-Tedesco.<br \/>\n<a href=\"https:\/\/i0.wp.com\/eschringen.de\/wordpress\/wp-content\/uploads\/2018\/01\/FOTO_DUO_I.jpg\"><img data-recalc-dims=\"1\" loading=\"lazy\" decoding=\"async\" class=\"alignleft wp-image-1717 size-medium\" src=\"https:\/\/i0.wp.com\/eschringen.de\/wordpress\/wp-content\/uploads\/2018\/01\/FOTO_DUO_I-300x211.jpg?resize=300%2C211\" alt=\"\" width=\"300\" height=\"211\" srcset=\"https:\/\/i0.wp.com\/eschringen.de\/wordpress\/wp-content\/uploads\/2018\/01\/FOTO_DUO_I.jpg?resize=300%2C211&amp;ssl=1 300w, https:\/\/i0.wp.com\/eschringen.de\/wordpress\/wp-content\/uploads\/2018\/01\/FOTO_DUO_I.jpg?resize=768%2C541&amp;ssl=1 768w, https:\/\/i0.wp.com\/eschringen.de\/wordpress\/wp-content\/uploads\/2018\/01\/FOTO_DUO_I.jpg?resize=1024%2C721&amp;ssl=1 1024w, https:\/\/i0.wp.com\/eschringen.de\/wordpress\/wp-content\/uploads\/2018\/01\/FOTO_DUO_I.jpg?resize=130%2C90&amp;ssl=1 130w, https:\/\/i0.wp.com\/eschringen.de\/wordpress\/wp-content\/uploads\/2018\/01\/FOTO_DUO_I.jpg?w=2400&amp;ssl=1 2400w, https:\/\/i0.wp.com\/eschringen.de\/wordpress\/wp-content\/uploads\/2018\/01\/FOTO_DUO_I.jpg?w=3600&amp;ssl=1 3600w\" sizes=\"auto, (max-width: 300px) 100vw, 300px\" \/><\/a>Eine langj\u00e4hrige Zusammenarbeit verbindet die Fl\u00f6tistin Britta Jacobs und die Gitarristin Irene Kalisvaart, die sich an der Musikhochschule K\u00f6ln kennenlernten. Ihr Duo wurde 1997 mit dem 1. Preis des Internationalen Musikwettbewerbs in Unna ausgezeichnet. Neben ihren solistischen und p\u00e4dagogischen Aufgaben, konzertieren diese beiden ausdrucksstarken Musikerinnen seit gut zwanzig Jahren in der Duo Besetzung im In- und Ausland.<br \/>\nEs ist die Freiheit der kleinen Besetzung, die immer neue M\u00f6glichkeiten in sich birgt: feurige Interpretationen spanischer Musik, intime Tangos von Astor Piazzolla oder in Bearbeitungen von Schubert bis Telemann entfaltet sich eine mal introvertierte, mal explosive Klangwelt.<br \/>\nBei dem Konzert in Ensheim bringt das Duo die Sonata in a moll TWV 41:a3 von Georg Philipp Telemann (1681-1767), die Sonate in a moll \u201eArpeggione\u201c D.821 von Franz Schubert (1797-1828), die \u201eHistoire du Tango\u201c von Astor Piazzolla (1921-1992) und die Sonatina op. 205 von Mario Castelnuovo-Tedesco (1895-1968) zu Geh\u00f6r. Der Eintritt zu dem Konzert ist frei. Es wird um eine Spende gebeten f\u00fcr die Ensheimer Kirche und die K\u00fcnstler.<\/p>\n<p>(Foto: Tobias Jacobs)<\/p>\n","protected":false},"excerpt":{"rendered":"<p>Am Sonntag, 4. Februar, l\u00e4dt die Evangelische Kirchengemeinde um 16 Uhr zu einem Konzert in die Evangelische Kirche in Ensheim ein. Britta Jacobs und Irene Kalisvaart spielen Werke von Georg Philipp Telemann, Franz Schubert, Astor Piazzolla und Mario Castelnuovo-Tedesco. Eine langj\u00e4hrige Zusammenarbeit verbindet die Fl\u00f6tistin Britta Jacobs und die Gitarristin Irene Kalisvaart, die sich an &#8230; <a title=\"Konzert in der Evangelischen Kirche in Ensheim\" class=\"read-more\" href=\"https:\/\/eschringen.de\/wordpress\/event\/konzert-in-der-evangelischen-kirche-in-ensheim\/\" aria-label=\"Mehr Informationen \u00fcber Konzert in der Evangelischen Kirche in Ensheim\">Weiterlesen &#8230;<\/a><\/p>\n","protected":false},"author":1,"featured_media":1721,"template":"","meta":{"ngg_post_thumbnail":0,"_tribe_events_status":"","_tribe_events_status_reason":"","footnotes":""},"tags":[],"tribe_events_cat":[],"class_list":["post-1716","tribe_events","type-tribe_events","status-publish","has-post-thumbnail","hentry"],"yoast_head":"<!-- This site is optimized with the Yoast SEO plugin v27.4 - https:\/\/yoast.com\/product\/yoast-seo-wordpress\/ -->\n<title>Konzert in der Evangelischen Kirche in Ensheim - Eschringen<\/title>\n<meta name=\"robots\" content=\"index, follow, max-snippet:-1, max-image-preview:large, max-video-preview:-1\" \/>\n<link rel=\"canonical\" href=\"https:\/\/eschringen.de\/wordpress\/event\/konzert-in-der-evangelischen-kirche-in-ensheim\/\" \/>\n<meta property=\"og:locale\" content=\"de_DE\" \/>\n<meta property=\"og:type\" content=\"article\" \/>\n<meta property=\"og:title\" content=\"Konzert in der Evangelischen Kirche in Ensheim - Eschringen\" \/>\n<meta property=\"og:description\" content=\"Am Sonntag, 4. Februar, l\u00e4dt die Evangelische Kirchengemeinde um 16 Uhr zu einem Konzert in die Evangelische Kirche in Ensheim ein. Britta Jacobs und Irene Kalisvaart spielen Werke von Georg Philipp Telemann, Franz Schubert, Astor Piazzolla und Mario Castelnuovo-Tedesco. Eine langj\u00e4hrige Zusammenarbeit verbindet die Fl\u00f6tistin Britta Jacobs und die Gitarristin Irene Kalisvaart, die sich an ... Weiterlesen ...\" \/>\n<meta property=\"og:url\" content=\"https:\/\/eschringen.de\/wordpress\/event\/konzert-in-der-evangelischen-kirche-in-ensheim\/\" \/>\n<meta property=\"og:site_name\" content=\"Eschringen\" \/>\n<meta property=\"article:modified_time\" content=\"2018-01-23T15:52:54+00:00\" \/>\n<meta property=\"og:image\" content=\"https:\/\/eschringen.de\/wordpress\/wp-content\/uploads\/2018\/01\/evKirche.jpg\" \/>\n\t<meta property=\"og:image:width\" content=\"210\" \/>\n\t<meta property=\"og:image:height\" content=\"210\" \/>\n\t<meta property=\"og:image:type\" content=\"image\/jpeg\" \/>\n<meta name=\"twitter:card\" content=\"summary_large_image\" \/>\n<meta name=\"twitter:label1\" content=\"Gesch\u00e4tzte Lesezeit\" \/>\n\t<meta name=\"twitter:data1\" content=\"1\u00a0Minute\" \/>\n<script type=\"application\/ld+json\" class=\"yoast-schema-graph\">{\"@context\":\"https:\\\/\\\/schema.org\",\"@graph\":[{\"@type\":\"WebPage\",\"@id\":\"https:\\\/\\\/eschringen.de\\\/wordpress\\\/event\\\/konzert-in-der-evangelischen-kirche-in-ensheim\\\/\",\"url\":\"https:\\\/\\\/eschringen.de\\\/wordpress\\\/event\\\/konzert-in-der-evangelischen-kirche-in-ensheim\\\/\",\"name\":\"Konzert in der Evangelischen Kirche in Ensheim - Eschringen\",\"isPartOf\":{\"@id\":\"https:\\\/\\\/eschringen.de\\\/wordpress\\\/#website\"},\"primaryImageOfPage\":{\"@id\":\"https:\\\/\\\/eschringen.de\\\/wordpress\\\/event\\\/konzert-in-der-evangelischen-kirche-in-ensheim\\\/#primaryimage\"},\"image\":{\"@id\":\"https:\\\/\\\/eschringen.de\\\/wordpress\\\/event\\\/konzert-in-der-evangelischen-kirche-in-ensheim\\\/#primaryimage\"},\"thumbnailUrl\":\"https:\\\/\\\/i0.wp.com\\\/eschringen.de\\\/wordpress\\\/wp-content\\\/uploads\\\/2018\\\/01\\\/evKirche.jpg?fit=210%2C210&ssl=1\",\"datePublished\":\"2018-01-23T13:13:29+00:00\",\"dateModified\":\"2018-01-23T15:52:54+00:00\",\"breadcrumb\":{\"@id\":\"https:\\\/\\\/eschringen.de\\\/wordpress\\\/event\\\/konzert-in-der-evangelischen-kirche-in-ensheim\\\/#breadcrumb\"},\"inLanguage\":\"de\",\"potentialAction\":[{\"@type\":\"ReadAction\",\"target\":[\"https:\\\/\\\/eschringen.de\\\/wordpress\\\/event\\\/konzert-in-der-evangelischen-kirche-in-ensheim\\\/\"]}]},{\"@type\":\"ImageObject\",\"inLanguage\":\"de\",\"@id\":\"https:\\\/\\\/eschringen.de\\\/wordpress\\\/event\\\/konzert-in-der-evangelischen-kirche-in-ensheim\\\/#primaryimage\",\"url\":\"https:\\\/\\\/i0.wp.com\\\/eschringen.de\\\/wordpress\\\/wp-content\\\/uploads\\\/2018\\\/01\\\/evKirche.jpg?fit=210%2C210&ssl=1\",\"contentUrl\":\"https:\\\/\\\/i0.wp.com\\\/eschringen.de\\\/wordpress\\\/wp-content\\\/uploads\\\/2018\\\/01\\\/evKirche.jpg?fit=210%2C210&ssl=1\",\"width\":210,\"height\":210},{\"@type\":\"BreadcrumbList\",\"@id\":\"https:\\\/\\\/eschringen.de\\\/wordpress\\\/event\\\/konzert-in-der-evangelischen-kirche-in-ensheim\\\/#breadcrumb\",\"itemListElement\":[{\"@type\":\"ListItem\",\"position\":1,\"name\":\"Startseite\",\"item\":\"https:\\\/\\\/eschringen.de\\\/wordpress\\\/\"},{\"@type\":\"ListItem\",\"position\":2,\"name\":\"Veranstaltungen\",\"item\":\"https:\\\/\\\/eschringen.de\\\/wordpress\\\/events\\\/\"},{\"@type\":\"ListItem\",\"position\":3,\"name\":\"Konzert in der Evangelischen Kirche in Ensheim\"}]},{\"@type\":\"WebSite\",\"@id\":\"https:\\\/\\\/eschringen.de\\\/wordpress\\\/#website\",\"url\":\"https:\\\/\\\/eschringen.de\\\/wordpress\\\/\",\"name\":\"Eschringen\",\"description\":\"\",\"publisher\":{\"@id\":\"https:\\\/\\\/eschringen.de\\\/wordpress\\\/#organization\"},\"potentialAction\":[{\"@type\":\"SearchAction\",\"target\":{\"@type\":\"EntryPoint\",\"urlTemplate\":\"https:\\\/\\\/eschringen.de\\\/wordpress\\\/?s={search_term_string}\"},\"query-input\":{\"@type\":\"PropertyValueSpecification\",\"valueRequired\":true,\"valueName\":\"search_term_string\"}}],\"inLanguage\":\"de\"},{\"@type\":\"Organization\",\"@id\":\"https:\\\/\\\/eschringen.de\\\/wordpress\\\/#organization\",\"name\":\"Eschringen\",\"url\":\"https:\\\/\\\/eschringen.de\\\/wordpress\\\/\",\"logo\":{\"@type\":\"ImageObject\",\"inLanguage\":\"de\",\"@id\":\"https:\\\/\\\/eschringen.de\\\/wordpress\\\/#\\\/schema\\\/logo\\\/image\\\/\",\"url\":\"https:\\\/\\\/eschringen.de\\\/wordpress\\\/wp-content\\\/uploads\\\/2017\\\/03\\\/2017_kw15.jpg\",\"contentUrl\":\"https:\\\/\\\/eschringen.de\\\/wordpress\\\/wp-content\\\/uploads\\\/2017\\\/03\\\/2017_kw15.jpg\",\"width\":784,\"height\":447,\"caption\":\"Eschringen\"},\"image\":{\"@id\":\"https:\\\/\\\/eschringen.de\\\/wordpress\\\/#\\\/schema\\\/logo\\\/image\\\/\"}}]}<\/script>\n<!-- \/ Yoast SEO plugin. -->","yoast_head_json":{"title":"Konzert in der Evangelischen Kirche in Ensheim - Eschringen","robots":{"index":"index","follow":"follow","max-snippet":"max-snippet:-1","max-image-preview":"max-image-preview:large","max-video-preview":"max-video-preview:-1"},"canonical":"https:\/\/eschringen.de\/wordpress\/event\/konzert-in-der-evangelischen-kirche-in-ensheim\/","og_locale":"de_DE","og_type":"article","og_title":"Konzert in der Evangelischen Kirche in Ensheim - Eschringen","og_description":"Am Sonntag, 4. Februar, l\u00e4dt die Evangelische Kirchengemeinde um 16 Uhr zu einem Konzert in die Evangelische Kirche in Ensheim ein. Britta Jacobs und Irene Kalisvaart spielen Werke von Georg Philipp Telemann, Franz Schubert, Astor Piazzolla und Mario Castelnuovo-Tedesco. Eine langj\u00e4hrige Zusammenarbeit verbindet die Fl\u00f6tistin Britta Jacobs und die Gitarristin Irene Kalisvaart, die sich an ... Weiterlesen ...","og_url":"https:\/\/eschringen.de\/wordpress\/event\/konzert-in-der-evangelischen-kirche-in-ensheim\/","og_site_name":"Eschringen","article_modified_time":"2018-01-23T15:52:54+00:00","og_image":[{"width":210,"height":210,"url":"https:\/\/eschringen.de\/wordpress\/wp-content\/uploads\/2018\/01\/evKirche.jpg","type":"image\/jpeg"}],"twitter_card":"summary_large_image","twitter_misc":{"Gesch\u00e4tzte Lesezeit":"1\u00a0Minute"},"schema":{"@context":"https:\/\/schema.org","@graph":[{"@type":"WebPage","@id":"https:\/\/eschringen.de\/wordpress\/event\/konzert-in-der-evangelischen-kirche-in-ensheim\/","url":"https:\/\/eschringen.de\/wordpress\/event\/konzert-in-der-evangelischen-kirche-in-ensheim\/","name":"Konzert in der Evangelischen Kirche in Ensheim - Eschringen","isPartOf":{"@id":"https:\/\/eschringen.de\/wordpress\/#website"},"primaryImageOfPage":{"@id":"https:\/\/eschringen.de\/wordpress\/event\/konzert-in-der-evangelischen-kirche-in-ensheim\/#primaryimage"},"image":{"@id":"https:\/\/eschringen.de\/wordpress\/event\/konzert-in-der-evangelischen-kirche-in-ensheim\/#primaryimage"},"thumbnailUrl":"https:\/\/i0.wp.com\/eschringen.de\/wordpress\/wp-content\/uploads\/2018\/01\/evKirche.jpg?fit=210%2C210&ssl=1","datePublished":"2018-01-23T13:13:29+00:00","dateModified":"2018-01-23T15:52:54+00:00","breadcrumb":{"@id":"https:\/\/eschringen.de\/wordpress\/event\/konzert-in-der-evangelischen-kirche-in-ensheim\/#breadcrumb"},"inLanguage":"de","potentialAction":[{"@type":"ReadAction","target":["https:\/\/eschringen.de\/wordpress\/event\/konzert-in-der-evangelischen-kirche-in-ensheim\/"]}]},{"@type":"ImageObject","inLanguage":"de","@id":"https:\/\/eschringen.de\/wordpress\/event\/konzert-in-der-evangelischen-kirche-in-ensheim\/#primaryimage","url":"https:\/\/i0.wp.com\/eschringen.de\/wordpress\/wp-content\/uploads\/2018\/01\/evKirche.jpg?fit=210%2C210&ssl=1","contentUrl":"https:\/\/i0.wp.com\/eschringen.de\/wordpress\/wp-content\/uploads\/2018\/01\/evKirche.jpg?fit=210%2C210&ssl=1","width":210,"height":210},{"@type":"BreadcrumbList","@id":"https:\/\/eschringen.de\/wordpress\/event\/konzert-in-der-evangelischen-kirche-in-ensheim\/#breadcrumb","itemListElement":[{"@type":"ListItem","position":1,"name":"Startseite","item":"https:\/\/eschringen.de\/wordpress\/"},{"@type":"ListItem","position":2,"name":"Veranstaltungen","item":"https:\/\/eschringen.de\/wordpress\/events\/"},{"@type":"ListItem","position":3,"name":"Konzert in der Evangelischen Kirche in Ensheim"}]},{"@type":"WebSite","@id":"https:\/\/eschringen.de\/wordpress\/#website","url":"https:\/\/eschringen.de\/wordpress\/","name":"Eschringen","description":"","publisher":{"@id":"https:\/\/eschringen.de\/wordpress\/#organization"},"potentialAction":[{"@type":"SearchAction","target":{"@type":"EntryPoint","urlTemplate":"https:\/\/eschringen.de\/wordpress\/?s={search_term_string}"},"query-input":{"@type":"PropertyValueSpecification","valueRequired":true,"valueName":"search_term_string"}}],"inLanguage":"de"},{"@type":"Organization","@id":"https:\/\/eschringen.de\/wordpress\/#organization","name":"Eschringen","url":"https:\/\/eschringen.de\/wordpress\/","logo":{"@type":"ImageObject","inLanguage":"de","@id":"https:\/\/eschringen.de\/wordpress\/#\/schema\/logo\/image\/","url":"https:\/\/eschringen.de\/wordpress\/wp-content\/uploads\/2017\/03\/2017_kw15.jpg","contentUrl":"https:\/\/eschringen.de\/wordpress\/wp-content\/uploads\/2017\/03\/2017_kw15.jpg","width":784,"height":447,"caption":"Eschringen"},"image":{"@id":"https:\/\/eschringen.de\/wordpress\/#\/schema\/logo\/image\/"}}]}},"jetpack_sharing_enabled":true,"_links":{"self":[{"href":"https:\/\/eschringen.de\/wordpress\/wp-json\/wp\/v2\/tribe_events\/1716","targetHints":{"allow":["GET"]}}],"collection":[{"href":"https:\/\/eschringen.de\/wordpress\/wp-json\/wp\/v2\/tribe_events"}],"about":[{"href":"https:\/\/eschringen.de\/wordpress\/wp-json\/wp\/v2\/types\/tribe_events"}],"author":[{"embeddable":true,"href":"https:\/\/eschringen.de\/wordpress\/wp-json\/wp\/v2\/users\/1"}],"version-history":[{"count":2,"href":"https:\/\/eschringen.de\/wordpress\/wp-json\/wp\/v2\/tribe_events\/1716\/revisions"}],"predecessor-version":[{"id":1722,"href":"https:\/\/eschringen.de\/wordpress\/wp-json\/wp\/v2\/tribe_events\/1716\/revisions\/1722"}],"wp:featuredmedia":[{"embeddable":true,"href":"https:\/\/eschringen.de\/wordpress\/wp-json\/wp\/v2\/media\/1721"}],"wp:attachment":[{"href":"https:\/\/eschringen.de\/wordpress\/wp-json\/wp\/v2\/media?parent=1716"}],"wp:term":[{"taxonomy":"post_tag","embeddable":true,"href":"https:\/\/eschringen.de\/wordpress\/wp-json\/wp\/v2\/tags?post=1716"},{"taxonomy":"tribe_events_cat","embeddable":true,"href":"https:\/\/eschringen.de\/wordpress\/wp-json\/wp\/v2\/tribe_events_cat?post=1716"}],"curies":[{"name":"wp","href":"https:\/\/api.w.org\/{rel}","templated":true}]}}