{"id":1606,"date":"2017-11-17T22:07:18","date_gmt":"2017-11-17T21:07:18","guid":{"rendered":"http:\/\/eschringen.de\/wordpress\/?post_type=tribe_events&#038;p=1606"},"modified":"2017-11-17T22:07:18","modified_gmt":"2017-11-17T21:07:18","slug":"sonderhaltestelle-fuer-kinder","status":"publish","type":"tribe_events","link":"https:\/\/eschringen.de\/wordpress\/event\/sonderhaltestelle-fuer-kinder\/","title":{"rendered":"Sonderhaltestelle f\u00fcr Kinder"},"content":{"rendered":"<p>An den drei Donnerstagen im Advent bietet die Gemeinde St. Laurentius wieder Haltestellen im Advent in der Laurentiuskapelle an. An der Haltestelle: Innehalten im vorweihnachtlichen Betrieb, entspannen, abwarten, sich \u00fcber sch\u00f6ne Texte und Musik freuen. Die erste Haltestelle, am 7. Dezember, wird als Sonderhaltestelle f\u00fcr Kinder und im Herzen Kind gebliebene gestaltet sein. Liebe Kinder seid gespannt und bringt Freunde, Eltern und Gro\u00dfeltern mit. Und vielleicht leuchtet ihr euch den Weg zur Kapelle mit euern Laternen. Es erwartet euch eine einfach nur sch\u00f6ne Zeit in der uralten, romantischen Kapelle. Die Haltestelle beginnt um 18.30 Uhr. Auch am 14. und 21. Dezember sind alle herzlich eingeladen.<br \/>\n7. Dezember, 18.30 Uhr Sonderhaltestelle im Advent f\u00fcr Kinder<br \/>\n14. Dezember, 18.30 Uhr Haltestelle im Advent<br \/>\n21. Dezember, 18.30 Uhr Haltestelle im Advent<\/p>\n","protected":false},"excerpt":{"rendered":"<p>An den drei Donnerstagen im Advent bietet die Gemeinde St. Laurentius wieder Haltestellen im Advent in der Laurentiuskapelle an. An der Haltestelle: Innehalten im vorweihnachtlichen Betrieb, entspannen, abwarten, sich \u00fcber sch\u00f6ne Texte und Musik freuen. Die erste Haltestelle, am 7. Dezember, wird als Sonderhaltestelle f\u00fcr Kinder und im Herzen Kind gebliebene gestaltet sein. Liebe Kinder &#8230; <a title=\"Sonderhaltestelle f\u00fcr Kinder\" class=\"read-more\" href=\"https:\/\/eschringen.de\/wordpress\/event\/sonderhaltestelle-fuer-kinder\/\" aria-label=\"Mehr Informationen \u00fcber Sonderhaltestelle f\u00fcr Kinder\">Weiterlesen &#8230;<\/a><\/p>\n","protected":false},"author":1,"featured_media":1428,"template":"","meta":{"ngg_post_thumbnail":0,"_tribe_events_status":"","_tribe_events_status_reason":"","footnotes":""},"tags":[],"tribe_events_cat":[],"class_list":["post-1606","tribe_events","type-tribe_events","status-publish","has-post-thumbnail","hentry"],"yoast_head":"<!-- This site is optimized with the Yoast SEO plugin v27.4 - https:\/\/yoast.com\/product\/yoast-seo-wordpress\/ -->\n<title>Sonderhaltestelle f\u00fcr Kinder - Eschringen<\/title>\n<meta name=\"robots\" content=\"index, follow, max-snippet:-1, max-image-preview:large, max-video-preview:-1\" \/>\n<link rel=\"canonical\" href=\"https:\/\/eschringen.de\/wordpress\/event\/sonderhaltestelle-fuer-kinder\/\" \/>\n<meta property=\"og:locale\" content=\"de_DE\" \/>\n<meta property=\"og:type\" content=\"article\" \/>\n<meta property=\"og:title\" content=\"Sonderhaltestelle f\u00fcr Kinder - Eschringen\" \/>\n<meta property=\"og:description\" content=\"An den drei Donnerstagen im Advent bietet die Gemeinde St. Laurentius wieder Haltestellen im Advent in der Laurentiuskapelle an. An der Haltestelle: Innehalten im vorweihnachtlichen Betrieb, entspannen, abwarten, sich \u00fcber sch\u00f6ne Texte und Musik freuen. Die erste Haltestelle, am 7. Dezember, wird als Sonderhaltestelle f\u00fcr Kinder und im Herzen Kind gebliebene gestaltet sein. Liebe Kinder ... Weiterlesen ...\" \/>\n<meta property=\"og:url\" content=\"https:\/\/eschringen.de\/wordpress\/event\/sonderhaltestelle-fuer-kinder\/\" \/>\n<meta property=\"og:site_name\" content=\"Eschringen\" \/>\n<meta property=\"og:image\" content=\"https:\/\/eschringen.de\/wordpress\/wp-content\/uploads\/2017\/06\/AG_kal.jpg\" \/>\n\t<meta property=\"og:image:width\" content=\"210\" \/>\n\t<meta property=\"og:image:height\" content=\"212\" \/>\n\t<meta property=\"og:image:type\" content=\"image\/jpeg\" \/>\n<meta name=\"twitter:card\" content=\"summary_large_image\" \/>\n<meta name=\"twitter:label1\" content=\"Gesch\u00e4tzte Lesezeit\" \/>\n\t<meta name=\"twitter:data1\" content=\"1\u00a0Minute\" \/>\n<script type=\"application\/ld+json\" class=\"yoast-schema-graph\">{\"@context\":\"https:\\\/\\\/schema.org\",\"@graph\":[{\"@type\":\"WebPage\",\"@id\":\"https:\\\/\\\/eschringen.de\\\/wordpress\\\/event\\\/sonderhaltestelle-fuer-kinder\\\/\",\"url\":\"https:\\\/\\\/eschringen.de\\\/wordpress\\\/event\\\/sonderhaltestelle-fuer-kinder\\\/\",\"name\":\"Sonderhaltestelle f\u00fcr Kinder - Eschringen\",\"isPartOf\":{\"@id\":\"https:\\\/\\\/eschringen.de\\\/wordpress\\\/#website\"},\"primaryImageOfPage\":{\"@id\":\"https:\\\/\\\/eschringen.de\\\/wordpress\\\/event\\\/sonderhaltestelle-fuer-kinder\\\/#primaryimage\"},\"image\":{\"@id\":\"https:\\\/\\\/eschringen.de\\\/wordpress\\\/event\\\/sonderhaltestelle-fuer-kinder\\\/#primaryimage\"},\"thumbnailUrl\":\"https:\\\/\\\/i0.wp.com\\\/eschringen.de\\\/wordpress\\\/wp-content\\\/uploads\\\/2017\\\/06\\\/AG_kal.jpg?fit=210%2C212&ssl=1\",\"datePublished\":\"2017-11-17T21:07:18+00:00\",\"breadcrumb\":{\"@id\":\"https:\\\/\\\/eschringen.de\\\/wordpress\\\/event\\\/sonderhaltestelle-fuer-kinder\\\/#breadcrumb\"},\"inLanguage\":\"de\",\"potentialAction\":[{\"@type\":\"ReadAction\",\"target\":[\"https:\\\/\\\/eschringen.de\\\/wordpress\\\/event\\\/sonderhaltestelle-fuer-kinder\\\/\"]}]},{\"@type\":\"ImageObject\",\"inLanguage\":\"de\",\"@id\":\"https:\\\/\\\/eschringen.de\\\/wordpress\\\/event\\\/sonderhaltestelle-fuer-kinder\\\/#primaryimage\",\"url\":\"https:\\\/\\\/i0.wp.com\\\/eschringen.de\\\/wordpress\\\/wp-content\\\/uploads\\\/2017\\\/06\\\/AG_kal.jpg?fit=210%2C212&ssl=1\",\"contentUrl\":\"https:\\\/\\\/i0.wp.com\\\/eschringen.de\\\/wordpress\\\/wp-content\\\/uploads\\\/2017\\\/06\\\/AG_kal.jpg?fit=210%2C212&ssl=1\",\"width\":210,\"height\":212},{\"@type\":\"BreadcrumbList\",\"@id\":\"https:\\\/\\\/eschringen.de\\\/wordpress\\\/event\\\/sonderhaltestelle-fuer-kinder\\\/#breadcrumb\",\"itemListElement\":[{\"@type\":\"ListItem\",\"position\":1,\"name\":\"Startseite\",\"item\":\"https:\\\/\\\/eschringen.de\\\/wordpress\\\/\"},{\"@type\":\"ListItem\",\"position\":2,\"name\":\"Veranstaltungen\",\"item\":\"https:\\\/\\\/eschringen.de\\\/wordpress\\\/events\\\/\"},{\"@type\":\"ListItem\",\"position\":3,\"name\":\"Sonderhaltestelle f\u00fcr Kinder\"}]},{\"@type\":\"WebSite\",\"@id\":\"https:\\\/\\\/eschringen.de\\\/wordpress\\\/#website\",\"url\":\"https:\\\/\\\/eschringen.de\\\/wordpress\\\/\",\"name\":\"Eschringen\",\"description\":\"\",\"publisher\":{\"@id\":\"https:\\\/\\\/eschringen.de\\\/wordpress\\\/#organization\"},\"potentialAction\":[{\"@type\":\"SearchAction\",\"target\":{\"@type\":\"EntryPoint\",\"urlTemplate\":\"https:\\\/\\\/eschringen.de\\\/wordpress\\\/?s={search_term_string}\"},\"query-input\":{\"@type\":\"PropertyValueSpecification\",\"valueRequired\":true,\"valueName\":\"search_term_string\"}}],\"inLanguage\":\"de\"},{\"@type\":\"Organization\",\"@id\":\"https:\\\/\\\/eschringen.de\\\/wordpress\\\/#organization\",\"name\":\"Eschringen\",\"url\":\"https:\\\/\\\/eschringen.de\\\/wordpress\\\/\",\"logo\":{\"@type\":\"ImageObject\",\"inLanguage\":\"de\",\"@id\":\"https:\\\/\\\/eschringen.de\\\/wordpress\\\/#\\\/schema\\\/logo\\\/image\\\/\",\"url\":\"https:\\\/\\\/eschringen.de\\\/wordpress\\\/wp-content\\\/uploads\\\/2017\\\/03\\\/2017_kw15.jpg\",\"contentUrl\":\"https:\\\/\\\/eschringen.de\\\/wordpress\\\/wp-content\\\/uploads\\\/2017\\\/03\\\/2017_kw15.jpg\",\"width\":784,\"height\":447,\"caption\":\"Eschringen\"},\"image\":{\"@id\":\"https:\\\/\\\/eschringen.de\\\/wordpress\\\/#\\\/schema\\\/logo\\\/image\\\/\"}}]}<\/script>\n<!-- \/ Yoast SEO plugin. -->","yoast_head_json":{"title":"Sonderhaltestelle f\u00fcr Kinder - Eschringen","robots":{"index":"index","follow":"follow","max-snippet":"max-snippet:-1","max-image-preview":"max-image-preview:large","max-video-preview":"max-video-preview:-1"},"canonical":"https:\/\/eschringen.de\/wordpress\/event\/sonderhaltestelle-fuer-kinder\/","og_locale":"de_DE","og_type":"article","og_title":"Sonderhaltestelle f\u00fcr Kinder - Eschringen","og_description":"An den drei Donnerstagen im Advent bietet die Gemeinde St. Laurentius wieder Haltestellen im Advent in der Laurentiuskapelle an. An der Haltestelle: Innehalten im vorweihnachtlichen Betrieb, entspannen, abwarten, sich \u00fcber sch\u00f6ne Texte und Musik freuen. Die erste Haltestelle, am 7. Dezember, wird als Sonderhaltestelle f\u00fcr Kinder und im Herzen Kind gebliebene gestaltet sein. Liebe Kinder ... Weiterlesen ...","og_url":"https:\/\/eschringen.de\/wordpress\/event\/sonderhaltestelle-fuer-kinder\/","og_site_name":"Eschringen","og_image":[{"width":210,"height":212,"url":"https:\/\/eschringen.de\/wordpress\/wp-content\/uploads\/2017\/06\/AG_kal.jpg","type":"image\/jpeg"}],"twitter_card":"summary_large_image","twitter_misc":{"Gesch\u00e4tzte Lesezeit":"1\u00a0Minute"},"schema":{"@context":"https:\/\/schema.org","@graph":[{"@type":"WebPage","@id":"https:\/\/eschringen.de\/wordpress\/event\/sonderhaltestelle-fuer-kinder\/","url":"https:\/\/eschringen.de\/wordpress\/event\/sonderhaltestelle-fuer-kinder\/","name":"Sonderhaltestelle f\u00fcr Kinder - Eschringen","isPartOf":{"@id":"https:\/\/eschringen.de\/wordpress\/#website"},"primaryImageOfPage":{"@id":"https:\/\/eschringen.de\/wordpress\/event\/sonderhaltestelle-fuer-kinder\/#primaryimage"},"image":{"@id":"https:\/\/eschringen.de\/wordpress\/event\/sonderhaltestelle-fuer-kinder\/#primaryimage"},"thumbnailUrl":"https:\/\/i0.wp.com\/eschringen.de\/wordpress\/wp-content\/uploads\/2017\/06\/AG_kal.jpg?fit=210%2C212&ssl=1","datePublished":"2017-11-17T21:07:18+00:00","breadcrumb":{"@id":"https:\/\/eschringen.de\/wordpress\/event\/sonderhaltestelle-fuer-kinder\/#breadcrumb"},"inLanguage":"de","potentialAction":[{"@type":"ReadAction","target":["https:\/\/eschringen.de\/wordpress\/event\/sonderhaltestelle-fuer-kinder\/"]}]},{"@type":"ImageObject","inLanguage":"de","@id":"https:\/\/eschringen.de\/wordpress\/event\/sonderhaltestelle-fuer-kinder\/#primaryimage","url":"https:\/\/i0.wp.com\/eschringen.de\/wordpress\/wp-content\/uploads\/2017\/06\/AG_kal.jpg?fit=210%2C212&ssl=1","contentUrl":"https:\/\/i0.wp.com\/eschringen.de\/wordpress\/wp-content\/uploads\/2017\/06\/AG_kal.jpg?fit=210%2C212&ssl=1","width":210,"height":212},{"@type":"BreadcrumbList","@id":"https:\/\/eschringen.de\/wordpress\/event\/sonderhaltestelle-fuer-kinder\/#breadcrumb","itemListElement":[{"@type":"ListItem","position":1,"name":"Startseite","item":"https:\/\/eschringen.de\/wordpress\/"},{"@type":"ListItem","position":2,"name":"Veranstaltungen","item":"https:\/\/eschringen.de\/wordpress\/events\/"},{"@type":"ListItem","position":3,"name":"Sonderhaltestelle f\u00fcr Kinder"}]},{"@type":"WebSite","@id":"https:\/\/eschringen.de\/wordpress\/#website","url":"https:\/\/eschringen.de\/wordpress\/","name":"Eschringen","description":"","publisher":{"@id":"https:\/\/eschringen.de\/wordpress\/#organization"},"potentialAction":[{"@type":"SearchAction","target":{"@type":"EntryPoint","urlTemplate":"https:\/\/eschringen.de\/wordpress\/?s={search_term_string}"},"query-input":{"@type":"PropertyValueSpecification","valueRequired":true,"valueName":"search_term_string"}}],"inLanguage":"de"},{"@type":"Organization","@id":"https:\/\/eschringen.de\/wordpress\/#organization","name":"Eschringen","url":"https:\/\/eschringen.de\/wordpress\/","logo":{"@type":"ImageObject","inLanguage":"de","@id":"https:\/\/eschringen.de\/wordpress\/#\/schema\/logo\/image\/","url":"https:\/\/eschringen.de\/wordpress\/wp-content\/uploads\/2017\/03\/2017_kw15.jpg","contentUrl":"https:\/\/eschringen.de\/wordpress\/wp-content\/uploads\/2017\/03\/2017_kw15.jpg","width":784,"height":447,"caption":"Eschringen"},"image":{"@id":"https:\/\/eschringen.de\/wordpress\/#\/schema\/logo\/image\/"}}]}},"jetpack_sharing_enabled":true,"_links":{"self":[{"href":"https:\/\/eschringen.de\/wordpress\/wp-json\/wp\/v2\/tribe_events\/1606","targetHints":{"allow":["GET"]}}],"collection":[{"href":"https:\/\/eschringen.de\/wordpress\/wp-json\/wp\/v2\/tribe_events"}],"about":[{"href":"https:\/\/eschringen.de\/wordpress\/wp-json\/wp\/v2\/types\/tribe_events"}],"author":[{"embeddable":true,"href":"https:\/\/eschringen.de\/wordpress\/wp-json\/wp\/v2\/users\/1"}],"version-history":[{"count":1,"href":"https:\/\/eschringen.de\/wordpress\/wp-json\/wp\/v2\/tribe_events\/1606\/revisions"}],"predecessor-version":[{"id":1607,"href":"https:\/\/eschringen.de\/wordpress\/wp-json\/wp\/v2\/tribe_events\/1606\/revisions\/1607"}],"wp:featuredmedia":[{"embeddable":true,"href":"https:\/\/eschringen.de\/wordpress\/wp-json\/wp\/v2\/media\/1428"}],"wp:attachment":[{"href":"https:\/\/eschringen.de\/wordpress\/wp-json\/wp\/v2\/media?parent=1606"}],"wp:term":[{"taxonomy":"post_tag","embeddable":true,"href":"https:\/\/eschringen.de\/wordpress\/wp-json\/wp\/v2\/tags?post=1606"},{"taxonomy":"tribe_events_cat","embeddable":true,"href":"https:\/\/eschringen.de\/wordpress\/wp-json\/wp\/v2\/tribe_events_cat?post=1606"}],"curies":[{"name":"wp","href":"https:\/\/api.w.org\/{rel}","templated":true}]}}