{"id":1516,"date":"2017-09-12T23:14:30","date_gmt":"2017-09-12T21:14:30","guid":{"rendered":"http:\/\/eschringen.de\/wordpress\/?post_type=tribe_events&#038;p=1516"},"modified":"2017-11-09T08:26:53","modified_gmt":"2017-11-09T07:26:53","slug":"tus-eschringen-ufc-wacker-2","status":"publish","type":"tribe_events","link":"https:\/\/eschringen.de\/wordpress\/event\/tus-eschringen-ufc-wacker-2\/","title":{"rendered":"TuS Eschringen &#8211; UFC Wacker"},"content":{"rendered":"<p><strong>Kreisliga A Halberg<\/strong><\/p>\n<p>15. Spieltag<\/p>\n<div class=\"entry-content\">\n<p>Am Sonntag, den 12.11.2017, <strong>um 14:30 Uhr<\/strong>, l\u00e4dt der TuS Eschringen, als frischgebackener Herbstmeister, zum Kirwespiel gegen den UFC Wacker. Nach dem m\u00fchevollen Sieg in Scheidt hat man mit diesem Heimspiel gegen den Tabellenletzten die gro\u00dfe Chance, den Abstand auf die Konkurrenz von vier auf sechs Punkte zu vergr\u00f6\u00dfern, denn der FC Rastpfuhl II als Tabellenzweiter hat spielfrei.<\/p>\n<p>Unsere zweite Mannschaft kann mit einem Sieg gegen den Drittletzten zumindest den dritten Rang festigen. Nach der Niederlage des Tabellenf\u00fchrers DJK Neuweiler II hat man sogar den ersten Rang wieder in greifbarer N\u00e4he. Seid dabei, wenn unsere Zweite <strong>ab 12:45 Uhr<\/strong> um wichtige Punkte k\u00e4mpft.<\/p>\n<p>Bereits w\u00e4hrend den beiden Spielen erwarten wir das Eintreffen der Kirwem\u00e4de und Kirwebuwe. Nach Beendigung des Spiels der Ersten, gegen 16:15 Uhr, nimmt unser Eschringer Musikverein \u201eLyra\u201c die Instrumente in die Hand und begleitet euch stimmungsvoll in den Kirweabend. Auch danach k\u00f6nnt ihr bei Dosenmusik, Getr\u00e4nken, Essen und guter Laune gemeinsam mit dem TuS weiterfeiern. Freut euch zun\u00e4chst auf die beiden sportlichen Highlights und seid beim anschlie\u00dfenden Feiern dabei, frei nach dem Motto:<\/p>\n<p>Wemm iss di Kirb \u2026???<\/p>\n<\/div>\n","protected":false},"excerpt":{"rendered":"<p>Kreisliga A Halberg 15. Spieltag Am Sonntag, den 12.11.2017, um 14:30 Uhr, l\u00e4dt der TuS Eschringen, als frischgebackener Herbstmeister, zum Kirwespiel gegen den UFC Wacker. Nach dem m\u00fchevollen Sieg in Scheidt hat man mit diesem Heimspiel gegen den Tabellenletzten die gro\u00dfe Chance, den Abstand auf die Konkurrenz von vier auf sechs Punkte zu vergr\u00f6\u00dfern, denn &#8230; <a title=\"TuS Eschringen &#8211; UFC Wacker\" class=\"read-more\" href=\"https:\/\/eschringen.de\/wordpress\/event\/tus-eschringen-ufc-wacker-2\/\" aria-label=\"Mehr Informationen \u00fcber TuS Eschringen &#8211; UFC Wacker\">Weiterlesen &#8230;<\/a><\/p>\n","protected":false},"author":1,"featured_media":1423,"template":"","meta":{"ngg_post_thumbnail":0,"_tribe_events_status":"","_tribe_events_status_reason":"","footnotes":""},"tags":[],"tribe_events_cat":[],"class_list":["post-1516","tribe_events","type-tribe_events","status-publish","has-post-thumbnail","hentry"],"yoast_head":"<!-- This site is optimized with the Yoast SEO plugin v27.4 - https:\/\/yoast.com\/product\/yoast-seo-wordpress\/ -->\n<title>TuS Eschringen - UFC Wacker - Eschringen<\/title>\n<meta name=\"robots\" content=\"index, follow, max-snippet:-1, max-image-preview:large, max-video-preview:-1\" \/>\n<link rel=\"canonical\" href=\"https:\/\/eschringen.de\/wordpress\/event\/tus-eschringen-ufc-wacker-2\/\" \/>\n<meta property=\"og:locale\" content=\"de_DE\" \/>\n<meta property=\"og:type\" content=\"article\" \/>\n<meta property=\"og:title\" content=\"TuS Eschringen - UFC Wacker - Eschringen\" \/>\n<meta property=\"og:description\" content=\"Kreisliga A Halberg 15. Spieltag Am Sonntag, den 12.11.2017, um 14:30 Uhr, l\u00e4dt der TuS Eschringen, als frischgebackener Herbstmeister, zum Kirwespiel gegen den UFC Wacker. Nach dem m\u00fchevollen Sieg in Scheidt hat man mit diesem Heimspiel gegen den Tabellenletzten die gro\u00dfe Chance, den Abstand auf die Konkurrenz von vier auf sechs Punkte zu vergr\u00f6\u00dfern, denn ... Weiterlesen ...\" \/>\n<meta property=\"og:url\" content=\"https:\/\/eschringen.de\/wordpress\/event\/tus-eschringen-ufc-wacker-2\/\" \/>\n<meta property=\"og:site_name\" content=\"Eschringen\" \/>\n<meta property=\"article:modified_time\" content=\"2017-11-09T07:26:53+00:00\" \/>\n<meta property=\"og:image\" content=\"https:\/\/eschringen.de\/wordpress\/wp-content\/uploads\/2017\/06\/tus_kal.jpg\" \/>\n\t<meta property=\"og:image:width\" content=\"210\" \/>\n\t<meta property=\"og:image:height\" content=\"212\" \/>\n\t<meta property=\"og:image:type\" content=\"image\/jpeg\" \/>\n<meta name=\"twitter:card\" content=\"summary_large_image\" \/>\n<meta name=\"twitter:label1\" content=\"Gesch\u00e4tzte Lesezeit\" \/>\n\t<meta name=\"twitter:data1\" content=\"1\u00a0Minute\" \/>\n<script type=\"application\/ld+json\" class=\"yoast-schema-graph\">{\"@context\":\"https:\\\/\\\/schema.org\",\"@graph\":[{\"@type\":\"WebPage\",\"@id\":\"https:\\\/\\\/eschringen.de\\\/wordpress\\\/event\\\/tus-eschringen-ufc-wacker-2\\\/\",\"url\":\"https:\\\/\\\/eschringen.de\\\/wordpress\\\/event\\\/tus-eschringen-ufc-wacker-2\\\/\",\"name\":\"TuS Eschringen - UFC Wacker - Eschringen\",\"isPartOf\":{\"@id\":\"https:\\\/\\\/eschringen.de\\\/wordpress\\\/#website\"},\"primaryImageOfPage\":{\"@id\":\"https:\\\/\\\/eschringen.de\\\/wordpress\\\/event\\\/tus-eschringen-ufc-wacker-2\\\/#primaryimage\"},\"image\":{\"@id\":\"https:\\\/\\\/eschringen.de\\\/wordpress\\\/event\\\/tus-eschringen-ufc-wacker-2\\\/#primaryimage\"},\"thumbnailUrl\":\"https:\\\/\\\/i0.wp.com\\\/eschringen.de\\\/wordpress\\\/wp-content\\\/uploads\\\/2017\\\/06\\\/tus_kal.jpg?fit=210%2C212&ssl=1\",\"datePublished\":\"2017-09-12T21:14:30+00:00\",\"dateModified\":\"2017-11-09T07:26:53+00:00\",\"breadcrumb\":{\"@id\":\"https:\\\/\\\/eschringen.de\\\/wordpress\\\/event\\\/tus-eschringen-ufc-wacker-2\\\/#breadcrumb\"},\"inLanguage\":\"de\",\"potentialAction\":[{\"@type\":\"ReadAction\",\"target\":[\"https:\\\/\\\/eschringen.de\\\/wordpress\\\/event\\\/tus-eschringen-ufc-wacker-2\\\/\"]}]},{\"@type\":\"ImageObject\",\"inLanguage\":\"de\",\"@id\":\"https:\\\/\\\/eschringen.de\\\/wordpress\\\/event\\\/tus-eschringen-ufc-wacker-2\\\/#primaryimage\",\"url\":\"https:\\\/\\\/i0.wp.com\\\/eschringen.de\\\/wordpress\\\/wp-content\\\/uploads\\\/2017\\\/06\\\/tus_kal.jpg?fit=210%2C212&ssl=1\",\"contentUrl\":\"https:\\\/\\\/i0.wp.com\\\/eschringen.de\\\/wordpress\\\/wp-content\\\/uploads\\\/2017\\\/06\\\/tus_kal.jpg?fit=210%2C212&ssl=1\",\"width\":210,\"height\":212},{\"@type\":\"BreadcrumbList\",\"@id\":\"https:\\\/\\\/eschringen.de\\\/wordpress\\\/event\\\/tus-eschringen-ufc-wacker-2\\\/#breadcrumb\",\"itemListElement\":[{\"@type\":\"ListItem\",\"position\":1,\"name\":\"Startseite\",\"item\":\"https:\\\/\\\/eschringen.de\\\/wordpress\\\/\"},{\"@type\":\"ListItem\",\"position\":2,\"name\":\"Veranstaltungen\",\"item\":\"https:\\\/\\\/eschringen.de\\\/wordpress\\\/events\\\/\"},{\"@type\":\"ListItem\",\"position\":3,\"name\":\"TuS Eschringen &#8211; UFC Wacker\"}]},{\"@type\":\"WebSite\",\"@id\":\"https:\\\/\\\/eschringen.de\\\/wordpress\\\/#website\",\"url\":\"https:\\\/\\\/eschringen.de\\\/wordpress\\\/\",\"name\":\"Eschringen\",\"description\":\"\",\"publisher\":{\"@id\":\"https:\\\/\\\/eschringen.de\\\/wordpress\\\/#organization\"},\"potentialAction\":[{\"@type\":\"SearchAction\",\"target\":{\"@type\":\"EntryPoint\",\"urlTemplate\":\"https:\\\/\\\/eschringen.de\\\/wordpress\\\/?s={search_term_string}\"},\"query-input\":{\"@type\":\"PropertyValueSpecification\",\"valueRequired\":true,\"valueName\":\"search_term_string\"}}],\"inLanguage\":\"de\"},{\"@type\":\"Organization\",\"@id\":\"https:\\\/\\\/eschringen.de\\\/wordpress\\\/#organization\",\"name\":\"Eschringen\",\"url\":\"https:\\\/\\\/eschringen.de\\\/wordpress\\\/\",\"logo\":{\"@type\":\"ImageObject\",\"inLanguage\":\"de\",\"@id\":\"https:\\\/\\\/eschringen.de\\\/wordpress\\\/#\\\/schema\\\/logo\\\/image\\\/\",\"url\":\"https:\\\/\\\/eschringen.de\\\/wordpress\\\/wp-content\\\/uploads\\\/2017\\\/03\\\/2017_kw15.jpg\",\"contentUrl\":\"https:\\\/\\\/eschringen.de\\\/wordpress\\\/wp-content\\\/uploads\\\/2017\\\/03\\\/2017_kw15.jpg\",\"width\":784,\"height\":447,\"caption\":\"Eschringen\"},\"image\":{\"@id\":\"https:\\\/\\\/eschringen.de\\\/wordpress\\\/#\\\/schema\\\/logo\\\/image\\\/\"}}]}<\/script>\n<!-- \/ Yoast SEO plugin. -->","yoast_head_json":{"title":"TuS Eschringen - UFC Wacker - Eschringen","robots":{"index":"index","follow":"follow","max-snippet":"max-snippet:-1","max-image-preview":"max-image-preview:large","max-video-preview":"max-video-preview:-1"},"canonical":"https:\/\/eschringen.de\/wordpress\/event\/tus-eschringen-ufc-wacker-2\/","og_locale":"de_DE","og_type":"article","og_title":"TuS Eschringen - UFC Wacker - Eschringen","og_description":"Kreisliga A Halberg 15. Spieltag Am Sonntag, den 12.11.2017, um 14:30 Uhr, l\u00e4dt der TuS Eschringen, als frischgebackener Herbstmeister, zum Kirwespiel gegen den UFC Wacker. Nach dem m\u00fchevollen Sieg in Scheidt hat man mit diesem Heimspiel gegen den Tabellenletzten die gro\u00dfe Chance, den Abstand auf die Konkurrenz von vier auf sechs Punkte zu vergr\u00f6\u00dfern, denn ... Weiterlesen ...","og_url":"https:\/\/eschringen.de\/wordpress\/event\/tus-eschringen-ufc-wacker-2\/","og_site_name":"Eschringen","article_modified_time":"2017-11-09T07:26:53+00:00","og_image":[{"width":210,"height":212,"url":"https:\/\/eschringen.de\/wordpress\/wp-content\/uploads\/2017\/06\/tus_kal.jpg","type":"image\/jpeg"}],"twitter_card":"summary_large_image","twitter_misc":{"Gesch\u00e4tzte Lesezeit":"1\u00a0Minute"},"schema":{"@context":"https:\/\/schema.org","@graph":[{"@type":"WebPage","@id":"https:\/\/eschringen.de\/wordpress\/event\/tus-eschringen-ufc-wacker-2\/","url":"https:\/\/eschringen.de\/wordpress\/event\/tus-eschringen-ufc-wacker-2\/","name":"TuS Eschringen - UFC Wacker - Eschringen","isPartOf":{"@id":"https:\/\/eschringen.de\/wordpress\/#website"},"primaryImageOfPage":{"@id":"https:\/\/eschringen.de\/wordpress\/event\/tus-eschringen-ufc-wacker-2\/#primaryimage"},"image":{"@id":"https:\/\/eschringen.de\/wordpress\/event\/tus-eschringen-ufc-wacker-2\/#primaryimage"},"thumbnailUrl":"https:\/\/i0.wp.com\/eschringen.de\/wordpress\/wp-content\/uploads\/2017\/06\/tus_kal.jpg?fit=210%2C212&ssl=1","datePublished":"2017-09-12T21:14:30+00:00","dateModified":"2017-11-09T07:26:53+00:00","breadcrumb":{"@id":"https:\/\/eschringen.de\/wordpress\/event\/tus-eschringen-ufc-wacker-2\/#breadcrumb"},"inLanguage":"de","potentialAction":[{"@type":"ReadAction","target":["https:\/\/eschringen.de\/wordpress\/event\/tus-eschringen-ufc-wacker-2\/"]}]},{"@type":"ImageObject","inLanguage":"de","@id":"https:\/\/eschringen.de\/wordpress\/event\/tus-eschringen-ufc-wacker-2\/#primaryimage","url":"https:\/\/i0.wp.com\/eschringen.de\/wordpress\/wp-content\/uploads\/2017\/06\/tus_kal.jpg?fit=210%2C212&ssl=1","contentUrl":"https:\/\/i0.wp.com\/eschringen.de\/wordpress\/wp-content\/uploads\/2017\/06\/tus_kal.jpg?fit=210%2C212&ssl=1","width":210,"height":212},{"@type":"BreadcrumbList","@id":"https:\/\/eschringen.de\/wordpress\/event\/tus-eschringen-ufc-wacker-2\/#breadcrumb","itemListElement":[{"@type":"ListItem","position":1,"name":"Startseite","item":"https:\/\/eschringen.de\/wordpress\/"},{"@type":"ListItem","position":2,"name":"Veranstaltungen","item":"https:\/\/eschringen.de\/wordpress\/events\/"},{"@type":"ListItem","position":3,"name":"TuS Eschringen &#8211; UFC Wacker"}]},{"@type":"WebSite","@id":"https:\/\/eschringen.de\/wordpress\/#website","url":"https:\/\/eschringen.de\/wordpress\/","name":"Eschringen","description":"","publisher":{"@id":"https:\/\/eschringen.de\/wordpress\/#organization"},"potentialAction":[{"@type":"SearchAction","target":{"@type":"EntryPoint","urlTemplate":"https:\/\/eschringen.de\/wordpress\/?s={search_term_string}"},"query-input":{"@type":"PropertyValueSpecification","valueRequired":true,"valueName":"search_term_string"}}],"inLanguage":"de"},{"@type":"Organization","@id":"https:\/\/eschringen.de\/wordpress\/#organization","name":"Eschringen","url":"https:\/\/eschringen.de\/wordpress\/","logo":{"@type":"ImageObject","inLanguage":"de","@id":"https:\/\/eschringen.de\/wordpress\/#\/schema\/logo\/image\/","url":"https:\/\/eschringen.de\/wordpress\/wp-content\/uploads\/2017\/03\/2017_kw15.jpg","contentUrl":"https:\/\/eschringen.de\/wordpress\/wp-content\/uploads\/2017\/03\/2017_kw15.jpg","width":784,"height":447,"caption":"Eschringen"},"image":{"@id":"https:\/\/eschringen.de\/wordpress\/#\/schema\/logo\/image\/"}}]}},"jetpack_sharing_enabled":true,"_links":{"self":[{"href":"https:\/\/eschringen.de\/wordpress\/wp-json\/wp\/v2\/tribe_events\/1516","targetHints":{"allow":["GET"]}}],"collection":[{"href":"https:\/\/eschringen.de\/wordpress\/wp-json\/wp\/v2\/tribe_events"}],"about":[{"href":"https:\/\/eschringen.de\/wordpress\/wp-json\/wp\/v2\/types\/tribe_events"}],"author":[{"embeddable":true,"href":"https:\/\/eschringen.de\/wordpress\/wp-json\/wp\/v2\/users\/1"}],"version-history":[{"count":2,"href":"https:\/\/eschringen.de\/wordpress\/wp-json\/wp\/v2\/tribe_events\/1516\/revisions"}],"predecessor-version":[{"id":1600,"href":"https:\/\/eschringen.de\/wordpress\/wp-json\/wp\/v2\/tribe_events\/1516\/revisions\/1600"}],"wp:featuredmedia":[{"embeddable":true,"href":"https:\/\/eschringen.de\/wordpress\/wp-json\/wp\/v2\/media\/1423"}],"wp:attachment":[{"href":"https:\/\/eschringen.de\/wordpress\/wp-json\/wp\/v2\/media?parent=1516"}],"wp:term":[{"taxonomy":"post_tag","embeddable":true,"href":"https:\/\/eschringen.de\/wordpress\/wp-json\/wp\/v2\/tags?post=1516"},{"taxonomy":"tribe_events_cat","embeddable":true,"href":"https:\/\/eschringen.de\/wordpress\/wp-json\/wp\/v2\/tribe_events_cat?post=1516"}],"curies":[{"name":"wp","href":"https:\/\/api.w.org\/{rel}","templated":true}]}}