{"id":1357,"date":"2017-04-21T19:49:27","date_gmt":"2017-04-21T17:49:27","guid":{"rendered":"http:\/\/eschringen.de\/wordpress\/?post_type=tribe_events&#038;p=1357"},"modified":"2017-04-25T15:53:48","modified_gmt":"2017-04-25T13:53:48","slug":"bildvortrag-sternenwegchemin-des-etoiles","status":"publish","type":"tribe_events","link":"https:\/\/eschringen.de\/wordpress\/event\/bildvortrag-sternenwegchemin-des-etoiles\/","title":{"rendered":"Bildvortrag \u201eSternenweg\/Chemin des \u00e9toiles\u201c"},"content":{"rendered":"<p>\u201e<strong>Sternenweg<\/strong>\/Chemin des \u00e9toiles\u201c<\/p>\n<p>Bildvortrag am 23. Mai in der Laurentiuskapelle in Eschringen \u2013 ein europ\u00e4isches Modellprojektes setzt Zeichen entlang der Wege der Jakobspilger in Teilen des Saarlandes, der Pfalz, Lothringens und des Elsass<\/p>\n<p>Im Mittelalter, als die N\u00e4chte noch dunkler waren, orientierten sich die Jakobspilger in Richtung Santiago de Compostela (Nordwestspanien) mitunter an der feinen Sternenspur der Milchstra\u00dfe am Firmament. Diese \u201eSternenspur\u201c war Ausl\u00f6ser eines europ\u00e4ischen Modellprojektes in der Gro\u00dfregion, das in den letzten Jahren auf Initiative des Regionalverbandes Saarbr\u00fccken unter dem Titel \u201eSternenweg\/Chemin des \u00e9toiles\u201c seit 2006 seinen Anfang nahm.<\/p>\n<p>Am Dienstag, den 23.Mai 2017, um 19 Uhr, stellt der Leiter des Projektes, Peter Michael Lupp, die spannende Kulturgeschichte der europ\u00e4ischen Wege der Jakobspilger, ihre Bez\u00fcge zu den Urspr\u00fcngen des europ\u00e4ischen Gedankens und die damit verbundene Idee und Vision des \u201eSternenweges\u201c im Rahmen eines Bildvortrages an einer der mittelalterlichen Pilgerstationen der Region Saarbr\u00fccken in der Laurentiuskapelle in Eschringen vor. Die Kapelle, deren Geschichte bis in das 13. Jh. zur\u00fcckgeht, ist einer von \u00fcber 300 mittelalterlichen Bezugspunkten des Modellprojektes in der Gro\u00dfregion.<\/p>\n<p>Veranstalter: Katholische Erwachsenenbildung Saarpfalz e.V. &amp; Kapellenverein Eschringen(PML)<\/p>\n","protected":false},"excerpt":{"rendered":"<p>\u201eSternenweg\/Chemin des \u00e9toiles\u201c Bildvortrag am 23. Mai in der Laurentiuskapelle in Eschringen \u2013 ein europ\u00e4isches Modellprojektes setzt Zeichen entlang der Wege der Jakobspilger in Teilen des Saarlandes, der Pfalz, Lothringens und des Elsass Im Mittelalter, als die N\u00e4chte noch dunkler waren, orientierten sich die Jakobspilger in Richtung Santiago de Compostela (Nordwestspanien) mitunter an der feinen &#8230; <a title=\"Bildvortrag \u201eSternenweg\/Chemin des \u00e9toiles\u201c\" class=\"read-more\" href=\"https:\/\/eschringen.de\/wordpress\/event\/bildvortrag-sternenwegchemin-des-etoiles\/\" aria-label=\"Mehr Informationen \u00fcber Bildvortrag \u201eSternenweg\/Chemin des \u00e9toiles\u201c\">Weiterlesen &#8230;<\/a><\/p>\n","protected":false},"author":1,"featured_media":1358,"template":"","meta":{"ngg_post_thumbnail":0,"_tribe_events_status":"","_tribe_events_status_reason":"","footnotes":""},"tags":[],"tribe_events_cat":[],"class_list":["post-1357","tribe_events","type-tribe_events","status-publish","has-post-thumbnail","hentry"],"yoast_head":"<!-- This site is optimized with the Yoast SEO plugin v27.4 - https:\/\/yoast.com\/product\/yoast-seo-wordpress\/ -->\n<title>Bildvortrag \u201eSternenweg\/Chemin des \u00e9toiles\u201c - Eschringen<\/title>\n<meta name=\"robots\" content=\"index, follow, max-snippet:-1, max-image-preview:large, max-video-preview:-1\" \/>\n<link rel=\"canonical\" href=\"https:\/\/eschringen.de\/wordpress\/event\/bildvortrag-sternenwegchemin-des-etoiles\/\" \/>\n<meta property=\"og:locale\" content=\"de_DE\" \/>\n<meta property=\"og:type\" content=\"article\" \/>\n<meta property=\"og:title\" content=\"Bildvortrag \u201eSternenweg\/Chemin des \u00e9toiles\u201c - Eschringen\" \/>\n<meta property=\"og:description\" content=\"\u201eSternenweg\/Chemin des \u00e9toiles\u201c Bildvortrag am 23. Mai in der Laurentiuskapelle in Eschringen \u2013 ein europ\u00e4isches Modellprojektes setzt Zeichen entlang der Wege der Jakobspilger in Teilen des Saarlandes, der Pfalz, Lothringens und des Elsass Im Mittelalter, als die N\u00e4chte noch dunkler waren, orientierten sich die Jakobspilger in Richtung Santiago de Compostela (Nordwestspanien) mitunter an der feinen ... Weiterlesen ...\" \/>\n<meta property=\"og:url\" content=\"https:\/\/eschringen.de\/wordpress\/event\/bildvortrag-sternenwegchemin-des-etoiles\/\" \/>\n<meta property=\"og:site_name\" content=\"Eschringen\" \/>\n<meta property=\"article:modified_time\" content=\"2017-04-25T13:53:48+00:00\" \/>\n<meta property=\"og:image\" content=\"https:\/\/eschringen.de\/wordpress\/wp-content\/uploads\/2017\/04\/Kapelle_termine.jpg\" \/>\n\t<meta property=\"og:image:width\" content=\"50\" \/>\n\t<meta property=\"og:image:height\" content=\"54\" \/>\n\t<meta property=\"og:image:type\" content=\"image\/jpeg\" \/>\n<meta name=\"twitter:card\" content=\"summary_large_image\" \/>\n<meta name=\"twitter:label1\" content=\"Gesch\u00e4tzte Lesezeit\" \/>\n\t<meta name=\"twitter:data1\" content=\"1\u00a0Minute\" \/>\n<script type=\"application\/ld+json\" class=\"yoast-schema-graph\">{\"@context\":\"https:\\\/\\\/schema.org\",\"@graph\":[{\"@type\":\"WebPage\",\"@id\":\"https:\\\/\\\/eschringen.de\\\/wordpress\\\/event\\\/bildvortrag-sternenwegchemin-des-etoiles\\\/\",\"url\":\"https:\\\/\\\/eschringen.de\\\/wordpress\\\/event\\\/bildvortrag-sternenwegchemin-des-etoiles\\\/\",\"name\":\"Bildvortrag \u201eSternenweg\\\/Chemin des \u00e9toiles\u201c - Eschringen\",\"isPartOf\":{\"@id\":\"https:\\\/\\\/eschringen.de\\\/wordpress\\\/#website\"},\"primaryImageOfPage\":{\"@id\":\"https:\\\/\\\/eschringen.de\\\/wordpress\\\/event\\\/bildvortrag-sternenwegchemin-des-etoiles\\\/#primaryimage\"},\"image\":{\"@id\":\"https:\\\/\\\/eschringen.de\\\/wordpress\\\/event\\\/bildvortrag-sternenwegchemin-des-etoiles\\\/#primaryimage\"},\"thumbnailUrl\":\"https:\\\/\\\/i0.wp.com\\\/eschringen.de\\\/wordpress\\\/wp-content\\\/uploads\\\/2017\\\/04\\\/Kapelle_termine.jpg?fit=50%2C54&ssl=1\",\"datePublished\":\"2017-04-21T17:49:27+00:00\",\"dateModified\":\"2017-04-25T13:53:48+00:00\",\"breadcrumb\":{\"@id\":\"https:\\\/\\\/eschringen.de\\\/wordpress\\\/event\\\/bildvortrag-sternenwegchemin-des-etoiles\\\/#breadcrumb\"},\"inLanguage\":\"de\",\"potentialAction\":[{\"@type\":\"ReadAction\",\"target\":[\"https:\\\/\\\/eschringen.de\\\/wordpress\\\/event\\\/bildvortrag-sternenwegchemin-des-etoiles\\\/\"]}]},{\"@type\":\"ImageObject\",\"inLanguage\":\"de\",\"@id\":\"https:\\\/\\\/eschringen.de\\\/wordpress\\\/event\\\/bildvortrag-sternenwegchemin-des-etoiles\\\/#primaryimage\",\"url\":\"https:\\\/\\\/i0.wp.com\\\/eschringen.de\\\/wordpress\\\/wp-content\\\/uploads\\\/2017\\\/04\\\/Kapelle_termine.jpg?fit=50%2C54&ssl=1\",\"contentUrl\":\"https:\\\/\\\/i0.wp.com\\\/eschringen.de\\\/wordpress\\\/wp-content\\\/uploads\\\/2017\\\/04\\\/Kapelle_termine.jpg?fit=50%2C54&ssl=1\",\"width\":50,\"height\":54},{\"@type\":\"BreadcrumbList\",\"@id\":\"https:\\\/\\\/eschringen.de\\\/wordpress\\\/event\\\/bildvortrag-sternenwegchemin-des-etoiles\\\/#breadcrumb\",\"itemListElement\":[{\"@type\":\"ListItem\",\"position\":1,\"name\":\"Startseite\",\"item\":\"https:\\\/\\\/eschringen.de\\\/wordpress\\\/\"},{\"@type\":\"ListItem\",\"position\":2,\"name\":\"Veranstaltungen\",\"item\":\"https:\\\/\\\/eschringen.de\\\/wordpress\\\/events\\\/\"},{\"@type\":\"ListItem\",\"position\":3,\"name\":\"Bildvortrag \u201eSternenweg\\\/Chemin des \u00e9toiles\u201c\"}]},{\"@type\":\"WebSite\",\"@id\":\"https:\\\/\\\/eschringen.de\\\/wordpress\\\/#website\",\"url\":\"https:\\\/\\\/eschringen.de\\\/wordpress\\\/\",\"name\":\"Eschringen\",\"description\":\"\",\"publisher\":{\"@id\":\"https:\\\/\\\/eschringen.de\\\/wordpress\\\/#organization\"},\"potentialAction\":[{\"@type\":\"SearchAction\",\"target\":{\"@type\":\"EntryPoint\",\"urlTemplate\":\"https:\\\/\\\/eschringen.de\\\/wordpress\\\/?s={search_term_string}\"},\"query-input\":{\"@type\":\"PropertyValueSpecification\",\"valueRequired\":true,\"valueName\":\"search_term_string\"}}],\"inLanguage\":\"de\"},{\"@type\":\"Organization\",\"@id\":\"https:\\\/\\\/eschringen.de\\\/wordpress\\\/#organization\",\"name\":\"Eschringen\",\"url\":\"https:\\\/\\\/eschringen.de\\\/wordpress\\\/\",\"logo\":{\"@type\":\"ImageObject\",\"inLanguage\":\"de\",\"@id\":\"https:\\\/\\\/eschringen.de\\\/wordpress\\\/#\\\/schema\\\/logo\\\/image\\\/\",\"url\":\"https:\\\/\\\/eschringen.de\\\/wordpress\\\/wp-content\\\/uploads\\\/2017\\\/03\\\/2017_kw15.jpg\",\"contentUrl\":\"https:\\\/\\\/eschringen.de\\\/wordpress\\\/wp-content\\\/uploads\\\/2017\\\/03\\\/2017_kw15.jpg\",\"width\":784,\"height\":447,\"caption\":\"Eschringen\"},\"image\":{\"@id\":\"https:\\\/\\\/eschringen.de\\\/wordpress\\\/#\\\/schema\\\/logo\\\/image\\\/\"}}]}<\/script>\n<!-- \/ Yoast SEO plugin. -->","yoast_head_json":{"title":"Bildvortrag \u201eSternenweg\/Chemin des \u00e9toiles\u201c - Eschringen","robots":{"index":"index","follow":"follow","max-snippet":"max-snippet:-1","max-image-preview":"max-image-preview:large","max-video-preview":"max-video-preview:-1"},"canonical":"https:\/\/eschringen.de\/wordpress\/event\/bildvortrag-sternenwegchemin-des-etoiles\/","og_locale":"de_DE","og_type":"article","og_title":"Bildvortrag \u201eSternenweg\/Chemin des \u00e9toiles\u201c - Eschringen","og_description":"\u201eSternenweg\/Chemin des \u00e9toiles\u201c Bildvortrag am 23. Mai in der Laurentiuskapelle in Eschringen \u2013 ein europ\u00e4isches Modellprojektes setzt Zeichen entlang der Wege der Jakobspilger in Teilen des Saarlandes, der Pfalz, Lothringens und des Elsass Im Mittelalter, als die N\u00e4chte noch dunkler waren, orientierten sich die Jakobspilger in Richtung Santiago de Compostela (Nordwestspanien) mitunter an der feinen ... Weiterlesen ...","og_url":"https:\/\/eschringen.de\/wordpress\/event\/bildvortrag-sternenwegchemin-des-etoiles\/","og_site_name":"Eschringen","article_modified_time":"2017-04-25T13:53:48+00:00","og_image":[{"width":50,"height":54,"url":"https:\/\/eschringen.de\/wordpress\/wp-content\/uploads\/2017\/04\/Kapelle_termine.jpg","type":"image\/jpeg"}],"twitter_card":"summary_large_image","twitter_misc":{"Gesch\u00e4tzte Lesezeit":"1\u00a0Minute"},"schema":{"@context":"https:\/\/schema.org","@graph":[{"@type":"WebPage","@id":"https:\/\/eschringen.de\/wordpress\/event\/bildvortrag-sternenwegchemin-des-etoiles\/","url":"https:\/\/eschringen.de\/wordpress\/event\/bildvortrag-sternenwegchemin-des-etoiles\/","name":"Bildvortrag \u201eSternenweg\/Chemin des \u00e9toiles\u201c - Eschringen","isPartOf":{"@id":"https:\/\/eschringen.de\/wordpress\/#website"},"primaryImageOfPage":{"@id":"https:\/\/eschringen.de\/wordpress\/event\/bildvortrag-sternenwegchemin-des-etoiles\/#primaryimage"},"image":{"@id":"https:\/\/eschringen.de\/wordpress\/event\/bildvortrag-sternenwegchemin-des-etoiles\/#primaryimage"},"thumbnailUrl":"https:\/\/i0.wp.com\/eschringen.de\/wordpress\/wp-content\/uploads\/2017\/04\/Kapelle_termine.jpg?fit=50%2C54&ssl=1","datePublished":"2017-04-21T17:49:27+00:00","dateModified":"2017-04-25T13:53:48+00:00","breadcrumb":{"@id":"https:\/\/eschringen.de\/wordpress\/event\/bildvortrag-sternenwegchemin-des-etoiles\/#breadcrumb"},"inLanguage":"de","potentialAction":[{"@type":"ReadAction","target":["https:\/\/eschringen.de\/wordpress\/event\/bildvortrag-sternenwegchemin-des-etoiles\/"]}]},{"@type":"ImageObject","inLanguage":"de","@id":"https:\/\/eschringen.de\/wordpress\/event\/bildvortrag-sternenwegchemin-des-etoiles\/#primaryimage","url":"https:\/\/i0.wp.com\/eschringen.de\/wordpress\/wp-content\/uploads\/2017\/04\/Kapelle_termine.jpg?fit=50%2C54&ssl=1","contentUrl":"https:\/\/i0.wp.com\/eschringen.de\/wordpress\/wp-content\/uploads\/2017\/04\/Kapelle_termine.jpg?fit=50%2C54&ssl=1","width":50,"height":54},{"@type":"BreadcrumbList","@id":"https:\/\/eschringen.de\/wordpress\/event\/bildvortrag-sternenwegchemin-des-etoiles\/#breadcrumb","itemListElement":[{"@type":"ListItem","position":1,"name":"Startseite","item":"https:\/\/eschringen.de\/wordpress\/"},{"@type":"ListItem","position":2,"name":"Veranstaltungen","item":"https:\/\/eschringen.de\/wordpress\/events\/"},{"@type":"ListItem","position":3,"name":"Bildvortrag \u201eSternenweg\/Chemin des \u00e9toiles\u201c"}]},{"@type":"WebSite","@id":"https:\/\/eschringen.de\/wordpress\/#website","url":"https:\/\/eschringen.de\/wordpress\/","name":"Eschringen","description":"","publisher":{"@id":"https:\/\/eschringen.de\/wordpress\/#organization"},"potentialAction":[{"@type":"SearchAction","target":{"@type":"EntryPoint","urlTemplate":"https:\/\/eschringen.de\/wordpress\/?s={search_term_string}"},"query-input":{"@type":"PropertyValueSpecification","valueRequired":true,"valueName":"search_term_string"}}],"inLanguage":"de"},{"@type":"Organization","@id":"https:\/\/eschringen.de\/wordpress\/#organization","name":"Eschringen","url":"https:\/\/eschringen.de\/wordpress\/","logo":{"@type":"ImageObject","inLanguage":"de","@id":"https:\/\/eschringen.de\/wordpress\/#\/schema\/logo\/image\/","url":"https:\/\/eschringen.de\/wordpress\/wp-content\/uploads\/2017\/03\/2017_kw15.jpg","contentUrl":"https:\/\/eschringen.de\/wordpress\/wp-content\/uploads\/2017\/03\/2017_kw15.jpg","width":784,"height":447,"caption":"Eschringen"},"image":{"@id":"https:\/\/eschringen.de\/wordpress\/#\/schema\/logo\/image\/"}}]}},"jetpack_sharing_enabled":true,"_links":{"self":[{"href":"https:\/\/eschringen.de\/wordpress\/wp-json\/wp\/v2\/tribe_events\/1357","targetHints":{"allow":["GET"]}}],"collection":[{"href":"https:\/\/eschringen.de\/wordpress\/wp-json\/wp\/v2\/tribe_events"}],"about":[{"href":"https:\/\/eschringen.de\/wordpress\/wp-json\/wp\/v2\/types\/tribe_events"}],"author":[{"embeddable":true,"href":"https:\/\/eschringen.de\/wordpress\/wp-json\/wp\/v2\/users\/1"}],"version-history":[{"count":2,"href":"https:\/\/eschringen.de\/wordpress\/wp-json\/wp\/v2\/tribe_events\/1357\/revisions"}],"predecessor-version":[{"id":1370,"href":"https:\/\/eschringen.de\/wordpress\/wp-json\/wp\/v2\/tribe_events\/1357\/revisions\/1370"}],"wp:featuredmedia":[{"embeddable":true,"href":"https:\/\/eschringen.de\/wordpress\/wp-json\/wp\/v2\/media\/1358"}],"wp:attachment":[{"href":"https:\/\/eschringen.de\/wordpress\/wp-json\/wp\/v2\/media?parent=1357"}],"wp:term":[{"taxonomy":"post_tag","embeddable":true,"href":"https:\/\/eschringen.de\/wordpress\/wp-json\/wp\/v2\/tags?post=1357"},{"taxonomy":"tribe_events_cat","embeddable":true,"href":"https:\/\/eschringen.de\/wordpress\/wp-json\/wp\/v2\/tribe_events_cat?post=1357"}],"curies":[{"name":"wp","href":"https:\/\/api.w.org\/{rel}","templated":true}]}}