{"id":900,"date":"2017-02-23T13:55:42","date_gmt":"2017-02-23T12:55:42","guid":{"rendered":"http:\/\/eschringen.de\/wordpress\/?page_id=900"},"modified":"2024-11-28T13:53:08","modified_gmt":"2024-11-28T12:53:08","slug":"11-07-04-1111-jahrfeier-die-zweite","status":"publish","type":"page","link":"https:\/\/eschringen.de\/wordpress\/geschichte\/archiv\/11-07-04-1111-jahrfeier-die-zweite\/","title":{"rendered":"11.07.04 &#8211; 1111 &#8211; Jahrfeier, die zweite"},"content":{"rendered":"<figure style=\"width: 390px\" class=\"wp-caption aligncenter\"><img data-recalc-dims=\"1\" loading=\"lazy\" decoding=\"async\" src=\"https:\/\/i0.wp.com\/eschringen.de\/wordpress\/wp-content\/uploads\/2024\/11\/1111-4.jpg?resize=400%2C475&#038;ssl=1\" width=\"400\" height=\"475\" align=\"middle\" border=\"1\"><figcaption class=\"wp-caption-text\">Mitglieder des Jugendf\u00f6rdervereines (JVF) f\u00e4llen die Birke f\u00fcr den &#8222;Freiheitsbaum&#8220;<\/figcaption><\/figure>\n<p>&nbsp;<\/p>\n<figure style=\"width: 390px\" class=\"wp-caption aligncenter\"><img data-recalc-dims=\"1\" loading=\"lazy\" decoding=\"async\" src=\"https:\/\/i0.wp.com\/eschringen.de\/wordpress\/wp-content\/uploads\/2024\/11\/1111-6.jpg?resize=400%2C300&#038;ssl=1\" width=\"400\" height=\"300\" border=\"1\"><figcaption class=\"wp-caption-text\">Am gallo-r\u00f6mischen Lager (ca. 100 n.Chr.)<\/figcaption><\/figure>\n<p>&nbsp;<\/p>\n<figure style=\"width: 390px\" class=\"wp-caption aligncenter\"><img data-recalc-dims=\"1\" loading=\"lazy\" decoding=\"async\" src=\"https:\/\/i0.wp.com\/eschringen.de\/wordpress\/wp-content\/uploads\/2024\/11\/1111-7.jpg?resize=400%2C300&#038;ssl=1\" width=\"400\" height=\"300\" border=\"1\"><figcaption class=\"wp-caption-text\">&#8222;Ausrufer&#8220; und Bogenschiessen-Aufseher am fr\u00e4nkischen Lager<\/figcaption><\/figure>\n<p>&nbsp;<\/p>\n<figure style=\"width: 390px\" class=\"wp-caption aligncenter\"><img data-recalc-dims=\"1\" loading=\"lazy\" decoding=\"async\" src=\"https:\/\/i0.wp.com\/eschringen.de\/wordpress\/wp-content\/uploads\/2024\/11\/1111-9.jpg?resize=400%2C330&#038;ssl=1\" width=\"400\" height=\"330\" border=\"1\"><figcaption class=\"wp-caption-text\">Feuerwehrleute in &#8222;bayerischer&#8220; Uniform mit der Saug- und Druckpumpe von 1904<\/figcaption><\/figure>\n<p>&nbsp;<\/p>\n<figure style=\"width: 390px\" class=\"wp-caption aligncenter\"><img data-recalc-dims=\"1\" loading=\"lazy\" decoding=\"async\" src=\"https:\/\/i0.wp.com\/eschringen.de\/wordpress\/wp-content\/uploads\/2024\/11\/1111-11.jpg?resize=400%2C305&#038;ssl=1\" width=\"400\" height=\"305\" border=\"1\"><figcaption class=\"wp-caption-text\">Modell der St. Laurentiuskapelle nebst Infostand des Kapellenvereins<\/figcaption><\/figure>\n<p>&nbsp;<\/p>\n<figure style=\"width: 390px\" class=\"wp-caption aligncenter\"><img data-recalc-dims=\"1\" loading=\"lazy\" decoding=\"async\" src=\"https:\/\/i0.wp.com\/eschringen.de\/wordpress\/wp-content\/uploads\/2024\/11\/1111-12.jpg?resize=400%2C523&#038;ssl=1\" width=\"400\" height=\"523\" border=\"1\"><figcaption class=\"wp-caption-text\">Am Lager aus der Zeit des Bauernkrieges (1525)<\/figcaption><\/figure>\n<p>&nbsp;<\/p>\n<figure style=\"width: 390px\" class=\"wp-caption aligncenter\"><img data-recalc-dims=\"1\" loading=\"lazy\" decoding=\"async\" src=\"https:\/\/i0.wp.com\/eschringen.de\/wordpress\/wp-content\/uploads\/2024\/11\/1111-13.jpg?resize=400%2C522&#038;ssl=1\" width=\"400\" height=\"522\" border=\"1\"><figcaption class=\"wp-caption-text\">Franz\u00f6sicher Revolutionssoldat von 1793 &#8211; im Hintergrund der &#8222;Freiheitsbaum&#8220;<\/figcaption><\/figure>\n<p>&nbsp;<\/p>\n<figure style=\"width: 390px\" class=\"wp-caption aligncenter\"><img data-recalc-dims=\"1\" loading=\"lazy\" decoding=\"async\" src=\"https:\/\/i0.wp.com\/eschringen.de\/wordpress\/wp-content\/uploads\/2024\/11\/1111-14.jpg?resize=400%2C299&#038;ssl=1\" width=\"400\" height=\"299\" border=\"1\"><figcaption class=\"wp-caption-text\">Bogenschiessen am fr\u00e4nkischen Lager<\/figcaption><\/figure>\n<p>&nbsp;<\/p>\n<figure style=\"width: 390px\" class=\"wp-caption aligncenter\"><img data-recalc-dims=\"1\" loading=\"lazy\" decoding=\"async\" src=\"https:\/\/i0.wp.com\/eschringen.de\/wordpress\/wp-content\/uploads\/2024\/11\/1111-15.jpg?resize=400%2C300&#038;ssl=1\" width=\"400\" height=\"300\" border=\"1\"><figcaption class=\"wp-caption-text\">Bogenschiessen am fr\u00e4nkischen Lager<\/figcaption><\/figure>\n<p>&nbsp;<\/p>\n<figure style=\"width: 390px\" class=\"wp-caption aligncenter\"><img data-recalc-dims=\"1\" loading=\"lazy\" decoding=\"async\" src=\"https:\/\/i0.wp.com\/eschringen.de\/wordpress\/wp-content\/uploads\/2024\/11\/1111-16.jpg?resize=400%2C319&#038;ssl=1\" width=\"400\" height=\"319\" border=\"1\"><figcaption class=\"wp-caption-text\">Infostand der Geschichtswerkstatt<\/figcaption><\/figure>\n<p>&nbsp;<\/p>\n<figure style=\"width: 390px\" class=\"wp-caption aligncenter\"><img data-recalc-dims=\"1\" loading=\"lazy\" decoding=\"async\" src=\"https:\/\/i0.wp.com\/eschringen.de\/wordpress\/wp-content\/uploads\/2024\/11\/1111-17.jpg?resize=400%2C302&#038;ssl=1\" width=\"400\" height=\"302\" border=\"1\"><figcaption class=\"wp-caption-text\">Am gallo-r\u00f6mischen Lager<\/figcaption><\/figure>\n<p>&nbsp;<\/p>\n<figure style=\"width: 390px\" class=\"wp-caption aligncenter\"><img data-recalc-dims=\"1\" loading=\"lazy\" decoding=\"async\" src=\"https:\/\/i0.wp.com\/eschringen.de\/wordpress\/wp-content\/uploads\/2024\/11\/1111-18.jpg?resize=400%2C336&#038;ssl=1\" width=\"400\" height=\"336\" border=\"1\"><figcaption class=\"wp-caption-text\">Sp\u00e4tmittelalterliche Schwertkampf-Demonstration<\/figcaption><\/figure>\n<p>&nbsp;<\/p>\n<figure style=\"width: 390px\" class=\"wp-caption aligncenter\"><img data-recalc-dims=\"1\" loading=\"lazy\" decoding=\"async\" src=\"https:\/\/i0.wp.com\/eschringen.de\/wordpress\/wp-content\/uploads\/2024\/11\/1111-20.jpg?resize=400%2C300&#038;ssl=1\" width=\"400\" height=\"300\" border=\"1\"><figcaption class=\"wp-caption-text\">Grundsch\u00fcler f\u00fchren Stabpuppenst\u00fcck zur &#8222;Sage vom Seerosenteich&#8220; auf<\/figcaption><\/figure>\n","protected":false},"excerpt":{"rendered":"<p>&nbsp; &nbsp; &nbsp; &nbsp; &nbsp; &nbsp; &nbsp; &nbsp; &nbsp; &nbsp; &nbsp; &nbsp;<\/p>\n","protected":false},"author":1,"featured_media":0,"parent":403,"menu_order":47,"comment_status":"closed","ping_status":"closed","template":"","meta":{"ngg_post_thumbnail":0,"footnotes":""},"class_list":["post-900","page","type-page","status-publish"],"yoast_head":"<!-- This site is optimized with the Yoast SEO plugin v27.4 - https:\/\/yoast.com\/product\/yoast-seo-wordpress\/ -->\n<title>11.07.04 - 1111 - Jahrfeier, die zweite - Eschringen<\/title>\n<meta name=\"robots\" content=\"index, follow, max-snippet:-1, max-image-preview:large, max-video-preview:-1\" \/>\n<link rel=\"canonical\" href=\"https:\/\/eschringen.de\/wordpress\/geschichte\/archiv\/11-07-04-1111-jahrfeier-die-zweite\/\" \/>\n<meta property=\"og:locale\" content=\"de_DE\" \/>\n<meta property=\"og:type\" content=\"article\" \/>\n<meta property=\"og:title\" content=\"11.07.04 - 1111 - Jahrfeier, die zweite - Eschringen\" \/>\n<meta property=\"og:description\" content=\"&nbsp; &nbsp; &nbsp; &nbsp; &nbsp; &nbsp; &nbsp; &nbsp; &nbsp; &nbsp; &nbsp; &nbsp;\" \/>\n<meta property=\"og:url\" content=\"https:\/\/eschringen.de\/wordpress\/geschichte\/archiv\/11-07-04-1111-jahrfeier-die-zweite\/\" \/>\n<meta property=\"og:site_name\" content=\"Eschringen\" \/>\n<meta property=\"article:modified_time\" content=\"2024-11-28T12:53:08+00:00\" \/>\n<meta property=\"og:image\" content=\"https:\/\/eschringen.de\/wordpress\/wp-content\/uploads\/2024\/11\/1111-4.jpg\" \/>\n<meta name=\"twitter:card\" content=\"summary_large_image\" \/>\n<meta name=\"twitter:label1\" content=\"Gesch\u00e4tzte Lesezeit\" \/>\n\t<meta name=\"twitter:data1\" content=\"4\u00a0Minuten\" \/>\n<script type=\"application\/ld+json\" class=\"yoast-schema-graph\">{\"@context\":\"https:\\\/\\\/schema.org\",\"@graph\":[{\"@type\":\"WebPage\",\"@id\":\"https:\\\/\\\/eschringen.de\\\/wordpress\\\/geschichte\\\/archiv\\\/11-07-04-1111-jahrfeier-die-zweite\\\/\",\"url\":\"https:\\\/\\\/eschringen.de\\\/wordpress\\\/geschichte\\\/archiv\\\/11-07-04-1111-jahrfeier-die-zweite\\\/\",\"name\":\"11.07.04 - 1111 - Jahrfeier, die zweite - Eschringen\",\"isPartOf\":{\"@id\":\"https:\\\/\\\/eschringen.de\\\/wordpress\\\/#website\"},\"primaryImageOfPage\":{\"@id\":\"https:\\\/\\\/eschringen.de\\\/wordpress\\\/geschichte\\\/archiv\\\/11-07-04-1111-jahrfeier-die-zweite\\\/#primaryimage\"},\"image\":{\"@id\":\"https:\\\/\\\/eschringen.de\\\/wordpress\\\/geschichte\\\/archiv\\\/11-07-04-1111-jahrfeier-die-zweite\\\/#primaryimage\"},\"thumbnailUrl\":\"https:\\\/\\\/eschringen.de\\\/wordpress\\\/wp-content\\\/uploads\\\/2024\\\/11\\\/1111-4.jpg\",\"datePublished\":\"2017-02-23T12:55:42+00:00\",\"dateModified\":\"2024-11-28T12:53:08+00:00\",\"breadcrumb\":{\"@id\":\"https:\\\/\\\/eschringen.de\\\/wordpress\\\/geschichte\\\/archiv\\\/11-07-04-1111-jahrfeier-die-zweite\\\/#breadcrumb\"},\"inLanguage\":\"de\",\"potentialAction\":[{\"@type\":\"ReadAction\",\"target\":[\"https:\\\/\\\/eschringen.de\\\/wordpress\\\/geschichte\\\/archiv\\\/11-07-04-1111-jahrfeier-die-zweite\\\/\"]}]},{\"@type\":\"ImageObject\",\"inLanguage\":\"de\",\"@id\":\"https:\\\/\\\/eschringen.de\\\/wordpress\\\/geschichte\\\/archiv\\\/11-07-04-1111-jahrfeier-die-zweite\\\/#primaryimage\",\"url\":\"https:\\\/\\\/i0.wp.com\\\/eschringen.de\\\/wordpress\\\/wp-content\\\/uploads\\\/2024\\\/11\\\/1111-4.jpg?fit=400%2C475&ssl=1\",\"contentUrl\":\"https:\\\/\\\/i0.wp.com\\\/eschringen.de\\\/wordpress\\\/wp-content\\\/uploads\\\/2024\\\/11\\\/1111-4.jpg?fit=400%2C475&ssl=1\",\"width\":400,\"height\":475},{\"@type\":\"BreadcrumbList\",\"@id\":\"https:\\\/\\\/eschringen.de\\\/wordpress\\\/geschichte\\\/archiv\\\/11-07-04-1111-jahrfeier-die-zweite\\\/#breadcrumb\",\"itemListElement\":[{\"@type\":\"ListItem\",\"position\":1,\"name\":\"Startseite\",\"item\":\"https:\\\/\\\/eschringen.de\\\/wordpress\\\/\"},{\"@type\":\"ListItem\",\"position\":2,\"name\":\"Geschichte\",\"item\":\"https:\\\/\\\/eschringen.de\\\/wordpress\\\/geschichte\\\/\"},{\"@type\":\"ListItem\",\"position\":3,\"name\":\"Archiv\",\"item\":\"https:\\\/\\\/eschringen.de\\\/wordpress\\\/geschichte\\\/archiv\\\/\"},{\"@type\":\"ListItem\",\"position\":4,\"name\":\"11.07.04 &#8211; 1111 &#8211; Jahrfeier, die zweite\"}]},{\"@type\":\"WebSite\",\"@id\":\"https:\\\/\\\/eschringen.de\\\/wordpress\\\/#website\",\"url\":\"https:\\\/\\\/eschringen.de\\\/wordpress\\\/\",\"name\":\"Eschringen\",\"description\":\"\",\"publisher\":{\"@id\":\"https:\\\/\\\/eschringen.de\\\/wordpress\\\/#organization\"},\"potentialAction\":[{\"@type\":\"SearchAction\",\"target\":{\"@type\":\"EntryPoint\",\"urlTemplate\":\"https:\\\/\\\/eschringen.de\\\/wordpress\\\/?s={search_term_string}\"},\"query-input\":{\"@type\":\"PropertyValueSpecification\",\"valueRequired\":true,\"valueName\":\"search_term_string\"}}],\"inLanguage\":\"de\"},{\"@type\":\"Organization\",\"@id\":\"https:\\\/\\\/eschringen.de\\\/wordpress\\\/#organization\",\"name\":\"Eschringen\",\"url\":\"https:\\\/\\\/eschringen.de\\\/wordpress\\\/\",\"logo\":{\"@type\":\"ImageObject\",\"inLanguage\":\"de\",\"@id\":\"https:\\\/\\\/eschringen.de\\\/wordpress\\\/#\\\/schema\\\/logo\\\/image\\\/\",\"url\":\"https:\\\/\\\/eschringen.de\\\/wordpress\\\/wp-content\\\/uploads\\\/2017\\\/03\\\/2017_kw15.jpg\",\"contentUrl\":\"https:\\\/\\\/eschringen.de\\\/wordpress\\\/wp-content\\\/uploads\\\/2017\\\/03\\\/2017_kw15.jpg\",\"width\":784,\"height\":447,\"caption\":\"Eschringen\"},\"image\":{\"@id\":\"https:\\\/\\\/eschringen.de\\\/wordpress\\\/#\\\/schema\\\/logo\\\/image\\\/\"}}]}<\/script>\n<!-- \/ Yoast SEO plugin. -->","yoast_head_json":{"title":"11.07.04 - 1111 - Jahrfeier, die zweite - Eschringen","robots":{"index":"index","follow":"follow","max-snippet":"max-snippet:-1","max-image-preview":"max-image-preview:large","max-video-preview":"max-video-preview:-1"},"canonical":"https:\/\/eschringen.de\/wordpress\/geschichte\/archiv\/11-07-04-1111-jahrfeier-die-zweite\/","og_locale":"de_DE","og_type":"article","og_title":"11.07.04 - 1111 - Jahrfeier, die zweite - Eschringen","og_description":"&nbsp; &nbsp; &nbsp; &nbsp; &nbsp; &nbsp; &nbsp; &nbsp; &nbsp; &nbsp; &nbsp; &nbsp;","og_url":"https:\/\/eschringen.de\/wordpress\/geschichte\/archiv\/11-07-04-1111-jahrfeier-die-zweite\/","og_site_name":"Eschringen","article_modified_time":"2024-11-28T12:53:08+00:00","og_image":[{"url":"https:\/\/eschringen.de\/wordpress\/wp-content\/uploads\/2024\/11\/1111-4.jpg","type":"","width":"","height":""}],"twitter_card":"summary_large_image","twitter_misc":{"Gesch\u00e4tzte Lesezeit":"4\u00a0Minuten"},"schema":{"@context":"https:\/\/schema.org","@graph":[{"@type":"WebPage","@id":"https:\/\/eschringen.de\/wordpress\/geschichte\/archiv\/11-07-04-1111-jahrfeier-die-zweite\/","url":"https:\/\/eschringen.de\/wordpress\/geschichte\/archiv\/11-07-04-1111-jahrfeier-die-zweite\/","name":"11.07.04 - 1111 - Jahrfeier, die zweite - Eschringen","isPartOf":{"@id":"https:\/\/eschringen.de\/wordpress\/#website"},"primaryImageOfPage":{"@id":"https:\/\/eschringen.de\/wordpress\/geschichte\/archiv\/11-07-04-1111-jahrfeier-die-zweite\/#primaryimage"},"image":{"@id":"https:\/\/eschringen.de\/wordpress\/geschichte\/archiv\/11-07-04-1111-jahrfeier-die-zweite\/#primaryimage"},"thumbnailUrl":"https:\/\/eschringen.de\/wordpress\/wp-content\/uploads\/2024\/11\/1111-4.jpg","datePublished":"2017-02-23T12:55:42+00:00","dateModified":"2024-11-28T12:53:08+00:00","breadcrumb":{"@id":"https:\/\/eschringen.de\/wordpress\/geschichte\/archiv\/11-07-04-1111-jahrfeier-die-zweite\/#breadcrumb"},"inLanguage":"de","potentialAction":[{"@type":"ReadAction","target":["https:\/\/eschringen.de\/wordpress\/geschichte\/archiv\/11-07-04-1111-jahrfeier-die-zweite\/"]}]},{"@type":"ImageObject","inLanguage":"de","@id":"https:\/\/eschringen.de\/wordpress\/geschichte\/archiv\/11-07-04-1111-jahrfeier-die-zweite\/#primaryimage","url":"https:\/\/i0.wp.com\/eschringen.de\/wordpress\/wp-content\/uploads\/2024\/11\/1111-4.jpg?fit=400%2C475&ssl=1","contentUrl":"https:\/\/i0.wp.com\/eschringen.de\/wordpress\/wp-content\/uploads\/2024\/11\/1111-4.jpg?fit=400%2C475&ssl=1","width":400,"height":475},{"@type":"BreadcrumbList","@id":"https:\/\/eschringen.de\/wordpress\/geschichte\/archiv\/11-07-04-1111-jahrfeier-die-zweite\/#breadcrumb","itemListElement":[{"@type":"ListItem","position":1,"name":"Startseite","item":"https:\/\/eschringen.de\/wordpress\/"},{"@type":"ListItem","position":2,"name":"Geschichte","item":"https:\/\/eschringen.de\/wordpress\/geschichte\/"},{"@type":"ListItem","position":3,"name":"Archiv","item":"https:\/\/eschringen.de\/wordpress\/geschichte\/archiv\/"},{"@type":"ListItem","position":4,"name":"11.07.04 &#8211; 1111 &#8211; Jahrfeier, die zweite"}]},{"@type":"WebSite","@id":"https:\/\/eschringen.de\/wordpress\/#website","url":"https:\/\/eschringen.de\/wordpress\/","name":"Eschringen","description":"","publisher":{"@id":"https:\/\/eschringen.de\/wordpress\/#organization"},"potentialAction":[{"@type":"SearchAction","target":{"@type":"EntryPoint","urlTemplate":"https:\/\/eschringen.de\/wordpress\/?s={search_term_string}"},"query-input":{"@type":"PropertyValueSpecification","valueRequired":true,"valueName":"search_term_string"}}],"inLanguage":"de"},{"@type":"Organization","@id":"https:\/\/eschringen.de\/wordpress\/#organization","name":"Eschringen","url":"https:\/\/eschringen.de\/wordpress\/","logo":{"@type":"ImageObject","inLanguage":"de","@id":"https:\/\/eschringen.de\/wordpress\/#\/schema\/logo\/image\/","url":"https:\/\/eschringen.de\/wordpress\/wp-content\/uploads\/2017\/03\/2017_kw15.jpg","contentUrl":"https:\/\/eschringen.de\/wordpress\/wp-content\/uploads\/2017\/03\/2017_kw15.jpg","width":784,"height":447,"caption":"Eschringen"},"image":{"@id":"https:\/\/eschringen.de\/wordpress\/#\/schema\/logo\/image\/"}}]}},"jetpack_sharing_enabled":true,"_links":{"self":[{"href":"https:\/\/eschringen.de\/wordpress\/wp-json\/wp\/v2\/pages\/900","targetHints":{"allow":["GET"]}}],"collection":[{"href":"https:\/\/eschringen.de\/wordpress\/wp-json\/wp\/v2\/pages"}],"about":[{"href":"https:\/\/eschringen.de\/wordpress\/wp-json\/wp\/v2\/types\/page"}],"author":[{"embeddable":true,"href":"https:\/\/eschringen.de\/wordpress\/wp-json\/wp\/v2\/users\/1"}],"replies":[{"embeddable":true,"href":"https:\/\/eschringen.de\/wordpress\/wp-json\/wp\/v2\/comments?post=900"}],"version-history":[{"count":2,"href":"https:\/\/eschringen.de\/wordpress\/wp-json\/wp\/v2\/pages\/900\/revisions"}],"predecessor-version":[{"id":4958,"href":"https:\/\/eschringen.de\/wordpress\/wp-json\/wp\/v2\/pages\/900\/revisions\/4958"}],"up":[{"embeddable":true,"href":"https:\/\/eschringen.de\/wordpress\/wp-json\/wp\/v2\/pages\/403"}],"wp:attachment":[{"href":"https:\/\/eschringen.de\/wordpress\/wp-json\/wp\/v2\/media?parent=900"}],"curies":[{"name":"wp","href":"https:\/\/api.w.org\/{rel}","templated":true}]}}