{"id":888,"date":"2017-02-20T18:35:23","date_gmt":"2017-02-20T17:35:23","guid":{"rendered":"http:\/\/eschringen.de\/wordpress\/?page_id=888"},"modified":"2024-11-28T13:35:46","modified_gmt":"2024-11-28T12:35:46","slug":"25-02-05-infoveranstaltung-grundschulschliessungen","status":"publish","type":"page","link":"https:\/\/eschringen.de\/wordpress\/geschichte\/archiv\/25-02-05-infoveranstaltung-grundschulschliessungen\/","title":{"rendered":"25.02.05 &#8211; Infoveranstaltung Grundschulschlie\u00dfungen"},"content":{"rendered":"\n<p><strong>Der F\u00f6rderkreis der Grundschule Eschringen e.V. informiert:<\/strong><\/p>\n\n\n\n<p>Am Freitag, den 25.2.2005, fand eine Infoveranstaltung der GR\u00dcNEN zum Thema Grundschulschlie\u00dfungen statt.<\/p>\n\n\n\n<p>Klaus Kessler von der GEW pl\u00e4dierte hier erneut auch f\u00fcr den Erhalt kleiner Grundschulen und Schulen mit Kombiklassen. Er f\u00fchrte die Untersuchung &#8222;Kleine Grundschulen&#8220; vom p\u00e4dagogischen Institut Brandenburg an, in welcher die Leistungen von Sch\u00fclern aus Kombiklassen mit denen anderer Sch\u00fcler verglichen wurden. Fazit der Untersuchung: die Leistungen der Sch\u00fcler aus Kombiklassen waren in vielen Bereichen gleich gut oder besser, insbesondere wirkten sich Kombiklassen positiv auf das Sozialverhalten der Sch\u00fcler aus.<br>Eine Untersuchung, die sich mit der Erfahrung vieler Eschringer deckt, immerhin gibt es hier seit ca. 20 Jahren Kombiklassen.<br>Der Landtagsabgeordnete Hubert Ulrich informierte \u00fcber die Vorgehensweise beim Volksbegehren:<br><strong>1. Stufe:<\/strong> mind. 5.000 Unterschriften von wahlberechtigten Saarl\u00e4ndern sind erforderlich, um ein Volksbegehren zu erreichen. Diese H\u00fcrde ist genommen, es wurden deutlich mehr Unterschriften gesammelt. Die Unterschriften werden nun gepr\u00fcft und das Innenministerium entscheidet, ob das Volksbegehren zugelassen wird. Wird es abgelehnt, so besteht dennoch die M\u00f6glichkeit der Verfassungsklage. Wird es zugelassen, kommt es zur<br><strong>2. Stufe:<\/strong> 163.000 Unterschriften m\u00fcssen innerhalb von 14 Tagen in den jeweiligen Rath\u00e4usern von den wahlberechtigten B\u00fcrgern f\u00fcr das Volksbegehren abgegeben werden.<br><strong>3. Stufe:<\/strong> w\u00e4re dann die Volksabstimmung, zu der 50% der Wahlberichtigten die Pl\u00e4ne der Landesregierung ablehnen m\u00fcssen.<br>Auch wenn Letzteres illusorisch erscheint, so w\u00e4re eine breite Unterst\u00fctzung des Volksbegehrens mit Sicherheit ein Signal f\u00fcr die Landesregierung, ihre Grundschulpolitik noch einmal zu \u00fcberdenken.<br>Deshalb bitten wir alle Eschringer, f\u00fcr den Erhalt ihrer Schule einzutreten. Bedenken Sie die Nachteile f\u00fcr die betroffenen Kinder und den geringen Einspareffekt, denn es fallen sowohl Kosten f\u00fcr den Schulbus als auch f\u00fcr die Unterhaltung des Schulgeb\u00e4udes an.<\/p>\n\n\n\n<p>F\u00f6rderkreis Grundschule Eschringen e.V.<br>Claudia Schlicker, Vorsitzende<\/p>\n","protected":false},"excerpt":{"rendered":"<p>Der F\u00f6rderkreis der Grundschule Eschringen e.V. informiert: Am Freitag, den 25.2.2005, fand eine Infoveranstaltung der GR\u00dcNEN zum Thema Grundschulschlie\u00dfungen statt. Klaus Kessler von der GEW pl\u00e4dierte hier erneut auch f\u00fcr den Erhalt kleiner Grundschulen und Schulen mit Kombiklassen. Er f\u00fchrte die Untersuchung &#8222;Kleine Grundschulen&#8220; vom p\u00e4dagogischen Institut Brandenburg an, in welcher die Leistungen von Sch\u00fclern &#8230; <a title=\"25.02.05 &#8211; Infoveranstaltung Grundschulschlie\u00dfungen\" class=\"read-more\" href=\"https:\/\/eschringen.de\/wordpress\/geschichte\/archiv\/25-02-05-infoveranstaltung-grundschulschliessungen\/\" aria-label=\"Mehr Informationen \u00fcber 25.02.05 &#8211; Infoveranstaltung Grundschulschlie\u00dfungen\">Weiterlesen &#8230;<\/a><\/p>\n","protected":false},"author":1,"featured_media":0,"parent":403,"menu_order":44,"comment_status":"closed","ping_status":"closed","template":"","meta":{"ngg_post_thumbnail":0,"footnotes":""},"class_list":["post-888","page","type-page","status-publish"],"yoast_head":"<!-- This site is optimized with the Yoast SEO plugin v27.4 - https:\/\/yoast.com\/product\/yoast-seo-wordpress\/ -->\n<title>25.02.05 - Infoveranstaltung Grundschulschlie\u00dfungen - Eschringen<\/title>\n<meta name=\"robots\" content=\"index, follow, max-snippet:-1, max-image-preview:large, max-video-preview:-1\" \/>\n<link rel=\"canonical\" href=\"https:\/\/eschringen.de\/wordpress\/geschichte\/archiv\/25-02-05-infoveranstaltung-grundschulschliessungen\/\" \/>\n<meta property=\"og:locale\" content=\"de_DE\" \/>\n<meta property=\"og:type\" content=\"article\" \/>\n<meta property=\"og:title\" content=\"25.02.05 - Infoveranstaltung Grundschulschlie\u00dfungen - Eschringen\" \/>\n<meta property=\"og:description\" content=\"Der F\u00f6rderkreis der Grundschule Eschringen e.V. informiert: Am Freitag, den 25.2.2005, fand eine Infoveranstaltung der GR\u00dcNEN zum Thema Grundschulschlie\u00dfungen statt. Klaus Kessler von der GEW pl\u00e4dierte hier erneut auch f\u00fcr den Erhalt kleiner Grundschulen und Schulen mit Kombiklassen. Er f\u00fchrte die Untersuchung &#8222;Kleine Grundschulen&#8220; vom p\u00e4dagogischen Institut Brandenburg an, in welcher die Leistungen von Sch\u00fclern ... Weiterlesen ...\" \/>\n<meta property=\"og:url\" content=\"https:\/\/eschringen.de\/wordpress\/geschichte\/archiv\/25-02-05-infoveranstaltung-grundschulschliessungen\/\" \/>\n<meta property=\"og:site_name\" content=\"Eschringen\" \/>\n<meta property=\"article:modified_time\" content=\"2024-11-28T12:35:46+00:00\" \/>\n<meta name=\"twitter:card\" content=\"summary_large_image\" \/>\n<meta name=\"twitter:label1\" content=\"Gesch\u00e4tzte Lesezeit\" \/>\n\t<meta name=\"twitter:data1\" content=\"2\u00a0Minuten\" \/>\n<script type=\"application\/ld+json\" class=\"yoast-schema-graph\">{\"@context\":\"https:\\\/\\\/schema.org\",\"@graph\":[{\"@type\":\"WebPage\",\"@id\":\"https:\\\/\\\/eschringen.de\\\/wordpress\\\/geschichte\\\/archiv\\\/25-02-05-infoveranstaltung-grundschulschliessungen\\\/\",\"url\":\"https:\\\/\\\/eschringen.de\\\/wordpress\\\/geschichte\\\/archiv\\\/25-02-05-infoveranstaltung-grundschulschliessungen\\\/\",\"name\":\"25.02.05 - Infoveranstaltung Grundschulschlie\u00dfungen - Eschringen\",\"isPartOf\":{\"@id\":\"https:\\\/\\\/eschringen.de\\\/wordpress\\\/#website\"},\"datePublished\":\"2017-02-20T17:35:23+00:00\",\"dateModified\":\"2024-11-28T12:35:46+00:00\",\"breadcrumb\":{\"@id\":\"https:\\\/\\\/eschringen.de\\\/wordpress\\\/geschichte\\\/archiv\\\/25-02-05-infoveranstaltung-grundschulschliessungen\\\/#breadcrumb\"},\"inLanguage\":\"de\",\"potentialAction\":[{\"@type\":\"ReadAction\",\"target\":[\"https:\\\/\\\/eschringen.de\\\/wordpress\\\/geschichte\\\/archiv\\\/25-02-05-infoveranstaltung-grundschulschliessungen\\\/\"]}]},{\"@type\":\"BreadcrumbList\",\"@id\":\"https:\\\/\\\/eschringen.de\\\/wordpress\\\/geschichte\\\/archiv\\\/25-02-05-infoveranstaltung-grundschulschliessungen\\\/#breadcrumb\",\"itemListElement\":[{\"@type\":\"ListItem\",\"position\":1,\"name\":\"Startseite\",\"item\":\"https:\\\/\\\/eschringen.de\\\/wordpress\\\/\"},{\"@type\":\"ListItem\",\"position\":2,\"name\":\"Geschichte\",\"item\":\"https:\\\/\\\/eschringen.de\\\/wordpress\\\/geschichte\\\/\"},{\"@type\":\"ListItem\",\"position\":3,\"name\":\"Archiv\",\"item\":\"https:\\\/\\\/eschringen.de\\\/wordpress\\\/geschichte\\\/archiv\\\/\"},{\"@type\":\"ListItem\",\"position\":4,\"name\":\"25.02.05 &#8211; Infoveranstaltung Grundschulschlie\u00dfungen\"}]},{\"@type\":\"WebSite\",\"@id\":\"https:\\\/\\\/eschringen.de\\\/wordpress\\\/#website\",\"url\":\"https:\\\/\\\/eschringen.de\\\/wordpress\\\/\",\"name\":\"Eschringen\",\"description\":\"\",\"publisher\":{\"@id\":\"https:\\\/\\\/eschringen.de\\\/wordpress\\\/#organization\"},\"potentialAction\":[{\"@type\":\"SearchAction\",\"target\":{\"@type\":\"EntryPoint\",\"urlTemplate\":\"https:\\\/\\\/eschringen.de\\\/wordpress\\\/?s={search_term_string}\"},\"query-input\":{\"@type\":\"PropertyValueSpecification\",\"valueRequired\":true,\"valueName\":\"search_term_string\"}}],\"inLanguage\":\"de\"},{\"@type\":\"Organization\",\"@id\":\"https:\\\/\\\/eschringen.de\\\/wordpress\\\/#organization\",\"name\":\"Eschringen\",\"url\":\"https:\\\/\\\/eschringen.de\\\/wordpress\\\/\",\"logo\":{\"@type\":\"ImageObject\",\"inLanguage\":\"de\",\"@id\":\"https:\\\/\\\/eschringen.de\\\/wordpress\\\/#\\\/schema\\\/logo\\\/image\\\/\",\"url\":\"https:\\\/\\\/eschringen.de\\\/wordpress\\\/wp-content\\\/uploads\\\/2017\\\/03\\\/2017_kw15.jpg\",\"contentUrl\":\"https:\\\/\\\/eschringen.de\\\/wordpress\\\/wp-content\\\/uploads\\\/2017\\\/03\\\/2017_kw15.jpg\",\"width\":784,\"height\":447,\"caption\":\"Eschringen\"},\"image\":{\"@id\":\"https:\\\/\\\/eschringen.de\\\/wordpress\\\/#\\\/schema\\\/logo\\\/image\\\/\"}}]}<\/script>\n<!-- \/ Yoast SEO plugin. -->","yoast_head_json":{"title":"25.02.05 - Infoveranstaltung Grundschulschlie\u00dfungen - Eschringen","robots":{"index":"index","follow":"follow","max-snippet":"max-snippet:-1","max-image-preview":"max-image-preview:large","max-video-preview":"max-video-preview:-1"},"canonical":"https:\/\/eschringen.de\/wordpress\/geschichte\/archiv\/25-02-05-infoveranstaltung-grundschulschliessungen\/","og_locale":"de_DE","og_type":"article","og_title":"25.02.05 - Infoveranstaltung Grundschulschlie\u00dfungen - Eschringen","og_description":"Der F\u00f6rderkreis der Grundschule Eschringen e.V. informiert: Am Freitag, den 25.2.2005, fand eine Infoveranstaltung der GR\u00dcNEN zum Thema Grundschulschlie\u00dfungen statt. Klaus Kessler von der GEW pl\u00e4dierte hier erneut auch f\u00fcr den Erhalt kleiner Grundschulen und Schulen mit Kombiklassen. Er f\u00fchrte die Untersuchung &#8222;Kleine Grundschulen&#8220; vom p\u00e4dagogischen Institut Brandenburg an, in welcher die Leistungen von Sch\u00fclern ... Weiterlesen ...","og_url":"https:\/\/eschringen.de\/wordpress\/geschichte\/archiv\/25-02-05-infoveranstaltung-grundschulschliessungen\/","og_site_name":"Eschringen","article_modified_time":"2024-11-28T12:35:46+00:00","twitter_card":"summary_large_image","twitter_misc":{"Gesch\u00e4tzte Lesezeit":"2\u00a0Minuten"},"schema":{"@context":"https:\/\/schema.org","@graph":[{"@type":"WebPage","@id":"https:\/\/eschringen.de\/wordpress\/geschichte\/archiv\/25-02-05-infoveranstaltung-grundschulschliessungen\/","url":"https:\/\/eschringen.de\/wordpress\/geschichte\/archiv\/25-02-05-infoveranstaltung-grundschulschliessungen\/","name":"25.02.05 - Infoveranstaltung Grundschulschlie\u00dfungen - Eschringen","isPartOf":{"@id":"https:\/\/eschringen.de\/wordpress\/#website"},"datePublished":"2017-02-20T17:35:23+00:00","dateModified":"2024-11-28T12:35:46+00:00","breadcrumb":{"@id":"https:\/\/eschringen.de\/wordpress\/geschichte\/archiv\/25-02-05-infoveranstaltung-grundschulschliessungen\/#breadcrumb"},"inLanguage":"de","potentialAction":[{"@type":"ReadAction","target":["https:\/\/eschringen.de\/wordpress\/geschichte\/archiv\/25-02-05-infoveranstaltung-grundschulschliessungen\/"]}]},{"@type":"BreadcrumbList","@id":"https:\/\/eschringen.de\/wordpress\/geschichte\/archiv\/25-02-05-infoveranstaltung-grundschulschliessungen\/#breadcrumb","itemListElement":[{"@type":"ListItem","position":1,"name":"Startseite","item":"https:\/\/eschringen.de\/wordpress\/"},{"@type":"ListItem","position":2,"name":"Geschichte","item":"https:\/\/eschringen.de\/wordpress\/geschichte\/"},{"@type":"ListItem","position":3,"name":"Archiv","item":"https:\/\/eschringen.de\/wordpress\/geschichte\/archiv\/"},{"@type":"ListItem","position":4,"name":"25.02.05 &#8211; Infoveranstaltung Grundschulschlie\u00dfungen"}]},{"@type":"WebSite","@id":"https:\/\/eschringen.de\/wordpress\/#website","url":"https:\/\/eschringen.de\/wordpress\/","name":"Eschringen","description":"","publisher":{"@id":"https:\/\/eschringen.de\/wordpress\/#organization"},"potentialAction":[{"@type":"SearchAction","target":{"@type":"EntryPoint","urlTemplate":"https:\/\/eschringen.de\/wordpress\/?s={search_term_string}"},"query-input":{"@type":"PropertyValueSpecification","valueRequired":true,"valueName":"search_term_string"}}],"inLanguage":"de"},{"@type":"Organization","@id":"https:\/\/eschringen.de\/wordpress\/#organization","name":"Eschringen","url":"https:\/\/eschringen.de\/wordpress\/","logo":{"@type":"ImageObject","inLanguage":"de","@id":"https:\/\/eschringen.de\/wordpress\/#\/schema\/logo\/image\/","url":"https:\/\/eschringen.de\/wordpress\/wp-content\/uploads\/2017\/03\/2017_kw15.jpg","contentUrl":"https:\/\/eschringen.de\/wordpress\/wp-content\/uploads\/2017\/03\/2017_kw15.jpg","width":784,"height":447,"caption":"Eschringen"},"image":{"@id":"https:\/\/eschringen.de\/wordpress\/#\/schema\/logo\/image\/"}}]}},"jetpack_sharing_enabled":true,"_links":{"self":[{"href":"https:\/\/eschringen.de\/wordpress\/wp-json\/wp\/v2\/pages\/888","targetHints":{"allow":["GET"]}}],"collection":[{"href":"https:\/\/eschringen.de\/wordpress\/wp-json\/wp\/v2\/pages"}],"about":[{"href":"https:\/\/eschringen.de\/wordpress\/wp-json\/wp\/v2\/types\/page"}],"author":[{"embeddable":true,"href":"https:\/\/eschringen.de\/wordpress\/wp-json\/wp\/v2\/users\/1"}],"replies":[{"embeddable":true,"href":"https:\/\/eschringen.de\/wordpress\/wp-json\/wp\/v2\/comments?post=888"}],"version-history":[{"count":2,"href":"https:\/\/eschringen.de\/wordpress\/wp-json\/wp\/v2\/pages\/888\/revisions"}],"predecessor-version":[{"id":4922,"href":"https:\/\/eschringen.de\/wordpress\/wp-json\/wp\/v2\/pages\/888\/revisions\/4922"}],"up":[{"embeddable":true,"href":"https:\/\/eschringen.de\/wordpress\/wp-json\/wp\/v2\/pages\/403"}],"wp:attachment":[{"href":"https:\/\/eschringen.de\/wordpress\/wp-json\/wp\/v2\/media?parent=888"}],"curies":[{"name":"wp","href":"https:\/\/api.w.org\/{rel}","templated":true}]}}