{"id":886,"date":"2017-02-20T18:34:14","date_gmt":"2017-02-20T17:34:14","guid":{"rendered":"http:\/\/eschringen.de\/wordpress\/?page_id=886"},"modified":"2024-11-28T13:34:59","modified_gmt":"2024-11-28T12:34:59","slug":"03-03-05-konzert-mit-robin-laing","status":"publish","type":"page","link":"https:\/\/eschringen.de\/wordpress\/geschichte\/archiv\/03-03-05-konzert-mit-robin-laing\/","title":{"rendered":"03.03.05 &#8211; Konzert mit Robin Laing"},"content":{"rendered":"\n<h5 class=\"wp-block-heading\"><b>Ein Hauch von Scotch lag in der Luft: Robin Laing gastierte in der \u201ePost\u201c<\/b><\/h5>\n\n\n\n<p>In der Tat f\u00fchlte man sich schon etwas in die schottischen Highlands versetzt: Die R\u00fcckwand der B\u00fchne im Gasthaus \u201eZur Post\u201c zierten die alte und neue Flagge Schottlands; am Tresen wurde neben einheimischen Getr\u00e4nken vier Whisk(e)y-Sorten nebst Bier aus schottischer Gerste angeboten. Und auch Annika, die weibliche H\u00e4lfte des Duos PHEBUS\u2019 RAYS, blieb mit ihrem Vorprogamm den britischen Inseln treu. Sie erwies mit mehreren Liedern u. a. ihre Reverenz gegen\u00fcber Se\u00e1n Tyrrell (Irland) und Michael Weston King (England), die in den Vorjahren hier aufgetreten waren.<\/p>\n\n\n<div class=\"wp-block-image\">\n<figure class=\"alignleft\"><img data-recalc-dims=\"1\" decoding=\"async\" src=\"https:\/\/i0.wp.com\/eschringen.de\/wordpress\/wp-content\/uploads\/2024\/11\/annika.jpg?w=1200&#038;ssl=1\" alt=\"\"\/><figcaption class=\"wp-element-caption\">Annika von Phebus Rays als Vorprogramm<\/figcaption><\/figure>\n<\/div>\n\n\n<p>Diese gelungene \u00dcberleitung f\u00fchrte dann zum Auftritt von Robin Laing, der &#8211; was viele nicht wussten &#8211; eine brandneue CD im Gep\u00e4ck und somit auch im Repertoire hatte. Er freute sich nach der Begr\u00fc\u00dfung durch AG-Gesch\u00e4ftsf\u00fchrer Roland Schmitt auf ein interessiertes und erwartungsvolles Publikum im gut gef\u00fcllten und heimeligen Saal. Ihm steckte noch etwas die lange Anreise aus der Schweiz in den Knochen. Aber sehr bald sprang schon der Funke \u00fcber dank eing\u00e4ngiger Lieder, die er mit pfiffigen, meist humorigen Kommentaren versah.<\/p>\n\n\n\n<p>Der erste Teil des Konzertes war Liedern vorbehalten, die sich dem Whisky als landestypischem \u201eLebenswasser\u201c und ber\u00fchmten Distillerien widmete. Allein aus zwei CDs und einem Songbook mit traditionellen und zeitgen\u00f6ssischen St\u00fccken konnte Laing dabei sch\u00f6pfen.<\/p>\n\n\n<div class=\"wp-block-image\">\n<figure class=\"alignright\"><img data-recalc-dims=\"1\" decoding=\"async\" src=\"https:\/\/i0.wp.com\/eschringen.de\/wordpress\/wp-content\/uploads\/2024\/11\/laing.jpg?w=1200&#038;ssl=1\" alt=\"\"\/><figcaption class=\"wp-element-caption\">Robin Laing bei der Ank\u00fcndigung eines Songs<\/figcaption><\/figure>\n<\/div>\n\n\n<p>Nach der Pause stellte er vorwiegend Songs aus seinem neuen Album \u201eEbb And Flow\u201c vor, das ausnahmslos Eigenkompositionen enth\u00e4lt. Gleich zwei Lieder hatte er f\u00fcr seine j\u00fcngsten Kinder, Tochter Maisie (\u201eBorn In The Blossom Time\u201c) und Sohn Hamish (\u201eLaughing Boy\u201c) geschrieben, liebevolle Balladen, die den Familienmenschen Laing herauskehren. Nat\u00fcrlich durften da auch Liebeslieder nicht fehlen; und dass der Ohrwurm \u201eI Believe In You\u201c sich an die geliebte Ehefrau wendet, war unschwer heraus zu h\u00f6ren. Witzig und augenzwinkernd dann eine Ode an die legale Droge Kaffee (\u201eBlack Coffee\u201c). Viele Lieder erz\u00e4hlen einfach Geschichten aus dem Alltag, aus der Mythologie oder aus der Historie, so z. B. von einem Soldaten, der auf einer Anh\u00f6he begraben werden wollte, um in der Ferne auf die H\u00fcgel seiner Heimat \u201eblicken\u201c zu k\u00f6nnen (\u201eThe Govenanter\u2019s Grave\u201c). Der S\u00e4nger mit der lieblichen Stimme und dem dezenten Gitarrenspiel verabschiedete sich schlie\u00dflich mit drei Zugaben. Ein erinnerungsw\u00fcrdiger Abend, der die britische Singer\/Songwriter-Reihe geb\u00fchrend abschloss.<br>(rs)<\/p>\n","protected":false},"excerpt":{"rendered":"<p>Ein Hauch von Scotch lag in der Luft: Robin Laing gastierte in der \u201ePost\u201c In der Tat f\u00fchlte man sich schon etwas in die schottischen Highlands versetzt: Die R\u00fcckwand der B\u00fchne im Gasthaus \u201eZur Post\u201c zierten die alte und neue Flagge Schottlands; am Tresen wurde neben einheimischen Getr\u00e4nken vier Whisk(e)y-Sorten nebst Bier aus schottischer Gerste &#8230; <a title=\"03.03.05 &#8211; Konzert mit Robin Laing\" class=\"read-more\" href=\"https:\/\/eschringen.de\/wordpress\/geschichte\/archiv\/03-03-05-konzert-mit-robin-laing\/\" aria-label=\"Mehr Informationen \u00fcber 03.03.05 &#8211; Konzert mit Robin Laing\">Weiterlesen &#8230;<\/a><\/p>\n","protected":false},"author":1,"featured_media":0,"parent":403,"menu_order":43,"comment_status":"closed","ping_status":"closed","template":"","meta":{"ngg_post_thumbnail":0,"footnotes":""},"class_list":["post-886","page","type-page","status-publish"],"yoast_head":"<!-- This site is optimized with the Yoast SEO plugin v27.4 - https:\/\/yoast.com\/product\/yoast-seo-wordpress\/ -->\n<title>03.03.05 - Konzert mit Robin Laing - Eschringen<\/title>\n<meta name=\"robots\" content=\"index, follow, max-snippet:-1, max-image-preview:large, max-video-preview:-1\" \/>\n<link rel=\"canonical\" href=\"https:\/\/eschringen.de\/wordpress\/geschichte\/archiv\/03-03-05-konzert-mit-robin-laing\/\" \/>\n<meta property=\"og:locale\" content=\"de_DE\" \/>\n<meta property=\"og:type\" content=\"article\" \/>\n<meta property=\"og:title\" content=\"03.03.05 - Konzert mit Robin Laing - Eschringen\" \/>\n<meta property=\"og:description\" content=\"Ein Hauch von Scotch lag in der Luft: Robin Laing gastierte in der \u201ePost\u201c In der Tat f\u00fchlte man sich schon etwas in die schottischen Highlands versetzt: Die R\u00fcckwand der B\u00fchne im Gasthaus \u201eZur Post\u201c zierten die alte und neue Flagge Schottlands; am Tresen wurde neben einheimischen Getr\u00e4nken vier Whisk(e)y-Sorten nebst Bier aus schottischer Gerste ... Weiterlesen ...\" \/>\n<meta property=\"og:url\" content=\"https:\/\/eschringen.de\/wordpress\/geschichte\/archiv\/03-03-05-konzert-mit-robin-laing\/\" \/>\n<meta property=\"og:site_name\" content=\"Eschringen\" \/>\n<meta property=\"article:modified_time\" content=\"2024-11-28T12:34:59+00:00\" \/>\n<meta property=\"og:image\" content=\"https:\/\/eschringen.de\/wordpress\/wp-content\/uploads\/2024\/11\/annika.jpg\" \/>\n<meta name=\"twitter:card\" content=\"summary_large_image\" \/>\n<meta name=\"twitter:label1\" content=\"Gesch\u00e4tzte Lesezeit\" \/>\n\t<meta name=\"twitter:data1\" content=\"3\u00a0Minuten\" \/>\n<script type=\"application\/ld+json\" class=\"yoast-schema-graph\">{\"@context\":\"https:\\\/\\\/schema.org\",\"@graph\":[{\"@type\":\"WebPage\",\"@id\":\"https:\\\/\\\/eschringen.de\\\/wordpress\\\/geschichte\\\/archiv\\\/03-03-05-konzert-mit-robin-laing\\\/\",\"url\":\"https:\\\/\\\/eschringen.de\\\/wordpress\\\/geschichte\\\/archiv\\\/03-03-05-konzert-mit-robin-laing\\\/\",\"name\":\"03.03.05 - Konzert mit Robin Laing - Eschringen\",\"isPartOf\":{\"@id\":\"https:\\\/\\\/eschringen.de\\\/wordpress\\\/#website\"},\"primaryImageOfPage\":{\"@id\":\"https:\\\/\\\/eschringen.de\\\/wordpress\\\/geschichte\\\/archiv\\\/03-03-05-konzert-mit-robin-laing\\\/#primaryimage\"},\"image\":{\"@id\":\"https:\\\/\\\/eschringen.de\\\/wordpress\\\/geschichte\\\/archiv\\\/03-03-05-konzert-mit-robin-laing\\\/#primaryimage\"},\"thumbnailUrl\":\"https:\\\/\\\/eschringen.de\\\/wordpress\\\/wp-content\\\/uploads\\\/2024\\\/11\\\/annika.jpg\",\"datePublished\":\"2017-02-20T17:34:14+00:00\",\"dateModified\":\"2024-11-28T12:34:59+00:00\",\"breadcrumb\":{\"@id\":\"https:\\\/\\\/eschringen.de\\\/wordpress\\\/geschichte\\\/archiv\\\/03-03-05-konzert-mit-robin-laing\\\/#breadcrumb\"},\"inLanguage\":\"de\",\"potentialAction\":[{\"@type\":\"ReadAction\",\"target\":[\"https:\\\/\\\/eschringen.de\\\/wordpress\\\/geschichte\\\/archiv\\\/03-03-05-konzert-mit-robin-laing\\\/\"]}]},{\"@type\":\"ImageObject\",\"inLanguage\":\"de\",\"@id\":\"https:\\\/\\\/eschringen.de\\\/wordpress\\\/geschichte\\\/archiv\\\/03-03-05-konzert-mit-robin-laing\\\/#primaryimage\",\"url\":\"https:\\\/\\\/i0.wp.com\\\/eschringen.de\\\/wordpress\\\/wp-content\\\/uploads\\\/2024\\\/11\\\/annika.jpg?fit=400%2C257&ssl=1\",\"contentUrl\":\"https:\\\/\\\/i0.wp.com\\\/eschringen.de\\\/wordpress\\\/wp-content\\\/uploads\\\/2024\\\/11\\\/annika.jpg?fit=400%2C257&ssl=1\",\"width\":400,\"height\":257},{\"@type\":\"BreadcrumbList\",\"@id\":\"https:\\\/\\\/eschringen.de\\\/wordpress\\\/geschichte\\\/archiv\\\/03-03-05-konzert-mit-robin-laing\\\/#breadcrumb\",\"itemListElement\":[{\"@type\":\"ListItem\",\"position\":1,\"name\":\"Startseite\",\"item\":\"https:\\\/\\\/eschringen.de\\\/wordpress\\\/\"},{\"@type\":\"ListItem\",\"position\":2,\"name\":\"Geschichte\",\"item\":\"https:\\\/\\\/eschringen.de\\\/wordpress\\\/geschichte\\\/\"},{\"@type\":\"ListItem\",\"position\":3,\"name\":\"Archiv\",\"item\":\"https:\\\/\\\/eschringen.de\\\/wordpress\\\/geschichte\\\/archiv\\\/\"},{\"@type\":\"ListItem\",\"position\":4,\"name\":\"03.03.05 &#8211; Konzert mit Robin Laing\"}]},{\"@type\":\"WebSite\",\"@id\":\"https:\\\/\\\/eschringen.de\\\/wordpress\\\/#website\",\"url\":\"https:\\\/\\\/eschringen.de\\\/wordpress\\\/\",\"name\":\"Eschringen\",\"description\":\"\",\"publisher\":{\"@id\":\"https:\\\/\\\/eschringen.de\\\/wordpress\\\/#organization\"},\"potentialAction\":[{\"@type\":\"SearchAction\",\"target\":{\"@type\":\"EntryPoint\",\"urlTemplate\":\"https:\\\/\\\/eschringen.de\\\/wordpress\\\/?s={search_term_string}\"},\"query-input\":{\"@type\":\"PropertyValueSpecification\",\"valueRequired\":true,\"valueName\":\"search_term_string\"}}],\"inLanguage\":\"de\"},{\"@type\":\"Organization\",\"@id\":\"https:\\\/\\\/eschringen.de\\\/wordpress\\\/#organization\",\"name\":\"Eschringen\",\"url\":\"https:\\\/\\\/eschringen.de\\\/wordpress\\\/\",\"logo\":{\"@type\":\"ImageObject\",\"inLanguage\":\"de\",\"@id\":\"https:\\\/\\\/eschringen.de\\\/wordpress\\\/#\\\/schema\\\/logo\\\/image\\\/\",\"url\":\"https:\\\/\\\/eschringen.de\\\/wordpress\\\/wp-content\\\/uploads\\\/2017\\\/03\\\/2017_kw15.jpg\",\"contentUrl\":\"https:\\\/\\\/eschringen.de\\\/wordpress\\\/wp-content\\\/uploads\\\/2017\\\/03\\\/2017_kw15.jpg\",\"width\":784,\"height\":447,\"caption\":\"Eschringen\"},\"image\":{\"@id\":\"https:\\\/\\\/eschringen.de\\\/wordpress\\\/#\\\/schema\\\/logo\\\/image\\\/\"}}]}<\/script>\n<!-- \/ Yoast SEO plugin. -->","yoast_head_json":{"title":"03.03.05 - Konzert mit Robin Laing - Eschringen","robots":{"index":"index","follow":"follow","max-snippet":"max-snippet:-1","max-image-preview":"max-image-preview:large","max-video-preview":"max-video-preview:-1"},"canonical":"https:\/\/eschringen.de\/wordpress\/geschichte\/archiv\/03-03-05-konzert-mit-robin-laing\/","og_locale":"de_DE","og_type":"article","og_title":"03.03.05 - Konzert mit Robin Laing - Eschringen","og_description":"Ein Hauch von Scotch lag in der Luft: Robin Laing gastierte in der \u201ePost\u201c In der Tat f\u00fchlte man sich schon etwas in die schottischen Highlands versetzt: Die R\u00fcckwand der B\u00fchne im Gasthaus \u201eZur Post\u201c zierten die alte und neue Flagge Schottlands; am Tresen wurde neben einheimischen Getr\u00e4nken vier Whisk(e)y-Sorten nebst Bier aus schottischer Gerste ... Weiterlesen ...","og_url":"https:\/\/eschringen.de\/wordpress\/geschichte\/archiv\/03-03-05-konzert-mit-robin-laing\/","og_site_name":"Eschringen","article_modified_time":"2024-11-28T12:34:59+00:00","og_image":[{"url":"https:\/\/eschringen.de\/wordpress\/wp-content\/uploads\/2024\/11\/annika.jpg","type":"","width":"","height":""}],"twitter_card":"summary_large_image","twitter_misc":{"Gesch\u00e4tzte Lesezeit":"3\u00a0Minuten"},"schema":{"@context":"https:\/\/schema.org","@graph":[{"@type":"WebPage","@id":"https:\/\/eschringen.de\/wordpress\/geschichte\/archiv\/03-03-05-konzert-mit-robin-laing\/","url":"https:\/\/eschringen.de\/wordpress\/geschichte\/archiv\/03-03-05-konzert-mit-robin-laing\/","name":"03.03.05 - Konzert mit Robin Laing - Eschringen","isPartOf":{"@id":"https:\/\/eschringen.de\/wordpress\/#website"},"primaryImageOfPage":{"@id":"https:\/\/eschringen.de\/wordpress\/geschichte\/archiv\/03-03-05-konzert-mit-robin-laing\/#primaryimage"},"image":{"@id":"https:\/\/eschringen.de\/wordpress\/geschichte\/archiv\/03-03-05-konzert-mit-robin-laing\/#primaryimage"},"thumbnailUrl":"https:\/\/eschringen.de\/wordpress\/wp-content\/uploads\/2024\/11\/annika.jpg","datePublished":"2017-02-20T17:34:14+00:00","dateModified":"2024-11-28T12:34:59+00:00","breadcrumb":{"@id":"https:\/\/eschringen.de\/wordpress\/geschichte\/archiv\/03-03-05-konzert-mit-robin-laing\/#breadcrumb"},"inLanguage":"de","potentialAction":[{"@type":"ReadAction","target":["https:\/\/eschringen.de\/wordpress\/geschichte\/archiv\/03-03-05-konzert-mit-robin-laing\/"]}]},{"@type":"ImageObject","inLanguage":"de","@id":"https:\/\/eschringen.de\/wordpress\/geschichte\/archiv\/03-03-05-konzert-mit-robin-laing\/#primaryimage","url":"https:\/\/i0.wp.com\/eschringen.de\/wordpress\/wp-content\/uploads\/2024\/11\/annika.jpg?fit=400%2C257&ssl=1","contentUrl":"https:\/\/i0.wp.com\/eschringen.de\/wordpress\/wp-content\/uploads\/2024\/11\/annika.jpg?fit=400%2C257&ssl=1","width":400,"height":257},{"@type":"BreadcrumbList","@id":"https:\/\/eschringen.de\/wordpress\/geschichte\/archiv\/03-03-05-konzert-mit-robin-laing\/#breadcrumb","itemListElement":[{"@type":"ListItem","position":1,"name":"Startseite","item":"https:\/\/eschringen.de\/wordpress\/"},{"@type":"ListItem","position":2,"name":"Geschichte","item":"https:\/\/eschringen.de\/wordpress\/geschichte\/"},{"@type":"ListItem","position":3,"name":"Archiv","item":"https:\/\/eschringen.de\/wordpress\/geschichte\/archiv\/"},{"@type":"ListItem","position":4,"name":"03.03.05 &#8211; Konzert mit Robin Laing"}]},{"@type":"WebSite","@id":"https:\/\/eschringen.de\/wordpress\/#website","url":"https:\/\/eschringen.de\/wordpress\/","name":"Eschringen","description":"","publisher":{"@id":"https:\/\/eschringen.de\/wordpress\/#organization"},"potentialAction":[{"@type":"SearchAction","target":{"@type":"EntryPoint","urlTemplate":"https:\/\/eschringen.de\/wordpress\/?s={search_term_string}"},"query-input":{"@type":"PropertyValueSpecification","valueRequired":true,"valueName":"search_term_string"}}],"inLanguage":"de"},{"@type":"Organization","@id":"https:\/\/eschringen.de\/wordpress\/#organization","name":"Eschringen","url":"https:\/\/eschringen.de\/wordpress\/","logo":{"@type":"ImageObject","inLanguage":"de","@id":"https:\/\/eschringen.de\/wordpress\/#\/schema\/logo\/image\/","url":"https:\/\/eschringen.de\/wordpress\/wp-content\/uploads\/2017\/03\/2017_kw15.jpg","contentUrl":"https:\/\/eschringen.de\/wordpress\/wp-content\/uploads\/2017\/03\/2017_kw15.jpg","width":784,"height":447,"caption":"Eschringen"},"image":{"@id":"https:\/\/eschringen.de\/wordpress\/#\/schema\/logo\/image\/"}}]}},"jetpack_sharing_enabled":true,"_links":{"self":[{"href":"https:\/\/eschringen.de\/wordpress\/wp-json\/wp\/v2\/pages\/886","targetHints":{"allow":["GET"]}}],"collection":[{"href":"https:\/\/eschringen.de\/wordpress\/wp-json\/wp\/v2\/pages"}],"about":[{"href":"https:\/\/eschringen.de\/wordpress\/wp-json\/wp\/v2\/types\/page"}],"author":[{"embeddable":true,"href":"https:\/\/eschringen.de\/wordpress\/wp-json\/wp\/v2\/users\/1"}],"replies":[{"embeddable":true,"href":"https:\/\/eschringen.de\/wordpress\/wp-json\/wp\/v2\/comments?post=886"}],"version-history":[{"count":3,"href":"https:\/\/eschringen.de\/wordpress\/wp-json\/wp\/v2\/pages\/886\/revisions"}],"predecessor-version":[{"id":4921,"href":"https:\/\/eschringen.de\/wordpress\/wp-json\/wp\/v2\/pages\/886\/revisions\/4921"}],"up":[{"embeddable":true,"href":"https:\/\/eschringen.de\/wordpress\/wp-json\/wp\/v2\/pages\/403"}],"wp:attachment":[{"href":"https:\/\/eschringen.de\/wordpress\/wp-json\/wp\/v2\/media?parent=886"}],"curies":[{"name":"wp","href":"https:\/\/api.w.org\/{rel}","templated":true}]}}