{"id":814,"date":"2017-02-17T18:56:15","date_gmt":"2017-02-17T17:56:15","guid":{"rendered":"http:\/\/eschringen.de\/wordpress\/?page_id=814"},"modified":"2024-11-24T22:48:24","modified_gmt":"2024-11-24T21:48:24","slug":"01-06-2008-erstes-dorfgemeinschaftsfest-war-ein-volltreffer","status":"publish","type":"page","link":"https:\/\/eschringen.de\/wordpress\/geschichte\/archiv\/01-06-2008-erstes-dorfgemeinschaftsfest-war-ein-volltreffer\/","title":{"rendered":"01.06.2008: Erstes Dorfgemeinschaftsfest war ein Volltreffer!"},"content":{"rendered":"<p><img data-recalc-dims=\"1\" loading=\"lazy\" decoding=\"async\" class=\"alignright\" src=\"https:\/\/i0.wp.com\/eschringen.de\/wordpress\/wp-content\/uploads\/2024\/11\/Fest02.jpg?resize=390%2C293&#038;ssl=1\" width=\"390\" height=\"293\" hspace=\"3\">Wird diese Nachfolgeveranstaltung anstelle des beliebten Laurentiusbrunnenfestes auf Interesse sto\u00dfen? Wird der daf\u00fcr gew\u00e4hlte Standort, der Festplatz im Pfaffeneck, angenommen werden? Wird der \u201eWettergott\u201c angesichts des instabilen Trends der vergangenen Tage mitspielen? Fragen, die sich das Organisationsteam der AG Eschringer Vereine um Arno Schmitt, den 1. Vorsitzenden, stellte.<br \/>\n<img data-recalc-dims=\"1\" loading=\"lazy\" decoding=\"async\" class=\"alignleft\" src=\"https:\/\/i0.wp.com\/eschringen.de\/wordpress\/wp-content\/uploads\/2024\/11\/Fest01.jpg?resize=390%2C293&#038;ssl=1\" width=\"390\" height=\"293\" hspace=\"3\">Schon den ganzen Samstag \u00fcber hatten sich die beteiligten Vereine an die Arbeit gemacht und den Festplatz mit Zelten und Buden und der n\u00f6tigen Logistik hergerichtet. Sonntagsfr\u00fch wurde letzte Hand angelegt, und kurz nach 11 Uhr besorgte A. Schmitt den Fassanstich \u2013 mithin Auftakt f\u00fcr den MV \u201eLyra\u201c, der fortan den Fr\u00fchschoppen mit z\u00fcnftigen Melodien, ob traditionell oder zeitgen\u00f6ssisch, bestritt und das stetig anwachsende Publikum erfreute.<br \/>\n<img data-recalc-dims=\"1\" loading=\"lazy\" decoding=\"async\" class=\"alignleft\" src=\"https:\/\/i0.wp.com\/eschringen.de\/wordpress\/wp-content\/uploads\/2024\/11\/Fest03.jpg?resize=390%2C293&#038;ssl=1\" width=\"390\" height=\"293\" align=\"middle\" hspace=\"3\"><br \/>\n<img data-recalc-dims=\"1\" loading=\"lazy\" decoding=\"async\" class=\"alignright\" src=\"https:\/\/i0.wp.com\/eschringen.de\/wordpress\/wp-content\/uploads\/2024\/11\/Fest04.jpg?resize=390%2C293&#038;ssl=1\" width=\"390\" height=\"293\" align=\"middle\" hspace=\"3\">Derweil legte sich die NABU-Ortsgruppe Eschringen-Ensheim ins Zeug, um den Mittagstisch vorzubereiten; den Rostwurststand hatte der CDU-Ortsverein \u00fcbernommen, den Getr\u00e4nkestand betreute in bew\u00e4hrter Manier das Team der Freiwilligen Feuerwehr. Wer eher dem Wein als dem Bier den Vorzug geben wollte, fand beim Stand des VdK eine reiche Palette Pf\u00e4lzer Rebens\u00e4fte. Angesichts der unerwartet gro\u00dfen Essensnachfrage waren schon bald die T\u00f6pfe leer \u2013 da hei\u00dft es beim n\u00e4chsten Fest sicher: \u201eWir brauchen etwas (alternatives) in der Hinterhand!\u201c<br \/>\n<img data-recalc-dims=\"1\" loading=\"lazy\" decoding=\"async\" class=\"alignleft\" src=\"https:\/\/i0.wp.com\/eschringen.de\/wordpress\/wp-content\/uploads\/2024\/11\/Fest05.jpg?resize=390%2C293&#038;ssl=1\" width=\"390\" height=\"293\" align=\"middle\" hspace=\"3\"><br \/>\n<img data-recalc-dims=\"1\" loading=\"lazy\" decoding=\"async\" class=\"alignright\" src=\"https:\/\/i0.wp.com\/eschringen.de\/wordpress\/wp-content\/uploads\/2024\/11\/Fest06.jpg?resize=390%2C293&#038;ssl=1\" width=\"390\" height=\"293\" align=\"middle\" hspace=\"3\">Ein unterhaltsames Intermezzo gestaltete dann das Jugendorchester des MV \u201eLyra\u201c. Ihm folgte eine anschauliche \u00dcbung der Jugendfeuerwehr, die Willi Hartz, Abschnittsf\u00fchrer des L\u00f6schbezirks Ost, kommentierte. Den Nachmittag pr\u00e4gten verschiedene Programmpunkte vor allem f\u00fcr Kinder, besorgt vom st\u00e4dtischen Kindergarten Eschringen, dem F\u00f6rderkreis Jugendfussball und dem MV \u201eLyra\u201c: Angesagt waren u. a. das Backen von Kindercr\u00eapes, Gesichtschminken, ein Tast- und Barfu\u00dfpfad, nat\u00fcrlich Torwandschie\u00dfen sowie ein Gl\u00fccksrad zum Kennenlernen von (Blas-) Instrumenten. Das von kfd und Kirchenchor organisierte Kaffee- und Kuchenbuffett war derweil ein gro\u00dfer Anziehungspunkt.<br \/>\n<img data-recalc-dims=\"1\" loading=\"lazy\" decoding=\"async\" class=\"alignleft\" src=\"https:\/\/i0.wp.com\/eschringen.de\/wordpress\/wp-content\/uploads\/2024\/11\/Fest07.jpg?resize=255%2C340&#038;ssl=1\" width=\"255\" height=\"340\" align=\"middle\" hspace=\"3\"><br \/>\n<img data-recalc-dims=\"1\" loading=\"lazy\" decoding=\"async\" class=\"alignright\" src=\"https:\/\/i0.wp.com\/eschringen.de\/wordpress\/wp-content\/uploads\/2024\/11\/Fest08.jpg?resize=390%2C293&#038;ssl=1\" width=\"390\" height=\"293\" align=\"middle\" hspace=\"3\">Inzwischen war auch J\u00fcrgen Rath eingetroffen, der die kleine B\u00fchne im \u201egro\u00dfen\u201c Zelt mit seiner Anlage best\u00fcckte. Die \u201eoffene B\u00fchne\u201c weihte schon bald die Band von Lucie (Gesang), Paul (Schlagzeug) und Felix Vogelgesang (Gitarre, Gesang) mit deutschsprachigem Power-Rock ein. Die drei hatten die letzten Wochen eifrig f\u00fcr ihren Auftritt ge\u00fcbt und erhielten viel Applaus \u2013 wenngleich ihre Musik f\u00fcr die \u00e4lteren Semester wohl etwas gew\u00f6hnungsbed\u00fcrftig war.<br \/>\n<img data-recalc-dims=\"1\" loading=\"lazy\" decoding=\"async\" class=\"alignleft\" src=\"https:\/\/i0.wp.com\/eschringen.de\/wordpress\/wp-content\/uploads\/2024\/11\/Fest09.jpg?resize=255%2C340&#038;ssl=1\" width=\"255\" height=\"340\" align=\"middle\" hspace=\"3\"><img data-recalc-dims=\"1\" loading=\"lazy\" decoding=\"async\" class=\"alignright\" src=\"https:\/\/i0.wp.com\/eschringen.de\/wordpress\/wp-content\/uploads\/2024\/11\/Fest10.jpg?resize=255%2C340&#038;ssl=1\" width=\"255\" height=\"340\" align=\"middle\" hspace=\"3\"><br \/>\nLeisere T\u00f6ne schlug dann Silke an, die neuere deutsche Songs (von ICH + ICH und Christina St\u00fcrmer) zu Geh\u00f6r brachte. Ganz spontan f\u00fchrte dann Katharina mit ihren faszinierenden Flamenco-T\u00e4nzen in spanische Gefilde. Mit einem aktualisierten Programm wartete schlie\u00dflich PHEBUS\u2019 RAYS (aka Annika Peter &amp; Christian Weibel) auf \u2013 sie \u00fcberzeugten mit harmonischem Gesang zur Gitarre (u. a. \u201eNumb\u201c von LINKIN\u2019 PARK und \u201eFree Fallin\u2019\u201c von Tom Petty). Kurz nach 18 Uhr enterte dann der Haupt-act die B\u00fchne: BIG JIM &amp; THE TWINS, ihres Zeichens eine Art \u201eAbspaltung\u201c der bekannten BLIES BLUES BAND um den Ausnahmegitarristen J\u00fcrgen Rath. Sie legten auch gleich los und boten den ganzen Abend \u00fcber eine bunte Palette von Rock-, Blues- und Soulklassikern, angefangen von \u201eHoochie Coochie Man\u201c \u00fcber \u201eAin\u2019t No Sunshine\u201c bis hin zu \u201eAnother Brick In The Wall\u201c. J\u00fcrgen Rath beeindruckte mit seinem filigranen Gitarrenspiel, die rhythm section besorgten souver\u00e4n Joe Reitz am Bass und Udo Oster am Schlagzeug. Letzterer hatte auch den Leadgesang mit seiner kraftvollen Stimme \u00fcbernommen, streute immer mal wieder lustige Kommentare ein. Nat\u00fcrlich kam das Trio nicht um Zugaben umhin \u2013 mit Einbruch der Abendd\u00e4mmerung fand das Fest dann einen sanften Ausklang. Nicht von ungef\u00e4hr attestierte die \u201eSaarbr\u00fccker Zeitung\u201c: \u201e\u2026ein bisschen Woodstock-Gef\u00fchl auf Eschringens h\u00fcbschem Festplatz.\u201c Eines d\u00fcrfte klar sein: Dieses Dorfgemeinschaftsfest sollte in zwei Jahren eine Fortsetzung erfahren!<br \/>\n<img data-recalc-dims=\"1\" loading=\"lazy\" decoding=\"async\" class=\"alignleft\" src=\"https:\/\/i0.wp.com\/eschringen.de\/wordpress\/wp-content\/uploads\/2024\/11\/Fest11.jpg?resize=390%2C293&#038;ssl=1\" width=\"390\" height=\"293\" align=\"middle\" hspace=\"3\"><img data-recalc-dims=\"1\" loading=\"lazy\" decoding=\"async\" class=\"alignright\" src=\"https:\/\/i0.wp.com\/eschringen.de\/wordpress\/wp-content\/uploads\/2024\/11\/Fest12.jpg?resize=390%2C293&#038;ssl=1\" width=\"390\" height=\"293\" align=\"middle\" hspace=\"3\"><\/p>\n","protected":false},"excerpt":{"rendered":"<p>Wird diese Nachfolgeveranstaltung anstelle des beliebten Laurentiusbrunnenfestes auf Interesse sto\u00dfen? Wird der daf\u00fcr gew\u00e4hlte Standort, der Festplatz im Pfaffeneck, angenommen werden? Wird der \u201eWettergott\u201c angesichts des instabilen Trends der vergangenen Tage mitspielen? Fragen, die sich das Organisationsteam der AG Eschringer Vereine um Arno Schmitt, den 1. Vorsitzenden, stellte. Schon den ganzen Samstag \u00fcber hatten sich &#8230; <a title=\"01.06.2008: Erstes Dorfgemeinschaftsfest war ein Volltreffer!\" class=\"read-more\" href=\"https:\/\/eschringen.de\/wordpress\/geschichte\/archiv\/01-06-2008-erstes-dorfgemeinschaftsfest-war-ein-volltreffer\/\" aria-label=\"Mehr Informationen \u00fcber 01.06.2008: Erstes Dorfgemeinschaftsfest war ein Volltreffer!\">Weiterlesen &#8230;<\/a><\/p>\n","protected":false},"author":1,"featured_media":0,"parent":403,"menu_order":24,"comment_status":"closed","ping_status":"closed","template":"","meta":{"ngg_post_thumbnail":0,"footnotes":""},"class_list":["post-814","page","type-page","status-publish"],"yoast_head":"<!-- This site is optimized with the Yoast SEO plugin v27.4 - https:\/\/yoast.com\/product\/yoast-seo-wordpress\/ -->\n<title>01.06.2008: Erstes Dorfgemeinschaftsfest war ein Volltreffer! - Eschringen<\/title>\n<meta name=\"robots\" content=\"index, follow, max-snippet:-1, max-image-preview:large, max-video-preview:-1\" \/>\n<link rel=\"canonical\" href=\"https:\/\/eschringen.de\/wordpress\/geschichte\/archiv\/01-06-2008-erstes-dorfgemeinschaftsfest-war-ein-volltreffer\/\" \/>\n<meta property=\"og:locale\" content=\"de_DE\" \/>\n<meta property=\"og:type\" content=\"article\" \/>\n<meta property=\"og:title\" content=\"01.06.2008: Erstes Dorfgemeinschaftsfest war ein Volltreffer! - Eschringen\" \/>\n<meta property=\"og:description\" content=\"Wird diese Nachfolgeveranstaltung anstelle des beliebten Laurentiusbrunnenfestes auf Interesse sto\u00dfen? Wird der daf\u00fcr gew\u00e4hlte Standort, der Festplatz im Pfaffeneck, angenommen werden? Wird der \u201eWettergott\u201c angesichts des instabilen Trends der vergangenen Tage mitspielen? Fragen, die sich das Organisationsteam der AG Eschringer Vereine um Arno Schmitt, den 1. Vorsitzenden, stellte. Schon den ganzen Samstag \u00fcber hatten sich ... Weiterlesen ...\" \/>\n<meta property=\"og:url\" content=\"https:\/\/eschringen.de\/wordpress\/geschichte\/archiv\/01-06-2008-erstes-dorfgemeinschaftsfest-war-ein-volltreffer\/\" \/>\n<meta property=\"og:site_name\" content=\"Eschringen\" \/>\n<meta property=\"article:modified_time\" content=\"2024-11-24T21:48:24+00:00\" \/>\n<meta property=\"og:image\" content=\"https:\/\/eschringen.de\/wordpress\/wp-content\/uploads\/2024\/11\/Fest02.jpg\" \/>\n<meta name=\"twitter:card\" content=\"summary_large_image\" \/>\n<meta name=\"twitter:label1\" content=\"Gesch\u00e4tzte Lesezeit\" \/>\n\t<meta name=\"twitter:data1\" content=\"6\u00a0Minuten\" \/>\n<script type=\"application\/ld+json\" class=\"yoast-schema-graph\">{\"@context\":\"https:\\\/\\\/schema.org\",\"@graph\":[{\"@type\":\"WebPage\",\"@id\":\"https:\\\/\\\/eschringen.de\\\/wordpress\\\/geschichte\\\/archiv\\\/01-06-2008-erstes-dorfgemeinschaftsfest-war-ein-volltreffer\\\/\",\"url\":\"https:\\\/\\\/eschringen.de\\\/wordpress\\\/geschichte\\\/archiv\\\/01-06-2008-erstes-dorfgemeinschaftsfest-war-ein-volltreffer\\\/\",\"name\":\"01.06.2008: Erstes Dorfgemeinschaftsfest war ein Volltreffer! - Eschringen\",\"isPartOf\":{\"@id\":\"https:\\\/\\\/eschringen.de\\\/wordpress\\\/#website\"},\"primaryImageOfPage\":{\"@id\":\"https:\\\/\\\/eschringen.de\\\/wordpress\\\/geschichte\\\/archiv\\\/01-06-2008-erstes-dorfgemeinschaftsfest-war-ein-volltreffer\\\/#primaryimage\"},\"image\":{\"@id\":\"https:\\\/\\\/eschringen.de\\\/wordpress\\\/geschichte\\\/archiv\\\/01-06-2008-erstes-dorfgemeinschaftsfest-war-ein-volltreffer\\\/#primaryimage\"},\"thumbnailUrl\":\"https:\\\/\\\/eschringen.de\\\/wordpress\\\/wp-content\\\/uploads\\\/2024\\\/11\\\/Fest02.jpg\",\"datePublished\":\"2017-02-17T17:56:15+00:00\",\"dateModified\":\"2024-11-24T21:48:24+00:00\",\"breadcrumb\":{\"@id\":\"https:\\\/\\\/eschringen.de\\\/wordpress\\\/geschichte\\\/archiv\\\/01-06-2008-erstes-dorfgemeinschaftsfest-war-ein-volltreffer\\\/#breadcrumb\"},\"inLanguage\":\"de\",\"potentialAction\":[{\"@type\":\"ReadAction\",\"target\":[\"https:\\\/\\\/eschringen.de\\\/wordpress\\\/geschichte\\\/archiv\\\/01-06-2008-erstes-dorfgemeinschaftsfest-war-ein-volltreffer\\\/\"]}]},{\"@type\":\"ImageObject\",\"inLanguage\":\"de\",\"@id\":\"https:\\\/\\\/eschringen.de\\\/wordpress\\\/geschichte\\\/archiv\\\/01-06-2008-erstes-dorfgemeinschaftsfest-war-ein-volltreffer\\\/#primaryimage\",\"url\":\"https:\\\/\\\/i0.wp.com\\\/eschringen.de\\\/wordpress\\\/wp-content\\\/uploads\\\/2024\\\/11\\\/Fest02.jpg?fit=390%2C293&ssl=1\",\"contentUrl\":\"https:\\\/\\\/i0.wp.com\\\/eschringen.de\\\/wordpress\\\/wp-content\\\/uploads\\\/2024\\\/11\\\/Fest02.jpg?fit=390%2C293&ssl=1\",\"width\":390,\"height\":293},{\"@type\":\"BreadcrumbList\",\"@id\":\"https:\\\/\\\/eschringen.de\\\/wordpress\\\/geschichte\\\/archiv\\\/01-06-2008-erstes-dorfgemeinschaftsfest-war-ein-volltreffer\\\/#breadcrumb\",\"itemListElement\":[{\"@type\":\"ListItem\",\"position\":1,\"name\":\"Startseite\",\"item\":\"https:\\\/\\\/eschringen.de\\\/wordpress\\\/\"},{\"@type\":\"ListItem\",\"position\":2,\"name\":\"Geschichte\",\"item\":\"https:\\\/\\\/eschringen.de\\\/wordpress\\\/geschichte\\\/\"},{\"@type\":\"ListItem\",\"position\":3,\"name\":\"Archiv\",\"item\":\"https:\\\/\\\/eschringen.de\\\/wordpress\\\/geschichte\\\/archiv\\\/\"},{\"@type\":\"ListItem\",\"position\":4,\"name\":\"01.06.2008: Erstes Dorfgemeinschaftsfest war ein Volltreffer!\"}]},{\"@type\":\"WebSite\",\"@id\":\"https:\\\/\\\/eschringen.de\\\/wordpress\\\/#website\",\"url\":\"https:\\\/\\\/eschringen.de\\\/wordpress\\\/\",\"name\":\"Eschringen\",\"description\":\"\",\"publisher\":{\"@id\":\"https:\\\/\\\/eschringen.de\\\/wordpress\\\/#organization\"},\"potentialAction\":[{\"@type\":\"SearchAction\",\"target\":{\"@type\":\"EntryPoint\",\"urlTemplate\":\"https:\\\/\\\/eschringen.de\\\/wordpress\\\/?s={search_term_string}\"},\"query-input\":{\"@type\":\"PropertyValueSpecification\",\"valueRequired\":true,\"valueName\":\"search_term_string\"}}],\"inLanguage\":\"de\"},{\"@type\":\"Organization\",\"@id\":\"https:\\\/\\\/eschringen.de\\\/wordpress\\\/#organization\",\"name\":\"Eschringen\",\"url\":\"https:\\\/\\\/eschringen.de\\\/wordpress\\\/\",\"logo\":{\"@type\":\"ImageObject\",\"inLanguage\":\"de\",\"@id\":\"https:\\\/\\\/eschringen.de\\\/wordpress\\\/#\\\/schema\\\/logo\\\/image\\\/\",\"url\":\"https:\\\/\\\/eschringen.de\\\/wordpress\\\/wp-content\\\/uploads\\\/2017\\\/03\\\/2017_kw15.jpg\",\"contentUrl\":\"https:\\\/\\\/eschringen.de\\\/wordpress\\\/wp-content\\\/uploads\\\/2017\\\/03\\\/2017_kw15.jpg\",\"width\":784,\"height\":447,\"caption\":\"Eschringen\"},\"image\":{\"@id\":\"https:\\\/\\\/eschringen.de\\\/wordpress\\\/#\\\/schema\\\/logo\\\/image\\\/\"}}]}<\/script>\n<!-- \/ Yoast SEO plugin. -->","yoast_head_json":{"title":"01.06.2008: Erstes Dorfgemeinschaftsfest war ein Volltreffer! - Eschringen","robots":{"index":"index","follow":"follow","max-snippet":"max-snippet:-1","max-image-preview":"max-image-preview:large","max-video-preview":"max-video-preview:-1"},"canonical":"https:\/\/eschringen.de\/wordpress\/geschichte\/archiv\/01-06-2008-erstes-dorfgemeinschaftsfest-war-ein-volltreffer\/","og_locale":"de_DE","og_type":"article","og_title":"01.06.2008: Erstes Dorfgemeinschaftsfest war ein Volltreffer! - Eschringen","og_description":"Wird diese Nachfolgeveranstaltung anstelle des beliebten Laurentiusbrunnenfestes auf Interesse sto\u00dfen? Wird der daf\u00fcr gew\u00e4hlte Standort, der Festplatz im Pfaffeneck, angenommen werden? Wird der \u201eWettergott\u201c angesichts des instabilen Trends der vergangenen Tage mitspielen? Fragen, die sich das Organisationsteam der AG Eschringer Vereine um Arno Schmitt, den 1. Vorsitzenden, stellte. Schon den ganzen Samstag \u00fcber hatten sich ... Weiterlesen ...","og_url":"https:\/\/eschringen.de\/wordpress\/geschichte\/archiv\/01-06-2008-erstes-dorfgemeinschaftsfest-war-ein-volltreffer\/","og_site_name":"Eschringen","article_modified_time":"2024-11-24T21:48:24+00:00","og_image":[{"url":"https:\/\/eschringen.de\/wordpress\/wp-content\/uploads\/2024\/11\/Fest02.jpg","type":"","width":"","height":""}],"twitter_card":"summary_large_image","twitter_misc":{"Gesch\u00e4tzte Lesezeit":"6\u00a0Minuten"},"schema":{"@context":"https:\/\/schema.org","@graph":[{"@type":"WebPage","@id":"https:\/\/eschringen.de\/wordpress\/geschichte\/archiv\/01-06-2008-erstes-dorfgemeinschaftsfest-war-ein-volltreffer\/","url":"https:\/\/eschringen.de\/wordpress\/geschichte\/archiv\/01-06-2008-erstes-dorfgemeinschaftsfest-war-ein-volltreffer\/","name":"01.06.2008: Erstes Dorfgemeinschaftsfest war ein Volltreffer! - Eschringen","isPartOf":{"@id":"https:\/\/eschringen.de\/wordpress\/#website"},"primaryImageOfPage":{"@id":"https:\/\/eschringen.de\/wordpress\/geschichte\/archiv\/01-06-2008-erstes-dorfgemeinschaftsfest-war-ein-volltreffer\/#primaryimage"},"image":{"@id":"https:\/\/eschringen.de\/wordpress\/geschichte\/archiv\/01-06-2008-erstes-dorfgemeinschaftsfest-war-ein-volltreffer\/#primaryimage"},"thumbnailUrl":"https:\/\/eschringen.de\/wordpress\/wp-content\/uploads\/2024\/11\/Fest02.jpg","datePublished":"2017-02-17T17:56:15+00:00","dateModified":"2024-11-24T21:48:24+00:00","breadcrumb":{"@id":"https:\/\/eschringen.de\/wordpress\/geschichte\/archiv\/01-06-2008-erstes-dorfgemeinschaftsfest-war-ein-volltreffer\/#breadcrumb"},"inLanguage":"de","potentialAction":[{"@type":"ReadAction","target":["https:\/\/eschringen.de\/wordpress\/geschichte\/archiv\/01-06-2008-erstes-dorfgemeinschaftsfest-war-ein-volltreffer\/"]}]},{"@type":"ImageObject","inLanguage":"de","@id":"https:\/\/eschringen.de\/wordpress\/geschichte\/archiv\/01-06-2008-erstes-dorfgemeinschaftsfest-war-ein-volltreffer\/#primaryimage","url":"https:\/\/i0.wp.com\/eschringen.de\/wordpress\/wp-content\/uploads\/2024\/11\/Fest02.jpg?fit=390%2C293&ssl=1","contentUrl":"https:\/\/i0.wp.com\/eschringen.de\/wordpress\/wp-content\/uploads\/2024\/11\/Fest02.jpg?fit=390%2C293&ssl=1","width":390,"height":293},{"@type":"BreadcrumbList","@id":"https:\/\/eschringen.de\/wordpress\/geschichte\/archiv\/01-06-2008-erstes-dorfgemeinschaftsfest-war-ein-volltreffer\/#breadcrumb","itemListElement":[{"@type":"ListItem","position":1,"name":"Startseite","item":"https:\/\/eschringen.de\/wordpress\/"},{"@type":"ListItem","position":2,"name":"Geschichte","item":"https:\/\/eschringen.de\/wordpress\/geschichte\/"},{"@type":"ListItem","position":3,"name":"Archiv","item":"https:\/\/eschringen.de\/wordpress\/geschichte\/archiv\/"},{"@type":"ListItem","position":4,"name":"01.06.2008: Erstes Dorfgemeinschaftsfest war ein Volltreffer!"}]},{"@type":"WebSite","@id":"https:\/\/eschringen.de\/wordpress\/#website","url":"https:\/\/eschringen.de\/wordpress\/","name":"Eschringen","description":"","publisher":{"@id":"https:\/\/eschringen.de\/wordpress\/#organization"},"potentialAction":[{"@type":"SearchAction","target":{"@type":"EntryPoint","urlTemplate":"https:\/\/eschringen.de\/wordpress\/?s={search_term_string}"},"query-input":{"@type":"PropertyValueSpecification","valueRequired":true,"valueName":"search_term_string"}}],"inLanguage":"de"},{"@type":"Organization","@id":"https:\/\/eschringen.de\/wordpress\/#organization","name":"Eschringen","url":"https:\/\/eschringen.de\/wordpress\/","logo":{"@type":"ImageObject","inLanguage":"de","@id":"https:\/\/eschringen.de\/wordpress\/#\/schema\/logo\/image\/","url":"https:\/\/eschringen.de\/wordpress\/wp-content\/uploads\/2017\/03\/2017_kw15.jpg","contentUrl":"https:\/\/eschringen.de\/wordpress\/wp-content\/uploads\/2017\/03\/2017_kw15.jpg","width":784,"height":447,"caption":"Eschringen"},"image":{"@id":"https:\/\/eschringen.de\/wordpress\/#\/schema\/logo\/image\/"}}]}},"jetpack_sharing_enabled":true,"_links":{"self":[{"href":"https:\/\/eschringen.de\/wordpress\/wp-json\/wp\/v2\/pages\/814","targetHints":{"allow":["GET"]}}],"collection":[{"href":"https:\/\/eschringen.de\/wordpress\/wp-json\/wp\/v2\/pages"}],"about":[{"href":"https:\/\/eschringen.de\/wordpress\/wp-json\/wp\/v2\/types\/page"}],"author":[{"embeddable":true,"href":"https:\/\/eschringen.de\/wordpress\/wp-json\/wp\/v2\/users\/1"}],"replies":[{"embeddable":true,"href":"https:\/\/eschringen.de\/wordpress\/wp-json\/wp\/v2\/comments?post=814"}],"version-history":[{"count":4,"href":"https:\/\/eschringen.de\/wordpress\/wp-json\/wp\/v2\/pages\/814\/revisions"}],"predecessor-version":[{"id":4826,"href":"https:\/\/eschringen.de\/wordpress\/wp-json\/wp\/v2\/pages\/814\/revisions\/4826"}],"up":[{"embeddable":true,"href":"https:\/\/eschringen.de\/wordpress\/wp-json\/wp\/v2\/pages\/403"}],"wp:attachment":[{"href":"https:\/\/eschringen.de\/wordpress\/wp-json\/wp\/v2\/media?parent=814"}],"curies":[{"name":"wp","href":"https:\/\/api.w.org\/{rel}","templated":true}]}}