{"id":806,"date":"2017-02-17T18:44:00","date_gmt":"2017-02-17T17:44:00","guid":{"rendered":"http:\/\/eschringen.de\/wordpress\/?page_id=806"},"modified":"2024-11-24T13:22:37","modified_gmt":"2024-11-24T12:22:37","slug":"15-03-2010-energiebuendel-carus-thompson-mischte-die-post-auf","status":"publish","type":"page","link":"https:\/\/eschringen.de\/wordpress\/geschichte\/archiv\/15-03-2010-energiebuendel-carus-thompson-mischte-die-post-auf\/","title":{"rendered":"15.03.2010: Energieb\u00fcndel Carus Thompson mischte die Post auf"},"content":{"rendered":"<p><img data-recalc-dims=\"1\" loading=\"lazy\" decoding=\"async\" class=\"alignleft\" src=\"https:\/\/i0.wp.com\/eschringen.de\/wordpress\/wp-content\/uploads\/2024\/11\/Carus1.jpg?resize=500%2C375&#038;ssl=1\" width=\"500\" height=\"375\" align=\"left\" border=\"0\" hspace=\"10\" vspace=\"5\">Montagabende sind strenggenommen undankbare Termine f\u00fcr (Konzert-) Veranstaltungen. Doch bot es der AG Eschringer Vereine e. V. die Gelegenheit, einen nicht nur in seiner australischen Heimat, sondern auch in Europa aufstrebenden Singer\/Songwriter zu verpflichten. Bisweilen mit seiner Band, den TRUE BELIEVERS, unterwegs, absolvierte Carus Thompson diesmal wieder eine Solotournee durch deutsche Lande. Ihm eilte der Ruf voraus, auch ganz alleine eine einzigartige Atmosph\u00e4re verbreiten zu k\u00f6nnen. Und in der Tat konnte Carus dies vor gut gef\u00fclltem Saale im Gasthaus \u201eZur Post\u201c \u2013 ca. 80 Leute hatten den Weg von nah und fern (z. B. aus Dortmund!) in die schon legend\u00e4re Spielst\u00e4tte gefunden \u2013 auch einl\u00f6sen.<br \/>\nAls AG-Gesch\u00e4ftsf\u00fchrer Roland Schmitt den jungen K\u00fcnstler auf die B\u00fchne bat, strahlte dieser sofort Charisma und Leidenschaft aus. Der smarte und sympathische Sonnyboy von \u201edown under\u201c eroberte sehr schnell die Herzen des Publikums. Mit Inbrunst sang er seine mal zarten, mal st\u00fcrmischen Lieder, begleitet von akustischer Gitarre und Mundharmonika \u2013 beide Instrumente im \u00dcbrigen brillant und mit viel Power eingesetzt. Gleich das erste St\u00fcck, \u201eFor The Rest Of My Life\u201c (eigentlich eine potenzielle Hitsingle), ging sowohl ins Ohr als auch zu Herzen. Viele Songtexte erz\u00e4hlen nicht nur vom Thema Nr. 1 (Liebe), sondern eben auch Alltagsgeschichten, von Erfahrungen auf Tourneen (\u201eDenmark To Sweden\u201c) oder Erlebnissen mit Aborigines, den australischen Ureinwohnern (\u201eYangi\u201c). Carus hatte eine Zeitlang in einer Siedlung mit letzteren gelebt und eben hautnah mitbekommen, wie diese Menschen in vielf\u00e4ltiger Weise diskriminiert wurden (und immer noch werden).<br \/>\n<img data-recalc-dims=\"1\" loading=\"lazy\" decoding=\"async\" class=\"alignright\" src=\"https:\/\/i0.wp.com\/eschringen.de\/wordpress\/wp-content\/uploads\/2024\/11\/Carus2.jpg?resize=375%2C500&#038;ssl=1\" width=\"375\" height=\"500\" align=\"right\" border=\"0\" hspace=\"10\" vspace=\"5\"><img data-recalc-dims=\"1\" loading=\"lazy\" decoding=\"async\" class=\"alignleft\" src=\"https:\/\/i0.wp.com\/eschringen.de\/wordpress\/wp-content\/uploads\/2024\/11\/Carus3.jpg?resize=300%2C225&#038;ssl=1\" width=\"300\" height=\"225\" align=\"left\" border=\"0\" hspace=\"10\" vspace=\"5\">Nach einer Pause zog Carus im zweiten Teil seines Konzerts Tempo und Intensit\u00e4t noch an. Der Funke sprang dann immer wieder aufs Publikum \u00fcber, das begeistert mitging. Auch Fremdkom- positionen dr\u00fcckte Carus seinen Stempel auf, z. B. bei skurrilen Songs seines Landsmannes Paul Kelly oder \u201eDown Under\u201c, dem Gassenhauer-Aussie-Reggae von MEN AT WORK. Nat\u00fcrlich neigte sich auch dieses Konzert irgendwann dem Ende zu, mit Songs, die sehr rhythmisch angelegt waren und an sich zum Tanzen einluden. Doch daf\u00fcr fehlte der Platz. Das Publikum entlie\u00df Carus nicht ohne mehrere Zugaben. Daf\u00fcr stieg er von der B\u00fchne und intonierte seine Songs v\u00f6llig \u201eunplugged\u201c: ein interessanter Kontrast zu seinen verst\u00e4rkten St\u00fccken. Carus bedankte sich zum Abschluss mit viel Lob bei den konzentrierten wie auch enthusiastischen Zuh\u00f6rerInnen und bekundete seinen Wunsch, irgendwann einmal wieder nach Eschringen zur\u00fcckkommen zu wollen. (rs)<\/p>\n<p>P. S. Dass Carus mit seinem Auftritt in Eschringen auch Stefan Uhrmacher, den strengen Kritiker der \u201eSaarbr\u00fccker Zeitung\u201c, \u00fcberzeugen konnte, unterstreicht dessen Beitrag \u201eFolk von der anderen Seite der Welt\u201c (SZ-Ausgabe v. 19.3.2010).<\/p>\n<p>&nbsp;<\/p>\n","protected":false},"excerpt":{"rendered":"<p>Montagabende sind strenggenommen undankbare Termine f\u00fcr (Konzert-) Veranstaltungen. Doch bot es der AG Eschringer Vereine e. V. die Gelegenheit, einen nicht nur in seiner australischen Heimat, sondern auch in Europa aufstrebenden Singer\/Songwriter zu verpflichten. Bisweilen mit seiner Band, den TRUE BELIEVERS, unterwegs, absolvierte Carus Thompson diesmal wieder eine Solotournee durch deutsche Lande. Ihm eilte der &#8230; <a title=\"15.03.2010: Energieb\u00fcndel Carus Thompson mischte die Post auf\" class=\"read-more\" href=\"https:\/\/eschringen.de\/wordpress\/geschichte\/archiv\/15-03-2010-energiebuendel-carus-thompson-mischte-die-post-auf\/\" aria-label=\"Mehr Informationen \u00fcber 15.03.2010: Energieb\u00fcndel Carus Thompson mischte die Post auf\">Weiterlesen &#8230;<\/a><\/p>\n","protected":false},"author":1,"featured_media":0,"parent":403,"menu_order":20,"comment_status":"closed","ping_status":"closed","template":"","meta":{"ngg_post_thumbnail":0,"footnotes":""},"class_list":["post-806","page","type-page","status-publish"],"yoast_head":"<!-- This site is optimized with the Yoast SEO plugin v27.4 - https:\/\/yoast.com\/product\/yoast-seo-wordpress\/ -->\n<title>15.03.2010: Energieb\u00fcndel Carus Thompson mischte die Post auf - Eschringen<\/title>\n<meta name=\"robots\" content=\"index, follow, max-snippet:-1, max-image-preview:large, max-video-preview:-1\" \/>\n<link rel=\"canonical\" href=\"https:\/\/eschringen.de\/wordpress\/geschichte\/archiv\/15-03-2010-energiebuendel-carus-thompson-mischte-die-post-auf\/\" \/>\n<meta property=\"og:locale\" content=\"de_DE\" \/>\n<meta property=\"og:type\" content=\"article\" \/>\n<meta property=\"og:title\" content=\"15.03.2010: Energieb\u00fcndel Carus Thompson mischte die Post auf - Eschringen\" \/>\n<meta property=\"og:description\" content=\"Montagabende sind strenggenommen undankbare Termine f\u00fcr (Konzert-) Veranstaltungen. Doch bot es der AG Eschringer Vereine e. V. die Gelegenheit, einen nicht nur in seiner australischen Heimat, sondern auch in Europa aufstrebenden Singer\/Songwriter zu verpflichten. Bisweilen mit seiner Band, den TRUE BELIEVERS, unterwegs, absolvierte Carus Thompson diesmal wieder eine Solotournee durch deutsche Lande. Ihm eilte der ... Weiterlesen ...\" \/>\n<meta property=\"og:url\" content=\"https:\/\/eschringen.de\/wordpress\/geschichte\/archiv\/15-03-2010-energiebuendel-carus-thompson-mischte-die-post-auf\/\" \/>\n<meta property=\"og:site_name\" content=\"Eschringen\" \/>\n<meta property=\"article:modified_time\" content=\"2024-11-24T12:22:37+00:00\" \/>\n<meta property=\"og:image\" content=\"https:\/\/eschringen.de\/wordpress\/wp-content\/uploads\/2024\/11\/Carus1.jpg\" \/>\n<meta name=\"twitter:card\" content=\"summary_large_image\" \/>\n<meta name=\"twitter:label1\" content=\"Gesch\u00e4tzte Lesezeit\" \/>\n\t<meta name=\"twitter:data1\" content=\"3\u00a0Minuten\" \/>\n<script type=\"application\/ld+json\" class=\"yoast-schema-graph\">{\"@context\":\"https:\\\/\\\/schema.org\",\"@graph\":[{\"@type\":\"WebPage\",\"@id\":\"https:\\\/\\\/eschringen.de\\\/wordpress\\\/geschichte\\\/archiv\\\/15-03-2010-energiebuendel-carus-thompson-mischte-die-post-auf\\\/\",\"url\":\"https:\\\/\\\/eschringen.de\\\/wordpress\\\/geschichte\\\/archiv\\\/15-03-2010-energiebuendel-carus-thompson-mischte-die-post-auf\\\/\",\"name\":\"15.03.2010: Energieb\u00fcndel Carus Thompson mischte die Post auf - Eschringen\",\"isPartOf\":{\"@id\":\"https:\\\/\\\/eschringen.de\\\/wordpress\\\/#website\"},\"primaryImageOfPage\":{\"@id\":\"https:\\\/\\\/eschringen.de\\\/wordpress\\\/geschichte\\\/archiv\\\/15-03-2010-energiebuendel-carus-thompson-mischte-die-post-auf\\\/#primaryimage\"},\"image\":{\"@id\":\"https:\\\/\\\/eschringen.de\\\/wordpress\\\/geschichte\\\/archiv\\\/15-03-2010-energiebuendel-carus-thompson-mischte-die-post-auf\\\/#primaryimage\"},\"thumbnailUrl\":\"https:\\\/\\\/eschringen.de\\\/wordpress\\\/wp-content\\\/uploads\\\/2024\\\/11\\\/Carus1.jpg\",\"datePublished\":\"2017-02-17T17:44:00+00:00\",\"dateModified\":\"2024-11-24T12:22:37+00:00\",\"breadcrumb\":{\"@id\":\"https:\\\/\\\/eschringen.de\\\/wordpress\\\/geschichte\\\/archiv\\\/15-03-2010-energiebuendel-carus-thompson-mischte-die-post-auf\\\/#breadcrumb\"},\"inLanguage\":\"de\",\"potentialAction\":[{\"@type\":\"ReadAction\",\"target\":[\"https:\\\/\\\/eschringen.de\\\/wordpress\\\/geschichte\\\/archiv\\\/15-03-2010-energiebuendel-carus-thompson-mischte-die-post-auf\\\/\"]}]},{\"@type\":\"ImageObject\",\"inLanguage\":\"de\",\"@id\":\"https:\\\/\\\/eschringen.de\\\/wordpress\\\/geschichte\\\/archiv\\\/15-03-2010-energiebuendel-carus-thompson-mischte-die-post-auf\\\/#primaryimage\",\"url\":\"https:\\\/\\\/i0.wp.com\\\/eschringen.de\\\/wordpress\\\/wp-content\\\/uploads\\\/2024\\\/11\\\/Carus1.jpg?fit=500%2C375&ssl=1\",\"contentUrl\":\"https:\\\/\\\/i0.wp.com\\\/eschringen.de\\\/wordpress\\\/wp-content\\\/uploads\\\/2024\\\/11\\\/Carus1.jpg?fit=500%2C375&ssl=1\",\"width\":500,\"height\":375},{\"@type\":\"BreadcrumbList\",\"@id\":\"https:\\\/\\\/eschringen.de\\\/wordpress\\\/geschichte\\\/archiv\\\/15-03-2010-energiebuendel-carus-thompson-mischte-die-post-auf\\\/#breadcrumb\",\"itemListElement\":[{\"@type\":\"ListItem\",\"position\":1,\"name\":\"Startseite\",\"item\":\"https:\\\/\\\/eschringen.de\\\/wordpress\\\/\"},{\"@type\":\"ListItem\",\"position\":2,\"name\":\"Geschichte\",\"item\":\"https:\\\/\\\/eschringen.de\\\/wordpress\\\/geschichte\\\/\"},{\"@type\":\"ListItem\",\"position\":3,\"name\":\"Archiv\",\"item\":\"https:\\\/\\\/eschringen.de\\\/wordpress\\\/geschichte\\\/archiv\\\/\"},{\"@type\":\"ListItem\",\"position\":4,\"name\":\"15.03.2010: Energieb\u00fcndel Carus Thompson mischte die Post auf\"}]},{\"@type\":\"WebSite\",\"@id\":\"https:\\\/\\\/eschringen.de\\\/wordpress\\\/#website\",\"url\":\"https:\\\/\\\/eschringen.de\\\/wordpress\\\/\",\"name\":\"Eschringen\",\"description\":\"\",\"publisher\":{\"@id\":\"https:\\\/\\\/eschringen.de\\\/wordpress\\\/#organization\"},\"potentialAction\":[{\"@type\":\"SearchAction\",\"target\":{\"@type\":\"EntryPoint\",\"urlTemplate\":\"https:\\\/\\\/eschringen.de\\\/wordpress\\\/?s={search_term_string}\"},\"query-input\":{\"@type\":\"PropertyValueSpecification\",\"valueRequired\":true,\"valueName\":\"search_term_string\"}}],\"inLanguage\":\"de\"},{\"@type\":\"Organization\",\"@id\":\"https:\\\/\\\/eschringen.de\\\/wordpress\\\/#organization\",\"name\":\"Eschringen\",\"url\":\"https:\\\/\\\/eschringen.de\\\/wordpress\\\/\",\"logo\":{\"@type\":\"ImageObject\",\"inLanguage\":\"de\",\"@id\":\"https:\\\/\\\/eschringen.de\\\/wordpress\\\/#\\\/schema\\\/logo\\\/image\\\/\",\"url\":\"https:\\\/\\\/eschringen.de\\\/wordpress\\\/wp-content\\\/uploads\\\/2017\\\/03\\\/2017_kw15.jpg\",\"contentUrl\":\"https:\\\/\\\/eschringen.de\\\/wordpress\\\/wp-content\\\/uploads\\\/2017\\\/03\\\/2017_kw15.jpg\",\"width\":784,\"height\":447,\"caption\":\"Eschringen\"},\"image\":{\"@id\":\"https:\\\/\\\/eschringen.de\\\/wordpress\\\/#\\\/schema\\\/logo\\\/image\\\/\"}}]}<\/script>\n<!-- \/ Yoast SEO plugin. -->","yoast_head_json":{"title":"15.03.2010: Energieb\u00fcndel Carus Thompson mischte die Post auf - Eschringen","robots":{"index":"index","follow":"follow","max-snippet":"max-snippet:-1","max-image-preview":"max-image-preview:large","max-video-preview":"max-video-preview:-1"},"canonical":"https:\/\/eschringen.de\/wordpress\/geschichte\/archiv\/15-03-2010-energiebuendel-carus-thompson-mischte-die-post-auf\/","og_locale":"de_DE","og_type":"article","og_title":"15.03.2010: Energieb\u00fcndel Carus Thompson mischte die Post auf - Eschringen","og_description":"Montagabende sind strenggenommen undankbare Termine f\u00fcr (Konzert-) Veranstaltungen. Doch bot es der AG Eschringer Vereine e. V. die Gelegenheit, einen nicht nur in seiner australischen Heimat, sondern auch in Europa aufstrebenden Singer\/Songwriter zu verpflichten. Bisweilen mit seiner Band, den TRUE BELIEVERS, unterwegs, absolvierte Carus Thompson diesmal wieder eine Solotournee durch deutsche Lande. Ihm eilte der ... Weiterlesen ...","og_url":"https:\/\/eschringen.de\/wordpress\/geschichte\/archiv\/15-03-2010-energiebuendel-carus-thompson-mischte-die-post-auf\/","og_site_name":"Eschringen","article_modified_time":"2024-11-24T12:22:37+00:00","og_image":[{"url":"https:\/\/eschringen.de\/wordpress\/wp-content\/uploads\/2024\/11\/Carus1.jpg","type":"","width":"","height":""}],"twitter_card":"summary_large_image","twitter_misc":{"Gesch\u00e4tzte Lesezeit":"3\u00a0Minuten"},"schema":{"@context":"https:\/\/schema.org","@graph":[{"@type":"WebPage","@id":"https:\/\/eschringen.de\/wordpress\/geschichte\/archiv\/15-03-2010-energiebuendel-carus-thompson-mischte-die-post-auf\/","url":"https:\/\/eschringen.de\/wordpress\/geschichte\/archiv\/15-03-2010-energiebuendel-carus-thompson-mischte-die-post-auf\/","name":"15.03.2010: Energieb\u00fcndel Carus Thompson mischte die Post auf - Eschringen","isPartOf":{"@id":"https:\/\/eschringen.de\/wordpress\/#website"},"primaryImageOfPage":{"@id":"https:\/\/eschringen.de\/wordpress\/geschichte\/archiv\/15-03-2010-energiebuendel-carus-thompson-mischte-die-post-auf\/#primaryimage"},"image":{"@id":"https:\/\/eschringen.de\/wordpress\/geschichte\/archiv\/15-03-2010-energiebuendel-carus-thompson-mischte-die-post-auf\/#primaryimage"},"thumbnailUrl":"https:\/\/eschringen.de\/wordpress\/wp-content\/uploads\/2024\/11\/Carus1.jpg","datePublished":"2017-02-17T17:44:00+00:00","dateModified":"2024-11-24T12:22:37+00:00","breadcrumb":{"@id":"https:\/\/eschringen.de\/wordpress\/geschichte\/archiv\/15-03-2010-energiebuendel-carus-thompson-mischte-die-post-auf\/#breadcrumb"},"inLanguage":"de","potentialAction":[{"@type":"ReadAction","target":["https:\/\/eschringen.de\/wordpress\/geschichte\/archiv\/15-03-2010-energiebuendel-carus-thompson-mischte-die-post-auf\/"]}]},{"@type":"ImageObject","inLanguage":"de","@id":"https:\/\/eschringen.de\/wordpress\/geschichte\/archiv\/15-03-2010-energiebuendel-carus-thompson-mischte-die-post-auf\/#primaryimage","url":"https:\/\/i0.wp.com\/eschringen.de\/wordpress\/wp-content\/uploads\/2024\/11\/Carus1.jpg?fit=500%2C375&ssl=1","contentUrl":"https:\/\/i0.wp.com\/eschringen.de\/wordpress\/wp-content\/uploads\/2024\/11\/Carus1.jpg?fit=500%2C375&ssl=1","width":500,"height":375},{"@type":"BreadcrumbList","@id":"https:\/\/eschringen.de\/wordpress\/geschichte\/archiv\/15-03-2010-energiebuendel-carus-thompson-mischte-die-post-auf\/#breadcrumb","itemListElement":[{"@type":"ListItem","position":1,"name":"Startseite","item":"https:\/\/eschringen.de\/wordpress\/"},{"@type":"ListItem","position":2,"name":"Geschichte","item":"https:\/\/eschringen.de\/wordpress\/geschichte\/"},{"@type":"ListItem","position":3,"name":"Archiv","item":"https:\/\/eschringen.de\/wordpress\/geschichte\/archiv\/"},{"@type":"ListItem","position":4,"name":"15.03.2010: Energieb\u00fcndel Carus Thompson mischte die Post auf"}]},{"@type":"WebSite","@id":"https:\/\/eschringen.de\/wordpress\/#website","url":"https:\/\/eschringen.de\/wordpress\/","name":"Eschringen","description":"","publisher":{"@id":"https:\/\/eschringen.de\/wordpress\/#organization"},"potentialAction":[{"@type":"SearchAction","target":{"@type":"EntryPoint","urlTemplate":"https:\/\/eschringen.de\/wordpress\/?s={search_term_string}"},"query-input":{"@type":"PropertyValueSpecification","valueRequired":true,"valueName":"search_term_string"}}],"inLanguage":"de"},{"@type":"Organization","@id":"https:\/\/eschringen.de\/wordpress\/#organization","name":"Eschringen","url":"https:\/\/eschringen.de\/wordpress\/","logo":{"@type":"ImageObject","inLanguage":"de","@id":"https:\/\/eschringen.de\/wordpress\/#\/schema\/logo\/image\/","url":"https:\/\/eschringen.de\/wordpress\/wp-content\/uploads\/2017\/03\/2017_kw15.jpg","contentUrl":"https:\/\/eschringen.de\/wordpress\/wp-content\/uploads\/2017\/03\/2017_kw15.jpg","width":784,"height":447,"caption":"Eschringen"},"image":{"@id":"https:\/\/eschringen.de\/wordpress\/#\/schema\/logo\/image\/"}}]}},"jetpack_sharing_enabled":true,"_links":{"self":[{"href":"https:\/\/eschringen.de\/wordpress\/wp-json\/wp\/v2\/pages\/806","targetHints":{"allow":["GET"]}}],"collection":[{"href":"https:\/\/eschringen.de\/wordpress\/wp-json\/wp\/v2\/pages"}],"about":[{"href":"https:\/\/eschringen.de\/wordpress\/wp-json\/wp\/v2\/types\/page"}],"author":[{"embeddable":true,"href":"https:\/\/eschringen.de\/wordpress\/wp-json\/wp\/v2\/users\/1"}],"replies":[{"embeddable":true,"href":"https:\/\/eschringen.de\/wordpress\/wp-json\/wp\/v2\/comments?post=806"}],"version-history":[{"count":2,"href":"https:\/\/eschringen.de\/wordpress\/wp-json\/wp\/v2\/pages\/806\/revisions"}],"predecessor-version":[{"id":4797,"href":"https:\/\/eschringen.de\/wordpress\/wp-json\/wp\/v2\/pages\/806\/revisions\/4797"}],"up":[{"embeddable":true,"href":"https:\/\/eschringen.de\/wordpress\/wp-json\/wp\/v2\/pages\/403"}],"wp:attachment":[{"href":"https:\/\/eschringen.de\/wordpress\/wp-json\/wp\/v2\/media?parent=806"}],"curies":[{"name":"wp","href":"https:\/\/api.w.org\/{rel}","templated":true}]}}