{"id":786,"date":"2017-02-17T13:50:09","date_gmt":"2017-02-17T12:50:09","guid":{"rendered":"http:\/\/eschringen.de\/wordpress\/?page_id=786"},"modified":"2024-11-24T12:51:45","modified_gmt":"2024-11-24T11:51:45","slug":"17-05-2012-ein-echter-volltreffer-das-3-dorfgemeinschaftsfest","status":"publish","type":"page","link":"https:\/\/eschringen.de\/wordpress\/geschichte\/archiv\/17-05-2012-ein-echter-volltreffer-das-3-dorfgemeinschaftsfest\/","title":{"rendered":"17.05.2012: Ein echter Volltreffer: das 3. Dorfgemeinschaftsfest"},"content":{"rendered":"<p><img data-recalc-dims=\"1\" loading=\"lazy\" decoding=\"async\" class=\"alignleft\" src=\"https:\/\/i0.wp.com\/eschringen.de\/wordpress\/wp-content\/uploads\/2024\/11\/IMG_6213.jpg?resize=400%2C300&#038;ssl=1\" width=\"400\" height=\"300\" align=\"left\" border=\"0\" hspace=\"5\" vspace=\"5\">Wird es wieder regnen, bleibt es trocken, oder ist mit wechselhaftem Wetter zu rechnen? Der seit Tagen beobachtete Wetterbericht lie\u00df eher Durchwachsenes erwarten. Vor zwei Jahren war der Ausrichter des Dorfgemeinschaftsfestes, die AG Eschringer Vereine e. V., nach der Mittagspause \u201ebaden gegangen\u201c. Ohne Unterbrechung regnete in Str\u00f6men; das Konzert mit SAARBRUCK LIBRE musste abgesagt werden; der Erl\u00f6s des feuchten Festes hielt sich in Grenzen.<br \/>\nWie w\u00fcrde es also an Christi Himmelfahrt laufen? Am Vortag konnten sich jedenfalls die Aufbauhelfer \u00fcber trockenes Wetter freuen; dank reger Teilnahme der aktiven Vereine waren Zelte und Buden im vorgesehenen Zeitplan aufgebaut. Am Festtag selbst war es morgens frisch, und der Himmel bedeckt. Wird es wenigstens trocken bleiben? Die letzten Vorbereitungen konnten abgewickelt werden; gegen 11 Uhr trafen die ersten G\u00e4ste auf dem Festplatz im Pfaffeneck ein: u. a. auch bekannte Gesichter wie Pfarrer i. R. Fridolin Flieger und Bezirksb\u00fcrgermeister Daniel Bollig. AG-Vorsitzender Arno Schmitt blickte zufrieden zum fast wolkenlosen Himmel, begr\u00fc\u00dfte die G\u00e4ste, gab einen \u00dcberblick \u00fcber den Programmablauf und setzte den Startschuss f\u00fcr das Fr\u00fchschoppenkonzert, das der MV \u201eLyra\u201c unter der Leitung von Dirigent J\u00fcrgen Nisius wie gewohnt souver\u00e4n bestritt.<br \/>\n<img data-recalc-dims=\"1\" loading=\"lazy\" decoding=\"async\" class=\"alignright\" src=\"https:\/\/i0.wp.com\/eschringen.de\/wordpress\/wp-content\/uploads\/2024\/11\/IMG_6211.jpg?resize=400%2C300&#038;ssl=1\" width=\"400\" height=\"300\" align=\"right\" border=\"0\" hspace=\"5\" vspace=\"5\">Derweil schien sich das sch\u00f6ne Mai-Wetter \u201efestzusetzen\u201c, und immer mehr Besucher aus unserem Dorf und den Nachbarorten \u2013 vor allem Ensheim und Fechingen \u2013 str\u00f6mten auf den malerischen Festplatz. Die Zeit war auch reif, denn der NABU hatte das Mittagessen inzwischen ausgabefertig. Weitere illustre G\u00e4ste konnten begr\u00fc\u00dft werden: Roland Hamen, der ehemalige B\u00fcrgermeister der lothringischen Partnergemeinde Escherange mit Gattin, und auch die ehemalige Bezirksb\u00fcrgermeisterin und jetzige Bundestagsabgeordnete Annette H\u00fcbinger.. Die gute Stimmung hielt weiter an, denn der blaue Himmel blieb fast wolkenlos. Die Essensportionen waren im Nu weggeputzt, \u00e4hnlich sah es beim von KFD und Kirchenchor betreuten Kaffee- und Kuchenb\u00fcffett aus. Wo der Magen noch weiter knurrte, der konnte aber auf Rost- und Currywurst bei, CDU-Stand zur\u00fcckgreifen. Die Pommes-frites-Rationen waren jedoch am sp\u00e4ten Nachmittag \u201eersch\u00f6pft\u201c. Nicht nur Vegetarier hatten eine Alternative mit dem R\u00f6mer-Kr\u00e4uterk\u00e4se-Snack \u201eMoretum\u201c, der am Info-Stand der Geschichtswerkstatt angeboten wurde. Dort konnte man auch Postkarten und \u201eEschringer Hefte\u201c erwerben. F\u00fcr eine reichhaltige Getr\u00e4nke-Palette sorgten die Freiwillige Feuerwehr und der Vdk mit seinem Stand, der eine gro\u00dfe Auswahl an Weinen offerierte. Damit im Nachhinein das Geschirr blitzsauber wurde, hatte der SPD-Ortsverband ein flei\u00dfiges Sp\u00fclteam zusammengestellt.<br \/>\n<img data-recalc-dims=\"1\" loading=\"lazy\" decoding=\"async\" class=\"alignleft\" src=\"https:\/\/i0.wp.com\/eschringen.de\/wordpress\/wp-content\/uploads\/2024\/11\/IMG_6210.jpg?resize=400%2C300&#038;ssl=1\" width=\"400\" height=\"300\" align=\"left\" border=\"0\" hspace=\"5\" vspace=\"5\">Nat\u00fcrlich blieb es nicht nur beim Essen, Trinken und \u201eSprooche\u201c, sondern die Festg\u00e4ste konnten sich auch aktiv beim Boule und Torwandschie\u00dfen verausgaben, organisiert vom TuS und Fu\u00dfballf\u00f6rderverein. Engagierte Werbung f\u00fcr die Jugendfeuerwehr sprach vor allem das junge Publikum an; dabei kamen auch verschiedene Fahrzeuge zum Einsatz.<br \/>\nAm Sp\u00e4tmittag sollte dann eigentlich Silke mit ihren Songs auftreten, doch ihre Stimme war stark angegriffen und ein Gesangsauftritt somit nicht m\u00f6glich. Ganz ohne Live-Musik sollte das Dorfgemeinschaftsfest aber nicht ausklingen \u2013 im Gegenteil: PHEBUS RAYS&#8216; hatten ein abwechslungsreiches Repertoire an bekannten Hits zusammengestellt und Annika &amp; Christian \u00fcberzeugten mit exquisiten \u201eHarmony vocals\u201c, also fein abgestimmtem zweistimmigen Gesang. F\u00fcr den guten Sound sorgte in bew\u00e4hrter Manier Andy Moog.<br \/>\nSo langsam wurde es k\u00fchler, und nach und nach leerte sich der Festplatz. Einige Unentwegte blieben noch bis gegen 22 Uhr, dann war ein rundum gelungener Festtag vorbei, der vielen G\u00e4sten und Akteuren in Erinnerung bleiben wird. Auf ein Neues 2014!<\/p>\n<p>P.S. AG-Vorsitzender Arno Schmitt dankt im Namen des Vorstandes herzlich allen Helferinnen und Helfern, die zum Gelingen des Dorfgemeinschaftsfestes beigetragen haben.<\/p>\n","protected":false},"excerpt":{"rendered":"<p>Wird es wieder regnen, bleibt es trocken, oder ist mit wechselhaftem Wetter zu rechnen? Der seit Tagen beobachtete Wetterbericht lie\u00df eher Durchwachsenes erwarten. Vor zwei Jahren war der Ausrichter des Dorfgemeinschaftsfestes, die AG Eschringer Vereine e. V., nach der Mittagspause \u201ebaden gegangen\u201c. Ohne Unterbrechung regnete in Str\u00f6men; das Konzert mit SAARBRUCK LIBRE musste abgesagt werden; &#8230; <a title=\"17.05.2012: Ein echter Volltreffer: das 3. Dorfgemeinschaftsfest\" class=\"read-more\" href=\"https:\/\/eschringen.de\/wordpress\/geschichte\/archiv\/17-05-2012-ein-echter-volltreffer-das-3-dorfgemeinschaftsfest\/\" aria-label=\"Mehr Informationen \u00fcber 17.05.2012: Ein echter Volltreffer: das 3. Dorfgemeinschaftsfest\">Weiterlesen &#8230;<\/a><\/p>\n","protected":false},"author":1,"featured_media":0,"parent":403,"menu_order":13,"comment_status":"closed","ping_status":"closed","template":"","meta":{"ngg_post_thumbnail":0,"footnotes":""},"class_list":["post-786","page","type-page","status-publish"],"yoast_head":"<!-- This site is optimized with the Yoast SEO plugin v27.4 - https:\/\/yoast.com\/product\/yoast-seo-wordpress\/ -->\n<title>17.05.2012: Ein echter Volltreffer: das 3. Dorfgemeinschaftsfest - Eschringen<\/title>\n<meta name=\"robots\" content=\"index, follow, max-snippet:-1, max-image-preview:large, max-video-preview:-1\" \/>\n<link rel=\"canonical\" href=\"https:\/\/eschringen.de\/wordpress\/geschichte\/archiv\/17-05-2012-ein-echter-volltreffer-das-3-dorfgemeinschaftsfest\/\" \/>\n<meta property=\"og:locale\" content=\"de_DE\" \/>\n<meta property=\"og:type\" content=\"article\" \/>\n<meta property=\"og:title\" content=\"17.05.2012: Ein echter Volltreffer: das 3. Dorfgemeinschaftsfest - Eschringen\" \/>\n<meta property=\"og:description\" content=\"Wird es wieder regnen, bleibt es trocken, oder ist mit wechselhaftem Wetter zu rechnen? Der seit Tagen beobachtete Wetterbericht lie\u00df eher Durchwachsenes erwarten. Vor zwei Jahren war der Ausrichter des Dorfgemeinschaftsfestes, die AG Eschringer Vereine e. V., nach der Mittagspause \u201ebaden gegangen\u201c. Ohne Unterbrechung regnete in Str\u00f6men; das Konzert mit SAARBRUCK LIBRE musste abgesagt werden; ... Weiterlesen ...\" \/>\n<meta property=\"og:url\" content=\"https:\/\/eschringen.de\/wordpress\/geschichte\/archiv\/17-05-2012-ein-echter-volltreffer-das-3-dorfgemeinschaftsfest\/\" \/>\n<meta property=\"og:site_name\" content=\"Eschringen\" \/>\n<meta property=\"article:modified_time\" content=\"2024-11-24T11:51:45+00:00\" \/>\n<meta property=\"og:image\" content=\"https:\/\/eschringen.de\/wordpress\/wp-content\/uploads\/2024\/11\/IMG_6213.jpg\" \/>\n<meta name=\"twitter:card\" content=\"summary_large_image\" \/>\n<meta name=\"twitter:label1\" content=\"Gesch\u00e4tzte Lesezeit\" \/>\n\t<meta name=\"twitter:data1\" content=\"4\u00a0Minuten\" \/>\n<script type=\"application\/ld+json\" class=\"yoast-schema-graph\">{\"@context\":\"https:\\\/\\\/schema.org\",\"@graph\":[{\"@type\":\"WebPage\",\"@id\":\"https:\\\/\\\/eschringen.de\\\/wordpress\\\/geschichte\\\/archiv\\\/17-05-2012-ein-echter-volltreffer-das-3-dorfgemeinschaftsfest\\\/\",\"url\":\"https:\\\/\\\/eschringen.de\\\/wordpress\\\/geschichte\\\/archiv\\\/17-05-2012-ein-echter-volltreffer-das-3-dorfgemeinschaftsfest\\\/\",\"name\":\"17.05.2012: Ein echter Volltreffer: das 3. Dorfgemeinschaftsfest - Eschringen\",\"isPartOf\":{\"@id\":\"https:\\\/\\\/eschringen.de\\\/wordpress\\\/#website\"},\"primaryImageOfPage\":{\"@id\":\"https:\\\/\\\/eschringen.de\\\/wordpress\\\/geschichte\\\/archiv\\\/17-05-2012-ein-echter-volltreffer-das-3-dorfgemeinschaftsfest\\\/#primaryimage\"},\"image\":{\"@id\":\"https:\\\/\\\/eschringen.de\\\/wordpress\\\/geschichte\\\/archiv\\\/17-05-2012-ein-echter-volltreffer-das-3-dorfgemeinschaftsfest\\\/#primaryimage\"},\"thumbnailUrl\":\"https:\\\/\\\/eschringen.de\\\/wordpress\\\/wp-content\\\/uploads\\\/2024\\\/11\\\/IMG_6213.jpg\",\"datePublished\":\"2017-02-17T12:50:09+00:00\",\"dateModified\":\"2024-11-24T11:51:45+00:00\",\"breadcrumb\":{\"@id\":\"https:\\\/\\\/eschringen.de\\\/wordpress\\\/geschichte\\\/archiv\\\/17-05-2012-ein-echter-volltreffer-das-3-dorfgemeinschaftsfest\\\/#breadcrumb\"},\"inLanguage\":\"de\",\"potentialAction\":[{\"@type\":\"ReadAction\",\"target\":[\"https:\\\/\\\/eschringen.de\\\/wordpress\\\/geschichte\\\/archiv\\\/17-05-2012-ein-echter-volltreffer-das-3-dorfgemeinschaftsfest\\\/\"]}]},{\"@type\":\"ImageObject\",\"inLanguage\":\"de\",\"@id\":\"https:\\\/\\\/eschringen.de\\\/wordpress\\\/geschichte\\\/archiv\\\/17-05-2012-ein-echter-volltreffer-das-3-dorfgemeinschaftsfest\\\/#primaryimage\",\"url\":\"https:\\\/\\\/i0.wp.com\\\/eschringen.de\\\/wordpress\\\/wp-content\\\/uploads\\\/2024\\\/11\\\/IMG_6213.jpg?fit=400%2C300&ssl=1\",\"contentUrl\":\"https:\\\/\\\/i0.wp.com\\\/eschringen.de\\\/wordpress\\\/wp-content\\\/uploads\\\/2024\\\/11\\\/IMG_6213.jpg?fit=400%2C300&ssl=1\",\"width\":400,\"height\":300},{\"@type\":\"BreadcrumbList\",\"@id\":\"https:\\\/\\\/eschringen.de\\\/wordpress\\\/geschichte\\\/archiv\\\/17-05-2012-ein-echter-volltreffer-das-3-dorfgemeinschaftsfest\\\/#breadcrumb\",\"itemListElement\":[{\"@type\":\"ListItem\",\"position\":1,\"name\":\"Startseite\",\"item\":\"https:\\\/\\\/eschringen.de\\\/wordpress\\\/\"},{\"@type\":\"ListItem\",\"position\":2,\"name\":\"Geschichte\",\"item\":\"https:\\\/\\\/eschringen.de\\\/wordpress\\\/geschichte\\\/\"},{\"@type\":\"ListItem\",\"position\":3,\"name\":\"Archiv\",\"item\":\"https:\\\/\\\/eschringen.de\\\/wordpress\\\/geschichte\\\/archiv\\\/\"},{\"@type\":\"ListItem\",\"position\":4,\"name\":\"17.05.2012: Ein echter Volltreffer: das 3. Dorfgemeinschaftsfest\"}]},{\"@type\":\"WebSite\",\"@id\":\"https:\\\/\\\/eschringen.de\\\/wordpress\\\/#website\",\"url\":\"https:\\\/\\\/eschringen.de\\\/wordpress\\\/\",\"name\":\"Eschringen\",\"description\":\"\",\"publisher\":{\"@id\":\"https:\\\/\\\/eschringen.de\\\/wordpress\\\/#organization\"},\"potentialAction\":[{\"@type\":\"SearchAction\",\"target\":{\"@type\":\"EntryPoint\",\"urlTemplate\":\"https:\\\/\\\/eschringen.de\\\/wordpress\\\/?s={search_term_string}\"},\"query-input\":{\"@type\":\"PropertyValueSpecification\",\"valueRequired\":true,\"valueName\":\"search_term_string\"}}],\"inLanguage\":\"de\"},{\"@type\":\"Organization\",\"@id\":\"https:\\\/\\\/eschringen.de\\\/wordpress\\\/#organization\",\"name\":\"Eschringen\",\"url\":\"https:\\\/\\\/eschringen.de\\\/wordpress\\\/\",\"logo\":{\"@type\":\"ImageObject\",\"inLanguage\":\"de\",\"@id\":\"https:\\\/\\\/eschringen.de\\\/wordpress\\\/#\\\/schema\\\/logo\\\/image\\\/\",\"url\":\"https:\\\/\\\/eschringen.de\\\/wordpress\\\/wp-content\\\/uploads\\\/2017\\\/03\\\/2017_kw15.jpg\",\"contentUrl\":\"https:\\\/\\\/eschringen.de\\\/wordpress\\\/wp-content\\\/uploads\\\/2017\\\/03\\\/2017_kw15.jpg\",\"width\":784,\"height\":447,\"caption\":\"Eschringen\"},\"image\":{\"@id\":\"https:\\\/\\\/eschringen.de\\\/wordpress\\\/#\\\/schema\\\/logo\\\/image\\\/\"}}]}<\/script>\n<!-- \/ Yoast SEO plugin. -->","yoast_head_json":{"title":"17.05.2012: Ein echter Volltreffer: das 3. Dorfgemeinschaftsfest - Eschringen","robots":{"index":"index","follow":"follow","max-snippet":"max-snippet:-1","max-image-preview":"max-image-preview:large","max-video-preview":"max-video-preview:-1"},"canonical":"https:\/\/eschringen.de\/wordpress\/geschichte\/archiv\/17-05-2012-ein-echter-volltreffer-das-3-dorfgemeinschaftsfest\/","og_locale":"de_DE","og_type":"article","og_title":"17.05.2012: Ein echter Volltreffer: das 3. Dorfgemeinschaftsfest - Eschringen","og_description":"Wird es wieder regnen, bleibt es trocken, oder ist mit wechselhaftem Wetter zu rechnen? Der seit Tagen beobachtete Wetterbericht lie\u00df eher Durchwachsenes erwarten. Vor zwei Jahren war der Ausrichter des Dorfgemeinschaftsfestes, die AG Eschringer Vereine e. V., nach der Mittagspause \u201ebaden gegangen\u201c. Ohne Unterbrechung regnete in Str\u00f6men; das Konzert mit SAARBRUCK LIBRE musste abgesagt werden; ... Weiterlesen ...","og_url":"https:\/\/eschringen.de\/wordpress\/geschichte\/archiv\/17-05-2012-ein-echter-volltreffer-das-3-dorfgemeinschaftsfest\/","og_site_name":"Eschringen","article_modified_time":"2024-11-24T11:51:45+00:00","og_image":[{"url":"https:\/\/eschringen.de\/wordpress\/wp-content\/uploads\/2024\/11\/IMG_6213.jpg","type":"","width":"","height":""}],"twitter_card":"summary_large_image","twitter_misc":{"Gesch\u00e4tzte Lesezeit":"4\u00a0Minuten"},"schema":{"@context":"https:\/\/schema.org","@graph":[{"@type":"WebPage","@id":"https:\/\/eschringen.de\/wordpress\/geschichte\/archiv\/17-05-2012-ein-echter-volltreffer-das-3-dorfgemeinschaftsfest\/","url":"https:\/\/eschringen.de\/wordpress\/geschichte\/archiv\/17-05-2012-ein-echter-volltreffer-das-3-dorfgemeinschaftsfest\/","name":"17.05.2012: Ein echter Volltreffer: das 3. Dorfgemeinschaftsfest - Eschringen","isPartOf":{"@id":"https:\/\/eschringen.de\/wordpress\/#website"},"primaryImageOfPage":{"@id":"https:\/\/eschringen.de\/wordpress\/geschichte\/archiv\/17-05-2012-ein-echter-volltreffer-das-3-dorfgemeinschaftsfest\/#primaryimage"},"image":{"@id":"https:\/\/eschringen.de\/wordpress\/geschichte\/archiv\/17-05-2012-ein-echter-volltreffer-das-3-dorfgemeinschaftsfest\/#primaryimage"},"thumbnailUrl":"https:\/\/eschringen.de\/wordpress\/wp-content\/uploads\/2024\/11\/IMG_6213.jpg","datePublished":"2017-02-17T12:50:09+00:00","dateModified":"2024-11-24T11:51:45+00:00","breadcrumb":{"@id":"https:\/\/eschringen.de\/wordpress\/geschichte\/archiv\/17-05-2012-ein-echter-volltreffer-das-3-dorfgemeinschaftsfest\/#breadcrumb"},"inLanguage":"de","potentialAction":[{"@type":"ReadAction","target":["https:\/\/eschringen.de\/wordpress\/geschichte\/archiv\/17-05-2012-ein-echter-volltreffer-das-3-dorfgemeinschaftsfest\/"]}]},{"@type":"ImageObject","inLanguage":"de","@id":"https:\/\/eschringen.de\/wordpress\/geschichte\/archiv\/17-05-2012-ein-echter-volltreffer-das-3-dorfgemeinschaftsfest\/#primaryimage","url":"https:\/\/i0.wp.com\/eschringen.de\/wordpress\/wp-content\/uploads\/2024\/11\/IMG_6213.jpg?fit=400%2C300&ssl=1","contentUrl":"https:\/\/i0.wp.com\/eschringen.de\/wordpress\/wp-content\/uploads\/2024\/11\/IMG_6213.jpg?fit=400%2C300&ssl=1","width":400,"height":300},{"@type":"BreadcrumbList","@id":"https:\/\/eschringen.de\/wordpress\/geschichte\/archiv\/17-05-2012-ein-echter-volltreffer-das-3-dorfgemeinschaftsfest\/#breadcrumb","itemListElement":[{"@type":"ListItem","position":1,"name":"Startseite","item":"https:\/\/eschringen.de\/wordpress\/"},{"@type":"ListItem","position":2,"name":"Geschichte","item":"https:\/\/eschringen.de\/wordpress\/geschichte\/"},{"@type":"ListItem","position":3,"name":"Archiv","item":"https:\/\/eschringen.de\/wordpress\/geschichte\/archiv\/"},{"@type":"ListItem","position":4,"name":"17.05.2012: Ein echter Volltreffer: das 3. Dorfgemeinschaftsfest"}]},{"@type":"WebSite","@id":"https:\/\/eschringen.de\/wordpress\/#website","url":"https:\/\/eschringen.de\/wordpress\/","name":"Eschringen","description":"","publisher":{"@id":"https:\/\/eschringen.de\/wordpress\/#organization"},"potentialAction":[{"@type":"SearchAction","target":{"@type":"EntryPoint","urlTemplate":"https:\/\/eschringen.de\/wordpress\/?s={search_term_string}"},"query-input":{"@type":"PropertyValueSpecification","valueRequired":true,"valueName":"search_term_string"}}],"inLanguage":"de"},{"@type":"Organization","@id":"https:\/\/eschringen.de\/wordpress\/#organization","name":"Eschringen","url":"https:\/\/eschringen.de\/wordpress\/","logo":{"@type":"ImageObject","inLanguage":"de","@id":"https:\/\/eschringen.de\/wordpress\/#\/schema\/logo\/image\/","url":"https:\/\/eschringen.de\/wordpress\/wp-content\/uploads\/2017\/03\/2017_kw15.jpg","contentUrl":"https:\/\/eschringen.de\/wordpress\/wp-content\/uploads\/2017\/03\/2017_kw15.jpg","width":784,"height":447,"caption":"Eschringen"},"image":{"@id":"https:\/\/eschringen.de\/wordpress\/#\/schema\/logo\/image\/"}}]}},"jetpack_sharing_enabled":true,"_links":{"self":[{"href":"https:\/\/eschringen.de\/wordpress\/wp-json\/wp\/v2\/pages\/786","targetHints":{"allow":["GET"]}}],"collection":[{"href":"https:\/\/eschringen.de\/wordpress\/wp-json\/wp\/v2\/pages"}],"about":[{"href":"https:\/\/eschringen.de\/wordpress\/wp-json\/wp\/v2\/types\/page"}],"author":[{"embeddable":true,"href":"https:\/\/eschringen.de\/wordpress\/wp-json\/wp\/v2\/users\/1"}],"replies":[{"embeddable":true,"href":"https:\/\/eschringen.de\/wordpress\/wp-json\/wp\/v2\/comments?post=786"}],"version-history":[{"count":2,"href":"https:\/\/eschringen.de\/wordpress\/wp-json\/wp\/v2\/pages\/786\/revisions"}],"predecessor-version":[{"id":4756,"href":"https:\/\/eschringen.de\/wordpress\/wp-json\/wp\/v2\/pages\/786\/revisions\/4756"}],"up":[{"embeddable":true,"href":"https:\/\/eschringen.de\/wordpress\/wp-json\/wp\/v2\/pages\/403"}],"wp:attachment":[{"href":"https:\/\/eschringen.de\/wordpress\/wp-json\/wp\/v2\/media?parent=786"}],"curies":[{"name":"wp","href":"https:\/\/api.w.org\/{rel}","templated":true}]}}