{"id":693,"date":"2017-02-13T13:51:53","date_gmt":"2017-02-13T12:51:53","guid":{"rendered":"http:\/\/eschringen.de\/wordpress\/?page_id=693"},"modified":"2017-02-13T13:51:53","modified_gmt":"2017-02-13T12:51:53","slug":"foerderkreis-jugendfussball-e-v","status":"publish","type":"page","link":"https:\/\/eschringen.de\/wordpress\/die-menschen\/vereine\/foerderkreis-jugendfussball-e-v\/","title":{"rendered":"F\u00f6rderkreis Jugendfussball e.V."},"content":{"rendered":"<p>Im Jahre 2003 wurde in einer konstituierenden Sitzung der F\u00f6rderkreis der Abteilung Jugendfu\u00dfball des Turn- und Sportvereins Eschringen 1910 e.V.gegr\u00fcndet. Unser F\u00f6rderkreis hat das Ziel, die sportliche Jugendarbeit und somit die soziale Integration der Kinder und Jugendlichen beim TuS Eschringen und dessen Spielgemeinschaften zu f\u00f6rdern.&nbsp;<\/p>\n<table cellspacing=\"0\" border=\"0\" align=\"right\">\n<tbody>\n<tr>\n<td><img data-recalc-dims=\"1\" loading=\"lazy\" decoding=\"async\" src=\"https:\/\/i0.wp.com\/www.eschringen.de\/cms\/upload\/bilder\/vereine\/jffv.jpg?resize=312%2C272\" hspace=\"7\" height=\"272\" border=\"0\" align=\"right\" width=\"312\" vspace=\"3\"><\/td>\n<\/tr>\n<\/tbody>\n<\/table>\n<p><span style=\"color: #ff0000;\"><strong>Der Verein wurde 2015 aufgel\u00f6st<\/strong><\/span><\/p>\n<p>Der F\u00f6rderkreis steht und f\u00e4llt mit Mitgliedsbeitr\u00e4gen. Die Gelder d\u00fcrfen nur satzungsgem\u00e4\u00df verwendet werden. Dies bedeutet ideelle und materielle Unterst\u00fctzung der Jugendfu\u00dfballabteilung des TuS Eschringen. Insbesondere beteiligen wir uns an Veranstaltungen, der Beschaffung von Trainingsmitteln sowie Ausfl\u00fcgen und Fahrten zu Turnieren. Weiterhin stellen wir Preise und Geschenke aus besonderen Anl\u00e4ssen zur Verf\u00fcgung. Wir sind ins Vereinsregister des Amtsgerichtes Saarbr\u00fccken eingetragen. Das Finanzamt Saarbr\u00fccken hat uns die Gemeinn\u00fctzigkeit im Sinne der Abgabenordnung attestiert. Das bedeutet, dass Spenden absetzbar sind.<br \/>\nUnterst\u00fctzen auch Sie die Jugendfu\u00dfballerinnen und Jugendfu\u00dfballer des TuS Eschringen. Werden Sie Mitglied in unserem Verein und\/oder spenden Sie.<br \/>\nKontakt: Stefan P\u00f6nicke,&nbsp;&nbsp;Sittersweg 42,&nbsp;&nbsp;T: 06893 &#8211; 3028,&nbsp;&nbsp;66130 Saarbr\u00fccken<br \/>\nE-Mail: <a href=\"mailto:poeni.family@t-online.de\">poeni.family@t-online.de<\/a><\/p>\n<p>&nbsp;<\/p>\n<p><a href=\"http:\/\/eschringen.de\/wordpress\/die-menschen\/vereine\/\">zur\u00fcck zur \u00dcbersicht<\/a><\/p>\n","protected":false},"excerpt":{"rendered":"<p>Im Jahre 2003 wurde in einer konstituierenden Sitzung der F\u00f6rderkreis der Abteilung Jugendfu\u00dfball des Turn- und Sportvereins Eschringen 1910 e.V.gegr\u00fcndet. Unser F\u00f6rderkreis hat das Ziel, die sportliche Jugendarbeit und somit die soziale Integration der Kinder und Jugendlichen beim TuS Eschringen und dessen Spielgemeinschaften zu f\u00f6rdern.&nbsp; Der Verein wurde 2015 aufgel\u00f6st Der F\u00f6rderkreis steht und f\u00e4llt &#8230; <a title=\"F\u00f6rderkreis Jugendfussball e.V.\" class=\"read-more\" href=\"https:\/\/eschringen.de\/wordpress\/die-menschen\/vereine\/foerderkreis-jugendfussball-e-v\/\" aria-label=\"Mehr Informationen \u00fcber F\u00f6rderkreis Jugendfussball e.V.\">Weiterlesen &#8230;<\/a><\/p>\n","protected":false},"author":1,"featured_media":0,"parent":228,"menu_order":24,"comment_status":"closed","ping_status":"closed","template":"","meta":{"ngg_post_thumbnail":0,"footnotes":""},"class_list":["post-693","page","type-page","status-publish"],"yoast_head":"<!-- This site is optimized with the Yoast SEO plugin v27.4 - https:\/\/yoast.com\/product\/yoast-seo-wordpress\/ -->\n<title>F\u00f6rderkreis Jugendfussball e.V. - Eschringen<\/title>\n<meta name=\"robots\" content=\"index, follow, max-snippet:-1, max-image-preview:large, max-video-preview:-1\" \/>\n<link rel=\"canonical\" href=\"https:\/\/eschringen.de\/wordpress\/die-menschen\/vereine\/foerderkreis-jugendfussball-e-v\/\" \/>\n<meta property=\"og:locale\" content=\"de_DE\" \/>\n<meta property=\"og:type\" content=\"article\" \/>\n<meta property=\"og:title\" content=\"F\u00f6rderkreis Jugendfussball e.V. - Eschringen\" \/>\n<meta property=\"og:description\" content=\"Im Jahre 2003 wurde in einer konstituierenden Sitzung der F\u00f6rderkreis der Abteilung Jugendfu\u00dfball des Turn- und Sportvereins Eschringen 1910 e.V.gegr\u00fcndet. Unser F\u00f6rderkreis hat das Ziel, die sportliche Jugendarbeit und somit die soziale Integration der Kinder und Jugendlichen beim TuS Eschringen und dessen Spielgemeinschaften zu f\u00f6rdern.&nbsp; Der Verein wurde 2015 aufgel\u00f6st Der F\u00f6rderkreis steht und f\u00e4llt ... Weiterlesen ...\" \/>\n<meta property=\"og:url\" content=\"https:\/\/eschringen.de\/wordpress\/die-menschen\/vereine\/foerderkreis-jugendfussball-e-v\/\" \/>\n<meta property=\"og:site_name\" content=\"Eschringen\" \/>\n<meta property=\"og:image\" content=\"http:\/\/www.eschringen.de\/cms\/upload\/bilder\/vereine\/jffv.jpg\" \/>\n<meta name=\"twitter:card\" content=\"summary_large_image\" \/>\n<meta name=\"twitter:label1\" content=\"Gesch\u00e4tzte Lesezeit\" \/>\n\t<meta name=\"twitter:data1\" content=\"1\u00a0Minute\" \/>\n<script type=\"application\/ld+json\" class=\"yoast-schema-graph\">{\"@context\":\"https:\\\/\\\/schema.org\",\"@graph\":[{\"@type\":\"WebPage\",\"@id\":\"https:\\\/\\\/eschringen.de\\\/wordpress\\\/die-menschen\\\/vereine\\\/foerderkreis-jugendfussball-e-v\\\/\",\"url\":\"https:\\\/\\\/eschringen.de\\\/wordpress\\\/die-menschen\\\/vereine\\\/foerderkreis-jugendfussball-e-v\\\/\",\"name\":\"F\u00f6rderkreis Jugendfussball e.V. - Eschringen\",\"isPartOf\":{\"@id\":\"https:\\\/\\\/eschringen.de\\\/wordpress\\\/#website\"},\"primaryImageOfPage\":{\"@id\":\"https:\\\/\\\/eschringen.de\\\/wordpress\\\/die-menschen\\\/vereine\\\/foerderkreis-jugendfussball-e-v\\\/#primaryimage\"},\"image\":{\"@id\":\"https:\\\/\\\/eschringen.de\\\/wordpress\\\/die-menschen\\\/vereine\\\/foerderkreis-jugendfussball-e-v\\\/#primaryimage\"},\"thumbnailUrl\":\"http:\\\/\\\/www.eschringen.de\\\/cms\\\/upload\\\/bilder\\\/vereine\\\/jffv.jpg\",\"datePublished\":\"2017-02-13T12:51:53+00:00\",\"breadcrumb\":{\"@id\":\"https:\\\/\\\/eschringen.de\\\/wordpress\\\/die-menschen\\\/vereine\\\/foerderkreis-jugendfussball-e-v\\\/#breadcrumb\"},\"inLanguage\":\"de\",\"potentialAction\":[{\"@type\":\"ReadAction\",\"target\":[\"https:\\\/\\\/eschringen.de\\\/wordpress\\\/die-menschen\\\/vereine\\\/foerderkreis-jugendfussball-e-v\\\/\"]}]},{\"@type\":\"ImageObject\",\"inLanguage\":\"de\",\"@id\":\"https:\\\/\\\/eschringen.de\\\/wordpress\\\/die-menschen\\\/vereine\\\/foerderkreis-jugendfussball-e-v\\\/#primaryimage\",\"url\":\"http:\\\/\\\/www.eschringen.de\\\/cms\\\/upload\\\/bilder\\\/vereine\\\/jffv.jpg\",\"contentUrl\":\"http:\\\/\\\/www.eschringen.de\\\/cms\\\/upload\\\/bilder\\\/vereine\\\/jffv.jpg\"},{\"@type\":\"BreadcrumbList\",\"@id\":\"https:\\\/\\\/eschringen.de\\\/wordpress\\\/die-menschen\\\/vereine\\\/foerderkreis-jugendfussball-e-v\\\/#breadcrumb\",\"itemListElement\":[{\"@type\":\"ListItem\",\"position\":1,\"name\":\"Startseite\",\"item\":\"https:\\\/\\\/eschringen.de\\\/wordpress\\\/\"},{\"@type\":\"ListItem\",\"position\":2,\"name\":\"Die Menschen\",\"item\":\"https:\\\/\\\/eschringen.de\\\/wordpress\\\/die-menschen\\\/\"},{\"@type\":\"ListItem\",\"position\":3,\"name\":\"Vereine\",\"item\":\"https:\\\/\\\/eschringen.de\\\/wordpress\\\/die-menschen\\\/vereine\\\/\"},{\"@type\":\"ListItem\",\"position\":4,\"name\":\"F\u00f6rderkreis Jugendfussball e.V.\"}]},{\"@type\":\"WebSite\",\"@id\":\"https:\\\/\\\/eschringen.de\\\/wordpress\\\/#website\",\"url\":\"https:\\\/\\\/eschringen.de\\\/wordpress\\\/\",\"name\":\"Eschringen\",\"description\":\"\",\"publisher\":{\"@id\":\"https:\\\/\\\/eschringen.de\\\/wordpress\\\/#organization\"},\"potentialAction\":[{\"@type\":\"SearchAction\",\"target\":{\"@type\":\"EntryPoint\",\"urlTemplate\":\"https:\\\/\\\/eschringen.de\\\/wordpress\\\/?s={search_term_string}\"},\"query-input\":{\"@type\":\"PropertyValueSpecification\",\"valueRequired\":true,\"valueName\":\"search_term_string\"}}],\"inLanguage\":\"de\"},{\"@type\":\"Organization\",\"@id\":\"https:\\\/\\\/eschringen.de\\\/wordpress\\\/#organization\",\"name\":\"Eschringen\",\"url\":\"https:\\\/\\\/eschringen.de\\\/wordpress\\\/\",\"logo\":{\"@type\":\"ImageObject\",\"inLanguage\":\"de\",\"@id\":\"https:\\\/\\\/eschringen.de\\\/wordpress\\\/#\\\/schema\\\/logo\\\/image\\\/\",\"url\":\"https:\\\/\\\/eschringen.de\\\/wordpress\\\/wp-content\\\/uploads\\\/2017\\\/03\\\/2017_kw15.jpg\",\"contentUrl\":\"https:\\\/\\\/eschringen.de\\\/wordpress\\\/wp-content\\\/uploads\\\/2017\\\/03\\\/2017_kw15.jpg\",\"width\":784,\"height\":447,\"caption\":\"Eschringen\"},\"image\":{\"@id\":\"https:\\\/\\\/eschringen.de\\\/wordpress\\\/#\\\/schema\\\/logo\\\/image\\\/\"}}]}<\/script>\n<!-- \/ Yoast SEO plugin. -->","yoast_head_json":{"title":"F\u00f6rderkreis Jugendfussball e.V. - Eschringen","robots":{"index":"index","follow":"follow","max-snippet":"max-snippet:-1","max-image-preview":"max-image-preview:large","max-video-preview":"max-video-preview:-1"},"canonical":"https:\/\/eschringen.de\/wordpress\/die-menschen\/vereine\/foerderkreis-jugendfussball-e-v\/","og_locale":"de_DE","og_type":"article","og_title":"F\u00f6rderkreis Jugendfussball e.V. - Eschringen","og_description":"Im Jahre 2003 wurde in einer konstituierenden Sitzung der F\u00f6rderkreis der Abteilung Jugendfu\u00dfball des Turn- und Sportvereins Eschringen 1910 e.V.gegr\u00fcndet. Unser F\u00f6rderkreis hat das Ziel, die sportliche Jugendarbeit und somit die soziale Integration der Kinder und Jugendlichen beim TuS Eschringen und dessen Spielgemeinschaften zu f\u00f6rdern.&nbsp; Der Verein wurde 2015 aufgel\u00f6st Der F\u00f6rderkreis steht und f\u00e4llt ... Weiterlesen ...","og_url":"https:\/\/eschringen.de\/wordpress\/die-menschen\/vereine\/foerderkreis-jugendfussball-e-v\/","og_site_name":"Eschringen","og_image":[{"url":"http:\/\/www.eschringen.de\/cms\/upload\/bilder\/vereine\/jffv.jpg","type":"","width":"","height":""}],"twitter_card":"summary_large_image","twitter_misc":{"Gesch\u00e4tzte Lesezeit":"1\u00a0Minute"},"schema":{"@context":"https:\/\/schema.org","@graph":[{"@type":"WebPage","@id":"https:\/\/eschringen.de\/wordpress\/die-menschen\/vereine\/foerderkreis-jugendfussball-e-v\/","url":"https:\/\/eschringen.de\/wordpress\/die-menschen\/vereine\/foerderkreis-jugendfussball-e-v\/","name":"F\u00f6rderkreis Jugendfussball e.V. - Eschringen","isPartOf":{"@id":"https:\/\/eschringen.de\/wordpress\/#website"},"primaryImageOfPage":{"@id":"https:\/\/eschringen.de\/wordpress\/die-menschen\/vereine\/foerderkreis-jugendfussball-e-v\/#primaryimage"},"image":{"@id":"https:\/\/eschringen.de\/wordpress\/die-menschen\/vereine\/foerderkreis-jugendfussball-e-v\/#primaryimage"},"thumbnailUrl":"http:\/\/www.eschringen.de\/cms\/upload\/bilder\/vereine\/jffv.jpg","datePublished":"2017-02-13T12:51:53+00:00","breadcrumb":{"@id":"https:\/\/eschringen.de\/wordpress\/die-menschen\/vereine\/foerderkreis-jugendfussball-e-v\/#breadcrumb"},"inLanguage":"de","potentialAction":[{"@type":"ReadAction","target":["https:\/\/eschringen.de\/wordpress\/die-menschen\/vereine\/foerderkreis-jugendfussball-e-v\/"]}]},{"@type":"ImageObject","inLanguage":"de","@id":"https:\/\/eschringen.de\/wordpress\/die-menschen\/vereine\/foerderkreis-jugendfussball-e-v\/#primaryimage","url":"http:\/\/www.eschringen.de\/cms\/upload\/bilder\/vereine\/jffv.jpg","contentUrl":"http:\/\/www.eschringen.de\/cms\/upload\/bilder\/vereine\/jffv.jpg"},{"@type":"BreadcrumbList","@id":"https:\/\/eschringen.de\/wordpress\/die-menschen\/vereine\/foerderkreis-jugendfussball-e-v\/#breadcrumb","itemListElement":[{"@type":"ListItem","position":1,"name":"Startseite","item":"https:\/\/eschringen.de\/wordpress\/"},{"@type":"ListItem","position":2,"name":"Die Menschen","item":"https:\/\/eschringen.de\/wordpress\/die-menschen\/"},{"@type":"ListItem","position":3,"name":"Vereine","item":"https:\/\/eschringen.de\/wordpress\/die-menschen\/vereine\/"},{"@type":"ListItem","position":4,"name":"F\u00f6rderkreis Jugendfussball e.V."}]},{"@type":"WebSite","@id":"https:\/\/eschringen.de\/wordpress\/#website","url":"https:\/\/eschringen.de\/wordpress\/","name":"Eschringen","description":"","publisher":{"@id":"https:\/\/eschringen.de\/wordpress\/#organization"},"potentialAction":[{"@type":"SearchAction","target":{"@type":"EntryPoint","urlTemplate":"https:\/\/eschringen.de\/wordpress\/?s={search_term_string}"},"query-input":{"@type":"PropertyValueSpecification","valueRequired":true,"valueName":"search_term_string"}}],"inLanguage":"de"},{"@type":"Organization","@id":"https:\/\/eschringen.de\/wordpress\/#organization","name":"Eschringen","url":"https:\/\/eschringen.de\/wordpress\/","logo":{"@type":"ImageObject","inLanguage":"de","@id":"https:\/\/eschringen.de\/wordpress\/#\/schema\/logo\/image\/","url":"https:\/\/eschringen.de\/wordpress\/wp-content\/uploads\/2017\/03\/2017_kw15.jpg","contentUrl":"https:\/\/eschringen.de\/wordpress\/wp-content\/uploads\/2017\/03\/2017_kw15.jpg","width":784,"height":447,"caption":"Eschringen"},"image":{"@id":"https:\/\/eschringen.de\/wordpress\/#\/schema\/logo\/image\/"}}]}},"jetpack_sharing_enabled":true,"_links":{"self":[{"href":"https:\/\/eschringen.de\/wordpress\/wp-json\/wp\/v2\/pages\/693","targetHints":{"allow":["GET"]}}],"collection":[{"href":"https:\/\/eschringen.de\/wordpress\/wp-json\/wp\/v2\/pages"}],"about":[{"href":"https:\/\/eschringen.de\/wordpress\/wp-json\/wp\/v2\/types\/page"}],"author":[{"embeddable":true,"href":"https:\/\/eschringen.de\/wordpress\/wp-json\/wp\/v2\/users\/1"}],"replies":[{"embeddable":true,"href":"https:\/\/eschringen.de\/wordpress\/wp-json\/wp\/v2\/comments?post=693"}],"version-history":[{"count":1,"href":"https:\/\/eschringen.de\/wordpress\/wp-json\/wp\/v2\/pages\/693\/revisions"}],"predecessor-version":[{"id":694,"href":"https:\/\/eschringen.de\/wordpress\/wp-json\/wp\/v2\/pages\/693\/revisions\/694"}],"up":[{"embeddable":true,"href":"https:\/\/eschringen.de\/wordpress\/wp-json\/wp\/v2\/pages\/228"}],"wp:attachment":[{"href":"https:\/\/eschringen.de\/wordpress\/wp-json\/wp\/v2\/media?parent=693"}],"curies":[{"name":"wp","href":"https:\/\/api.w.org\/{rel}","templated":true}]}}