{"id":691,"date":"2017-02-13T13:48:40","date_gmt":"2017-02-13T12:48:40","guid":{"rendered":"http:\/\/eschringen.de\/wordpress\/?page_id=691"},"modified":"2017-02-13T13:48:40","modified_gmt":"2017-02-13T12:48:40","slug":"foerderkreis-grundschule","status":"publish","type":"page","link":"https:\/\/eschringen.de\/wordpress\/die-menschen\/vereine\/foerderkreis-grundschule\/","title":{"rendered":"F\u00f6rderkreis Grundschule"},"content":{"rendered":"<p><span style=\"color: #990000;\"><strong>F\u00d6RDERKREIS DER GRUNDSCHULE ESCHRINGEN e.V. hat sich aufgel\u00f6st<\/strong><\/span><\/p>\n<p>Am Montag, den 29. August 2006, wurde der F\u00f6rderkreis der Grundschule Eschringen e.V. auf Grund der Schulschlie\u00dfung aufgel\u00f6st.<br \/>\nHier noch mal ein kurzer R\u00fcckblick: Gegr\u00fcndet wurde der Verein am 30.1.1998, Vorsitzender war damals Ferdi Schwartz. Initiiert wurde die Gr\u00fcndung gemeinsam von Eltern und Schulleitung mit dem Ziel, die p\u00e4dagogische Arbeit der Grundschule finanziell zu unterst\u00fctzen und eine schulische Nachbetreuung im Rahmen der &#8222;Freiwilligen Ganztagsschule&#8220; bis 14 Uhr einzurichten.<br \/>\nIn der Nachbetreuung gab es neben der Hausaufgabenbetreuung auch Spiel-, Turn- und Bastelangebote. Danke noch mal an alle Betreuerinnen, welche dieses Angebot sehr zur Zufriedenheit von Kindern und Eltern gestaltet haben. Der F\u00f6rderkreis unterst\u00fctzte die Schule bei der Anschaffung von Lehr- und Lernmitteln, au\u00dferdem wurde 2003 ein Computernetzwerk in der Grundschule eingerichtet. In den letzten beiden Schuljahren finanzierte der F\u00f6rderkreis dann eine w\u00f6chentliche Computerstunde f\u00fcr Kinder der 4.Klasse, geleitet von einer externen Fachkraft- welche begeistert angenommen wurde.<\/p>\n<p>Claudia Schlicker<\/p>\n<hr>\n<p><span style=\"color: #990000;\">Kontakt:<\/span> Claudia Schlicker, Hauptstrasse 1, 66130 Saarbr\u00fccken<\/p>\n<p>Tel: 0 68 93 \/ 7 05 97 &#8211; Fax: 0 68 93 \/ 8 01 05 85<\/p>\n<p>Der F\u00f6rderkreis der Grundschule Eschringen hat das Ziel der F\u00f6rderung von Bildung, Erziehung und Unterst\u00fctzung der p\u00e4dagogischen Arbeit an der Grundschule Eschringen. Au\u00dferdem ist er Tr\u00e4ger der nachschulischen Betreuung.<\/p>\n<p>Ein weiteres, leider zur Zeit sehr aktuelles Ziel,&nbsp;ist die Pflege der Tradition unserer Schule.<\/p>\n<p>Da unsere Schule zum n\u00e4chsten Schuljahr geschlossen werden soll, wenden wir uns hiermit an alle, die uns unterst\u00fctzen wollen: Setzt Euch f\u00fcr unsere Schule ein und unterst\u00fctzt die Aktionen der landesweiten Elterninitiative. Aktuelle Infos gibt es unter <a href=\"http:\/\/www.rettetdiegrundschulen.de\/\" target=\"_blank\">www.rettetdiegrundschulen.de<\/a>.<\/p>\n<hr>\n<p>An Alle, die noch nicht den Mut verloren haben, und sich aktiv f\u00fcr den Erhalt unserer Grundschule einsetzen m\u00f6chten:<br \/>\nVeranstaltungen zum Thema Grundschulschlie\u00dfungen:<\/p>\n<p><strong>Sonntag, 13.M\u00e4rz, 11 Uhr, CineStar Saarbr\u00fccken:<\/strong>Film &#8222;Treibh\u00e4user der Zukunft-Wie in Deutschland Schulen gelingen&#8220;; Vortrag und Gespr\u00e4ch mit Reinhard Kahl, dem Autor des Films; Journalist, Bildungsexperte und Autor der Wochenzeitung &#8222;Die Zeit&#8220;<br \/>\n<strong>Sonntag, 20.M\u00e4rz, 11 Uhr, Cine Star<\/strong>: Film siehe oben;anschlie\u00dfend Podiumsgespr\u00e4ch mit Klaus Kessler(GEW) und Herbert M\u00f6ser(SLLV)<br \/>\nBesucher f\u00fcr beide Filme bitte anmelden f\u00fcr Kino 11:0681\/389700<\/p>\n<p><strong>Montag, 14.M\u00e4rz, 16 Uhr, Stadtratssondersitzung in Dudweiler<\/strong> <strong>Samstag, 19.M\u00e4rz, 14 Uhr, Gro\u00dfveranstaltung Neunkirchen, Stummplatz<\/strong><\/p>\n<p><u>Ganz wichtig:<\/u><\/p>\n<p><strong>Samstag, 9.April ab 11 Uhr, Gro\u00dfkundgebung am Staatstheater<\/strong><br \/>\nDer F\u00f6rderkreis und die Elternvertretung der Grundschule Eschringen setzen sich f\u00fcr den Erhalt unserer Schule ein, solange es die Sch\u00fclerzahlen erlauben, Kombiklassen in sinnvoller Gr\u00f6\u00dfe zu bilden( mindestens 38-40 Sch\u00fcler). Mit diesen Sch\u00fclerzahlen k\u00f6nnte unsere Schule noch einige Jahre erhalten bleiben. Davon profitieren nicht nur die jetzigen und k\u00fcnftigen Sch\u00fcler und Eltern, sondern auch unsere Vereine sowie die gesamte Dorfgemeinschaft.<\/p>\n<p>F\u00fcr den F\u00f6rderkreis der Grundschule<br \/>\nClaudia Schlicker<\/p>\n<p><a href=\"http:\/\/eschringen.de\/wordpress\/die-menschen\/vereine\/\">zur\u00fcck zur \u00dcbersicht<\/a><\/p>\n","protected":false},"excerpt":{"rendered":"<p>F\u00d6RDERKREIS DER GRUNDSCHULE ESCHRINGEN e.V. hat sich aufgel\u00f6st Am Montag, den 29. August 2006, wurde der F\u00f6rderkreis der Grundschule Eschringen e.V. auf Grund der Schulschlie\u00dfung aufgel\u00f6st. Hier noch mal ein kurzer R\u00fcckblick: Gegr\u00fcndet wurde der Verein am 30.1.1998, Vorsitzender war damals Ferdi Schwartz. Initiiert wurde die Gr\u00fcndung gemeinsam von Eltern und Schulleitung mit dem Ziel, &#8230; <a title=\"F\u00f6rderkreis Grundschule\" class=\"read-more\" href=\"https:\/\/eschringen.de\/wordpress\/die-menschen\/vereine\/foerderkreis-grundschule\/\" aria-label=\"Mehr Informationen \u00fcber F\u00f6rderkreis Grundschule\">Weiterlesen &#8230;<\/a><\/p>\n","protected":false},"author":1,"featured_media":0,"parent":228,"menu_order":23,"comment_status":"closed","ping_status":"closed","template":"","meta":{"ngg_post_thumbnail":0,"footnotes":""},"class_list":["post-691","page","type-page","status-publish"],"yoast_head":"<!-- This site is optimized with the Yoast SEO plugin v27.4 - https:\/\/yoast.com\/product\/yoast-seo-wordpress\/ -->\n<title>F\u00f6rderkreis Grundschule - Eschringen<\/title>\n<meta name=\"robots\" content=\"index, follow, max-snippet:-1, max-image-preview:large, max-video-preview:-1\" \/>\n<link rel=\"canonical\" href=\"https:\/\/eschringen.de\/wordpress\/die-menschen\/vereine\/foerderkreis-grundschule\/\" \/>\n<meta property=\"og:locale\" content=\"de_DE\" \/>\n<meta property=\"og:type\" content=\"article\" \/>\n<meta property=\"og:title\" content=\"F\u00f6rderkreis Grundschule - Eschringen\" \/>\n<meta property=\"og:description\" content=\"F\u00d6RDERKREIS DER GRUNDSCHULE ESCHRINGEN e.V. hat sich aufgel\u00f6st Am Montag, den 29. August 2006, wurde der F\u00f6rderkreis der Grundschule Eschringen e.V. auf Grund der Schulschlie\u00dfung aufgel\u00f6st. Hier noch mal ein kurzer R\u00fcckblick: Gegr\u00fcndet wurde der Verein am 30.1.1998, Vorsitzender war damals Ferdi Schwartz. Initiiert wurde die Gr\u00fcndung gemeinsam von Eltern und Schulleitung mit dem Ziel, ... Weiterlesen ...\" \/>\n<meta property=\"og:url\" content=\"https:\/\/eschringen.de\/wordpress\/die-menschen\/vereine\/foerderkreis-grundschule\/\" \/>\n<meta property=\"og:site_name\" content=\"Eschringen\" \/>\n<meta name=\"twitter:card\" content=\"summary_large_image\" \/>\n<meta name=\"twitter:label1\" content=\"Gesch\u00e4tzte Lesezeit\" \/>\n\t<meta name=\"twitter:data1\" content=\"2\u00a0Minuten\" \/>\n<script type=\"application\/ld+json\" class=\"yoast-schema-graph\">{\"@context\":\"https:\\\/\\\/schema.org\",\"@graph\":[{\"@type\":\"WebPage\",\"@id\":\"https:\\\/\\\/eschringen.de\\\/wordpress\\\/die-menschen\\\/vereine\\\/foerderkreis-grundschule\\\/\",\"url\":\"https:\\\/\\\/eschringen.de\\\/wordpress\\\/die-menschen\\\/vereine\\\/foerderkreis-grundschule\\\/\",\"name\":\"F\u00f6rderkreis Grundschule - Eschringen\",\"isPartOf\":{\"@id\":\"https:\\\/\\\/eschringen.de\\\/wordpress\\\/#website\"},\"datePublished\":\"2017-02-13T12:48:40+00:00\",\"breadcrumb\":{\"@id\":\"https:\\\/\\\/eschringen.de\\\/wordpress\\\/die-menschen\\\/vereine\\\/foerderkreis-grundschule\\\/#breadcrumb\"},\"inLanguage\":\"de\",\"potentialAction\":[{\"@type\":\"ReadAction\",\"target\":[\"https:\\\/\\\/eschringen.de\\\/wordpress\\\/die-menschen\\\/vereine\\\/foerderkreis-grundschule\\\/\"]}]},{\"@type\":\"BreadcrumbList\",\"@id\":\"https:\\\/\\\/eschringen.de\\\/wordpress\\\/die-menschen\\\/vereine\\\/foerderkreis-grundschule\\\/#breadcrumb\",\"itemListElement\":[{\"@type\":\"ListItem\",\"position\":1,\"name\":\"Startseite\",\"item\":\"https:\\\/\\\/eschringen.de\\\/wordpress\\\/\"},{\"@type\":\"ListItem\",\"position\":2,\"name\":\"Die Menschen\",\"item\":\"https:\\\/\\\/eschringen.de\\\/wordpress\\\/die-menschen\\\/\"},{\"@type\":\"ListItem\",\"position\":3,\"name\":\"Vereine\",\"item\":\"https:\\\/\\\/eschringen.de\\\/wordpress\\\/die-menschen\\\/vereine\\\/\"},{\"@type\":\"ListItem\",\"position\":4,\"name\":\"F\u00f6rderkreis Grundschule\"}]},{\"@type\":\"WebSite\",\"@id\":\"https:\\\/\\\/eschringen.de\\\/wordpress\\\/#website\",\"url\":\"https:\\\/\\\/eschringen.de\\\/wordpress\\\/\",\"name\":\"Eschringen\",\"description\":\"\",\"publisher\":{\"@id\":\"https:\\\/\\\/eschringen.de\\\/wordpress\\\/#organization\"},\"potentialAction\":[{\"@type\":\"SearchAction\",\"target\":{\"@type\":\"EntryPoint\",\"urlTemplate\":\"https:\\\/\\\/eschringen.de\\\/wordpress\\\/?s={search_term_string}\"},\"query-input\":{\"@type\":\"PropertyValueSpecification\",\"valueRequired\":true,\"valueName\":\"search_term_string\"}}],\"inLanguage\":\"de\"},{\"@type\":\"Organization\",\"@id\":\"https:\\\/\\\/eschringen.de\\\/wordpress\\\/#organization\",\"name\":\"Eschringen\",\"url\":\"https:\\\/\\\/eschringen.de\\\/wordpress\\\/\",\"logo\":{\"@type\":\"ImageObject\",\"inLanguage\":\"de\",\"@id\":\"https:\\\/\\\/eschringen.de\\\/wordpress\\\/#\\\/schema\\\/logo\\\/image\\\/\",\"url\":\"https:\\\/\\\/eschringen.de\\\/wordpress\\\/wp-content\\\/uploads\\\/2017\\\/03\\\/2017_kw15.jpg\",\"contentUrl\":\"https:\\\/\\\/eschringen.de\\\/wordpress\\\/wp-content\\\/uploads\\\/2017\\\/03\\\/2017_kw15.jpg\",\"width\":784,\"height\":447,\"caption\":\"Eschringen\"},\"image\":{\"@id\":\"https:\\\/\\\/eschringen.de\\\/wordpress\\\/#\\\/schema\\\/logo\\\/image\\\/\"}}]}<\/script>\n<!-- \/ Yoast SEO plugin. -->","yoast_head_json":{"title":"F\u00f6rderkreis Grundschule - Eschringen","robots":{"index":"index","follow":"follow","max-snippet":"max-snippet:-1","max-image-preview":"max-image-preview:large","max-video-preview":"max-video-preview:-1"},"canonical":"https:\/\/eschringen.de\/wordpress\/die-menschen\/vereine\/foerderkreis-grundschule\/","og_locale":"de_DE","og_type":"article","og_title":"F\u00f6rderkreis Grundschule - Eschringen","og_description":"F\u00d6RDERKREIS DER GRUNDSCHULE ESCHRINGEN e.V. hat sich aufgel\u00f6st Am Montag, den 29. August 2006, wurde der F\u00f6rderkreis der Grundschule Eschringen e.V. auf Grund der Schulschlie\u00dfung aufgel\u00f6st. Hier noch mal ein kurzer R\u00fcckblick: Gegr\u00fcndet wurde der Verein am 30.1.1998, Vorsitzender war damals Ferdi Schwartz. Initiiert wurde die Gr\u00fcndung gemeinsam von Eltern und Schulleitung mit dem Ziel, ... Weiterlesen ...","og_url":"https:\/\/eschringen.de\/wordpress\/die-menschen\/vereine\/foerderkreis-grundschule\/","og_site_name":"Eschringen","twitter_card":"summary_large_image","twitter_misc":{"Gesch\u00e4tzte Lesezeit":"2\u00a0Minuten"},"schema":{"@context":"https:\/\/schema.org","@graph":[{"@type":"WebPage","@id":"https:\/\/eschringen.de\/wordpress\/die-menschen\/vereine\/foerderkreis-grundschule\/","url":"https:\/\/eschringen.de\/wordpress\/die-menschen\/vereine\/foerderkreis-grundschule\/","name":"F\u00f6rderkreis Grundschule - Eschringen","isPartOf":{"@id":"https:\/\/eschringen.de\/wordpress\/#website"},"datePublished":"2017-02-13T12:48:40+00:00","breadcrumb":{"@id":"https:\/\/eschringen.de\/wordpress\/die-menschen\/vereine\/foerderkreis-grundschule\/#breadcrumb"},"inLanguage":"de","potentialAction":[{"@type":"ReadAction","target":["https:\/\/eschringen.de\/wordpress\/die-menschen\/vereine\/foerderkreis-grundschule\/"]}]},{"@type":"BreadcrumbList","@id":"https:\/\/eschringen.de\/wordpress\/die-menschen\/vereine\/foerderkreis-grundschule\/#breadcrumb","itemListElement":[{"@type":"ListItem","position":1,"name":"Startseite","item":"https:\/\/eschringen.de\/wordpress\/"},{"@type":"ListItem","position":2,"name":"Die Menschen","item":"https:\/\/eschringen.de\/wordpress\/die-menschen\/"},{"@type":"ListItem","position":3,"name":"Vereine","item":"https:\/\/eschringen.de\/wordpress\/die-menschen\/vereine\/"},{"@type":"ListItem","position":4,"name":"F\u00f6rderkreis Grundschule"}]},{"@type":"WebSite","@id":"https:\/\/eschringen.de\/wordpress\/#website","url":"https:\/\/eschringen.de\/wordpress\/","name":"Eschringen","description":"","publisher":{"@id":"https:\/\/eschringen.de\/wordpress\/#organization"},"potentialAction":[{"@type":"SearchAction","target":{"@type":"EntryPoint","urlTemplate":"https:\/\/eschringen.de\/wordpress\/?s={search_term_string}"},"query-input":{"@type":"PropertyValueSpecification","valueRequired":true,"valueName":"search_term_string"}}],"inLanguage":"de"},{"@type":"Organization","@id":"https:\/\/eschringen.de\/wordpress\/#organization","name":"Eschringen","url":"https:\/\/eschringen.de\/wordpress\/","logo":{"@type":"ImageObject","inLanguage":"de","@id":"https:\/\/eschringen.de\/wordpress\/#\/schema\/logo\/image\/","url":"https:\/\/eschringen.de\/wordpress\/wp-content\/uploads\/2017\/03\/2017_kw15.jpg","contentUrl":"https:\/\/eschringen.de\/wordpress\/wp-content\/uploads\/2017\/03\/2017_kw15.jpg","width":784,"height":447,"caption":"Eschringen"},"image":{"@id":"https:\/\/eschringen.de\/wordpress\/#\/schema\/logo\/image\/"}}]}},"jetpack_sharing_enabled":true,"_links":{"self":[{"href":"https:\/\/eschringen.de\/wordpress\/wp-json\/wp\/v2\/pages\/691","targetHints":{"allow":["GET"]}}],"collection":[{"href":"https:\/\/eschringen.de\/wordpress\/wp-json\/wp\/v2\/pages"}],"about":[{"href":"https:\/\/eschringen.de\/wordpress\/wp-json\/wp\/v2\/types\/page"}],"author":[{"embeddable":true,"href":"https:\/\/eschringen.de\/wordpress\/wp-json\/wp\/v2\/users\/1"}],"replies":[{"embeddable":true,"href":"https:\/\/eschringen.de\/wordpress\/wp-json\/wp\/v2\/comments?post=691"}],"version-history":[{"count":1,"href":"https:\/\/eschringen.de\/wordpress\/wp-json\/wp\/v2\/pages\/691\/revisions"}],"predecessor-version":[{"id":692,"href":"https:\/\/eschringen.de\/wordpress\/wp-json\/wp\/v2\/pages\/691\/revisions\/692"}],"up":[{"embeddable":true,"href":"https:\/\/eschringen.de\/wordpress\/wp-json\/wp\/v2\/pages\/228"}],"wp:attachment":[{"href":"https:\/\/eschringen.de\/wordpress\/wp-json\/wp\/v2\/media?parent=691"}],"curies":[{"name":"wp","href":"https:\/\/api.w.org\/{rel}","templated":true}]}}