{"id":625,"date":"2017-02-12T15:13:53","date_gmt":"2017-02-12T14:13:53","guid":{"rendered":"http:\/\/eschringen.de\/wordpress\/?page_id=625"},"modified":"2024-11-24T12:17:00","modified_gmt":"2024-11-24T11:17:00","slug":"4-dorfgemeinschaftsfest-war-wieder-ein-hit","status":"publish","type":"page","link":"https:\/\/eschringen.de\/wordpress\/geschichte\/archiv\/4-dorfgemeinschaftsfest-war-wieder-ein-hit\/","title":{"rendered":"4. Dorfgemeinschaftsfest war wieder ein Hit!"},"content":{"rendered":"<p><img data-recalc-dims=\"1\" loading=\"lazy\" decoding=\"async\" class=\"aligncenter\" src=\"https:\/\/i0.wp.com\/eschringen.de\/wordpress\/wp-content\/uploads\/2024\/11\/DGF2014C.jpg?resize=800%2C451&#038;ssl=1\" width=\"800\" height=\"451\" border=\"0\" hspace=\"5\" vspace=\"5\"><br \/>\nEin \u201eKaiserwetter\u201c wie 2012 war angesichts der Prognosen nicht zu erwarten, gleichwohl blieb der Mai-Sonntag trocken und angenehm warm \u2013 also ideale Voraussetzungen f\u00fcr einen sch\u00f6nen Festtag. AG-Vorsitzender Arno Schmitt konnte schon wenige Tage sp\u00e4ter res\u00fcmieren: \u201e&#8230; das Fest ist vorbei, und es hat allen Besucher\/innen sehr gut gefallen. Mein Dank gilt allen Helfer\/innen, die sowohl beim Auf- und Abbau dabei waren wie auch den flei\u00dfigen H\u00e4nden w\u00e4hrend des Festes. Mit 14 F\u00e4ssern Bier haben wir einen neuen Verkaufsrekord erzielt!\u201c<br \/>\n<img data-recalc-dims=\"1\" loading=\"lazy\" decoding=\"async\" class=\"aligncenter\" src=\"https:\/\/i0.wp.com\/eschringen.de\/wordpress\/wp-content\/uploads\/2024\/11\/DGF2014A.jpg?resize=800%2C451&#038;ssl=1\" width=\"800\" height=\"451\" border=\"0\" hspace=\"5\" vspace=\"5\"><br \/>\nAb 11 Uhr spielte der Musikverein \u201eLyra\u201c auf, unterhielt das nach und nach wachsende Festpublikum rund drei Stunden auf beste Weise mit einem abwechslungsreichen Melodienmix.<br \/>\n<img data-recalc-dims=\"1\" loading=\"lazy\" decoding=\"async\" class=\"aligncenter\" src=\"https:\/\/i0.wp.com\/eschringen.de\/wordpress\/wp-content\/uploads\/2024\/11\/DGF2014E.jpg?resize=800%2C450&#038;ssl=1\" width=\"800\" height=\"450\" border=\"0\" hspace=\"5\" vspace=\"5\"><br \/>\nDerweil hatte die NABU-Ortsgruppe Eschringen-Ensheim sich schon auf die Ausgabe des Mittagessens vorbereitet. Im Angebot Rollbraten oder Gef\u00fcllte. F\u00fcr den kleineren Hunger gab\u2019s beim Stand des CDU-Ortsvereins Fritten und Rostwurst in verschiedenen Variationen. Verdursten musste nat\u00fcrlich auch keiner: Die Freiwillige Feuerwehr hatte den Bier- und Getr\u00e4nkestand unter sich, der VdK-Ortsverband bot pf\u00e4lzische Weinspezialit\u00e4ten an. Als AG-Neumitglied f\u00fchrte sich der FC Bayern-Fanclub um Martin Seyler u. a. mit dem Torwandschie\u00dfen ein, der TuS veranstaltete einen Boule-Wettbewerb, der jung und alt zum Mitmachen animierte. Die Geschichtswerkstatt bot ihr neues \u201eEschringer Heft\u201c zur lokalen Verkehrs- und Postgeschichte an. F\u00fcr Kaffee und Kuchen sorgten in bew\u00e4hrter Weise die Frauen von Kirchenchor und KFD.<br \/>\n<img data-recalc-dims=\"1\" loading=\"lazy\" decoding=\"async\" class=\"aligncenter\" src=\"https:\/\/i0.wp.com\/eschringen.de\/wordpress\/wp-content\/uploads\/2024\/11\/DGF2014D.jpg?resize=800%2C450&#038;ssl=1\" width=\"800\" height=\"450\" border=\"0\" hspace=\"5\" vspace=\"5\"><br \/>\nAm fr\u00fchen Abend wurde noch auf Initiative des FC Bayern-Fanclubs der Flammkuchenofen \u201eangeworfen\u201c, wobei auf die bew\u00e4hrte Erfahrung von Ursel &amp; Jean-Louis G\u00fcth gesetzt werden konnte.<br \/>\n<img data-recalc-dims=\"1\" loading=\"lazy\" decoding=\"async\" class=\"aligncenter\" src=\"https:\/\/i0.wp.com\/eschringen.de\/wordpress\/wp-content\/uploads\/2024\/11\/DGF2014B.jpg?resize=800%2C451&#038;ssl=1\" width=\"800\" height=\"451\" border=\"0\" hspace=\"5\" vspace=\"5\"><br \/>\nDer Festtag klang schlie\u00dflich in gem\u00fctlicher Runde aus, und man darf sich bereits auf eine Neuauflage in zwei Jahren freuen!<br \/>\nFotos: Karl Theodor Elberskirch<\/p>\n<p><a href=\"http:\/\/eschringen.de\/wordpress\/geschichte\/archiv\/\">zur\u00fcck zum Archiv<\/a><\/p>\n","protected":false},"excerpt":{"rendered":"<p>Ein \u201eKaiserwetter\u201c wie 2012 war angesichts der Prognosen nicht zu erwarten, gleichwohl blieb der Mai-Sonntag trocken und angenehm warm \u2013 also ideale Voraussetzungen f\u00fcr einen sch\u00f6nen Festtag. AG-Vorsitzender Arno Schmitt konnte schon wenige Tage sp\u00e4ter res\u00fcmieren: \u201e&#8230; das Fest ist vorbei, und es hat allen Besucher\/innen sehr gut gefallen. Mein Dank gilt allen Helfer\/innen, die &#8230; <a title=\"4. Dorfgemeinschaftsfest war wieder ein Hit!\" class=\"read-more\" href=\"https:\/\/eschringen.de\/wordpress\/geschichte\/archiv\/4-dorfgemeinschaftsfest-war-wieder-ein-hit\/\" aria-label=\"Mehr Informationen \u00fcber 4. Dorfgemeinschaftsfest war wieder ein Hit!\">Weiterlesen &#8230;<\/a><\/p>\n","protected":false},"author":1,"featured_media":0,"parent":403,"menu_order":7,"comment_status":"closed","ping_status":"closed","template":"","meta":{"ngg_post_thumbnail":0,"footnotes":""},"class_list":["post-625","page","type-page","status-publish"],"yoast_head":"<!-- This site is optimized with the Yoast SEO plugin v27.4 - https:\/\/yoast.com\/product\/yoast-seo-wordpress\/ -->\n<title>4. Dorfgemeinschaftsfest war wieder ein Hit! - Eschringen<\/title>\n<meta name=\"robots\" content=\"index, follow, max-snippet:-1, max-image-preview:large, max-video-preview:-1\" \/>\n<link rel=\"canonical\" href=\"https:\/\/eschringen.de\/wordpress\/geschichte\/archiv\/4-dorfgemeinschaftsfest-war-wieder-ein-hit\/\" \/>\n<meta property=\"og:locale\" content=\"de_DE\" \/>\n<meta property=\"og:type\" content=\"article\" \/>\n<meta property=\"og:title\" content=\"4. Dorfgemeinschaftsfest war wieder ein Hit! - Eschringen\" \/>\n<meta property=\"og:description\" content=\"Ein \u201eKaiserwetter\u201c wie 2012 war angesichts der Prognosen nicht zu erwarten, gleichwohl blieb der Mai-Sonntag trocken und angenehm warm \u2013 also ideale Voraussetzungen f\u00fcr einen sch\u00f6nen Festtag. AG-Vorsitzender Arno Schmitt konnte schon wenige Tage sp\u00e4ter res\u00fcmieren: \u201e&#8230; das Fest ist vorbei, und es hat allen Besucher\/innen sehr gut gefallen. Mein Dank gilt allen Helfer\/innen, die ... Weiterlesen ...\" \/>\n<meta property=\"og:url\" content=\"https:\/\/eschringen.de\/wordpress\/geschichte\/archiv\/4-dorfgemeinschaftsfest-war-wieder-ein-hit\/\" \/>\n<meta property=\"og:site_name\" content=\"Eschringen\" \/>\n<meta property=\"article:modified_time\" content=\"2024-11-24T11:17:00+00:00\" \/>\n<meta property=\"og:image\" content=\"https:\/\/eschringen.de\/wordpress\/wp-content\/uploads\/2024\/11\/DGF2014C.jpg\" \/>\n<meta name=\"twitter:card\" content=\"summary_large_image\" \/>\n<meta name=\"twitter:label1\" content=\"Gesch\u00e4tzte Lesezeit\" \/>\n\t<meta name=\"twitter:data1\" content=\"3\u00a0Minuten\" \/>\n<script type=\"application\/ld+json\" class=\"yoast-schema-graph\">{\"@context\":\"https:\\\/\\\/schema.org\",\"@graph\":[{\"@type\":\"WebPage\",\"@id\":\"https:\\\/\\\/eschringen.de\\\/wordpress\\\/geschichte\\\/archiv\\\/4-dorfgemeinschaftsfest-war-wieder-ein-hit\\\/\",\"url\":\"https:\\\/\\\/eschringen.de\\\/wordpress\\\/geschichte\\\/archiv\\\/4-dorfgemeinschaftsfest-war-wieder-ein-hit\\\/\",\"name\":\"4. Dorfgemeinschaftsfest war wieder ein Hit! - Eschringen\",\"isPartOf\":{\"@id\":\"https:\\\/\\\/eschringen.de\\\/wordpress\\\/#website\"},\"primaryImageOfPage\":{\"@id\":\"https:\\\/\\\/eschringen.de\\\/wordpress\\\/geschichte\\\/archiv\\\/4-dorfgemeinschaftsfest-war-wieder-ein-hit\\\/#primaryimage\"},\"image\":{\"@id\":\"https:\\\/\\\/eschringen.de\\\/wordpress\\\/geschichte\\\/archiv\\\/4-dorfgemeinschaftsfest-war-wieder-ein-hit\\\/#primaryimage\"},\"thumbnailUrl\":\"https:\\\/\\\/eschringen.de\\\/wordpress\\\/wp-content\\\/uploads\\\/2024\\\/11\\\/DGF2014C.jpg\",\"datePublished\":\"2017-02-12T14:13:53+00:00\",\"dateModified\":\"2024-11-24T11:17:00+00:00\",\"breadcrumb\":{\"@id\":\"https:\\\/\\\/eschringen.de\\\/wordpress\\\/geschichte\\\/archiv\\\/4-dorfgemeinschaftsfest-war-wieder-ein-hit\\\/#breadcrumb\"},\"inLanguage\":\"de\",\"potentialAction\":[{\"@type\":\"ReadAction\",\"target\":[\"https:\\\/\\\/eschringen.de\\\/wordpress\\\/geschichte\\\/archiv\\\/4-dorfgemeinschaftsfest-war-wieder-ein-hit\\\/\"]}]},{\"@type\":\"ImageObject\",\"inLanguage\":\"de\",\"@id\":\"https:\\\/\\\/eschringen.de\\\/wordpress\\\/geschichte\\\/archiv\\\/4-dorfgemeinschaftsfest-war-wieder-ein-hit\\\/#primaryimage\",\"url\":\"https:\\\/\\\/i0.wp.com\\\/eschringen.de\\\/wordpress\\\/wp-content\\\/uploads\\\/2024\\\/11\\\/DGF2014C.jpg?fit=800%2C451&ssl=1\",\"contentUrl\":\"https:\\\/\\\/i0.wp.com\\\/eschringen.de\\\/wordpress\\\/wp-content\\\/uploads\\\/2024\\\/11\\\/DGF2014C.jpg?fit=800%2C451&ssl=1\",\"width\":800,\"height\":451},{\"@type\":\"BreadcrumbList\",\"@id\":\"https:\\\/\\\/eschringen.de\\\/wordpress\\\/geschichte\\\/archiv\\\/4-dorfgemeinschaftsfest-war-wieder-ein-hit\\\/#breadcrumb\",\"itemListElement\":[{\"@type\":\"ListItem\",\"position\":1,\"name\":\"Startseite\",\"item\":\"https:\\\/\\\/eschringen.de\\\/wordpress\\\/\"},{\"@type\":\"ListItem\",\"position\":2,\"name\":\"Geschichte\",\"item\":\"https:\\\/\\\/eschringen.de\\\/wordpress\\\/geschichte\\\/\"},{\"@type\":\"ListItem\",\"position\":3,\"name\":\"Archiv\",\"item\":\"https:\\\/\\\/eschringen.de\\\/wordpress\\\/geschichte\\\/archiv\\\/\"},{\"@type\":\"ListItem\",\"position\":4,\"name\":\"4. Dorfgemeinschaftsfest war wieder ein Hit!\"}]},{\"@type\":\"WebSite\",\"@id\":\"https:\\\/\\\/eschringen.de\\\/wordpress\\\/#website\",\"url\":\"https:\\\/\\\/eschringen.de\\\/wordpress\\\/\",\"name\":\"Eschringen\",\"description\":\"\",\"publisher\":{\"@id\":\"https:\\\/\\\/eschringen.de\\\/wordpress\\\/#organization\"},\"potentialAction\":[{\"@type\":\"SearchAction\",\"target\":{\"@type\":\"EntryPoint\",\"urlTemplate\":\"https:\\\/\\\/eschringen.de\\\/wordpress\\\/?s={search_term_string}\"},\"query-input\":{\"@type\":\"PropertyValueSpecification\",\"valueRequired\":true,\"valueName\":\"search_term_string\"}}],\"inLanguage\":\"de\"},{\"@type\":\"Organization\",\"@id\":\"https:\\\/\\\/eschringen.de\\\/wordpress\\\/#organization\",\"name\":\"Eschringen\",\"url\":\"https:\\\/\\\/eschringen.de\\\/wordpress\\\/\",\"logo\":{\"@type\":\"ImageObject\",\"inLanguage\":\"de\",\"@id\":\"https:\\\/\\\/eschringen.de\\\/wordpress\\\/#\\\/schema\\\/logo\\\/image\\\/\",\"url\":\"https:\\\/\\\/eschringen.de\\\/wordpress\\\/wp-content\\\/uploads\\\/2017\\\/03\\\/2017_kw15.jpg\",\"contentUrl\":\"https:\\\/\\\/eschringen.de\\\/wordpress\\\/wp-content\\\/uploads\\\/2017\\\/03\\\/2017_kw15.jpg\",\"width\":784,\"height\":447,\"caption\":\"Eschringen\"},\"image\":{\"@id\":\"https:\\\/\\\/eschringen.de\\\/wordpress\\\/#\\\/schema\\\/logo\\\/image\\\/\"}}]}<\/script>\n<!-- \/ Yoast SEO plugin. -->","yoast_head_json":{"title":"4. Dorfgemeinschaftsfest war wieder ein Hit! - Eschringen","robots":{"index":"index","follow":"follow","max-snippet":"max-snippet:-1","max-image-preview":"max-image-preview:large","max-video-preview":"max-video-preview:-1"},"canonical":"https:\/\/eschringen.de\/wordpress\/geschichte\/archiv\/4-dorfgemeinschaftsfest-war-wieder-ein-hit\/","og_locale":"de_DE","og_type":"article","og_title":"4. Dorfgemeinschaftsfest war wieder ein Hit! - Eschringen","og_description":"Ein \u201eKaiserwetter\u201c wie 2012 war angesichts der Prognosen nicht zu erwarten, gleichwohl blieb der Mai-Sonntag trocken und angenehm warm \u2013 also ideale Voraussetzungen f\u00fcr einen sch\u00f6nen Festtag. AG-Vorsitzender Arno Schmitt konnte schon wenige Tage sp\u00e4ter res\u00fcmieren: \u201e&#8230; das Fest ist vorbei, und es hat allen Besucher\/innen sehr gut gefallen. Mein Dank gilt allen Helfer\/innen, die ... Weiterlesen ...","og_url":"https:\/\/eschringen.de\/wordpress\/geschichte\/archiv\/4-dorfgemeinschaftsfest-war-wieder-ein-hit\/","og_site_name":"Eschringen","article_modified_time":"2024-11-24T11:17:00+00:00","og_image":[{"url":"https:\/\/eschringen.de\/wordpress\/wp-content\/uploads\/2024\/11\/DGF2014C.jpg","type":"","width":"","height":""}],"twitter_card":"summary_large_image","twitter_misc":{"Gesch\u00e4tzte Lesezeit":"3\u00a0Minuten"},"schema":{"@context":"https:\/\/schema.org","@graph":[{"@type":"WebPage","@id":"https:\/\/eschringen.de\/wordpress\/geschichte\/archiv\/4-dorfgemeinschaftsfest-war-wieder-ein-hit\/","url":"https:\/\/eschringen.de\/wordpress\/geschichte\/archiv\/4-dorfgemeinschaftsfest-war-wieder-ein-hit\/","name":"4. Dorfgemeinschaftsfest war wieder ein Hit! - Eschringen","isPartOf":{"@id":"https:\/\/eschringen.de\/wordpress\/#website"},"primaryImageOfPage":{"@id":"https:\/\/eschringen.de\/wordpress\/geschichte\/archiv\/4-dorfgemeinschaftsfest-war-wieder-ein-hit\/#primaryimage"},"image":{"@id":"https:\/\/eschringen.de\/wordpress\/geschichte\/archiv\/4-dorfgemeinschaftsfest-war-wieder-ein-hit\/#primaryimage"},"thumbnailUrl":"https:\/\/eschringen.de\/wordpress\/wp-content\/uploads\/2024\/11\/DGF2014C.jpg","datePublished":"2017-02-12T14:13:53+00:00","dateModified":"2024-11-24T11:17:00+00:00","breadcrumb":{"@id":"https:\/\/eschringen.de\/wordpress\/geschichte\/archiv\/4-dorfgemeinschaftsfest-war-wieder-ein-hit\/#breadcrumb"},"inLanguage":"de","potentialAction":[{"@type":"ReadAction","target":["https:\/\/eschringen.de\/wordpress\/geschichte\/archiv\/4-dorfgemeinschaftsfest-war-wieder-ein-hit\/"]}]},{"@type":"ImageObject","inLanguage":"de","@id":"https:\/\/eschringen.de\/wordpress\/geschichte\/archiv\/4-dorfgemeinschaftsfest-war-wieder-ein-hit\/#primaryimage","url":"https:\/\/i0.wp.com\/eschringen.de\/wordpress\/wp-content\/uploads\/2024\/11\/DGF2014C.jpg?fit=800%2C451&ssl=1","contentUrl":"https:\/\/i0.wp.com\/eschringen.de\/wordpress\/wp-content\/uploads\/2024\/11\/DGF2014C.jpg?fit=800%2C451&ssl=1","width":800,"height":451},{"@type":"BreadcrumbList","@id":"https:\/\/eschringen.de\/wordpress\/geschichte\/archiv\/4-dorfgemeinschaftsfest-war-wieder-ein-hit\/#breadcrumb","itemListElement":[{"@type":"ListItem","position":1,"name":"Startseite","item":"https:\/\/eschringen.de\/wordpress\/"},{"@type":"ListItem","position":2,"name":"Geschichte","item":"https:\/\/eschringen.de\/wordpress\/geschichte\/"},{"@type":"ListItem","position":3,"name":"Archiv","item":"https:\/\/eschringen.de\/wordpress\/geschichte\/archiv\/"},{"@type":"ListItem","position":4,"name":"4. Dorfgemeinschaftsfest war wieder ein Hit!"}]},{"@type":"WebSite","@id":"https:\/\/eschringen.de\/wordpress\/#website","url":"https:\/\/eschringen.de\/wordpress\/","name":"Eschringen","description":"","publisher":{"@id":"https:\/\/eschringen.de\/wordpress\/#organization"},"potentialAction":[{"@type":"SearchAction","target":{"@type":"EntryPoint","urlTemplate":"https:\/\/eschringen.de\/wordpress\/?s={search_term_string}"},"query-input":{"@type":"PropertyValueSpecification","valueRequired":true,"valueName":"search_term_string"}}],"inLanguage":"de"},{"@type":"Organization","@id":"https:\/\/eschringen.de\/wordpress\/#organization","name":"Eschringen","url":"https:\/\/eschringen.de\/wordpress\/","logo":{"@type":"ImageObject","inLanguage":"de","@id":"https:\/\/eschringen.de\/wordpress\/#\/schema\/logo\/image\/","url":"https:\/\/eschringen.de\/wordpress\/wp-content\/uploads\/2017\/03\/2017_kw15.jpg","contentUrl":"https:\/\/eschringen.de\/wordpress\/wp-content\/uploads\/2017\/03\/2017_kw15.jpg","width":784,"height":447,"caption":"Eschringen"},"image":{"@id":"https:\/\/eschringen.de\/wordpress\/#\/schema\/logo\/image\/"}}]}},"jetpack_sharing_enabled":true,"_links":{"self":[{"href":"https:\/\/eschringen.de\/wordpress\/wp-json\/wp\/v2\/pages\/625","targetHints":{"allow":["GET"]}}],"collection":[{"href":"https:\/\/eschringen.de\/wordpress\/wp-json\/wp\/v2\/pages"}],"about":[{"href":"https:\/\/eschringen.de\/wordpress\/wp-json\/wp\/v2\/types\/page"}],"author":[{"embeddable":true,"href":"https:\/\/eschringen.de\/wordpress\/wp-json\/wp\/v2\/users\/1"}],"replies":[{"embeddable":true,"href":"https:\/\/eschringen.de\/wordpress\/wp-json\/wp\/v2\/comments?post=625"}],"version-history":[{"count":2,"href":"https:\/\/eschringen.de\/wordpress\/wp-json\/wp\/v2\/pages\/625\/revisions"}],"predecessor-version":[{"id":4728,"href":"https:\/\/eschringen.de\/wordpress\/wp-json\/wp\/v2\/pages\/625\/revisions\/4728"}],"up":[{"embeddable":true,"href":"https:\/\/eschringen.de\/wordpress\/wp-json\/wp\/v2\/pages\/403"}],"wp:attachment":[{"href":"https:\/\/eschringen.de\/wordpress\/wp-json\/wp\/v2\/media?parent=625"}],"curies":[{"name":"wp","href":"https:\/\/api.w.org\/{rel}","templated":true}]}}