{"id":604,"date":"2017-02-12T14:43:51","date_gmt":"2017-02-12T13:43:51","guid":{"rendered":"http:\/\/eschringen.de\/wordpress\/?page_id=604"},"modified":"2017-02-12T14:43:51","modified_gmt":"2017-02-12T13:43:51","slug":"beitraege","status":"publish","type":"page","link":"https:\/\/eschringen.de\/wordpress\/geschichte\/literatur\/beitraege\/","title":{"rendered":"Beitr\u00e4ge"},"content":{"rendered":"<h5>in (\u00fcber-)regionalen Zeitungen, Zeitschriften und B\u00fcchern\/<i>chronologisch<\/i><\/h5>\n<p><strong>Vorbemerkung:<\/strong> Sp\u00e4testens seit den 1960er Jahren war eine kontinuierliche Berichterstattung zu Eschringen in der Presse festzustellen. Vor allem mit <strong>Peter Franz<\/strong>, der quasi als &#8222;Eschringer Korrespondent&#8220; f\u00fcr die <em><strong>Saarbr\u00fccker Zeitung<\/strong><\/em> und den <strong><em>Wochenspiegel<\/em> <\/strong>arbeitete, konnte eine breite, alle Sparten und Themen umfassende Berichterstattung zu Eschringen gew\u00e4hrleistet werden. Gerade f\u00fcr diese Zeitspanne (1961 &#8211; 2002) muss aus nachvollziehbaren Gr\u00fcnden auf eine komplette Erfassung von Presseartikeln verzichtet werden.<\/p>\n<ul>\n<li><strong><span style=\"color: #800000;\">Frey, Michael:<\/span> <\/strong>Versuch einer geographisch-historisch-statistischen Beschreibung des Gerichtsbezirkes von Zweibr\u00fccken im k\u00f6nigl. bayer. Rheinkreise, dermalen Pfalz<br \/>\n&#8230;12) <strong>Eschringen<\/strong>. Speyer <strong>1837<\/strong>. S. 87.<\/li>\n<li><span style=\"color: #800000;\"><strong>Knaps, Emil:<\/strong><\/span> Aus der Geschichte der saarpf\u00e4lzischen Gemeinden<br \/>\n(<strong>Eschringen<\/strong>, Gersheim, Habkirchen, Heckendalheim).<br \/>\nin: Stimme der Heimat (Saarbr\u00fccker Landeszeitung) vom 21.7.<strong>1929<\/strong><\/li>\n<li><span style=\"color: #800000;\"><strong>Otto, Wilhelm: <\/strong><\/span>Die <strong>Laurentiussage<\/strong> und Halbvergessenes aus <strong>Eschringen<\/strong>.<br \/>\nin: Saarbr\u00fccker Zeitung vom 3.9.<strong>1931<\/strong>.<\/li>\n<li><span style=\"color: #800000;\"><strong>Witte, F.: <\/strong><\/span>Das Bliesgau\u00f6rtchen <strong>Eschringen<\/strong> in Geschichte und Sage.<br \/>\nin: Aus heimatlichen Gauen. Zweibr\u00fccken. 9. <strong>1933<\/strong>. Nr. 48.<\/li>\n<li><span style=\"color: #800000;\"><strong>Schorr, Albert: <\/strong><\/span>Einiges \u00fcber den <strong>Vierherrenwald<\/strong> zu <strong>Eschringen<\/strong>.<br \/>\nin: Westricher Heimatbl\u00e4tter 2, <strong>1938<\/strong>. S. 22-24.<\/li>\n<li><span style=\"color: #800000;\"><strong>Schorr, Albert: <\/strong><strong>Eschringen<\/strong><\/span> (Geschichtliches).<br \/>\nin: Saarbr\u00fccker Zeitung vom 12.12.<strong>1938<\/strong>.<\/li>\n<li><span style=\"color: #800000;\"><strong>Kaas, A.: <\/strong><strong>Eschringen<\/strong>.<\/span><br \/>\nin: Heimatbuch des Kreises St. Ingbert (Saar). Ein Volksbuch f\u00fcr Heimatkunde. <strong>1954<\/strong>. S. 135-139.<\/li>\n<li><span style=\"color: #800000;\"><strong>Mayer, Alfred: <\/strong><\/span>Vor 50 Jahren. <strong>Bau der Stra\u00dfenbahnlinie Eschringen &#8211; Ormesheim<\/strong>.<br \/>\nin: Mitteilungsblatt der Gemeinde Ormesheim. Jg. 1. <strong>1962<\/strong>. Nr. 17.<\/li>\n<li><span style=\"color: #800000;\"><strong>Schmitt, Norbert: <\/strong><\/span>Die <strong>Laurentiuskapelle<\/strong> in <strong>Eschringen<\/strong> und ihre Ausstattung.<br \/>\nin: Saarheimat. Oktober <strong>1967<\/strong>. S. 304-308.<\/li>\n<li><strong>Barockinventar<\/strong> in der <strong>Laurentiuskapelle<\/strong> zu <strong>Eschringen<\/strong>.<br \/>\nin: Kunstgeschichtliche Wanderung im Landkreis St. Ingbert. St. Ingbert <strong>1973<\/strong>. S. 116-121.<\/li>\n<li><span style=\"color: #800000;\"><strong>Anton, Wilhelm: <\/strong><\/span>Die <strong>Renovatur<\/strong> des Dorfes <strong>Eschringen<\/strong>.<br \/>\nin: Saarl\u00e4ndische Familienkunde. Jg. 7. <strong>1974<\/strong>. S. 288-300.<\/li>\n<li><span style=\"color: #800000;\"><strong>Haubrichs, Wolfgang: <\/strong><\/span>Drei Miszellen zu Siedlungsnamen und Geschichte der fr\u00fchmittelalterlichen Saarlande.<br \/>\n3) Die <strong>fr\u00fcheste<\/strong> <strong>Erw\u00e4hnung<\/strong> von <strong>Eschringen<\/strong> im Bliesgau (879).<br \/>\nin: Zeitschrift f\u00fcr die Geschichte der Saargegend. 29. Jg. 1981. Saarbr\u00fccken <strong>1982<\/strong>. S. 56-64.<br \/>\nAnmerkung: Heinrich Moog konnte inzwischen nachweisen, da\u00df auch ein Professor der Universit\u00e4t des Saarlandes hin und wieder irren kann!<\/li>\n<li><span style=\"color: #800000;\"><strong>Franz, Peter; Heinrich Moog<\/strong>:<\/span> Altes Kleinod in neuem Glanz.<br \/>\n<strong>Laurentiuskapelle<\/strong> in <strong>Eschringen<\/strong> renoviert.<br \/>\nin: Der Pilger. Jg. 136. <strong>1983<\/strong>. S. 1133.<\/li>\n<li><span style=\"color: #800000;\"><strong>Bonkhoff, Bernhard H.: <\/strong><\/span>Die Kirchen im Saar-Pfalz-Kreis.<br \/>\n<strong>Eschringen<\/strong> (Stadt Saarbr\u00fccken). Kath. Pfarrkirche St. Laurentius; St. Laurentiuskapelle. Saarbr\u00fccken <strong>1987<\/strong>. S. 113-116.<\/li>\n<li><span style=\"color: #800000;\"><strong>Oberhauser, Fred: <\/strong><\/span>Das Saarland. Kunst und Kultur im Dreil\u00e4ndereck zwischen Blies, Saar und Mosel.<br \/>\n(<strong>Eschringen<\/strong>). K\u00f6ln. 1992. S. 120.<\/li>\n<li><strong><span style=\"color: #800000;\">Oberhauser, Gabriele:<\/span> <\/strong>Wallfahrten und Kultst\u00e4tten im Saarland.<br \/>\nVon der Quellenverehrung zur Marienerscheinung. F\u00fcrbitter in Krankheit und Gefahr: <strong>Laurentius <\/strong><br \/>\nin<strong> Eschringen<\/strong>. Saarbr\u00fccken 1992. S. 69-71.<\/li>\n<li>Stadtbezirk Saarbr\u00fccken-Halberg: <strong>Eschringen<\/strong>.<br \/>\nin: Saarbr\u00fccken. Geschichte, Wirtschaft und Kultur der saarl\u00e4ndischen Landeshauptstadt \/ Hrsg.: Manfred Steimer, Red.: Ralf Harner-Hanel. Saarbr\u00fccken <strong>1994<\/strong>. S. 133-135.<\/li>\n<li><strong><span style=\"color: #800000;\">Glass, Paul:<\/span> <\/strong><strong>Die \u00e4ltesten Zivilstandsakten von Ensheim und Eschringen.<\/strong><br \/>\nin: Saarl\u00e4ndische Familienkunde. 1996. S. 68-81.<\/li>\n<li><span style=\"color: #800000;\"><strong>Schmitt, Roland: <\/strong><\/span><strong>Eschringen<\/strong> &#8211; <strong>Geschichtswerkstatt<\/strong> beleuchtet Ortshistorie.<br \/>\nin Der Stadtverband. Info-Magazin des Stadtverbandes Saarbr\u00fccken, Ausgabe 4. Saarbr\u00fccken. <strong>1996. <\/strong>S. 12-13.<\/li>\n<li><span style=\"color: #800000;\"><strong>Baulig, Josef; Hans Mildenberger; Gabrielle Scherer: <\/strong><\/span>Architekturf\u00fchrer Saarbr\u00fccken.<br \/>\n<strong>Eschringen<\/strong>. Saarbr\u00fccken <strong>1999<\/strong>. S. 90-93.<\/li>\n<li><span style=\"color: #800000;\"><strong>Hilgers, Richard:<\/strong><\/span> <strong>Eschringen<\/strong>.<br \/>\nin: Geschichte der Stadt Saarbr\u00fccken. Von der Zeit des st\u00fcrmischen Wachstums bis zur Gegenwart. Band 2. Saarbr\u00fccken <strong>1999<\/strong>. S. 470.<\/li>\n<li><strong><span style=\"color: #800000;\">Gl\u00e4sener, Dieter:<\/span> Spannende Geschichte(n) &#8211; Kapellen XIV.<\/strong><br \/>\nLange Zeit war die Laurentiuskapelle In Eschringen das einzige Gotteshaus in der Gemeinde&#8230; in: Sonntagsgruss, evangelische Wochenzeitung an der Saar, Ausgabe 37 (7.-13.9.<strong>2003<\/strong>). S. 4.<\/li>\n<li><strong><span style=\"color: #800000;\">Schmitt, Roland:<\/span> Die St. Laurentiuskapelle in Eschringen.<\/strong><br \/>\nin: Der Stadtverband. Info-Magazin des Stadtverbandes Saarbr\u00fccken, Ausgabe 3. Saarbr\u00fccken. <strong>2004<\/strong>. S. 26-27.<\/li>\n<li><span style=\"color: #800000;\"><strong>Wanninger, Renate:<\/strong><\/span> <strong>Eschringen &#8211; Das verschollene Gl\u00f6cklein, das billige Bier und der gro\u00dfe Weltenbummler im bayerischen Dorf.<\/strong><br \/>\nin: Treffpunkt \u00dc-Wagen. 25 Jahre Saarlandwelle. Saarbr\u00fccken <strong>2005<\/strong>. S. 84-87.<\/li>\n<li><span style=\"color: #800000;\"><strong>Hein, Olivier:<\/strong><\/span> <strong>Les jumeaux in\u00e9gaux.<\/strong><br \/>\nAu fur \u00e0 mesure qu&#8217;ils se d\u00e9couvrent, les Escherangeois et les habitants du village d&#8217;Eschringen (Sarre) ne cessent de constater leur g\u00e9mellit\u00e9&#8230;<br \/>\nin: L&#8217;ami hebdo Lorraine. Ausgabe 25 vom <strong>24. Juni 2007<\/strong>.<\/li>\n<li><strong>Die Laurentiuskapelle in Saarbr\u00fccken-Eschringen<\/strong> (Einzeldenkmal).<br \/>\nIn: <span style=\"color: #800000;\"><strong>K\u00f6nig, Benno:<\/strong><\/span> Kapellen im Saarland. Volks- und Kulturgut. Illingen <strong>2010<\/strong>. S. 468-471<\/li>\n<li><span style=\"color: #800000;\"><strong>Luschnat, Nina:<\/strong><\/span> <strong>Unser lieben Frawen Altar. Route Eschringen &#8211; Gr\u00e4finthal \/ Domkapitular Franz Vogelgesang.<\/strong><br \/>\nIn: Himmlische Wege! Zu Fu\u00df durch Pfalz und Saarpfalz. Annweiler 2014. S. 92-97.<\/li>\n<\/ul>\n<p><a href=\"http:\/\/eschringen.de\/wordpress\/geschichte\/literatur\/\">zur\u00fcck zu Literatur<\/a><\/p>\n","protected":false},"excerpt":{"rendered":"<p>in (\u00fcber-)regionalen Zeitungen, Zeitschriften und B\u00fcchern\/chronologisch Vorbemerkung: Sp\u00e4testens seit den 1960er Jahren war eine kontinuierliche Berichterstattung zu Eschringen in der Presse festzustellen. Vor allem mit Peter Franz, der quasi als &#8222;Eschringer Korrespondent&#8220; f\u00fcr die Saarbr\u00fccker Zeitung und den Wochenspiegel arbeitete, konnte eine breite, alle Sparten und Themen umfassende Berichterstattung zu Eschringen gew\u00e4hrleistet werden. Gerade f\u00fcr &#8230; <a title=\"Beitr\u00e4ge\" class=\"read-more\" href=\"https:\/\/eschringen.de\/wordpress\/geschichte\/literatur\/beitraege\/\" aria-label=\"Mehr Informationen \u00fcber Beitr\u00e4ge\">Weiterlesen &#8230;<\/a><\/p>\n","protected":false},"author":1,"featured_media":0,"parent":405,"menu_order":3,"comment_status":"closed","ping_status":"closed","template":"","meta":{"ngg_post_thumbnail":0,"footnotes":""},"class_list":["post-604","page","type-page","status-publish"],"yoast_head":"<!-- This site is optimized with the Yoast SEO plugin v27.4 - https:\/\/yoast.com\/product\/yoast-seo-wordpress\/ -->\n<title>Beitr\u00e4ge - Eschringen<\/title>\n<meta name=\"robots\" content=\"index, follow, max-snippet:-1, max-image-preview:large, max-video-preview:-1\" \/>\n<link rel=\"canonical\" href=\"https:\/\/eschringen.de\/wordpress\/geschichte\/literatur\/beitraege\/\" \/>\n<meta property=\"og:locale\" content=\"de_DE\" \/>\n<meta property=\"og:type\" content=\"article\" \/>\n<meta property=\"og:title\" content=\"Beitr\u00e4ge - Eschringen\" \/>\n<meta property=\"og:description\" content=\"in (\u00fcber-)regionalen Zeitungen, Zeitschriften und B\u00fcchern\/chronologisch Vorbemerkung: Sp\u00e4testens seit den 1960er Jahren war eine kontinuierliche Berichterstattung zu Eschringen in der Presse festzustellen. Vor allem mit Peter Franz, der quasi als &#8222;Eschringer Korrespondent&#8220; f\u00fcr die Saarbr\u00fccker Zeitung und den Wochenspiegel arbeitete, konnte eine breite, alle Sparten und Themen umfassende Berichterstattung zu Eschringen gew\u00e4hrleistet werden. Gerade f\u00fcr ... Weiterlesen ...\" \/>\n<meta property=\"og:url\" content=\"https:\/\/eschringen.de\/wordpress\/geschichte\/literatur\/beitraege\/\" \/>\n<meta property=\"og:site_name\" content=\"Eschringen\" \/>\n<meta name=\"twitter:card\" content=\"summary_large_image\" \/>\n<meta name=\"twitter:label1\" content=\"Gesch\u00e4tzte Lesezeit\" \/>\n\t<meta name=\"twitter:data1\" content=\"3\u00a0Minuten\" \/>\n<script type=\"application\/ld+json\" class=\"yoast-schema-graph\">{\"@context\":\"https:\\\/\\\/schema.org\",\"@graph\":[{\"@type\":\"WebPage\",\"@id\":\"https:\\\/\\\/eschringen.de\\\/wordpress\\\/geschichte\\\/literatur\\\/beitraege\\\/\",\"url\":\"https:\\\/\\\/eschringen.de\\\/wordpress\\\/geschichte\\\/literatur\\\/beitraege\\\/\",\"name\":\"Beitr\u00e4ge - Eschringen\",\"isPartOf\":{\"@id\":\"https:\\\/\\\/eschringen.de\\\/wordpress\\\/#website\"},\"datePublished\":\"2017-02-12T13:43:51+00:00\",\"breadcrumb\":{\"@id\":\"https:\\\/\\\/eschringen.de\\\/wordpress\\\/geschichte\\\/literatur\\\/beitraege\\\/#breadcrumb\"},\"inLanguage\":\"de\",\"potentialAction\":[{\"@type\":\"ReadAction\",\"target\":[\"https:\\\/\\\/eschringen.de\\\/wordpress\\\/geschichte\\\/literatur\\\/beitraege\\\/\"]}]},{\"@type\":\"BreadcrumbList\",\"@id\":\"https:\\\/\\\/eschringen.de\\\/wordpress\\\/geschichte\\\/literatur\\\/beitraege\\\/#breadcrumb\",\"itemListElement\":[{\"@type\":\"ListItem\",\"position\":1,\"name\":\"Startseite\",\"item\":\"https:\\\/\\\/eschringen.de\\\/wordpress\\\/\"},{\"@type\":\"ListItem\",\"position\":2,\"name\":\"Geschichte\",\"item\":\"https:\\\/\\\/eschringen.de\\\/wordpress\\\/geschichte\\\/\"},{\"@type\":\"ListItem\",\"position\":3,\"name\":\"Literatur\",\"item\":\"https:\\\/\\\/eschringen.de\\\/wordpress\\\/geschichte\\\/literatur\\\/\"},{\"@type\":\"ListItem\",\"position\":4,\"name\":\"Beitr\u00e4ge\"}]},{\"@type\":\"WebSite\",\"@id\":\"https:\\\/\\\/eschringen.de\\\/wordpress\\\/#website\",\"url\":\"https:\\\/\\\/eschringen.de\\\/wordpress\\\/\",\"name\":\"Eschringen\",\"description\":\"\",\"publisher\":{\"@id\":\"https:\\\/\\\/eschringen.de\\\/wordpress\\\/#organization\"},\"potentialAction\":[{\"@type\":\"SearchAction\",\"target\":{\"@type\":\"EntryPoint\",\"urlTemplate\":\"https:\\\/\\\/eschringen.de\\\/wordpress\\\/?s={search_term_string}\"},\"query-input\":{\"@type\":\"PropertyValueSpecification\",\"valueRequired\":true,\"valueName\":\"search_term_string\"}}],\"inLanguage\":\"de\"},{\"@type\":\"Organization\",\"@id\":\"https:\\\/\\\/eschringen.de\\\/wordpress\\\/#organization\",\"name\":\"Eschringen\",\"url\":\"https:\\\/\\\/eschringen.de\\\/wordpress\\\/\",\"logo\":{\"@type\":\"ImageObject\",\"inLanguage\":\"de\",\"@id\":\"https:\\\/\\\/eschringen.de\\\/wordpress\\\/#\\\/schema\\\/logo\\\/image\\\/\",\"url\":\"https:\\\/\\\/eschringen.de\\\/wordpress\\\/wp-content\\\/uploads\\\/2017\\\/03\\\/2017_kw15.jpg\",\"contentUrl\":\"https:\\\/\\\/eschringen.de\\\/wordpress\\\/wp-content\\\/uploads\\\/2017\\\/03\\\/2017_kw15.jpg\",\"width\":784,\"height\":447,\"caption\":\"Eschringen\"},\"image\":{\"@id\":\"https:\\\/\\\/eschringen.de\\\/wordpress\\\/#\\\/schema\\\/logo\\\/image\\\/\"}}]}<\/script>\n<!-- \/ Yoast SEO plugin. -->","yoast_head_json":{"title":"Beitr\u00e4ge - Eschringen","robots":{"index":"index","follow":"follow","max-snippet":"max-snippet:-1","max-image-preview":"max-image-preview:large","max-video-preview":"max-video-preview:-1"},"canonical":"https:\/\/eschringen.de\/wordpress\/geschichte\/literatur\/beitraege\/","og_locale":"de_DE","og_type":"article","og_title":"Beitr\u00e4ge - Eschringen","og_description":"in (\u00fcber-)regionalen Zeitungen, Zeitschriften und B\u00fcchern\/chronologisch Vorbemerkung: Sp\u00e4testens seit den 1960er Jahren war eine kontinuierliche Berichterstattung zu Eschringen in der Presse festzustellen. Vor allem mit Peter Franz, der quasi als &#8222;Eschringer Korrespondent&#8220; f\u00fcr die Saarbr\u00fccker Zeitung und den Wochenspiegel arbeitete, konnte eine breite, alle Sparten und Themen umfassende Berichterstattung zu Eschringen gew\u00e4hrleistet werden. Gerade f\u00fcr ... Weiterlesen ...","og_url":"https:\/\/eschringen.de\/wordpress\/geschichte\/literatur\/beitraege\/","og_site_name":"Eschringen","twitter_card":"summary_large_image","twitter_misc":{"Gesch\u00e4tzte Lesezeit":"3\u00a0Minuten"},"schema":{"@context":"https:\/\/schema.org","@graph":[{"@type":"WebPage","@id":"https:\/\/eschringen.de\/wordpress\/geschichte\/literatur\/beitraege\/","url":"https:\/\/eschringen.de\/wordpress\/geschichte\/literatur\/beitraege\/","name":"Beitr\u00e4ge - Eschringen","isPartOf":{"@id":"https:\/\/eschringen.de\/wordpress\/#website"},"datePublished":"2017-02-12T13:43:51+00:00","breadcrumb":{"@id":"https:\/\/eschringen.de\/wordpress\/geschichte\/literatur\/beitraege\/#breadcrumb"},"inLanguage":"de","potentialAction":[{"@type":"ReadAction","target":["https:\/\/eschringen.de\/wordpress\/geschichte\/literatur\/beitraege\/"]}]},{"@type":"BreadcrumbList","@id":"https:\/\/eschringen.de\/wordpress\/geschichte\/literatur\/beitraege\/#breadcrumb","itemListElement":[{"@type":"ListItem","position":1,"name":"Startseite","item":"https:\/\/eschringen.de\/wordpress\/"},{"@type":"ListItem","position":2,"name":"Geschichte","item":"https:\/\/eschringen.de\/wordpress\/geschichte\/"},{"@type":"ListItem","position":3,"name":"Literatur","item":"https:\/\/eschringen.de\/wordpress\/geschichte\/literatur\/"},{"@type":"ListItem","position":4,"name":"Beitr\u00e4ge"}]},{"@type":"WebSite","@id":"https:\/\/eschringen.de\/wordpress\/#website","url":"https:\/\/eschringen.de\/wordpress\/","name":"Eschringen","description":"","publisher":{"@id":"https:\/\/eschringen.de\/wordpress\/#organization"},"potentialAction":[{"@type":"SearchAction","target":{"@type":"EntryPoint","urlTemplate":"https:\/\/eschringen.de\/wordpress\/?s={search_term_string}"},"query-input":{"@type":"PropertyValueSpecification","valueRequired":true,"valueName":"search_term_string"}}],"inLanguage":"de"},{"@type":"Organization","@id":"https:\/\/eschringen.de\/wordpress\/#organization","name":"Eschringen","url":"https:\/\/eschringen.de\/wordpress\/","logo":{"@type":"ImageObject","inLanguage":"de","@id":"https:\/\/eschringen.de\/wordpress\/#\/schema\/logo\/image\/","url":"https:\/\/eschringen.de\/wordpress\/wp-content\/uploads\/2017\/03\/2017_kw15.jpg","contentUrl":"https:\/\/eschringen.de\/wordpress\/wp-content\/uploads\/2017\/03\/2017_kw15.jpg","width":784,"height":447,"caption":"Eschringen"},"image":{"@id":"https:\/\/eschringen.de\/wordpress\/#\/schema\/logo\/image\/"}}]}},"jetpack_sharing_enabled":true,"_links":{"self":[{"href":"https:\/\/eschringen.de\/wordpress\/wp-json\/wp\/v2\/pages\/604","targetHints":{"allow":["GET"]}}],"collection":[{"href":"https:\/\/eschringen.de\/wordpress\/wp-json\/wp\/v2\/pages"}],"about":[{"href":"https:\/\/eschringen.de\/wordpress\/wp-json\/wp\/v2\/types\/page"}],"author":[{"embeddable":true,"href":"https:\/\/eschringen.de\/wordpress\/wp-json\/wp\/v2\/users\/1"}],"replies":[{"embeddable":true,"href":"https:\/\/eschringen.de\/wordpress\/wp-json\/wp\/v2\/comments?post=604"}],"version-history":[{"count":1,"href":"https:\/\/eschringen.de\/wordpress\/wp-json\/wp\/v2\/pages\/604\/revisions"}],"predecessor-version":[{"id":605,"href":"https:\/\/eschringen.de\/wordpress\/wp-json\/wp\/v2\/pages\/604\/revisions\/605"}],"up":[{"embeddable":true,"href":"https:\/\/eschringen.de\/wordpress\/wp-json\/wp\/v2\/pages\/405"}],"wp:attachment":[{"href":"https:\/\/eschringen.de\/wordpress\/wp-json\/wp\/v2\/media?parent=604"}],"curies":[{"name":"wp","href":"https:\/\/api.w.org\/{rel}","templated":true}]}}