{"id":601,"date":"2017-02-12T14:37:21","date_gmt":"2017-02-12T13:37:21","guid":{"rendered":"http:\/\/eschringen.de\/wordpress\/?page_id=601"},"modified":"2022-08-20T12:10:07","modified_gmt":"2022-08-20T10:10:07","slug":"einzelveroeffentlichungen","status":"publish","type":"page","link":"https:\/\/eschringen.de\/wordpress\/geschichte\/literatur\/einzelveroeffentlichungen\/","title":{"rendered":"Einzelver\u00f6ffentlichungen"},"content":{"rendered":"\n<h5 class=\"wp-block-heading\">die in Eschringen (und Ensheim) herausgegeben wurden<\/h5>\n\n\n<div class=\"wp-block-image\">\n<figure class=\"alignright size-full\"><img data-recalc-dims=\"1\" loading=\"lazy\" decoding=\"async\" width=\"200\" height=\"284\" src=\"https:\/\/i0.wp.com\/eschringen.de\/wordpress\/wp-content\/uploads\/2022\/08\/Sagenens.jpg?resize=200%2C284&#038;ssl=1\" alt=\"\" class=\"wp-image-3789\"\/><\/figure>\n<\/div>\n\n\n<ul class=\"wp-block-list\"><li><strong><span style=\"color: #800000;\">Glass, Paul:<\/span><\/strong><br>Der im \u201eschw\u00e4bischen Exil\u201c lebende Ensheimer Mundartautor und Lokalhistoriker Paul Glass hat Sagen seines Heimatdorfes (und der Anrainergemeinden) zusammengestellt und j\u00fcngst in einem h\u00fcbsch edierten Buch ver\u00f6ffentlicht. Die Sagen und Geschichten werden in zwei Versionen dargeboten: in einer hochdeutschen und einer mundartlichen nebst zus\u00e4tzlichen Erl\u00e4uterungen und Alternativfassungen. Das Buch ist eine wahre Fundgrube von oft spannenden und skurrilen Begebenheiten und nicht nur f\u00fcr Ensheimer interessant. Eine ganze Reihe von Sagen spielt n\u00e4mlich auch in und um Eschringen, z. B. jene um die legend\u00e4re Laurentiusstatue. \u201eSagen-haftes Ensheim\u201c ist eine rundum empfehlenswerte Lekt\u00fcre f\u00fcr alt <em>und<\/em> jung:<em>Sagen-haftes Ensheim: Sagen und Geschichten rund um den alten Ensheimer Bann. In Ensheimer Mundart neu erz\u00e4hlt \/ von Paul Glass. Fichtenberg-Erlenhof, Selbstverlag 2003. <\/em>Preis: 12.- \u20ac. Bezug \u00fcber: Paul Glass, Dorfstr. 35, 74427 Fichtenberg; FAX: 07971-23326; E-Mail: <a href=\"mailto:paul.glass@ensehim-saar.de\">paul.glass@ensheim-saar.de<\/a> Sagen-Haftes Ensheim<\/li><\/ul>\n\n\n\n<ul class=\"wp-block-list\"><li><strong><span style=\"color: #800000;\">Moog, Heinrich:<\/span> Eschringen &#8211; das Vierherrendorf.<\/strong><br>1993.<\/li><li><strong><span style=\"color: #800000;\">Moog, Heinrich:<\/span> Die Eschringer St. Laurentiuskapelle im Wandel der Zeiten.<\/strong><br>Eschringen 1996<\/li><li><strong><span style=\"color: #800000;\">Moog, Heinrich:<\/span> Die einstige Eschringer M\u00fchle.<\/strong><br>1999.<\/li><li><strong><span style=\"color: #800000;\">Schmitt, Roland (Hrsg.):<\/span> Stumme Zeitzeugen, die dennoch erz\u00e4hlen.<\/strong><br>Grenzsteine und Wegekreuze in und um Eschringen. 1997.<\/li><li><strong><span style=\"color: #800000;\">Schmitt, Roland (Hrsg.):<\/span> Von B\u00e4chen und Brunnen, von Quellen und Teichen.<\/strong><br>Beitr\u00e4ge zu den Gew\u00e4ssern Eschringens sowie zur Geschichte der Trinkwasserversorgung. 1998.<\/li><li><strong><span style=\"color: #800000;\">W\u00fcstner, Remigius:<\/span> Die Einwohner von Ensheim vor 1905, mit Reichenbrunn und Sengscheid bis 1876 und von Eschringen bis 1905.<\/strong><br>1997. 905 S.<\/li><li><strong><span style=\"color: #800000;\">Zimmermann, Gerhard:<\/span> Eschringer Kalender 1993<\/strong><br>(Arbeitsgemeinschaft Eschringer Vereine e. V.). 1992.<\/li><li><strong><span style=\"color: #800000;\">Zimmermann, Gerhard:<\/span> Eschringer Kalender 1994<\/strong><br>(Arbeitsgemeinschaft Eschringer Vereine e. V.). 1993.<\/li><li><strong><span style=\"color: #800000;\">Zimmermann, Ursula:<\/span> 1100 Jahre Eschringen (893-1993) &#8211; 700 Jahre Gr\u00e4finthal.<\/strong><br>Der Wallfahrtsweg von Eschringen nach Gr\u00e4finthal. 1993. 16 S.<\/li><li><strong><span style=\"color: #800000;\">Kfd-Eschringen:<\/span> So backen wir<\/strong><br>(aktuelle und \u00fcberlieferte Rezepte). 1988.<\/li><li><strong><span style=\"color: #800000;\">Glass, Paul:<\/span> Die \u00e4ltesten Zivilstandsakten von Ensheim und Eschringen.<\/strong><br>Saarbr\u00fccken 1996. SFK: 8. S. 8-81<\/li><li><strong><span style=\"color: #800000;\">Kfd-Eschringen:<\/span> So kochen wir<\/strong><br>(aktuelle und \u00fcberlieferte Rezepte). 2005.<\/li><li><strong><span style=\"color: #800000;\">Berndt, Ingrid und Klaus:<\/span> Die Einwohner von Fechingen vor 1900 mit den evangelischen Familien von Eschringen vor 1798.<\/strong><br>Saarbr\u00fccken 2006. AG f. saarl. Familienkunde.<\/li><\/ul>\n\n\n\n<p><a href=\"http:\/\/eschringen.de\/wordpress\/geschichte\/literatur\/\">zur\u00fcck zu Literatur<\/a><\/p>\n","protected":false},"excerpt":{"rendered":"<p>die in Eschringen (und Ensheim) herausgegeben wurden Glass, Paul:Der im \u201eschw\u00e4bischen Exil\u201c lebende Ensheimer Mundartautor und Lokalhistoriker Paul Glass hat Sagen seines Heimatdorfes (und der Anrainergemeinden) zusammengestellt und j\u00fcngst in einem h\u00fcbsch edierten Buch ver\u00f6ffentlicht. Die Sagen und Geschichten werden in zwei Versionen dargeboten: in einer hochdeutschen und einer mundartlichen nebst zus\u00e4tzlichen Erl\u00e4uterungen und Alternativfassungen. &#8230; <a title=\"Einzelver\u00f6ffentlichungen\" class=\"read-more\" href=\"https:\/\/eschringen.de\/wordpress\/geschichte\/literatur\/einzelveroeffentlichungen\/\" aria-label=\"Mehr Informationen \u00fcber Einzelver\u00f6ffentlichungen\">Weiterlesen &#8230;<\/a><\/p>\n","protected":false},"author":1,"featured_media":0,"parent":405,"menu_order":2,"comment_status":"closed","ping_status":"closed","template":"","meta":{"ngg_post_thumbnail":0,"footnotes":""},"class_list":["post-601","page","type-page","status-publish"],"yoast_head":"<!-- This site is optimized with the Yoast SEO plugin v27.4 - https:\/\/yoast.com\/product\/yoast-seo-wordpress\/ -->\n<title>Einzelver\u00f6ffentlichungen - Eschringen<\/title>\n<meta name=\"robots\" content=\"index, follow, max-snippet:-1, max-image-preview:large, max-video-preview:-1\" \/>\n<link rel=\"canonical\" href=\"https:\/\/eschringen.de\/wordpress\/geschichte\/literatur\/einzelveroeffentlichungen\/\" \/>\n<meta property=\"og:locale\" content=\"de_DE\" \/>\n<meta property=\"og:type\" content=\"article\" \/>\n<meta property=\"og:title\" content=\"Einzelver\u00f6ffentlichungen - Eschringen\" \/>\n<meta property=\"og:description\" content=\"die in Eschringen (und Ensheim) herausgegeben wurden Glass, Paul:Der im \u201eschw\u00e4bischen Exil\u201c lebende Ensheimer Mundartautor und Lokalhistoriker Paul Glass hat Sagen seines Heimatdorfes (und der Anrainergemeinden) zusammengestellt und j\u00fcngst in einem h\u00fcbsch edierten Buch ver\u00f6ffentlicht. Die Sagen und Geschichten werden in zwei Versionen dargeboten: in einer hochdeutschen und einer mundartlichen nebst zus\u00e4tzlichen Erl\u00e4uterungen und Alternativfassungen. ... Weiterlesen ...\" \/>\n<meta property=\"og:url\" content=\"https:\/\/eschringen.de\/wordpress\/geschichte\/literatur\/einzelveroeffentlichungen\/\" \/>\n<meta property=\"og:site_name\" content=\"Eschringen\" \/>\n<meta property=\"article:modified_time\" content=\"2022-08-20T10:10:07+00:00\" \/>\n<meta property=\"og:image\" content=\"https:\/\/eschringen.de\/wordpress\/wp-content\/uploads\/2022\/08\/Sagenens.jpg\" \/>\n<meta name=\"twitter:card\" content=\"summary_large_image\" \/>\n<meta name=\"twitter:label1\" content=\"Gesch\u00e4tzte Lesezeit\" \/>\n\t<meta name=\"twitter:data1\" content=\"3\u00a0Minuten\" \/>\n<script type=\"application\/ld+json\" class=\"yoast-schema-graph\">{\"@context\":\"https:\\\/\\\/schema.org\",\"@graph\":[{\"@type\":\"WebPage\",\"@id\":\"https:\\\/\\\/eschringen.de\\\/wordpress\\\/geschichte\\\/literatur\\\/einzelveroeffentlichungen\\\/\",\"url\":\"https:\\\/\\\/eschringen.de\\\/wordpress\\\/geschichte\\\/literatur\\\/einzelveroeffentlichungen\\\/\",\"name\":\"Einzelver\u00f6ffentlichungen - Eschringen\",\"isPartOf\":{\"@id\":\"https:\\\/\\\/eschringen.de\\\/wordpress\\\/#website\"},\"primaryImageOfPage\":{\"@id\":\"https:\\\/\\\/eschringen.de\\\/wordpress\\\/geschichte\\\/literatur\\\/einzelveroeffentlichungen\\\/#primaryimage\"},\"image\":{\"@id\":\"https:\\\/\\\/eschringen.de\\\/wordpress\\\/geschichte\\\/literatur\\\/einzelveroeffentlichungen\\\/#primaryimage\"},\"thumbnailUrl\":\"https:\\\/\\\/eschringen.de\\\/wordpress\\\/wp-content\\\/uploads\\\/2022\\\/08\\\/Sagenens.jpg\",\"datePublished\":\"2017-02-12T13:37:21+00:00\",\"dateModified\":\"2022-08-20T10:10:07+00:00\",\"breadcrumb\":{\"@id\":\"https:\\\/\\\/eschringen.de\\\/wordpress\\\/geschichte\\\/literatur\\\/einzelveroeffentlichungen\\\/#breadcrumb\"},\"inLanguage\":\"de\",\"potentialAction\":[{\"@type\":\"ReadAction\",\"target\":[\"https:\\\/\\\/eschringen.de\\\/wordpress\\\/geschichte\\\/literatur\\\/einzelveroeffentlichungen\\\/\"]}]},{\"@type\":\"ImageObject\",\"inLanguage\":\"de\",\"@id\":\"https:\\\/\\\/eschringen.de\\\/wordpress\\\/geschichte\\\/literatur\\\/einzelveroeffentlichungen\\\/#primaryimage\",\"url\":\"https:\\\/\\\/i0.wp.com\\\/eschringen.de\\\/wordpress\\\/wp-content\\\/uploads\\\/2022\\\/08\\\/Sagenens.jpg?fit=200%2C284&ssl=1\",\"contentUrl\":\"https:\\\/\\\/i0.wp.com\\\/eschringen.de\\\/wordpress\\\/wp-content\\\/uploads\\\/2022\\\/08\\\/Sagenens.jpg?fit=200%2C284&ssl=1\",\"width\":200,\"height\":284},{\"@type\":\"BreadcrumbList\",\"@id\":\"https:\\\/\\\/eschringen.de\\\/wordpress\\\/geschichte\\\/literatur\\\/einzelveroeffentlichungen\\\/#breadcrumb\",\"itemListElement\":[{\"@type\":\"ListItem\",\"position\":1,\"name\":\"Startseite\",\"item\":\"https:\\\/\\\/eschringen.de\\\/wordpress\\\/\"},{\"@type\":\"ListItem\",\"position\":2,\"name\":\"Geschichte\",\"item\":\"https:\\\/\\\/eschringen.de\\\/wordpress\\\/geschichte\\\/\"},{\"@type\":\"ListItem\",\"position\":3,\"name\":\"Literatur\",\"item\":\"https:\\\/\\\/eschringen.de\\\/wordpress\\\/geschichte\\\/literatur\\\/\"},{\"@type\":\"ListItem\",\"position\":4,\"name\":\"Einzelver\u00f6ffentlichungen\"}]},{\"@type\":\"WebSite\",\"@id\":\"https:\\\/\\\/eschringen.de\\\/wordpress\\\/#website\",\"url\":\"https:\\\/\\\/eschringen.de\\\/wordpress\\\/\",\"name\":\"Eschringen\",\"description\":\"\",\"publisher\":{\"@id\":\"https:\\\/\\\/eschringen.de\\\/wordpress\\\/#organization\"},\"potentialAction\":[{\"@type\":\"SearchAction\",\"target\":{\"@type\":\"EntryPoint\",\"urlTemplate\":\"https:\\\/\\\/eschringen.de\\\/wordpress\\\/?s={search_term_string}\"},\"query-input\":{\"@type\":\"PropertyValueSpecification\",\"valueRequired\":true,\"valueName\":\"search_term_string\"}}],\"inLanguage\":\"de\"},{\"@type\":\"Organization\",\"@id\":\"https:\\\/\\\/eschringen.de\\\/wordpress\\\/#organization\",\"name\":\"Eschringen\",\"url\":\"https:\\\/\\\/eschringen.de\\\/wordpress\\\/\",\"logo\":{\"@type\":\"ImageObject\",\"inLanguage\":\"de\",\"@id\":\"https:\\\/\\\/eschringen.de\\\/wordpress\\\/#\\\/schema\\\/logo\\\/image\\\/\",\"url\":\"https:\\\/\\\/eschringen.de\\\/wordpress\\\/wp-content\\\/uploads\\\/2017\\\/03\\\/2017_kw15.jpg\",\"contentUrl\":\"https:\\\/\\\/eschringen.de\\\/wordpress\\\/wp-content\\\/uploads\\\/2017\\\/03\\\/2017_kw15.jpg\",\"width\":784,\"height\":447,\"caption\":\"Eschringen\"},\"image\":{\"@id\":\"https:\\\/\\\/eschringen.de\\\/wordpress\\\/#\\\/schema\\\/logo\\\/image\\\/\"}}]}<\/script>\n<!-- \/ Yoast SEO plugin. -->","yoast_head_json":{"title":"Einzelver\u00f6ffentlichungen - Eschringen","robots":{"index":"index","follow":"follow","max-snippet":"max-snippet:-1","max-image-preview":"max-image-preview:large","max-video-preview":"max-video-preview:-1"},"canonical":"https:\/\/eschringen.de\/wordpress\/geschichte\/literatur\/einzelveroeffentlichungen\/","og_locale":"de_DE","og_type":"article","og_title":"Einzelver\u00f6ffentlichungen - Eschringen","og_description":"die in Eschringen (und Ensheim) herausgegeben wurden Glass, Paul:Der im \u201eschw\u00e4bischen Exil\u201c lebende Ensheimer Mundartautor und Lokalhistoriker Paul Glass hat Sagen seines Heimatdorfes (und der Anrainergemeinden) zusammengestellt und j\u00fcngst in einem h\u00fcbsch edierten Buch ver\u00f6ffentlicht. Die Sagen und Geschichten werden in zwei Versionen dargeboten: in einer hochdeutschen und einer mundartlichen nebst zus\u00e4tzlichen Erl\u00e4uterungen und Alternativfassungen. ... Weiterlesen ...","og_url":"https:\/\/eschringen.de\/wordpress\/geschichte\/literatur\/einzelveroeffentlichungen\/","og_site_name":"Eschringen","article_modified_time":"2022-08-20T10:10:07+00:00","og_image":[{"url":"https:\/\/eschringen.de\/wordpress\/wp-content\/uploads\/2022\/08\/Sagenens.jpg","type":"","width":"","height":""}],"twitter_card":"summary_large_image","twitter_misc":{"Gesch\u00e4tzte Lesezeit":"3\u00a0Minuten"},"schema":{"@context":"https:\/\/schema.org","@graph":[{"@type":"WebPage","@id":"https:\/\/eschringen.de\/wordpress\/geschichte\/literatur\/einzelveroeffentlichungen\/","url":"https:\/\/eschringen.de\/wordpress\/geschichte\/literatur\/einzelveroeffentlichungen\/","name":"Einzelver\u00f6ffentlichungen - Eschringen","isPartOf":{"@id":"https:\/\/eschringen.de\/wordpress\/#website"},"primaryImageOfPage":{"@id":"https:\/\/eschringen.de\/wordpress\/geschichte\/literatur\/einzelveroeffentlichungen\/#primaryimage"},"image":{"@id":"https:\/\/eschringen.de\/wordpress\/geschichte\/literatur\/einzelveroeffentlichungen\/#primaryimage"},"thumbnailUrl":"https:\/\/eschringen.de\/wordpress\/wp-content\/uploads\/2022\/08\/Sagenens.jpg","datePublished":"2017-02-12T13:37:21+00:00","dateModified":"2022-08-20T10:10:07+00:00","breadcrumb":{"@id":"https:\/\/eschringen.de\/wordpress\/geschichte\/literatur\/einzelveroeffentlichungen\/#breadcrumb"},"inLanguage":"de","potentialAction":[{"@type":"ReadAction","target":["https:\/\/eschringen.de\/wordpress\/geschichte\/literatur\/einzelveroeffentlichungen\/"]}]},{"@type":"ImageObject","inLanguage":"de","@id":"https:\/\/eschringen.de\/wordpress\/geschichte\/literatur\/einzelveroeffentlichungen\/#primaryimage","url":"https:\/\/i0.wp.com\/eschringen.de\/wordpress\/wp-content\/uploads\/2022\/08\/Sagenens.jpg?fit=200%2C284&ssl=1","contentUrl":"https:\/\/i0.wp.com\/eschringen.de\/wordpress\/wp-content\/uploads\/2022\/08\/Sagenens.jpg?fit=200%2C284&ssl=1","width":200,"height":284},{"@type":"BreadcrumbList","@id":"https:\/\/eschringen.de\/wordpress\/geschichte\/literatur\/einzelveroeffentlichungen\/#breadcrumb","itemListElement":[{"@type":"ListItem","position":1,"name":"Startseite","item":"https:\/\/eschringen.de\/wordpress\/"},{"@type":"ListItem","position":2,"name":"Geschichte","item":"https:\/\/eschringen.de\/wordpress\/geschichte\/"},{"@type":"ListItem","position":3,"name":"Literatur","item":"https:\/\/eschringen.de\/wordpress\/geschichte\/literatur\/"},{"@type":"ListItem","position":4,"name":"Einzelver\u00f6ffentlichungen"}]},{"@type":"WebSite","@id":"https:\/\/eschringen.de\/wordpress\/#website","url":"https:\/\/eschringen.de\/wordpress\/","name":"Eschringen","description":"","publisher":{"@id":"https:\/\/eschringen.de\/wordpress\/#organization"},"potentialAction":[{"@type":"SearchAction","target":{"@type":"EntryPoint","urlTemplate":"https:\/\/eschringen.de\/wordpress\/?s={search_term_string}"},"query-input":{"@type":"PropertyValueSpecification","valueRequired":true,"valueName":"search_term_string"}}],"inLanguage":"de"},{"@type":"Organization","@id":"https:\/\/eschringen.de\/wordpress\/#organization","name":"Eschringen","url":"https:\/\/eschringen.de\/wordpress\/","logo":{"@type":"ImageObject","inLanguage":"de","@id":"https:\/\/eschringen.de\/wordpress\/#\/schema\/logo\/image\/","url":"https:\/\/eschringen.de\/wordpress\/wp-content\/uploads\/2017\/03\/2017_kw15.jpg","contentUrl":"https:\/\/eschringen.de\/wordpress\/wp-content\/uploads\/2017\/03\/2017_kw15.jpg","width":784,"height":447,"caption":"Eschringen"},"image":{"@id":"https:\/\/eschringen.de\/wordpress\/#\/schema\/logo\/image\/"}}]}},"jetpack_sharing_enabled":true,"_links":{"self":[{"href":"https:\/\/eschringen.de\/wordpress\/wp-json\/wp\/v2\/pages\/601","targetHints":{"allow":["GET"]}}],"collection":[{"href":"https:\/\/eschringen.de\/wordpress\/wp-json\/wp\/v2\/pages"}],"about":[{"href":"https:\/\/eschringen.de\/wordpress\/wp-json\/wp\/v2\/types\/page"}],"author":[{"embeddable":true,"href":"https:\/\/eschringen.de\/wordpress\/wp-json\/wp\/v2\/users\/1"}],"replies":[{"embeddable":true,"href":"https:\/\/eschringen.de\/wordpress\/wp-json\/wp\/v2\/comments?post=601"}],"version-history":[{"count":2,"href":"https:\/\/eschringen.de\/wordpress\/wp-json\/wp\/v2\/pages\/601\/revisions"}],"predecessor-version":[{"id":3790,"href":"https:\/\/eschringen.de\/wordpress\/wp-json\/wp\/v2\/pages\/601\/revisions\/3790"}],"up":[{"embeddable":true,"href":"https:\/\/eschringen.de\/wordpress\/wp-json\/wp\/v2\/pages\/405"}],"wp:attachment":[{"href":"https:\/\/eschringen.de\/wordpress\/wp-json\/wp\/v2\/media?parent=601"}],"curies":[{"name":"wp","href":"https:\/\/api.w.org\/{rel}","templated":true}]}}