{"id":590,"date":"2017-02-12T14:12:57","date_gmt":"2017-02-12T13:12:57","guid":{"rendered":"http:\/\/eschringen.de\/wordpress\/?page_id=590"},"modified":"2022-08-20T12:20:52","modified_gmt":"2022-08-20T10:20:52","slug":"die-verhexte-muehle","status":"publish","type":"page","link":"https:\/\/eschringen.de\/wordpress\/geschichte\/sagen\/die-verhexte-muehle\/","title":{"rendered":"Die verhexte M\u00fchle"},"content":{"rendered":"\n<p>F\u00fcr gro\u00dfe Aufregung in und um Eschringen sorgte eine kuriose Geschichte zu Beginn der bayerischen Zeit. Beim Friedensgericht in Blieskastel (dort ans\u00e4ssig seit der franz\u00f6sischen Gebietsreform im Jahr 1798) kam es, laut eines Presseberichtes (im Original zitiert aus: Ensheim, am 4. August 1817 zu folgender Anzeige:<\/p>\n\n\n\n<p>Peter Bauer, M\u00fcller, und dessen Eheh\u00e4lfte, wollen schon seit Jahren bemerkt haben, da\u00df ihre K\u00fche verhext seien, weil die Milch von denselben sowenig Rahm, Butter und K\u00e4se gibt. Um diesem Umstande abzuhelfen &#8211; ohne der nat\u00fcrlichen Ursache nachzugehen &#8211; entschloss sich der M\u00fcller auf Zureden seiner Frau, seine Zuflucht zu dem wegen der bey Andreas Braun im verflossenen Winter entdeckten Dieberey in Eschringen ein gewisses Renomm\u00e9e, gekommen, k\u00f6niglich bayerischen Soldaten Baptist Riedlein, F\u00fcssilier, gegenw\u00e4rtig in Saargem\u00fcnd, sich in Garnison befindend zu nehmen.<\/p>\n\n\n\n<p>Der Soldat erschien wirklich verwichenen Donnerstag, den 31. des Mts. nachts auf der Eschringer M\u00fchle und soll nach Aussagen des M\u00fcllers eine Hexe in selbiger Nacht zum Erscheinen auf der M\u00fchle gezwungen haben, in welchem das Verzeichnis aller in der Gemeinde sich befindlichen Hexen stehen.<\/p>\n\n\n\n<p>Den anderen Morgen machte die M\u00fcllerin L\u00e4rm. Im Dorf seien sieben Hexen, und dies seien die vornehmsten Bauernweiber. In der ganzen Gegend erhob sich nun der abergl\u00e4ubische L\u00e4rm von Hexerey. Die Weiber glaubten sich nicht wenig durch den Ehrentitel \u2018Hexe\u2019 in ihrer Ehre gekr\u00e4nkt und nahmen denselben als Beschimpfung an. Sie wollten auch die Ursache, warum der M\u00fcller von seinen K\u00fchen keine Butter und Rahm erhalten hat, auf folgende Art &#8211; welche auch die richtige ist &#8211; erkl\u00e4ren: Der M\u00fcller habe vier bis f\u00fcnf weibliche Hausgenossen, welche wie allgemein bekannt, gerne Kaffee trinken. Damit nun der M\u00fcller nicht jedes Mal erfahren sollte, wenn Kaffee getrunken w\u00fcrde, so wird er heimlich gemacht und so k\u00e4me er um seinen Rahm, weil derselbe von seinen eigenen Hausgenossen zum Kaffee verwendet werde. Um ihr Spiel ungehindert forttreiben zu k\u00f6nnen, seien dieselben schlimm genug, den M\u00fcller auf den Gedanken zu bringen, als seien die K\u00fche verhext.<\/p>\n\n\n\n<p>Dem sey nun, wie wolle. Das abergl\u00e4ubische dumme Geschw\u00e4tz des Peter Bauer, welches zu Unfrieden in den Familien der Gemeinde Anlass gegeben hat, dann durch Fortsetzung desselben wirklich sich in ehrenr\u00fchrigen Beleidigungen ausartete, geh\u00f6rt von der Obrigkeit geahndet.<\/p>\n\n\n\n<h6 class=\"wp-block-heading\"><b>Anmerkung:<\/b> Eine leicht ver\u00e4nderte Fassung dieser Geschichte findet sich auch in dem Eschringer Heft 3\/2: &#8222;Die einstige Eschringer M\u00fchle&#8220; von Heinrich Moog. Er merkt folgendes an:<\/h6>\n\n\n\n<h6 class=\"wp-block-heading\">&#8222;Wie das k\u00f6niglich bayerische Friedensgericht in Blieskastel in dieser Sache entschied, ist nicht \u00fcberliefert. Ob die Richter den M\u00fcller, seine Frau und andere, die ihnen Glauben geschenkt, wegen \u00fcbler Verleumdung belangten, den diebischen, hinterh\u00e4ltigen Frauen ihre verdiente Strafe erteilten oder den aufschneiderischen F\u00fcselier zur Rechenschaft zogen, wir wissen es nicht. Das groteske Ereignis enth\u00fcllt jedoch die Leicht- und Abergl\u00e4ubigkeit vieler Menschen. Bei aller Aufgekl\u00e4rtheit gibt es sie noch heute. Ein Nasr\u00fcmpfen \u00fcber vergangene Zeiten w\u00e4re verfehlt.&#8220;<\/h6>\n\n\n\n<p><a href=\"http:\/\/eschringen.de\/wordpress\/geschichte\/sagen\/\">zur\u00fcck zu den Sagen<\/a><\/p>\n","protected":false},"excerpt":{"rendered":"<p>F\u00fcr gro\u00dfe Aufregung in und um Eschringen sorgte eine kuriose Geschichte zu Beginn der bayerischen Zeit. Beim Friedensgericht in Blieskastel (dort ans\u00e4ssig seit der franz\u00f6sischen Gebietsreform im Jahr 1798) kam es, laut eines Presseberichtes (im Original zitiert aus: Ensheim, am 4. August 1817 zu folgender Anzeige: Peter Bauer, M\u00fcller, und dessen Eheh\u00e4lfte, wollen schon seit &#8230; <a title=\"Die verhexte M\u00fchle\" class=\"read-more\" href=\"https:\/\/eschringen.de\/wordpress\/geschichte\/sagen\/die-verhexte-muehle\/\" aria-label=\"Mehr Informationen \u00fcber Die verhexte M\u00fchle\">Weiterlesen &#8230;<\/a><\/p>\n","protected":false},"author":1,"featured_media":0,"parent":409,"menu_order":9,"comment_status":"closed","ping_status":"closed","template":"","meta":{"ngg_post_thumbnail":0,"footnotes":""},"class_list":["post-590","page","type-page","status-publish"],"yoast_head":"<!-- This site is optimized with the Yoast SEO plugin v27.5 - https:\/\/yoast.com\/product\/yoast-seo-wordpress\/ -->\n<title>Die verhexte M\u00fchle - Eschringen<\/title>\n<meta name=\"robots\" content=\"index, follow, max-snippet:-1, max-image-preview:large, max-video-preview:-1\" \/>\n<link rel=\"canonical\" href=\"https:\/\/eschringen.de\/wordpress\/geschichte\/sagen\/die-verhexte-muehle\/\" \/>\n<meta property=\"og:locale\" content=\"de_DE\" \/>\n<meta property=\"og:type\" content=\"article\" \/>\n<meta property=\"og:title\" content=\"Die verhexte M\u00fchle - Eschringen\" \/>\n<meta property=\"og:description\" content=\"F\u00fcr gro\u00dfe Aufregung in und um Eschringen sorgte eine kuriose Geschichte zu Beginn der bayerischen Zeit. Beim Friedensgericht in Blieskastel (dort ans\u00e4ssig seit der franz\u00f6sischen Gebietsreform im Jahr 1798) kam es, laut eines Presseberichtes (im Original zitiert aus: Ensheim, am 4. August 1817 zu folgender Anzeige: Peter Bauer, M\u00fcller, und dessen Eheh\u00e4lfte, wollen schon seit ... Weiterlesen ...\" \/>\n<meta property=\"og:url\" content=\"https:\/\/eschringen.de\/wordpress\/geschichte\/sagen\/die-verhexte-muehle\/\" \/>\n<meta property=\"og:site_name\" content=\"Eschringen\" \/>\n<meta property=\"article:modified_time\" content=\"2022-08-20T10:20:52+00:00\" \/>\n<meta name=\"twitter:card\" content=\"summary_large_image\" \/>\n<meta name=\"twitter:label1\" content=\"Gesch\u00e4tzte Lesezeit\" \/>\n\t<meta name=\"twitter:data1\" content=\"3\u00a0Minuten\" \/>\n<script type=\"application\/ld+json\" class=\"yoast-schema-graph\">{\"@context\":\"https:\\\/\\\/schema.org\",\"@graph\":[{\"@type\":\"WebPage\",\"@id\":\"https:\\\/\\\/eschringen.de\\\/wordpress\\\/geschichte\\\/sagen\\\/die-verhexte-muehle\\\/\",\"url\":\"https:\\\/\\\/eschringen.de\\\/wordpress\\\/geschichte\\\/sagen\\\/die-verhexte-muehle\\\/\",\"name\":\"Die verhexte M\u00fchle - Eschringen\",\"isPartOf\":{\"@id\":\"https:\\\/\\\/eschringen.de\\\/wordpress\\\/#website\"},\"datePublished\":\"2017-02-12T13:12:57+00:00\",\"dateModified\":\"2022-08-20T10:20:52+00:00\",\"breadcrumb\":{\"@id\":\"https:\\\/\\\/eschringen.de\\\/wordpress\\\/geschichte\\\/sagen\\\/die-verhexte-muehle\\\/#breadcrumb\"},\"inLanguage\":\"de\",\"potentialAction\":[{\"@type\":\"ReadAction\",\"target\":[\"https:\\\/\\\/eschringen.de\\\/wordpress\\\/geschichte\\\/sagen\\\/die-verhexte-muehle\\\/\"]}]},{\"@type\":\"BreadcrumbList\",\"@id\":\"https:\\\/\\\/eschringen.de\\\/wordpress\\\/geschichte\\\/sagen\\\/die-verhexte-muehle\\\/#breadcrumb\",\"itemListElement\":[{\"@type\":\"ListItem\",\"position\":1,\"name\":\"Startseite\",\"item\":\"https:\\\/\\\/eschringen.de\\\/wordpress\\\/\"},{\"@type\":\"ListItem\",\"position\":2,\"name\":\"Geschichte\",\"item\":\"https:\\\/\\\/eschringen.de\\\/wordpress\\\/geschichte\\\/\"},{\"@type\":\"ListItem\",\"position\":3,\"name\":\"Sagen\",\"item\":\"https:\\\/\\\/eschringen.de\\\/wordpress\\\/geschichte\\\/sagen\\\/\"},{\"@type\":\"ListItem\",\"position\":4,\"name\":\"Die verhexte M\u00fchle\"}]},{\"@type\":\"WebSite\",\"@id\":\"https:\\\/\\\/eschringen.de\\\/wordpress\\\/#website\",\"url\":\"https:\\\/\\\/eschringen.de\\\/wordpress\\\/\",\"name\":\"Eschringen\",\"description\":\"\",\"publisher\":{\"@id\":\"https:\\\/\\\/eschringen.de\\\/wordpress\\\/#organization\"},\"potentialAction\":[{\"@type\":\"SearchAction\",\"target\":{\"@type\":\"EntryPoint\",\"urlTemplate\":\"https:\\\/\\\/eschringen.de\\\/wordpress\\\/?s={search_term_string}\"},\"query-input\":{\"@type\":\"PropertyValueSpecification\",\"valueRequired\":true,\"valueName\":\"search_term_string\"}}],\"inLanguage\":\"de\"},{\"@type\":\"Organization\",\"@id\":\"https:\\\/\\\/eschringen.de\\\/wordpress\\\/#organization\",\"name\":\"Eschringen\",\"url\":\"https:\\\/\\\/eschringen.de\\\/wordpress\\\/\",\"logo\":{\"@type\":\"ImageObject\",\"inLanguage\":\"de\",\"@id\":\"https:\\\/\\\/eschringen.de\\\/wordpress\\\/#\\\/schema\\\/logo\\\/image\\\/\",\"url\":\"https:\\\/\\\/eschringen.de\\\/wordpress\\\/wp-content\\\/uploads\\\/2017\\\/03\\\/2017_kw15.jpg\",\"contentUrl\":\"https:\\\/\\\/eschringen.de\\\/wordpress\\\/wp-content\\\/uploads\\\/2017\\\/03\\\/2017_kw15.jpg\",\"width\":784,\"height\":447,\"caption\":\"Eschringen\"},\"image\":{\"@id\":\"https:\\\/\\\/eschringen.de\\\/wordpress\\\/#\\\/schema\\\/logo\\\/image\\\/\"}}]}<\/script>\n<!-- \/ Yoast SEO plugin. -->","yoast_head_json":{"title":"Die verhexte M\u00fchle - Eschringen","robots":{"index":"index","follow":"follow","max-snippet":"max-snippet:-1","max-image-preview":"max-image-preview:large","max-video-preview":"max-video-preview:-1"},"canonical":"https:\/\/eschringen.de\/wordpress\/geschichte\/sagen\/die-verhexte-muehle\/","og_locale":"de_DE","og_type":"article","og_title":"Die verhexte M\u00fchle - Eschringen","og_description":"F\u00fcr gro\u00dfe Aufregung in und um Eschringen sorgte eine kuriose Geschichte zu Beginn der bayerischen Zeit. Beim Friedensgericht in Blieskastel (dort ans\u00e4ssig seit der franz\u00f6sischen Gebietsreform im Jahr 1798) kam es, laut eines Presseberichtes (im Original zitiert aus: Ensheim, am 4. August 1817 zu folgender Anzeige: Peter Bauer, M\u00fcller, und dessen Eheh\u00e4lfte, wollen schon seit ... Weiterlesen ...","og_url":"https:\/\/eschringen.de\/wordpress\/geschichte\/sagen\/die-verhexte-muehle\/","og_site_name":"Eschringen","article_modified_time":"2022-08-20T10:20:52+00:00","twitter_card":"summary_large_image","twitter_misc":{"Gesch\u00e4tzte Lesezeit":"3\u00a0Minuten"},"schema":{"@context":"https:\/\/schema.org","@graph":[{"@type":"WebPage","@id":"https:\/\/eschringen.de\/wordpress\/geschichte\/sagen\/die-verhexte-muehle\/","url":"https:\/\/eschringen.de\/wordpress\/geschichte\/sagen\/die-verhexte-muehle\/","name":"Die verhexte M\u00fchle - Eschringen","isPartOf":{"@id":"https:\/\/eschringen.de\/wordpress\/#website"},"datePublished":"2017-02-12T13:12:57+00:00","dateModified":"2022-08-20T10:20:52+00:00","breadcrumb":{"@id":"https:\/\/eschringen.de\/wordpress\/geschichte\/sagen\/die-verhexte-muehle\/#breadcrumb"},"inLanguage":"de","potentialAction":[{"@type":"ReadAction","target":["https:\/\/eschringen.de\/wordpress\/geschichte\/sagen\/die-verhexte-muehle\/"]}]},{"@type":"BreadcrumbList","@id":"https:\/\/eschringen.de\/wordpress\/geschichte\/sagen\/die-verhexte-muehle\/#breadcrumb","itemListElement":[{"@type":"ListItem","position":1,"name":"Startseite","item":"https:\/\/eschringen.de\/wordpress\/"},{"@type":"ListItem","position":2,"name":"Geschichte","item":"https:\/\/eschringen.de\/wordpress\/geschichte\/"},{"@type":"ListItem","position":3,"name":"Sagen","item":"https:\/\/eschringen.de\/wordpress\/geschichte\/sagen\/"},{"@type":"ListItem","position":4,"name":"Die verhexte M\u00fchle"}]},{"@type":"WebSite","@id":"https:\/\/eschringen.de\/wordpress\/#website","url":"https:\/\/eschringen.de\/wordpress\/","name":"Eschringen","description":"","publisher":{"@id":"https:\/\/eschringen.de\/wordpress\/#organization"},"potentialAction":[{"@type":"SearchAction","target":{"@type":"EntryPoint","urlTemplate":"https:\/\/eschringen.de\/wordpress\/?s={search_term_string}"},"query-input":{"@type":"PropertyValueSpecification","valueRequired":true,"valueName":"search_term_string"}}],"inLanguage":"de"},{"@type":"Organization","@id":"https:\/\/eschringen.de\/wordpress\/#organization","name":"Eschringen","url":"https:\/\/eschringen.de\/wordpress\/","logo":{"@type":"ImageObject","inLanguage":"de","@id":"https:\/\/eschringen.de\/wordpress\/#\/schema\/logo\/image\/","url":"https:\/\/eschringen.de\/wordpress\/wp-content\/uploads\/2017\/03\/2017_kw15.jpg","contentUrl":"https:\/\/eschringen.de\/wordpress\/wp-content\/uploads\/2017\/03\/2017_kw15.jpg","width":784,"height":447,"caption":"Eschringen"},"image":{"@id":"https:\/\/eschringen.de\/wordpress\/#\/schema\/logo\/image\/"}}]}},"jetpack_sharing_enabled":true,"_links":{"self":[{"href":"https:\/\/eschringen.de\/wordpress\/wp-json\/wp\/v2\/pages\/590","targetHints":{"allow":["GET"]}}],"collection":[{"href":"https:\/\/eschringen.de\/wordpress\/wp-json\/wp\/v2\/pages"}],"about":[{"href":"https:\/\/eschringen.de\/wordpress\/wp-json\/wp\/v2\/types\/page"}],"author":[{"embeddable":true,"href":"https:\/\/eschringen.de\/wordpress\/wp-json\/wp\/v2\/users\/1"}],"replies":[{"embeddable":true,"href":"https:\/\/eschringen.de\/wordpress\/wp-json\/wp\/v2\/comments?post=590"}],"version-history":[{"count":2,"href":"https:\/\/eschringen.de\/wordpress\/wp-json\/wp\/v2\/pages\/590\/revisions"}],"predecessor-version":[{"id":3808,"href":"https:\/\/eschringen.de\/wordpress\/wp-json\/wp\/v2\/pages\/590\/revisions\/3808"}],"up":[{"embeddable":true,"href":"https:\/\/eschringen.de\/wordpress\/wp-json\/wp\/v2\/pages\/409"}],"wp:attachment":[{"href":"https:\/\/eschringen.de\/wordpress\/wp-json\/wp\/v2\/media?parent=590"}],"curies":[{"name":"wp","href":"https:\/\/api.w.org\/{rel}","templated":true}]}}