{"id":579,"date":"2017-02-12T13:58:18","date_gmt":"2017-02-12T12:58:18","guid":{"rendered":"http:\/\/eschringen.de\/wordpress\/?page_id=579"},"modified":"2022-08-20T12:19:57","modified_gmt":"2022-08-20T10:19:57","slug":"der-bauer-mit-den-roten-struempfen","status":"publish","type":"page","link":"https:\/\/eschringen.de\/wordpress\/geschichte\/sagen\/der-bauer-mit-den-roten-struempfen\/","title":{"rendered":"Der Bauer mit den roten Str\u00fcmpfen"},"content":{"rendered":"<div class=\"wp-block-image\">\n<figure class=\"alignright size-full\"><img data-recalc-dims=\"1\" loading=\"lazy\" decoding=\"async\" width=\"300\" height=\"229\" src=\"https:\/\/i0.wp.com\/eschringen.de\/wordpress\/wp-content\/uploads\/2022\/08\/bauer.jpg?resize=300%2C229&#038;ssl=1\" alt=\"\" class=\"wp-image-3804\"\/><figcaption>Yasmina Schmitt, 9 Jahre, 1999<\/figcaption><\/figure>\n<\/div>\n\n\n<p>Bei Fechingen lagen lange vor dem gro\u00dfen Kriege zwei D\u00f6rfer mit Namen B\u00f6nningen und Friedrichingen. Im gro\u00dfen Kriege sind sie dann untergegangen, so da\u00df man kaum noch eine Spur von ihnen findet. Der Meier von B\u00f6nningen hatte 7 Paar Str\u00fcmpfe. Ein Paar davon war von roter Farbe mit wei\u00dfen Ringeln. Von diesen Str\u00fcmpfen zog er jeden Tag ein anderes Paar an und jeden Sonntag das rote Paar. So wusste er immer, wenn Sonntag war. Wenn er dann mit seinen roten Str\u00fcmpfen durch Friedrichingen ging, um nach Fechingen in die Kirche zu kommen, wussten auch die Friedrichinger allemal, da\u00df Sonntag ist und machten sich zum Kirchgang fertig.<\/p>\n\n\n\n<h6 class=\"wp-block-heading\"><b>Anmerkung:<\/b> Mit &#8222;dem gro\u00dfen Kriege&#8220; ist nat\u00fcrlich der &#8222;Dreissigj\u00e4hrige Krieg&#8220; gemeint. B\u00f6nningen (oder Benningen) war ein kleines Dorf, das an Eschringen grenzte. Zur W\u00fcstung (untergegangene bzw. verlassene Siedlung) wurde es wohl aber schon zum Ausgang des Mittelalters (vielleicht durch die Pest?). Flurnamen erinnern noch an beide D\u00f6rfer.<\/h6>\n\n\n\n<p><a href=\"http:\/\/eschringen.de\/wordpress\/geschichte\/sagen\/\">zur\u00fcck zu den Sagen<\/a><\/p>\n","protected":false},"excerpt":{"rendered":"<p>Bei Fechingen lagen lange vor dem gro\u00dfen Kriege zwei D\u00f6rfer mit Namen B\u00f6nningen und Friedrichingen. Im gro\u00dfen Kriege sind sie dann untergegangen, so da\u00df man kaum noch eine Spur von ihnen findet. Der Meier von B\u00f6nningen hatte 7 Paar Str\u00fcmpfe. Ein Paar davon war von roter Farbe mit wei\u00dfen Ringeln. Von diesen Str\u00fcmpfen zog er &#8230; <a title=\"Der Bauer mit den roten Str\u00fcmpfen\" class=\"read-more\" href=\"https:\/\/eschringen.de\/wordpress\/geschichte\/sagen\/der-bauer-mit-den-roten-struempfen\/\" aria-label=\"Mehr Informationen \u00fcber Der Bauer mit den roten Str\u00fcmpfen\">Weiterlesen &#8230;<\/a><\/p>\n","protected":false},"author":1,"featured_media":0,"parent":409,"menu_order":6,"comment_status":"closed","ping_status":"closed","template":"","meta":{"ngg_post_thumbnail":0,"footnotes":""},"class_list":["post-579","page","type-page","status-publish"],"yoast_head":"<!-- This site is optimized with the Yoast SEO plugin v27.5 - https:\/\/yoast.com\/product\/yoast-seo-wordpress\/ -->\n<title>Der Bauer mit den roten Str\u00fcmpfen - Eschringen<\/title>\n<meta name=\"robots\" content=\"index, follow, max-snippet:-1, max-image-preview:large, max-video-preview:-1\" \/>\n<link rel=\"canonical\" href=\"https:\/\/eschringen.de\/wordpress\/geschichte\/sagen\/der-bauer-mit-den-roten-struempfen\/\" \/>\n<meta property=\"og:locale\" content=\"de_DE\" \/>\n<meta property=\"og:type\" content=\"article\" \/>\n<meta property=\"og:title\" content=\"Der Bauer mit den roten Str\u00fcmpfen - Eschringen\" \/>\n<meta property=\"og:description\" content=\"Bei Fechingen lagen lange vor dem gro\u00dfen Kriege zwei D\u00f6rfer mit Namen B\u00f6nningen und Friedrichingen. Im gro\u00dfen Kriege sind sie dann untergegangen, so da\u00df man kaum noch eine Spur von ihnen findet. Der Meier von B\u00f6nningen hatte 7 Paar Str\u00fcmpfe. Ein Paar davon war von roter Farbe mit wei\u00dfen Ringeln. Von diesen Str\u00fcmpfen zog er ... Weiterlesen ...\" \/>\n<meta property=\"og:url\" content=\"https:\/\/eschringen.de\/wordpress\/geschichte\/sagen\/der-bauer-mit-den-roten-struempfen\/\" \/>\n<meta property=\"og:site_name\" content=\"Eschringen\" \/>\n<meta property=\"article:modified_time\" content=\"2022-08-20T10:19:57+00:00\" \/>\n<meta property=\"og:image\" content=\"https:\/\/eschringen.de\/wordpress\/wp-content\/uploads\/2022\/08\/bauer.jpg\" \/>\n<meta name=\"twitter:card\" content=\"summary_large_image\" \/>\n<meta name=\"twitter:label1\" content=\"Gesch\u00e4tzte Lesezeit\" \/>\n\t<meta name=\"twitter:data1\" content=\"2\u00a0Minuten\" \/>\n<script type=\"application\/ld+json\" class=\"yoast-schema-graph\">{\"@context\":\"https:\\\/\\\/schema.org\",\"@graph\":[{\"@type\":\"WebPage\",\"@id\":\"https:\\\/\\\/eschringen.de\\\/wordpress\\\/geschichte\\\/sagen\\\/der-bauer-mit-den-roten-struempfen\\\/\",\"url\":\"https:\\\/\\\/eschringen.de\\\/wordpress\\\/geschichte\\\/sagen\\\/der-bauer-mit-den-roten-struempfen\\\/\",\"name\":\"Der Bauer mit den roten Str\u00fcmpfen - Eschringen\",\"isPartOf\":{\"@id\":\"https:\\\/\\\/eschringen.de\\\/wordpress\\\/#website\"},\"primaryImageOfPage\":{\"@id\":\"https:\\\/\\\/eschringen.de\\\/wordpress\\\/geschichte\\\/sagen\\\/der-bauer-mit-den-roten-struempfen\\\/#primaryimage\"},\"image\":{\"@id\":\"https:\\\/\\\/eschringen.de\\\/wordpress\\\/geschichte\\\/sagen\\\/der-bauer-mit-den-roten-struempfen\\\/#primaryimage\"},\"thumbnailUrl\":\"https:\\\/\\\/eschringen.de\\\/wordpress\\\/wp-content\\\/uploads\\\/2022\\\/08\\\/bauer.jpg\",\"datePublished\":\"2017-02-12T12:58:18+00:00\",\"dateModified\":\"2022-08-20T10:19:57+00:00\",\"breadcrumb\":{\"@id\":\"https:\\\/\\\/eschringen.de\\\/wordpress\\\/geschichte\\\/sagen\\\/der-bauer-mit-den-roten-struempfen\\\/#breadcrumb\"},\"inLanguage\":\"de\",\"potentialAction\":[{\"@type\":\"ReadAction\",\"target\":[\"https:\\\/\\\/eschringen.de\\\/wordpress\\\/geschichte\\\/sagen\\\/der-bauer-mit-den-roten-struempfen\\\/\"]}]},{\"@type\":\"ImageObject\",\"inLanguage\":\"de\",\"@id\":\"https:\\\/\\\/eschringen.de\\\/wordpress\\\/geschichte\\\/sagen\\\/der-bauer-mit-den-roten-struempfen\\\/#primaryimage\",\"url\":\"https:\\\/\\\/i0.wp.com\\\/eschringen.de\\\/wordpress\\\/wp-content\\\/uploads\\\/2022\\\/08\\\/bauer.jpg?fit=300%2C229&ssl=1\",\"contentUrl\":\"https:\\\/\\\/i0.wp.com\\\/eschringen.de\\\/wordpress\\\/wp-content\\\/uploads\\\/2022\\\/08\\\/bauer.jpg?fit=300%2C229&ssl=1\",\"width\":300,\"height\":229},{\"@type\":\"BreadcrumbList\",\"@id\":\"https:\\\/\\\/eschringen.de\\\/wordpress\\\/geschichte\\\/sagen\\\/der-bauer-mit-den-roten-struempfen\\\/#breadcrumb\",\"itemListElement\":[{\"@type\":\"ListItem\",\"position\":1,\"name\":\"Startseite\",\"item\":\"https:\\\/\\\/eschringen.de\\\/wordpress\\\/\"},{\"@type\":\"ListItem\",\"position\":2,\"name\":\"Geschichte\",\"item\":\"https:\\\/\\\/eschringen.de\\\/wordpress\\\/geschichte\\\/\"},{\"@type\":\"ListItem\",\"position\":3,\"name\":\"Sagen\",\"item\":\"https:\\\/\\\/eschringen.de\\\/wordpress\\\/geschichte\\\/sagen\\\/\"},{\"@type\":\"ListItem\",\"position\":4,\"name\":\"Der Bauer mit den roten Str\u00fcmpfen\"}]},{\"@type\":\"WebSite\",\"@id\":\"https:\\\/\\\/eschringen.de\\\/wordpress\\\/#website\",\"url\":\"https:\\\/\\\/eschringen.de\\\/wordpress\\\/\",\"name\":\"Eschringen\",\"description\":\"\",\"publisher\":{\"@id\":\"https:\\\/\\\/eschringen.de\\\/wordpress\\\/#organization\"},\"potentialAction\":[{\"@type\":\"SearchAction\",\"target\":{\"@type\":\"EntryPoint\",\"urlTemplate\":\"https:\\\/\\\/eschringen.de\\\/wordpress\\\/?s={search_term_string}\"},\"query-input\":{\"@type\":\"PropertyValueSpecification\",\"valueRequired\":true,\"valueName\":\"search_term_string\"}}],\"inLanguage\":\"de\"},{\"@type\":\"Organization\",\"@id\":\"https:\\\/\\\/eschringen.de\\\/wordpress\\\/#organization\",\"name\":\"Eschringen\",\"url\":\"https:\\\/\\\/eschringen.de\\\/wordpress\\\/\",\"logo\":{\"@type\":\"ImageObject\",\"inLanguage\":\"de\",\"@id\":\"https:\\\/\\\/eschringen.de\\\/wordpress\\\/#\\\/schema\\\/logo\\\/image\\\/\",\"url\":\"https:\\\/\\\/eschringen.de\\\/wordpress\\\/wp-content\\\/uploads\\\/2017\\\/03\\\/2017_kw15.jpg\",\"contentUrl\":\"https:\\\/\\\/eschringen.de\\\/wordpress\\\/wp-content\\\/uploads\\\/2017\\\/03\\\/2017_kw15.jpg\",\"width\":784,\"height\":447,\"caption\":\"Eschringen\"},\"image\":{\"@id\":\"https:\\\/\\\/eschringen.de\\\/wordpress\\\/#\\\/schema\\\/logo\\\/image\\\/\"}}]}<\/script>\n<!-- \/ Yoast SEO plugin. -->","yoast_head_json":{"title":"Der Bauer mit den roten Str\u00fcmpfen - Eschringen","robots":{"index":"index","follow":"follow","max-snippet":"max-snippet:-1","max-image-preview":"max-image-preview:large","max-video-preview":"max-video-preview:-1"},"canonical":"https:\/\/eschringen.de\/wordpress\/geschichte\/sagen\/der-bauer-mit-den-roten-struempfen\/","og_locale":"de_DE","og_type":"article","og_title":"Der Bauer mit den roten Str\u00fcmpfen - Eschringen","og_description":"Bei Fechingen lagen lange vor dem gro\u00dfen Kriege zwei D\u00f6rfer mit Namen B\u00f6nningen und Friedrichingen. Im gro\u00dfen Kriege sind sie dann untergegangen, so da\u00df man kaum noch eine Spur von ihnen findet. Der Meier von B\u00f6nningen hatte 7 Paar Str\u00fcmpfe. Ein Paar davon war von roter Farbe mit wei\u00dfen Ringeln. Von diesen Str\u00fcmpfen zog er ... Weiterlesen ...","og_url":"https:\/\/eschringen.de\/wordpress\/geschichte\/sagen\/der-bauer-mit-den-roten-struempfen\/","og_site_name":"Eschringen","article_modified_time":"2022-08-20T10:19:57+00:00","og_image":[{"url":"https:\/\/eschringen.de\/wordpress\/wp-content\/uploads\/2022\/08\/bauer.jpg","type":"","width":"","height":""}],"twitter_card":"summary_large_image","twitter_misc":{"Gesch\u00e4tzte Lesezeit":"2\u00a0Minuten"},"schema":{"@context":"https:\/\/schema.org","@graph":[{"@type":"WebPage","@id":"https:\/\/eschringen.de\/wordpress\/geschichte\/sagen\/der-bauer-mit-den-roten-struempfen\/","url":"https:\/\/eschringen.de\/wordpress\/geschichte\/sagen\/der-bauer-mit-den-roten-struempfen\/","name":"Der Bauer mit den roten Str\u00fcmpfen - Eschringen","isPartOf":{"@id":"https:\/\/eschringen.de\/wordpress\/#website"},"primaryImageOfPage":{"@id":"https:\/\/eschringen.de\/wordpress\/geschichte\/sagen\/der-bauer-mit-den-roten-struempfen\/#primaryimage"},"image":{"@id":"https:\/\/eschringen.de\/wordpress\/geschichte\/sagen\/der-bauer-mit-den-roten-struempfen\/#primaryimage"},"thumbnailUrl":"https:\/\/eschringen.de\/wordpress\/wp-content\/uploads\/2022\/08\/bauer.jpg","datePublished":"2017-02-12T12:58:18+00:00","dateModified":"2022-08-20T10:19:57+00:00","breadcrumb":{"@id":"https:\/\/eschringen.de\/wordpress\/geschichte\/sagen\/der-bauer-mit-den-roten-struempfen\/#breadcrumb"},"inLanguage":"de","potentialAction":[{"@type":"ReadAction","target":["https:\/\/eschringen.de\/wordpress\/geschichte\/sagen\/der-bauer-mit-den-roten-struempfen\/"]}]},{"@type":"ImageObject","inLanguage":"de","@id":"https:\/\/eschringen.de\/wordpress\/geschichte\/sagen\/der-bauer-mit-den-roten-struempfen\/#primaryimage","url":"https:\/\/i0.wp.com\/eschringen.de\/wordpress\/wp-content\/uploads\/2022\/08\/bauer.jpg?fit=300%2C229&ssl=1","contentUrl":"https:\/\/i0.wp.com\/eschringen.de\/wordpress\/wp-content\/uploads\/2022\/08\/bauer.jpg?fit=300%2C229&ssl=1","width":300,"height":229},{"@type":"BreadcrumbList","@id":"https:\/\/eschringen.de\/wordpress\/geschichte\/sagen\/der-bauer-mit-den-roten-struempfen\/#breadcrumb","itemListElement":[{"@type":"ListItem","position":1,"name":"Startseite","item":"https:\/\/eschringen.de\/wordpress\/"},{"@type":"ListItem","position":2,"name":"Geschichte","item":"https:\/\/eschringen.de\/wordpress\/geschichte\/"},{"@type":"ListItem","position":3,"name":"Sagen","item":"https:\/\/eschringen.de\/wordpress\/geschichte\/sagen\/"},{"@type":"ListItem","position":4,"name":"Der Bauer mit den roten Str\u00fcmpfen"}]},{"@type":"WebSite","@id":"https:\/\/eschringen.de\/wordpress\/#website","url":"https:\/\/eschringen.de\/wordpress\/","name":"Eschringen","description":"","publisher":{"@id":"https:\/\/eschringen.de\/wordpress\/#organization"},"potentialAction":[{"@type":"SearchAction","target":{"@type":"EntryPoint","urlTemplate":"https:\/\/eschringen.de\/wordpress\/?s={search_term_string}"},"query-input":{"@type":"PropertyValueSpecification","valueRequired":true,"valueName":"search_term_string"}}],"inLanguage":"de"},{"@type":"Organization","@id":"https:\/\/eschringen.de\/wordpress\/#organization","name":"Eschringen","url":"https:\/\/eschringen.de\/wordpress\/","logo":{"@type":"ImageObject","inLanguage":"de","@id":"https:\/\/eschringen.de\/wordpress\/#\/schema\/logo\/image\/","url":"https:\/\/eschringen.de\/wordpress\/wp-content\/uploads\/2017\/03\/2017_kw15.jpg","contentUrl":"https:\/\/eschringen.de\/wordpress\/wp-content\/uploads\/2017\/03\/2017_kw15.jpg","width":784,"height":447,"caption":"Eschringen"},"image":{"@id":"https:\/\/eschringen.de\/wordpress\/#\/schema\/logo\/image\/"}}]}},"jetpack_sharing_enabled":true,"_links":{"self":[{"href":"https:\/\/eschringen.de\/wordpress\/wp-json\/wp\/v2\/pages\/579","targetHints":{"allow":["GET"]}}],"collection":[{"href":"https:\/\/eschringen.de\/wordpress\/wp-json\/wp\/v2\/pages"}],"about":[{"href":"https:\/\/eschringen.de\/wordpress\/wp-json\/wp\/v2\/types\/page"}],"author":[{"embeddable":true,"href":"https:\/\/eschringen.de\/wordpress\/wp-json\/wp\/v2\/users\/1"}],"replies":[{"embeddable":true,"href":"https:\/\/eschringen.de\/wordpress\/wp-json\/wp\/v2\/comments?post=579"}],"version-history":[{"count":2,"href":"https:\/\/eschringen.de\/wordpress\/wp-json\/wp\/v2\/pages\/579\/revisions"}],"predecessor-version":[{"id":3805,"href":"https:\/\/eschringen.de\/wordpress\/wp-json\/wp\/v2\/pages\/579\/revisions\/3805"}],"up":[{"embeddable":true,"href":"https:\/\/eschringen.de\/wordpress\/wp-json\/wp\/v2\/pages\/409"}],"wp:attachment":[{"href":"https:\/\/eschringen.de\/wordpress\/wp-json\/wp\/v2\/media?parent=579"}],"curies":[{"name":"wp","href":"https:\/\/api.w.org\/{rel}","templated":true}]}}