{"id":574,"date":"2017-02-12T13:02:19","date_gmt":"2017-02-12T12:02:19","guid":{"rendered":"http:\/\/eschringen.de\/wordpress\/?page_id=574"},"modified":"2022-08-20T12:19:08","modified_gmt":"2022-08-20T10:19:08","slug":"der-schwarze-mann-am-fechinger-berg","status":"publish","type":"page","link":"https:\/\/eschringen.de\/wordpress\/geschichte\/sagen\/der-schwarze-mann-am-fechinger-berg\/","title":{"rendered":"Der schwarze Mann am Fechinger Berg"},"content":{"rendered":"\n<h5 class=\"wp-block-heading\">(von August Schmitz +, ehemaliger Schuldirektor in Fechingen)<\/h5>\n\n\n<div class=\"wp-block-image\">\n<figure class=\"alignright size-full\"><img data-recalc-dims=\"1\" loading=\"lazy\" decoding=\"async\" width=\"300\" height=\"218\" src=\"https:\/\/i0.wp.com\/eschringen.de\/wordpress\/wp-content\/uploads\/2022\/08\/schlappe.jpg?resize=300%2C218&#038;ssl=1\" alt=\"\" class=\"wp-image-3800\"\/><figcaption>Zeichnung von Celine Maul, 9 Jahre<\/figcaption><\/figure>\n<\/div>\n\n\n<p>Wer fr\u00fcher von Eschringen nach Fechingen ging, sorgte, da\u00df er zur Geisterstunde das <i>&#8222;Pfaffenbr\u00fcnnchen&#8220; <\/i>hinter sich hatte. Oft geschah es, da\u00df dem Wanderer zu dieser Stunde das Gruseln kam. Am <i>&#8222;Scheppchen&#8220;, <\/i>einem Walde an der Landesgrenze, erschien ihm pl\u00f6tzlich ein schwarzer Mann mit einem gro\u00dfen <i>&#8222;schlappen Hut\u2018. <\/i>Er sprang dem Wanderer auf die Schulter und lie\u00df sich von ihm bis zum Pfaffenbrunnen tragen. Dort verschwand der Spuk wieder. Der <i>&#8222;Schlappe Hut&#8220;, <\/i>wie das Gespenst auch genannt wurde, soll ein ordentliches Gewicht gehabt haben, so da\u00df dem Mann, der ihn tragen musste, oft noch nach einer Stunde danach der Schwei\u00df ausging. Keinem gelang es, die unerw\u00fcnschte Last abzusch\u00fctteln. Je mehr der Lasttr\u00e4ger sich gegen die Last wehrte, desto schwerer wurde sie. Es ist auch schon vorgekommen, da\u00df zwei M\u00e4nner zusammen gingen, von denen einer unter \u00c4chzen und St\u00f6hnen die Last tragen musste, w\u00e4hrend der andere nichts wahrnahm.<br>Den Leuten, die fr\u00fch morgens in die Stadt auf den Markt gingen, ist der schwarze Mann auch oft erschienen. Er ging neben ihnen her vom Scheppchen bis zum Pfaffenbrunnen, wo er verschwand. Der Spuk hat ihnen aber nie etwas zuleide getan.<\/p>\n\n\n\n<h6 class=\"wp-block-heading\"><b>Anmerkung:<\/b> Diese Sage stammt offenkundig aus bayerischer Zeit (s. preu\u00dfisch-bayerische Landesgrenze), gleichwohl ist die Figur dieses Koboldes &#8211; in Eschringen wird er &#8222;Labbehut&#8220; genannt &#8211; im ganzen Bliesgau und auch anderswo verbreitet.<\/h6>\n\n\n\n<p><a href=\"http:\/\/eschringen.de\/wordpress\/geschichte\/sagen\/\">zur\u00fcck zu den Sagen<\/a><\/p>\n","protected":false},"excerpt":{"rendered":"<p>(von August Schmitz +, ehemaliger Schuldirektor in Fechingen) Wer fr\u00fcher von Eschringen nach Fechingen ging, sorgte, da\u00df er zur Geisterstunde das &#8222;Pfaffenbr\u00fcnnchen&#8220; hinter sich hatte. Oft geschah es, da\u00df dem Wanderer zu dieser Stunde das Gruseln kam. Am &#8222;Scheppchen&#8220;, einem Walde an der Landesgrenze, erschien ihm pl\u00f6tzlich ein schwarzer Mann mit einem gro\u00dfen &#8222;schlappen Hut\u2018. &#8230; <a title=\"Der schwarze Mann am Fechinger Berg\" class=\"read-more\" href=\"https:\/\/eschringen.de\/wordpress\/geschichte\/sagen\/der-schwarze-mann-am-fechinger-berg\/\" aria-label=\"Mehr Informationen \u00fcber Der schwarze Mann am Fechinger Berg\">Weiterlesen &#8230;<\/a><\/p>\n","protected":false},"author":1,"featured_media":0,"parent":409,"menu_order":4,"comment_status":"closed","ping_status":"closed","template":"","meta":{"ngg_post_thumbnail":0,"footnotes":""},"class_list":["post-574","page","type-page","status-publish"],"yoast_head":"<!-- This site is optimized with the Yoast SEO plugin v27.5 - https:\/\/yoast.com\/product\/yoast-seo-wordpress\/ -->\n<title>Der schwarze Mann am Fechinger Berg - Eschringen<\/title>\n<meta name=\"robots\" content=\"index, follow, max-snippet:-1, max-image-preview:large, max-video-preview:-1\" \/>\n<link rel=\"canonical\" href=\"https:\/\/eschringen.de\/wordpress\/geschichte\/sagen\/der-schwarze-mann-am-fechinger-berg\/\" \/>\n<meta property=\"og:locale\" content=\"de_DE\" \/>\n<meta property=\"og:type\" content=\"article\" \/>\n<meta property=\"og:title\" content=\"Der schwarze Mann am Fechinger Berg - Eschringen\" \/>\n<meta property=\"og:description\" content=\"(von August Schmitz +, ehemaliger Schuldirektor in Fechingen) Wer fr\u00fcher von Eschringen nach Fechingen ging, sorgte, da\u00df er zur Geisterstunde das &#8222;Pfaffenbr\u00fcnnchen&#8220; hinter sich hatte. Oft geschah es, da\u00df dem Wanderer zu dieser Stunde das Gruseln kam. Am &#8222;Scheppchen&#8220;, einem Walde an der Landesgrenze, erschien ihm pl\u00f6tzlich ein schwarzer Mann mit einem gro\u00dfen &#8222;schlappen Hut\u2018. ... Weiterlesen ...\" \/>\n<meta property=\"og:url\" content=\"https:\/\/eschringen.de\/wordpress\/geschichte\/sagen\/der-schwarze-mann-am-fechinger-berg\/\" \/>\n<meta property=\"og:site_name\" content=\"Eschringen\" \/>\n<meta property=\"article:modified_time\" content=\"2022-08-20T10:19:08+00:00\" \/>\n<meta property=\"og:image\" content=\"https:\/\/eschringen.de\/wordpress\/wp-content\/uploads\/2022\/08\/schlappe.jpg\" \/>\n<meta name=\"twitter:card\" content=\"summary_large_image\" \/>\n<meta name=\"twitter:label1\" content=\"Gesch\u00e4tzte Lesezeit\" \/>\n\t<meta name=\"twitter:data1\" content=\"2\u00a0Minuten\" \/>\n<script type=\"application\/ld+json\" class=\"yoast-schema-graph\">{\"@context\":\"https:\\\/\\\/schema.org\",\"@graph\":[{\"@type\":\"WebPage\",\"@id\":\"https:\\\/\\\/eschringen.de\\\/wordpress\\\/geschichte\\\/sagen\\\/der-schwarze-mann-am-fechinger-berg\\\/\",\"url\":\"https:\\\/\\\/eschringen.de\\\/wordpress\\\/geschichte\\\/sagen\\\/der-schwarze-mann-am-fechinger-berg\\\/\",\"name\":\"Der schwarze Mann am Fechinger Berg - Eschringen\",\"isPartOf\":{\"@id\":\"https:\\\/\\\/eschringen.de\\\/wordpress\\\/#website\"},\"primaryImageOfPage\":{\"@id\":\"https:\\\/\\\/eschringen.de\\\/wordpress\\\/geschichte\\\/sagen\\\/der-schwarze-mann-am-fechinger-berg\\\/#primaryimage\"},\"image\":{\"@id\":\"https:\\\/\\\/eschringen.de\\\/wordpress\\\/geschichte\\\/sagen\\\/der-schwarze-mann-am-fechinger-berg\\\/#primaryimage\"},\"thumbnailUrl\":\"https:\\\/\\\/eschringen.de\\\/wordpress\\\/wp-content\\\/uploads\\\/2022\\\/08\\\/schlappe.jpg\",\"datePublished\":\"2017-02-12T12:02:19+00:00\",\"dateModified\":\"2022-08-20T10:19:08+00:00\",\"breadcrumb\":{\"@id\":\"https:\\\/\\\/eschringen.de\\\/wordpress\\\/geschichte\\\/sagen\\\/der-schwarze-mann-am-fechinger-berg\\\/#breadcrumb\"},\"inLanguage\":\"de\",\"potentialAction\":[{\"@type\":\"ReadAction\",\"target\":[\"https:\\\/\\\/eschringen.de\\\/wordpress\\\/geschichte\\\/sagen\\\/der-schwarze-mann-am-fechinger-berg\\\/\"]}]},{\"@type\":\"ImageObject\",\"inLanguage\":\"de\",\"@id\":\"https:\\\/\\\/eschringen.de\\\/wordpress\\\/geschichte\\\/sagen\\\/der-schwarze-mann-am-fechinger-berg\\\/#primaryimage\",\"url\":\"https:\\\/\\\/i0.wp.com\\\/eschringen.de\\\/wordpress\\\/wp-content\\\/uploads\\\/2022\\\/08\\\/schlappe.jpg?fit=300%2C218&ssl=1\",\"contentUrl\":\"https:\\\/\\\/i0.wp.com\\\/eschringen.de\\\/wordpress\\\/wp-content\\\/uploads\\\/2022\\\/08\\\/schlappe.jpg?fit=300%2C218&ssl=1\",\"width\":300,\"height\":218},{\"@type\":\"BreadcrumbList\",\"@id\":\"https:\\\/\\\/eschringen.de\\\/wordpress\\\/geschichte\\\/sagen\\\/der-schwarze-mann-am-fechinger-berg\\\/#breadcrumb\",\"itemListElement\":[{\"@type\":\"ListItem\",\"position\":1,\"name\":\"Startseite\",\"item\":\"https:\\\/\\\/eschringen.de\\\/wordpress\\\/\"},{\"@type\":\"ListItem\",\"position\":2,\"name\":\"Geschichte\",\"item\":\"https:\\\/\\\/eschringen.de\\\/wordpress\\\/geschichte\\\/\"},{\"@type\":\"ListItem\",\"position\":3,\"name\":\"Sagen\",\"item\":\"https:\\\/\\\/eschringen.de\\\/wordpress\\\/geschichte\\\/sagen\\\/\"},{\"@type\":\"ListItem\",\"position\":4,\"name\":\"Der schwarze Mann am Fechinger Berg\"}]},{\"@type\":\"WebSite\",\"@id\":\"https:\\\/\\\/eschringen.de\\\/wordpress\\\/#website\",\"url\":\"https:\\\/\\\/eschringen.de\\\/wordpress\\\/\",\"name\":\"Eschringen\",\"description\":\"\",\"publisher\":{\"@id\":\"https:\\\/\\\/eschringen.de\\\/wordpress\\\/#organization\"},\"potentialAction\":[{\"@type\":\"SearchAction\",\"target\":{\"@type\":\"EntryPoint\",\"urlTemplate\":\"https:\\\/\\\/eschringen.de\\\/wordpress\\\/?s={search_term_string}\"},\"query-input\":{\"@type\":\"PropertyValueSpecification\",\"valueRequired\":true,\"valueName\":\"search_term_string\"}}],\"inLanguage\":\"de\"},{\"@type\":\"Organization\",\"@id\":\"https:\\\/\\\/eschringen.de\\\/wordpress\\\/#organization\",\"name\":\"Eschringen\",\"url\":\"https:\\\/\\\/eschringen.de\\\/wordpress\\\/\",\"logo\":{\"@type\":\"ImageObject\",\"inLanguage\":\"de\",\"@id\":\"https:\\\/\\\/eschringen.de\\\/wordpress\\\/#\\\/schema\\\/logo\\\/image\\\/\",\"url\":\"https:\\\/\\\/eschringen.de\\\/wordpress\\\/wp-content\\\/uploads\\\/2017\\\/03\\\/2017_kw15.jpg\",\"contentUrl\":\"https:\\\/\\\/eschringen.de\\\/wordpress\\\/wp-content\\\/uploads\\\/2017\\\/03\\\/2017_kw15.jpg\",\"width\":784,\"height\":447,\"caption\":\"Eschringen\"},\"image\":{\"@id\":\"https:\\\/\\\/eschringen.de\\\/wordpress\\\/#\\\/schema\\\/logo\\\/image\\\/\"}}]}<\/script>\n<!-- \/ Yoast SEO plugin. -->","yoast_head_json":{"title":"Der schwarze Mann am Fechinger Berg - Eschringen","robots":{"index":"index","follow":"follow","max-snippet":"max-snippet:-1","max-image-preview":"max-image-preview:large","max-video-preview":"max-video-preview:-1"},"canonical":"https:\/\/eschringen.de\/wordpress\/geschichte\/sagen\/der-schwarze-mann-am-fechinger-berg\/","og_locale":"de_DE","og_type":"article","og_title":"Der schwarze Mann am Fechinger Berg - Eschringen","og_description":"(von August Schmitz +, ehemaliger Schuldirektor in Fechingen) Wer fr\u00fcher von Eschringen nach Fechingen ging, sorgte, da\u00df er zur Geisterstunde das &#8222;Pfaffenbr\u00fcnnchen&#8220; hinter sich hatte. Oft geschah es, da\u00df dem Wanderer zu dieser Stunde das Gruseln kam. Am &#8222;Scheppchen&#8220;, einem Walde an der Landesgrenze, erschien ihm pl\u00f6tzlich ein schwarzer Mann mit einem gro\u00dfen &#8222;schlappen Hut\u2018. ... Weiterlesen ...","og_url":"https:\/\/eschringen.de\/wordpress\/geschichte\/sagen\/der-schwarze-mann-am-fechinger-berg\/","og_site_name":"Eschringen","article_modified_time":"2022-08-20T10:19:08+00:00","og_image":[{"url":"https:\/\/eschringen.de\/wordpress\/wp-content\/uploads\/2022\/08\/schlappe.jpg","type":"","width":"","height":""}],"twitter_card":"summary_large_image","twitter_misc":{"Gesch\u00e4tzte Lesezeit":"2\u00a0Minuten"},"schema":{"@context":"https:\/\/schema.org","@graph":[{"@type":"WebPage","@id":"https:\/\/eschringen.de\/wordpress\/geschichte\/sagen\/der-schwarze-mann-am-fechinger-berg\/","url":"https:\/\/eschringen.de\/wordpress\/geschichte\/sagen\/der-schwarze-mann-am-fechinger-berg\/","name":"Der schwarze Mann am Fechinger Berg - Eschringen","isPartOf":{"@id":"https:\/\/eschringen.de\/wordpress\/#website"},"primaryImageOfPage":{"@id":"https:\/\/eschringen.de\/wordpress\/geschichte\/sagen\/der-schwarze-mann-am-fechinger-berg\/#primaryimage"},"image":{"@id":"https:\/\/eschringen.de\/wordpress\/geschichte\/sagen\/der-schwarze-mann-am-fechinger-berg\/#primaryimage"},"thumbnailUrl":"https:\/\/eschringen.de\/wordpress\/wp-content\/uploads\/2022\/08\/schlappe.jpg","datePublished":"2017-02-12T12:02:19+00:00","dateModified":"2022-08-20T10:19:08+00:00","breadcrumb":{"@id":"https:\/\/eschringen.de\/wordpress\/geschichte\/sagen\/der-schwarze-mann-am-fechinger-berg\/#breadcrumb"},"inLanguage":"de","potentialAction":[{"@type":"ReadAction","target":["https:\/\/eschringen.de\/wordpress\/geschichte\/sagen\/der-schwarze-mann-am-fechinger-berg\/"]}]},{"@type":"ImageObject","inLanguage":"de","@id":"https:\/\/eschringen.de\/wordpress\/geschichte\/sagen\/der-schwarze-mann-am-fechinger-berg\/#primaryimage","url":"https:\/\/i0.wp.com\/eschringen.de\/wordpress\/wp-content\/uploads\/2022\/08\/schlappe.jpg?fit=300%2C218&ssl=1","contentUrl":"https:\/\/i0.wp.com\/eschringen.de\/wordpress\/wp-content\/uploads\/2022\/08\/schlappe.jpg?fit=300%2C218&ssl=1","width":300,"height":218},{"@type":"BreadcrumbList","@id":"https:\/\/eschringen.de\/wordpress\/geschichte\/sagen\/der-schwarze-mann-am-fechinger-berg\/#breadcrumb","itemListElement":[{"@type":"ListItem","position":1,"name":"Startseite","item":"https:\/\/eschringen.de\/wordpress\/"},{"@type":"ListItem","position":2,"name":"Geschichte","item":"https:\/\/eschringen.de\/wordpress\/geschichte\/"},{"@type":"ListItem","position":3,"name":"Sagen","item":"https:\/\/eschringen.de\/wordpress\/geschichte\/sagen\/"},{"@type":"ListItem","position":4,"name":"Der schwarze Mann am Fechinger Berg"}]},{"@type":"WebSite","@id":"https:\/\/eschringen.de\/wordpress\/#website","url":"https:\/\/eschringen.de\/wordpress\/","name":"Eschringen","description":"","publisher":{"@id":"https:\/\/eschringen.de\/wordpress\/#organization"},"potentialAction":[{"@type":"SearchAction","target":{"@type":"EntryPoint","urlTemplate":"https:\/\/eschringen.de\/wordpress\/?s={search_term_string}"},"query-input":{"@type":"PropertyValueSpecification","valueRequired":true,"valueName":"search_term_string"}}],"inLanguage":"de"},{"@type":"Organization","@id":"https:\/\/eschringen.de\/wordpress\/#organization","name":"Eschringen","url":"https:\/\/eschringen.de\/wordpress\/","logo":{"@type":"ImageObject","inLanguage":"de","@id":"https:\/\/eschringen.de\/wordpress\/#\/schema\/logo\/image\/","url":"https:\/\/eschringen.de\/wordpress\/wp-content\/uploads\/2017\/03\/2017_kw15.jpg","contentUrl":"https:\/\/eschringen.de\/wordpress\/wp-content\/uploads\/2017\/03\/2017_kw15.jpg","width":784,"height":447,"caption":"Eschringen"},"image":{"@id":"https:\/\/eschringen.de\/wordpress\/#\/schema\/logo\/image\/"}}]}},"jetpack_sharing_enabled":true,"_links":{"self":[{"href":"https:\/\/eschringen.de\/wordpress\/wp-json\/wp\/v2\/pages\/574","targetHints":{"allow":["GET"]}}],"collection":[{"href":"https:\/\/eschringen.de\/wordpress\/wp-json\/wp\/v2\/pages"}],"about":[{"href":"https:\/\/eschringen.de\/wordpress\/wp-json\/wp\/v2\/types\/page"}],"author":[{"embeddable":true,"href":"https:\/\/eschringen.de\/wordpress\/wp-json\/wp\/v2\/users\/1"}],"replies":[{"embeddable":true,"href":"https:\/\/eschringen.de\/wordpress\/wp-json\/wp\/v2\/comments?post=574"}],"version-history":[{"count":2,"href":"https:\/\/eschringen.de\/wordpress\/wp-json\/wp\/v2\/pages\/574\/revisions"}],"predecessor-version":[{"id":3801,"href":"https:\/\/eschringen.de\/wordpress\/wp-json\/wp\/v2\/pages\/574\/revisions\/3801"}],"up":[{"embeddable":true,"href":"https:\/\/eschringen.de\/wordpress\/wp-json\/wp\/v2\/pages\/409"}],"wp:attachment":[{"href":"https:\/\/eschringen.de\/wordpress\/wp-json\/wp\/v2\/media?parent=574"}],"curies":[{"name":"wp","href":"https:\/\/api.w.org\/{rel}","templated":true}]}}