{"id":569,"date":"2017-02-12T12:58:16","date_gmt":"2017-02-12T11:58:16","guid":{"rendered":"http:\/\/eschringen.de\/wordpress\/?page_id=569"},"modified":"2022-08-20T12:18:40","modified_gmt":"2022-08-20T10:18:40","slug":"die-wassernixe-vom-eschringer-seerosenteich","status":"publish","type":"page","link":"https:\/\/eschringen.de\/wordpress\/geschichte\/sagen\/die-wassernixe-vom-eschringer-seerosenteich\/","title":{"rendered":"Die Wassernixe vom Eschringer Seerosenteich"},"content":{"rendered":"<div class=\"wp-block-image\">\n<figure class=\"alignright size-full\"><img data-recalc-dims=\"1\" loading=\"lazy\" decoding=\"async\" width=\"300\" height=\"323\" src=\"https:\/\/i0.wp.com\/eschringen.de\/wordpress\/wp-content\/uploads\/2022\/08\/wasserhex.jpg?resize=300%2C323&#038;ssl=1\" alt=\"\" class=\"wp-image-3797\" srcset=\"https:\/\/i0.wp.com\/eschringen.de\/wordpress\/wp-content\/uploads\/2022\/08\/wasserhex.jpg?w=300&amp;ssl=1 300w, https:\/\/i0.wp.com\/eschringen.de\/wordpress\/wp-content\/uploads\/2022\/08\/wasserhex.jpg?resize=279%2C300&amp;ssl=1 279w\" sizes=\"auto, (max-width: 300px) 100vw, 300px\" \/><figcaption>Zeichnung von Kristina Bernhard u. Celine Maul, 9 Jahre (1998)<\/figcaption><\/figure>\n<\/div>\n\n\n<p>\u201eBei Eschringen in tiefer Waldeinsamkeit war ein grundloser Sumpf, Seerosen erbl\u00fchten in F\u00fclle. Des Schulthei\u00dfen bildsch\u00f6nen Sohn zog es h\u00e4ufig dahin. Er hatte von der geheimnisvollen Wasserjungfer vernommen, welche tief unten wohne im kristallenen Palaste. Als er einmal wieder dort war, da regte sich eine der Seerosen, aus den Bl\u00e4ttern des Kelches tauchte ein wunderholdes Wesen empor, halb Kind und halb Jungfrau, und winkte ihm verlangend entgegen. Er streckte die Arme nach ihr aus und versank mit ihr in die Tiefe. Gro\u00df war die Trauer im Dorfe. Des J\u00fcnglings Pflegevater, der Ritter Bos von Waldeck, kam mit seinem Hauskaplan, um durch dessen Beschw\u00f6rungssegen den See zu entzaubern. Drauf ergriff der Ritter sein Schwert und hieb eine der sch\u00f6nsten Seerosen ab. Mit dem Schlage entstr\u00f6mte Blut dem abgehauenen St\u00e4ngel und ert\u00f6nte zugleich ein durchdringender \u00fcbermenschlicher Schrei &#8211; die Wassernixe war tot.&#8220;<\/p>\n\n\n\n<p><em>Originaltext aus der BAVARIA: Landes- und Volkskunde des K\u00f6nigreichs Bayern&#8230; Vierter Band\/Zweite Abteilung: Bayerische Rheinpfalz. M\u00fcnchen 1867. S. 337-338.<\/em><\/p>\n\n\n\n<h6 class=\"wp-block-heading\"><b>Anmerkung:<\/b> Diese Sage inspirierte Ludwig Schandein \u00fcbrigens auch zu dem Gedicht \u201eDie Wasserhex&#8220;, nachzulesen in \u201eGedichte in westricher Mundart. Stuttgart 1892. S. 141-143.<\/h6>\n\n\n\n<p><em><strong>Zur Geschichte und Sage vom \u201eSeerosennixenteich&#8220;<\/strong><\/em><\/p>\n\n\n<div class=\"wp-block-image\">\n<figure class=\"alignleft size-full\"><img data-recalc-dims=\"1\" loading=\"lazy\" decoding=\"async\" width=\"300\" height=\"328\" src=\"https:\/\/i0.wp.com\/eschringen.de\/wordpress\/wp-content\/uploads\/2022\/08\/ritter.jpg?resize=300%2C328&#038;ssl=1\" alt=\"\" class=\"wp-image-3798\" srcset=\"https:\/\/i0.wp.com\/eschringen.de\/wordpress\/wp-content\/uploads\/2022\/08\/ritter.jpg?w=300&amp;ssl=1 300w, https:\/\/i0.wp.com\/eschringen.de\/wordpress\/wp-content\/uploads\/2022\/08\/ritter.jpg?resize=274%2C300&amp;ssl=1 274w\" sizes=\"auto, (max-width: 300px) 100vw, 300px\" \/><figcaption>Zeichnung von Daniel Losito, 8 Jahre (1998)<\/figcaption><\/figure>\n<\/div>\n\n\n<p>Beim Vierherrenwald liegt der Seerosennixenteich. Hier soll vor langer Zeit eine wundersch\u00f6ne Seejungfrau, die sich in eine Seerose verwandeln konnte, den Sohn des B\u00fcrgermeisters in die Tiefe des Gew\u00e4ssers gezogen haben.<\/p>\n\n\n\n<p>Diese Sage hat vermutlich einen wahren Kern. Denn im November 1751 ist wirklich ein junger Mann aus Eschringen ertrunken. Auch den Ritter Boos von Waldeck, der den Teich mit Hilfe seines Kaplans entzaubert hatte, gab es wirklich. Nur lebte der etwas fr\u00fcher, n\u00e4mlich im 15. Jahrhundert.<\/p>\n\n\n\n<p>Der Seerosennixenteich wird von den Eschringern auch \u201eEllere Puhl&#8220; genannt. Puhle sind Erdgruben, die den Menschen in der Stein- und Bronzezeit als Wohnungen dienten. Wahrscheinlich hat sich dieser Puhl erhalten und sp\u00e4ter mit Wasser gef\u00fcllt. Vielleicht bl\u00fchten fr\u00fcher auch mal Seerosen auf diesem Teich. Heute ist er vor allem im Sommer fast ausgetrocknet. Er ist von viel Geb\u00fcsch und Gestr\u00fcpp umgeben.<\/p>\n\n\n\n<p><a href=\"http:\/\/eschringen.de\/wordpress\/geschichte\/sagen\/\">zur\u00fcck zu den Sagen<\/a><\/p>\n","protected":false},"excerpt":{"rendered":"<p>\u201eBei Eschringen in tiefer Waldeinsamkeit war ein grundloser Sumpf, Seerosen erbl\u00fchten in F\u00fclle. Des Schulthei\u00dfen bildsch\u00f6nen Sohn zog es h\u00e4ufig dahin. Er hatte von der geheimnisvollen Wasserjungfer vernommen, welche tief unten wohne im kristallenen Palaste. Als er einmal wieder dort war, da regte sich eine der Seerosen, aus den Bl\u00e4ttern des Kelches tauchte ein wunderholdes &#8230; <a title=\"Die Wassernixe vom Eschringer Seerosenteich\" class=\"read-more\" href=\"https:\/\/eschringen.de\/wordpress\/geschichte\/sagen\/die-wassernixe-vom-eschringer-seerosenteich\/\" aria-label=\"Mehr Informationen \u00fcber Die Wassernixe vom Eschringer Seerosenteich\">Weiterlesen &#8230;<\/a><\/p>\n","protected":false},"author":1,"featured_media":0,"parent":409,"menu_order":3,"comment_status":"closed","ping_status":"closed","template":"","meta":{"ngg_post_thumbnail":0,"footnotes":""},"class_list":["post-569","page","type-page","status-publish"],"yoast_head":"<!-- This site is optimized with the Yoast SEO plugin v27.5 - https:\/\/yoast.com\/product\/yoast-seo-wordpress\/ -->\n<title>Die Wassernixe vom Eschringer Seerosenteich - Eschringen<\/title>\n<meta name=\"robots\" content=\"index, follow, max-snippet:-1, max-image-preview:large, max-video-preview:-1\" \/>\n<link rel=\"canonical\" href=\"https:\/\/eschringen.de\/wordpress\/geschichte\/sagen\/die-wassernixe-vom-eschringer-seerosenteich\/\" \/>\n<meta property=\"og:locale\" content=\"de_DE\" \/>\n<meta property=\"og:type\" content=\"article\" \/>\n<meta property=\"og:title\" content=\"Die Wassernixe vom Eschringer Seerosenteich - Eschringen\" \/>\n<meta property=\"og:description\" content=\"\u201eBei Eschringen in tiefer Waldeinsamkeit war ein grundloser Sumpf, Seerosen erbl\u00fchten in F\u00fclle. Des Schulthei\u00dfen bildsch\u00f6nen Sohn zog es h\u00e4ufig dahin. Er hatte von der geheimnisvollen Wasserjungfer vernommen, welche tief unten wohne im kristallenen Palaste. Als er einmal wieder dort war, da regte sich eine der Seerosen, aus den Bl\u00e4ttern des Kelches tauchte ein wunderholdes ... Weiterlesen ...\" \/>\n<meta property=\"og:url\" content=\"https:\/\/eschringen.de\/wordpress\/geschichte\/sagen\/die-wassernixe-vom-eschringer-seerosenteich\/\" \/>\n<meta property=\"og:site_name\" content=\"Eschringen\" \/>\n<meta property=\"article:modified_time\" content=\"2022-08-20T10:18:40+00:00\" \/>\n<meta property=\"og:image\" content=\"https:\/\/eschringen.de\/wordpress\/wp-content\/uploads\/2022\/08\/wasserhex.jpg\" \/>\n<meta name=\"twitter:card\" content=\"summary_large_image\" \/>\n<meta name=\"twitter:label1\" content=\"Gesch\u00e4tzte Lesezeit\" \/>\n\t<meta name=\"twitter:data1\" content=\"3\u00a0Minuten\" \/>\n<script type=\"application\/ld+json\" class=\"yoast-schema-graph\">{\"@context\":\"https:\\\/\\\/schema.org\",\"@graph\":[{\"@type\":\"WebPage\",\"@id\":\"https:\\\/\\\/eschringen.de\\\/wordpress\\\/geschichte\\\/sagen\\\/die-wassernixe-vom-eschringer-seerosenteich\\\/\",\"url\":\"https:\\\/\\\/eschringen.de\\\/wordpress\\\/geschichte\\\/sagen\\\/die-wassernixe-vom-eschringer-seerosenteich\\\/\",\"name\":\"Die Wassernixe vom Eschringer Seerosenteich - Eschringen\",\"isPartOf\":{\"@id\":\"https:\\\/\\\/eschringen.de\\\/wordpress\\\/#website\"},\"primaryImageOfPage\":{\"@id\":\"https:\\\/\\\/eschringen.de\\\/wordpress\\\/geschichte\\\/sagen\\\/die-wassernixe-vom-eschringer-seerosenteich\\\/#primaryimage\"},\"image\":{\"@id\":\"https:\\\/\\\/eschringen.de\\\/wordpress\\\/geschichte\\\/sagen\\\/die-wassernixe-vom-eschringer-seerosenteich\\\/#primaryimage\"},\"thumbnailUrl\":\"https:\\\/\\\/eschringen.de\\\/wordpress\\\/wp-content\\\/uploads\\\/2022\\\/08\\\/wasserhex.jpg\",\"datePublished\":\"2017-02-12T11:58:16+00:00\",\"dateModified\":\"2022-08-20T10:18:40+00:00\",\"breadcrumb\":{\"@id\":\"https:\\\/\\\/eschringen.de\\\/wordpress\\\/geschichte\\\/sagen\\\/die-wassernixe-vom-eschringer-seerosenteich\\\/#breadcrumb\"},\"inLanguage\":\"de\",\"potentialAction\":[{\"@type\":\"ReadAction\",\"target\":[\"https:\\\/\\\/eschringen.de\\\/wordpress\\\/geschichte\\\/sagen\\\/die-wassernixe-vom-eschringer-seerosenteich\\\/\"]}]},{\"@type\":\"ImageObject\",\"inLanguage\":\"de\",\"@id\":\"https:\\\/\\\/eschringen.de\\\/wordpress\\\/geschichte\\\/sagen\\\/die-wassernixe-vom-eschringer-seerosenteich\\\/#primaryimage\",\"url\":\"https:\\\/\\\/i0.wp.com\\\/eschringen.de\\\/wordpress\\\/wp-content\\\/uploads\\\/2022\\\/08\\\/wasserhex.jpg?fit=300%2C323&ssl=1\",\"contentUrl\":\"https:\\\/\\\/i0.wp.com\\\/eschringen.de\\\/wordpress\\\/wp-content\\\/uploads\\\/2022\\\/08\\\/wasserhex.jpg?fit=300%2C323&ssl=1\",\"width\":300,\"height\":323},{\"@type\":\"BreadcrumbList\",\"@id\":\"https:\\\/\\\/eschringen.de\\\/wordpress\\\/geschichte\\\/sagen\\\/die-wassernixe-vom-eschringer-seerosenteich\\\/#breadcrumb\",\"itemListElement\":[{\"@type\":\"ListItem\",\"position\":1,\"name\":\"Startseite\",\"item\":\"https:\\\/\\\/eschringen.de\\\/wordpress\\\/\"},{\"@type\":\"ListItem\",\"position\":2,\"name\":\"Geschichte\",\"item\":\"https:\\\/\\\/eschringen.de\\\/wordpress\\\/geschichte\\\/\"},{\"@type\":\"ListItem\",\"position\":3,\"name\":\"Sagen\",\"item\":\"https:\\\/\\\/eschringen.de\\\/wordpress\\\/geschichte\\\/sagen\\\/\"},{\"@type\":\"ListItem\",\"position\":4,\"name\":\"Die Wassernixe vom Eschringer Seerosenteich\"}]},{\"@type\":\"WebSite\",\"@id\":\"https:\\\/\\\/eschringen.de\\\/wordpress\\\/#website\",\"url\":\"https:\\\/\\\/eschringen.de\\\/wordpress\\\/\",\"name\":\"Eschringen\",\"description\":\"\",\"publisher\":{\"@id\":\"https:\\\/\\\/eschringen.de\\\/wordpress\\\/#organization\"},\"potentialAction\":[{\"@type\":\"SearchAction\",\"target\":{\"@type\":\"EntryPoint\",\"urlTemplate\":\"https:\\\/\\\/eschringen.de\\\/wordpress\\\/?s={search_term_string}\"},\"query-input\":{\"@type\":\"PropertyValueSpecification\",\"valueRequired\":true,\"valueName\":\"search_term_string\"}}],\"inLanguage\":\"de\"},{\"@type\":\"Organization\",\"@id\":\"https:\\\/\\\/eschringen.de\\\/wordpress\\\/#organization\",\"name\":\"Eschringen\",\"url\":\"https:\\\/\\\/eschringen.de\\\/wordpress\\\/\",\"logo\":{\"@type\":\"ImageObject\",\"inLanguage\":\"de\",\"@id\":\"https:\\\/\\\/eschringen.de\\\/wordpress\\\/#\\\/schema\\\/logo\\\/image\\\/\",\"url\":\"https:\\\/\\\/eschringen.de\\\/wordpress\\\/wp-content\\\/uploads\\\/2017\\\/03\\\/2017_kw15.jpg\",\"contentUrl\":\"https:\\\/\\\/eschringen.de\\\/wordpress\\\/wp-content\\\/uploads\\\/2017\\\/03\\\/2017_kw15.jpg\",\"width\":784,\"height\":447,\"caption\":\"Eschringen\"},\"image\":{\"@id\":\"https:\\\/\\\/eschringen.de\\\/wordpress\\\/#\\\/schema\\\/logo\\\/image\\\/\"}}]}<\/script>\n<!-- \/ Yoast SEO plugin. -->","yoast_head_json":{"title":"Die Wassernixe vom Eschringer Seerosenteich - Eschringen","robots":{"index":"index","follow":"follow","max-snippet":"max-snippet:-1","max-image-preview":"max-image-preview:large","max-video-preview":"max-video-preview:-1"},"canonical":"https:\/\/eschringen.de\/wordpress\/geschichte\/sagen\/die-wassernixe-vom-eschringer-seerosenteich\/","og_locale":"de_DE","og_type":"article","og_title":"Die Wassernixe vom Eschringer Seerosenteich - Eschringen","og_description":"\u201eBei Eschringen in tiefer Waldeinsamkeit war ein grundloser Sumpf, Seerosen erbl\u00fchten in F\u00fclle. Des Schulthei\u00dfen bildsch\u00f6nen Sohn zog es h\u00e4ufig dahin. Er hatte von der geheimnisvollen Wasserjungfer vernommen, welche tief unten wohne im kristallenen Palaste. Als er einmal wieder dort war, da regte sich eine der Seerosen, aus den Bl\u00e4ttern des Kelches tauchte ein wunderholdes ... Weiterlesen ...","og_url":"https:\/\/eschringen.de\/wordpress\/geschichte\/sagen\/die-wassernixe-vom-eschringer-seerosenteich\/","og_site_name":"Eschringen","article_modified_time":"2022-08-20T10:18:40+00:00","og_image":[{"url":"https:\/\/eschringen.de\/wordpress\/wp-content\/uploads\/2022\/08\/wasserhex.jpg","type":"","width":"","height":""}],"twitter_card":"summary_large_image","twitter_misc":{"Gesch\u00e4tzte Lesezeit":"3\u00a0Minuten"},"schema":{"@context":"https:\/\/schema.org","@graph":[{"@type":"WebPage","@id":"https:\/\/eschringen.de\/wordpress\/geschichte\/sagen\/die-wassernixe-vom-eschringer-seerosenteich\/","url":"https:\/\/eschringen.de\/wordpress\/geschichte\/sagen\/die-wassernixe-vom-eschringer-seerosenteich\/","name":"Die Wassernixe vom Eschringer Seerosenteich - Eschringen","isPartOf":{"@id":"https:\/\/eschringen.de\/wordpress\/#website"},"primaryImageOfPage":{"@id":"https:\/\/eschringen.de\/wordpress\/geschichte\/sagen\/die-wassernixe-vom-eschringer-seerosenteich\/#primaryimage"},"image":{"@id":"https:\/\/eschringen.de\/wordpress\/geschichte\/sagen\/die-wassernixe-vom-eschringer-seerosenteich\/#primaryimage"},"thumbnailUrl":"https:\/\/eschringen.de\/wordpress\/wp-content\/uploads\/2022\/08\/wasserhex.jpg","datePublished":"2017-02-12T11:58:16+00:00","dateModified":"2022-08-20T10:18:40+00:00","breadcrumb":{"@id":"https:\/\/eschringen.de\/wordpress\/geschichte\/sagen\/die-wassernixe-vom-eschringer-seerosenteich\/#breadcrumb"},"inLanguage":"de","potentialAction":[{"@type":"ReadAction","target":["https:\/\/eschringen.de\/wordpress\/geschichte\/sagen\/die-wassernixe-vom-eschringer-seerosenteich\/"]}]},{"@type":"ImageObject","inLanguage":"de","@id":"https:\/\/eschringen.de\/wordpress\/geschichte\/sagen\/die-wassernixe-vom-eschringer-seerosenteich\/#primaryimage","url":"https:\/\/i0.wp.com\/eschringen.de\/wordpress\/wp-content\/uploads\/2022\/08\/wasserhex.jpg?fit=300%2C323&ssl=1","contentUrl":"https:\/\/i0.wp.com\/eschringen.de\/wordpress\/wp-content\/uploads\/2022\/08\/wasserhex.jpg?fit=300%2C323&ssl=1","width":300,"height":323},{"@type":"BreadcrumbList","@id":"https:\/\/eschringen.de\/wordpress\/geschichte\/sagen\/die-wassernixe-vom-eschringer-seerosenteich\/#breadcrumb","itemListElement":[{"@type":"ListItem","position":1,"name":"Startseite","item":"https:\/\/eschringen.de\/wordpress\/"},{"@type":"ListItem","position":2,"name":"Geschichte","item":"https:\/\/eschringen.de\/wordpress\/geschichte\/"},{"@type":"ListItem","position":3,"name":"Sagen","item":"https:\/\/eschringen.de\/wordpress\/geschichte\/sagen\/"},{"@type":"ListItem","position":4,"name":"Die Wassernixe vom Eschringer Seerosenteich"}]},{"@type":"WebSite","@id":"https:\/\/eschringen.de\/wordpress\/#website","url":"https:\/\/eschringen.de\/wordpress\/","name":"Eschringen","description":"","publisher":{"@id":"https:\/\/eschringen.de\/wordpress\/#organization"},"potentialAction":[{"@type":"SearchAction","target":{"@type":"EntryPoint","urlTemplate":"https:\/\/eschringen.de\/wordpress\/?s={search_term_string}"},"query-input":{"@type":"PropertyValueSpecification","valueRequired":true,"valueName":"search_term_string"}}],"inLanguage":"de"},{"@type":"Organization","@id":"https:\/\/eschringen.de\/wordpress\/#organization","name":"Eschringen","url":"https:\/\/eschringen.de\/wordpress\/","logo":{"@type":"ImageObject","inLanguage":"de","@id":"https:\/\/eschringen.de\/wordpress\/#\/schema\/logo\/image\/","url":"https:\/\/eschringen.de\/wordpress\/wp-content\/uploads\/2017\/03\/2017_kw15.jpg","contentUrl":"https:\/\/eschringen.de\/wordpress\/wp-content\/uploads\/2017\/03\/2017_kw15.jpg","width":784,"height":447,"caption":"Eschringen"},"image":{"@id":"https:\/\/eschringen.de\/wordpress\/#\/schema\/logo\/image\/"}}]}},"jetpack_sharing_enabled":true,"_links":{"self":[{"href":"https:\/\/eschringen.de\/wordpress\/wp-json\/wp\/v2\/pages\/569","targetHints":{"allow":["GET"]}}],"collection":[{"href":"https:\/\/eschringen.de\/wordpress\/wp-json\/wp\/v2\/pages"}],"about":[{"href":"https:\/\/eschringen.de\/wordpress\/wp-json\/wp\/v2\/types\/page"}],"author":[{"embeddable":true,"href":"https:\/\/eschringen.de\/wordpress\/wp-json\/wp\/v2\/users\/1"}],"replies":[{"embeddable":true,"href":"https:\/\/eschringen.de\/wordpress\/wp-json\/wp\/v2\/comments?post=569"}],"version-history":[{"count":3,"href":"https:\/\/eschringen.de\/wordpress\/wp-json\/wp\/v2\/pages\/569\/revisions"}],"predecessor-version":[{"id":3799,"href":"https:\/\/eschringen.de\/wordpress\/wp-json\/wp\/v2\/pages\/569\/revisions\/3799"}],"up":[{"embeddable":true,"href":"https:\/\/eschringen.de\/wordpress\/wp-json\/wp\/v2\/pages\/409"}],"wp:attachment":[{"href":"https:\/\/eschringen.de\/wordpress\/wp-json\/wp\/v2\/media?parent=569"}],"curies":[{"name":"wp","href":"https:\/\/api.w.org\/{rel}","templated":true}]}}