{"id":370,"date":"2017-02-11T17:07:07","date_gmt":"2017-02-11T16:07:07","guid":{"rendered":"http:\/\/eschringen.de\/wordpress\/?page_id=370"},"modified":"2022-08-20T11:13:23","modified_gmt":"2022-08-20T09:13:23","slug":"musikverein-lyra-eschringen","status":"publish","type":"page","link":"https:\/\/eschringen.de\/wordpress\/die-menschen\/vereine\/musikverein-lyra-eschringen\/","title":{"rendered":"Musikverein &#8222;Lyra&#8220; Eschringen"},"content":{"rendered":"<div class=\"wp-block-image\">\n<figure class=\"alignright\"><a href=\"http:\/\/eschringen.de\/wordpress\/die-menschen\/vereine\/musikverein-lyra-eschringen\/lyra\/\" rel=\"attachment wp-att-1208\"><img data-recalc-dims=\"1\" loading=\"lazy\" decoding=\"async\" width=\"95\" height=\"98\" src=\"https:\/\/i0.wp.com\/eschringen.de\/wordpress\/wp-content\/uploads\/2017\/02\/lyra.jpg?resize=95%2C98\" alt=\"\" class=\"wp-image-1208\"\/><\/a><\/figure>\n<\/div>\n\n\n<p><strong><span style=\"color: #800000;\">Gegr\u00fcndet:<\/span><\/strong> 1927, derzeit 182 Mitglieder &#8211; davon 41 Aktive und 141 Passive.<\/p>\n\n\n\n<p><strong><span style=\"color: #800000;\">Mitgliedsbeitrag:<\/span> <\/strong>20 \u20ac j\u00e4hrlich. Mitglied des Bundes Saarl\u00e4ndischer Musikvereine (BSM).<\/p>\n\n\n\n<p><strong><span style=\"color: #800000;\">Probenzeit:<\/span><\/strong> mittwochs von 19:30 Uhr &#8211; 21:30 Uhr in der ehem. Grundschule.<br>(vor Konzerten auch sonntags von 10:00 Uhr &#8211; 12:00 Uhr)<\/p>\n\n\n<div class=\"wp-block-image\">\n<figure class=\"aligncenter\"><a href=\"https:\/\/i0.wp.com\/eschringen.de\/wordpress\/wp-content\/uploads\/2017\/11\/2017.jpg\"><img data-recalc-dims=\"1\" loading=\"lazy\" decoding=\"async\" width=\"1024\" height=\"714\" src=\"https:\/\/i0.wp.com\/eschringen.de\/wordpress\/wp-content\/uploads\/2017\/11\/2017-1024x714.jpg?resize=1024%2C714\" alt=\"\" class=\"wp-image-1588\" srcset=\"https:\/\/i0.wp.com\/eschringen.de\/wordpress\/wp-content\/uploads\/2017\/11\/2017.jpg?resize=1024%2C714&amp;ssl=1 1024w, https:\/\/i0.wp.com\/eschringen.de\/wordpress\/wp-content\/uploads\/2017\/11\/2017.jpg?resize=300%2C209&amp;ssl=1 300w, https:\/\/i0.wp.com\/eschringen.de\/wordpress\/wp-content\/uploads\/2017\/11\/2017.jpg?resize=768%2C535&amp;ssl=1 768w, https:\/\/i0.wp.com\/eschringen.de\/wordpress\/wp-content\/uploads\/2017\/11\/2017.jpg?resize=392%2C272&amp;ssl=1 392w, https:\/\/i0.wp.com\/eschringen.de\/wordpress\/wp-content\/uploads\/2017\/11\/2017.jpg?resize=130%2C90&amp;ssl=1 130w, https:\/\/i0.wp.com\/eschringen.de\/wordpress\/wp-content\/uploads\/2017\/11\/2017.jpg?w=2400&amp;ssl=1 2400w, https:\/\/i0.wp.com\/eschringen.de\/wordpress\/wp-content\/uploads\/2017\/11\/2017.jpg?w=3600&amp;ssl=1 3600w\" sizes=\"auto, (max-width: 1024px) 100vw, 1024px\" \/><\/a><\/figure>\n<\/div>\n\n\n<p>&nbsp;<\/p>\n\n\n\n<p><strong><span style=\"color: #800000;\">Musikstil:<\/span> <\/strong>konzertante und volkst\u00fcmliche Blasmusik, sowie Unterhaltungs-Musik.<\/p>\n\n\n\n<p><strong><span style=\"color: #800000;\">Gesch\u00e4ftsf\u00fchrer:<\/span> <\/strong>Thomas Koch, Karl-Leidinger-Str. 22, 66130 Saarbr\u00fccken, Tel.: 0 68 93 &#8211; 33 11<\/p>\n\n\n<div class=\"wp-block-image\">\n<figure class=\"alignright\"><a href=\"https:\/\/i0.wp.com\/eschringen.de\/wordpress\/wp-content\/uploads\/2017\/11\/Dirigent.gif\"><img data-recalc-dims=\"1\" loading=\"lazy\" decoding=\"async\" width=\"197\" height=\"300\" src=\"https:\/\/i0.wp.com\/eschringen.de\/wordpress\/wp-content\/uploads\/2017\/11\/Dirigent-197x300.gif?resize=197%2C300\" alt=\"\" class=\"wp-image-1590\" srcset=\"https:\/\/i0.wp.com\/eschringen.de\/wordpress\/wp-content\/uploads\/2017\/11\/Dirigent.gif?resize=197%2C300&amp;ssl=1 197w, https:\/\/i0.wp.com\/eschringen.de\/wordpress\/wp-content\/uploads\/2017\/11\/Dirigent.gif?resize=768%2C1168&amp;ssl=1 768w, https:\/\/i0.wp.com\/eschringen.de\/wordpress\/wp-content\/uploads\/2017\/11\/Dirigent.gif?resize=674%2C1024&amp;ssl=1 674w\" sizes=\"auto, (max-width: 197px) 100vw, 197px\" \/><\/a><\/figure>\n<\/div>\n\n\n<p><strong><span style=\"color: #800000;\">Dirigent: <\/span><\/strong>J\u00fcrgen Nisius, Hauptstra\u00dfe 21, 66130 Saarbr\u00fccken, Tel. 06893 &#8211; 7233<\/p>\n\n\n\n<p><strong><span style=\"color: #800000;\">Orchesterbesetzung:<\/span><\/strong> 41 Musiker\/innen, 28 m\u00e4nnlich, 13 weiblich<strong><br><\/strong><\/p>\n\n\n\n<ul class=\"wp-block-list\"><li>4 Fl\u00f6ten<\/li><li>11 Klarinetten<\/li><li>5 Fl\u00fcgelh\u00f6rner<\/li><li>4 Trompeten<\/li><li>3 Saxophone<\/li><li>4 Tenorh\u00f6rner<\/li><li>3 Posaunen<\/li><li>3 Tuben<\/li><li>1 Waldhorn<\/li><li>3 Schlagzeuger<\/li><\/ul>\n\n\n<div class=\"wp-block-image\">\n<figure class=\"aligncenter\"><a href=\"https:\/\/i0.wp.com\/eschringen.de\/wordpress\/wp-content\/uploads\/2017\/11\/Schlagwerk.gif\"><img data-recalc-dims=\"1\" loading=\"lazy\" decoding=\"async\" width=\"1024\" height=\"830\" src=\"https:\/\/i0.wp.com\/eschringen.de\/wordpress\/wp-content\/uploads\/2017\/11\/Schlagwerk-1024x830.gif?resize=1024%2C830\" alt=\"\" class=\"wp-image-1593\" srcset=\"https:\/\/i0.wp.com\/eschringen.de\/wordpress\/wp-content\/uploads\/2017\/11\/Schlagwerk.gif?resize=1024%2C830&amp;ssl=1 1024w, https:\/\/i0.wp.com\/eschringen.de\/wordpress\/wp-content\/uploads\/2017\/11\/Schlagwerk.gif?resize=300%2C243&amp;ssl=1 300w, https:\/\/i0.wp.com\/eschringen.de\/wordpress\/wp-content\/uploads\/2017\/11\/Schlagwerk.gif?resize=768%2C622&amp;ssl=1 768w\" sizes=\"auto, (max-width: 1024px) 100vw, 1024px\" \/><\/a><\/figure>\n<\/div>\n\n<div class=\"wp-block-image\">\n<figure class=\"aligncenter\"><a href=\"https:\/\/i0.wp.com\/eschringen.de\/wordpress\/wp-content\/uploads\/2017\/11\/Trompeten.gif\"><img data-recalc-dims=\"1\" loading=\"lazy\" decoding=\"async\" width=\"1024\" height=\"680\" src=\"https:\/\/i0.wp.com\/eschringen.de\/wordpress\/wp-content\/uploads\/2017\/11\/Trompeten-1024x680.gif?resize=1024%2C680\" alt=\"\" class=\"wp-image-1594\" srcset=\"https:\/\/i0.wp.com\/eschringen.de\/wordpress\/wp-content\/uploads\/2017\/11\/Trompeten.gif?resize=1024%2C680&amp;ssl=1 1024w, https:\/\/i0.wp.com\/eschringen.de\/wordpress\/wp-content\/uploads\/2017\/11\/Trompeten.gif?resize=300%2C199&amp;ssl=1 300w, https:\/\/i0.wp.com\/eschringen.de\/wordpress\/wp-content\/uploads\/2017\/11\/Trompeten.gif?resize=768%2C510&amp;ssl=1 768w, https:\/\/i0.wp.com\/eschringen.de\/wordpress\/wp-content\/uploads\/2017\/11\/Trompeten.gif?w=2400&amp;ssl=1 2400w\" sizes=\"auto, (max-width: 1024px) 100vw, 1024px\" \/><\/a><\/figure>\n<\/div>\n\n<div class=\"wp-block-image\">\n<figure class=\"aligncenter\"><a href=\"https:\/\/i0.wp.com\/eschringen.de\/wordpress\/wp-content\/uploads\/2017\/11\/Saxophone.gif\"><img data-recalc-dims=\"1\" loading=\"lazy\" decoding=\"async\" width=\"1024\" height=\"680\" src=\"https:\/\/i0.wp.com\/eschringen.de\/wordpress\/wp-content\/uploads\/2017\/11\/Saxophone-1024x680.gif?resize=1024%2C680\" alt=\"\" class=\"wp-image-1592\" srcset=\"https:\/\/i0.wp.com\/eschringen.de\/wordpress\/wp-content\/uploads\/2017\/11\/Saxophone.gif?resize=1024%2C680&amp;ssl=1 1024w, https:\/\/i0.wp.com\/eschringen.de\/wordpress\/wp-content\/uploads\/2017\/11\/Saxophone.gif?resize=300%2C199&amp;ssl=1 300w, https:\/\/i0.wp.com\/eschringen.de\/wordpress\/wp-content\/uploads\/2017\/11\/Saxophone.gif?resize=768%2C510&amp;ssl=1 768w, https:\/\/i0.wp.com\/eschringen.de\/wordpress\/wp-content\/uploads\/2017\/11\/Saxophone.gif?w=2400&amp;ssl=1 2400w\" sizes=\"auto, (max-width: 1024px) 100vw, 1024px\" \/><\/a><\/figure>\n<\/div>\n\n<div class=\"wp-block-image\">\n<figure class=\"aligncenter\"><a href=\"https:\/\/i0.wp.com\/eschringen.de\/wordpress\/wp-content\/uploads\/2017\/11\/Flo%CC%88ten-und-Klarinetten.gif\"><img data-recalc-dims=\"1\" loading=\"lazy\" decoding=\"async\" width=\"1024\" height=\"680\" src=\"https:\/\/i0.wp.com\/eschringen.de\/wordpress\/wp-content\/uploads\/2017\/11\/Flo%CC%88ten-und-Klarinetten-1024x680.gif?resize=1024%2C680\" alt=\"\" class=\"wp-image-1591\" srcset=\"https:\/\/i0.wp.com\/eschringen.de\/wordpress\/wp-content\/uploads\/2017\/11\/Flo%CC%88ten-und-Klarinetten.gif?resize=1024%2C680&amp;ssl=1 1024w, https:\/\/i0.wp.com\/eschringen.de\/wordpress\/wp-content\/uploads\/2017\/11\/Flo%CC%88ten-und-Klarinetten.gif?resize=300%2C199&amp;ssl=1 300w, https:\/\/i0.wp.com\/eschringen.de\/wordpress\/wp-content\/uploads\/2017\/11\/Flo%CC%88ten-und-Klarinetten.gif?resize=768%2C510&amp;ssl=1 768w, https:\/\/i0.wp.com\/eschringen.de\/wordpress\/wp-content\/uploads\/2017\/11\/Flo%CC%88ten-und-Klarinetten.gif?w=2400&amp;ssl=1 2400w\" sizes=\"auto, (max-width: 1024px) 100vw, 1024px\" \/><\/a><\/figure>\n<\/div>\n\n<div class=\"wp-block-image\">\n<figure class=\"aligncenter\"><a href=\"https:\/\/i0.wp.com\/eschringen.de\/wordpress\/wp-content\/uploads\/2017\/11\/Bassregister.gif\"><img data-recalc-dims=\"1\" loading=\"lazy\" decoding=\"async\" width=\"1024\" height=\"680\" src=\"https:\/\/i0.wp.com\/eschringen.de\/wordpress\/wp-content\/uploads\/2017\/11\/Bassregister-1024x680.gif?resize=1024%2C680\" alt=\"\" class=\"wp-image-1589\" srcset=\"https:\/\/i0.wp.com\/eschringen.de\/wordpress\/wp-content\/uploads\/2017\/11\/Bassregister.gif?resize=1024%2C680&amp;ssl=1 1024w, https:\/\/i0.wp.com\/eschringen.de\/wordpress\/wp-content\/uploads\/2017\/11\/Bassregister.gif?resize=300%2C199&amp;ssl=1 300w, https:\/\/i0.wp.com\/eschringen.de\/wordpress\/wp-content\/uploads\/2017\/11\/Bassregister.gif?resize=768%2C510&amp;ssl=1 768w, https:\/\/i0.wp.com\/eschringen.de\/wordpress\/wp-content\/uploads\/2017\/11\/Bassregister.gif?w=2400&amp;ssl=1 2400w\" sizes=\"auto, (max-width: 1024px) 100vw, 1024px\" \/><\/a><\/figure>\n<\/div>\n\n<div class=\"wp-block-image\">\n<figure class=\"aligncenter\"><a href=\"https:\/\/i0.wp.com\/eschringen.de\/wordpress\/wp-content\/uploads\/2017\/11\/Vorstand.gif\"><img data-recalc-dims=\"1\" loading=\"lazy\" decoding=\"async\" width=\"1024\" height=\"620\" src=\"https:\/\/i0.wp.com\/eschringen.de\/wordpress\/wp-content\/uploads\/2017\/11\/Vorstand-1024x620.gif?resize=1024%2C620\" alt=\"Eschringen - Musikverein Lyra - Vorstand\" class=\"wp-image-1587\" srcset=\"https:\/\/i0.wp.com\/eschringen.de\/wordpress\/wp-content\/uploads\/2017\/11\/Vorstand.gif?resize=1024%2C620&amp;ssl=1 1024w, https:\/\/i0.wp.com\/eschringen.de\/wordpress\/wp-content\/uploads\/2017\/11\/Vorstand.gif?resize=300%2C182&amp;ssl=1 300w, https:\/\/i0.wp.com\/eschringen.de\/wordpress\/wp-content\/uploads\/2017\/11\/Vorstand.gif?resize=768%2C465&amp;ssl=1 768w\" sizes=\"auto, (max-width: 1024px) 100vw, 1024px\" \/><\/a><figcaption>Der Vorstand<\/figcaption><\/figure>\n<\/div>\n\n\n<p><a href=\"http:\/\/www.musikverein-eschringen.de\/\" target=\"_blank\" rel=\"noopener noreferrer\">www.musikverein-eschringen.de<\/a><\/p>\n\n\n\n<p>Der Musikverein ist ein wesentlicher kultureller Leistungstr\u00e4ger des Stadtteils Eschringen mit Auftritten bei allen wichtigen weltlichen und kirchlichen Veranstaltungen. H\u00f6hepunkt des Vereinsjahres ist das Weihnachtskonzert. Dieses findet jedes Jahr am 3. Adventssonntag in der Sport &#8211; und Kulturhalle statt.<\/p>\n\n\n\n<figure class=\"wp-block-gallery has-nested-images columns-default is-cropped wp-block-gallery-2 is-layout-flex wp-block-gallery-is-layout-flex\">\n<figure class=\"wp-block-image size-large\"><img data-recalc-dims=\"1\" loading=\"lazy\" decoding=\"async\" width=\"400\" height=\"267\" data-id=\"3744\" src=\"https:\/\/i0.wp.com\/eschringen.de\/wordpress\/wp-content\/uploads\/2022\/08\/Lyra10.jpg?resize=400%2C267&#038;ssl=1\" alt=\"\" class=\"wp-image-3744\" srcset=\"https:\/\/i0.wp.com\/eschringen.de\/wordpress\/wp-content\/uploads\/2022\/08\/Lyra10.jpg?w=400&amp;ssl=1 400w, https:\/\/i0.wp.com\/eschringen.de\/wordpress\/wp-content\/uploads\/2022\/08\/Lyra10.jpg?resize=300%2C200&amp;ssl=1 300w\" sizes=\"auto, (max-width: 400px) 100vw, 400px\" \/><\/figure>\n\n\n\n<figure class=\"wp-block-image size-large\"><img data-recalc-dims=\"1\" loading=\"lazy\" decoding=\"async\" width=\"400\" height=\"267\" data-id=\"3743\" src=\"https:\/\/i0.wp.com\/eschringen.de\/wordpress\/wp-content\/uploads\/2022\/08\/Lyra9.jpg?resize=400%2C267&#038;ssl=1\" alt=\"\" class=\"wp-image-3743\" srcset=\"https:\/\/i0.wp.com\/eschringen.de\/wordpress\/wp-content\/uploads\/2022\/08\/Lyra9.jpg?w=400&amp;ssl=1 400w, https:\/\/i0.wp.com\/eschringen.de\/wordpress\/wp-content\/uploads\/2022\/08\/Lyra9.jpg?resize=300%2C200&amp;ssl=1 300w\" sizes=\"auto, (max-width: 400px) 100vw, 400px\" \/><\/figure>\n<\/figure>\n\n\n\n<p>Der Musikverein hat sich insbesondere der Jugendarbeit verschrieben; so sind zur Zeit 19 Kinder in Ausbildung an einem Musikinstrument und weitere 51 Kinder in verschiedenen Gruppen der musikalischen Fr\u00fcherziehung (Sing- und Tanzkreis, musikalische Fr\u00fcherziehung, Blockfl\u00f6tengruppe).<\/p>\n\n\n\n<p><a href=\"http:\/\/eschringen.de\/wordpress\/die-menschen\/vereine\/\">Zur\u00fcck zur \u00dcbersicht<\/a><\/p>\n","protected":false},"excerpt":{"rendered":"<p>Gegr\u00fcndet: 1927, derzeit 182 Mitglieder &#8211; davon 41 Aktive und 141 Passive. Mitgliedsbeitrag: 20 \u20ac j\u00e4hrlich. Mitglied des Bundes Saarl\u00e4ndischer Musikvereine (BSM). Probenzeit: mittwochs von 19:30 Uhr &#8211; 21:30 Uhr in der ehem. Grundschule.(vor Konzerten auch sonntags von 10:00 Uhr &#8211; 12:00 Uhr) &nbsp; Musikstil: konzertante und volkst\u00fcmliche Blasmusik, sowie Unterhaltungs-Musik. Gesch\u00e4ftsf\u00fchrer: Thomas Koch, Karl-Leidinger-Str. &#8230; <a title=\"Musikverein &#8222;Lyra&#8220; Eschringen\" class=\"read-more\" href=\"https:\/\/eschringen.de\/wordpress\/die-menschen\/vereine\/musikverein-lyra-eschringen\/\" aria-label=\"Mehr Informationen \u00fcber Musikverein &#8222;Lyra&#8220; Eschringen\">Weiterlesen &#8230;<\/a><\/p>\n","protected":false},"author":1,"featured_media":0,"parent":228,"menu_order":11,"comment_status":"closed","ping_status":"closed","template":"","meta":{"ngg_post_thumbnail":0,"footnotes":""},"class_list":["post-370","page","type-page","status-publish"],"yoast_head":"<!-- This site is optimized with the Yoast SEO plugin v27.4 - https:\/\/yoast.com\/product\/yoast-seo-wordpress\/ -->\n<title>Eschringen - Die Menschen - Vereine - Musikverein Lyra<\/title>\n<meta name=\"robots\" content=\"index, follow, max-snippet:-1, max-image-preview:large, max-video-preview:-1\" \/>\n<link rel=\"canonical\" href=\"https:\/\/eschringen.de\/wordpress\/die-menschen\/vereine\/musikverein-lyra-eschringen\/\" \/>\n<meta property=\"og:locale\" content=\"de_DE\" \/>\n<meta property=\"og:type\" content=\"article\" \/>\n<meta property=\"og:title\" content=\"Eschringen - Die Menschen - Vereine - Musikverein Lyra\" \/>\n<meta property=\"og:description\" content=\"Gegr\u00fcndet: 1927, derzeit 182 Mitglieder &#8211; davon 41 Aktive und 141 Passive. Mitgliedsbeitrag: 20 \u20ac j\u00e4hrlich. Mitglied des Bundes Saarl\u00e4ndischer Musikvereine (BSM). Probenzeit: mittwochs von 19:30 Uhr &#8211; 21:30 Uhr in der ehem. Grundschule.(vor Konzerten auch sonntags von 10:00 Uhr &#8211; 12:00 Uhr) &nbsp; Musikstil: konzertante und volkst\u00fcmliche Blasmusik, sowie Unterhaltungs-Musik. Gesch\u00e4ftsf\u00fchrer: Thomas Koch, Karl-Leidinger-Str. ... Weiterlesen ...\" \/>\n<meta property=\"og:url\" content=\"https:\/\/eschringen.de\/wordpress\/die-menschen\/vereine\/musikverein-lyra-eschringen\/\" \/>\n<meta property=\"og:site_name\" content=\"Eschringen\" \/>\n<meta property=\"article:modified_time\" content=\"2022-08-20T09:13:23+00:00\" \/>\n<meta property=\"og:image\" content=\"http:\/\/eschringen.de\/wordpress\/wp-content\/uploads\/2017\/02\/lyra.jpg\" \/>\n<meta name=\"twitter:card\" content=\"summary_large_image\" \/>\n<meta name=\"twitter:label1\" content=\"Gesch\u00e4tzte Lesezeit\" \/>\n\t<meta name=\"twitter:data1\" content=\"4\u00a0Minuten\" \/>\n<script type=\"application\/ld+json\" class=\"yoast-schema-graph\">{\"@context\":\"https:\\\/\\\/schema.org\",\"@graph\":[{\"@type\":\"WebPage\",\"@id\":\"https:\\\/\\\/eschringen.de\\\/wordpress\\\/die-menschen\\\/vereine\\\/musikverein-lyra-eschringen\\\/\",\"url\":\"https:\\\/\\\/eschringen.de\\\/wordpress\\\/die-menschen\\\/vereine\\\/musikverein-lyra-eschringen\\\/\",\"name\":\"Eschringen - Die Menschen - Vereine - Musikverein Lyra\",\"isPartOf\":{\"@id\":\"https:\\\/\\\/eschringen.de\\\/wordpress\\\/#website\"},\"primaryImageOfPage\":{\"@id\":\"https:\\\/\\\/eschringen.de\\\/wordpress\\\/die-menschen\\\/vereine\\\/musikverein-lyra-eschringen\\\/#primaryimage\"},\"image\":{\"@id\":\"https:\\\/\\\/eschringen.de\\\/wordpress\\\/die-menschen\\\/vereine\\\/musikverein-lyra-eschringen\\\/#primaryimage\"},\"thumbnailUrl\":\"http:\\\/\\\/eschringen.de\\\/wordpress\\\/wp-content\\\/uploads\\\/2017\\\/02\\\/lyra.jpg\",\"datePublished\":\"2017-02-11T16:07:07+00:00\",\"dateModified\":\"2022-08-20T09:13:23+00:00\",\"breadcrumb\":{\"@id\":\"https:\\\/\\\/eschringen.de\\\/wordpress\\\/die-menschen\\\/vereine\\\/musikverein-lyra-eschringen\\\/#breadcrumb\"},\"inLanguage\":\"de\",\"potentialAction\":[{\"@type\":\"ReadAction\",\"target\":[\"https:\\\/\\\/eschringen.de\\\/wordpress\\\/die-menschen\\\/vereine\\\/musikverein-lyra-eschringen\\\/\"]}]},{\"@type\":\"ImageObject\",\"inLanguage\":\"de\",\"@id\":\"https:\\\/\\\/eschringen.de\\\/wordpress\\\/die-menschen\\\/vereine\\\/musikverein-lyra-eschringen\\\/#primaryimage\",\"url\":\"http:\\\/\\\/eschringen.de\\\/wordpress\\\/wp-content\\\/uploads\\\/2017\\\/02\\\/lyra.jpg\",\"contentUrl\":\"http:\\\/\\\/eschringen.de\\\/wordpress\\\/wp-content\\\/uploads\\\/2017\\\/02\\\/lyra.jpg\"},{\"@type\":\"BreadcrumbList\",\"@id\":\"https:\\\/\\\/eschringen.de\\\/wordpress\\\/die-menschen\\\/vereine\\\/musikverein-lyra-eschringen\\\/#breadcrumb\",\"itemListElement\":[{\"@type\":\"ListItem\",\"position\":1,\"name\":\"Startseite\",\"item\":\"https:\\\/\\\/eschringen.de\\\/wordpress\\\/\"},{\"@type\":\"ListItem\",\"position\":2,\"name\":\"Die Menschen\",\"item\":\"https:\\\/\\\/eschringen.de\\\/wordpress\\\/die-menschen\\\/\"},{\"@type\":\"ListItem\",\"position\":3,\"name\":\"Vereine\",\"item\":\"https:\\\/\\\/eschringen.de\\\/wordpress\\\/die-menschen\\\/vereine\\\/\"},{\"@type\":\"ListItem\",\"position\":4,\"name\":\"Musikverein &#8222;Lyra&#8220; Eschringen\"}]},{\"@type\":\"WebSite\",\"@id\":\"https:\\\/\\\/eschringen.de\\\/wordpress\\\/#website\",\"url\":\"https:\\\/\\\/eschringen.de\\\/wordpress\\\/\",\"name\":\"Eschringen\",\"description\":\"\",\"publisher\":{\"@id\":\"https:\\\/\\\/eschringen.de\\\/wordpress\\\/#organization\"},\"potentialAction\":[{\"@type\":\"SearchAction\",\"target\":{\"@type\":\"EntryPoint\",\"urlTemplate\":\"https:\\\/\\\/eschringen.de\\\/wordpress\\\/?s={search_term_string}\"},\"query-input\":{\"@type\":\"PropertyValueSpecification\",\"valueRequired\":true,\"valueName\":\"search_term_string\"}}],\"inLanguage\":\"de\"},{\"@type\":\"Organization\",\"@id\":\"https:\\\/\\\/eschringen.de\\\/wordpress\\\/#organization\",\"name\":\"Eschringen\",\"url\":\"https:\\\/\\\/eschringen.de\\\/wordpress\\\/\",\"logo\":{\"@type\":\"ImageObject\",\"inLanguage\":\"de\",\"@id\":\"https:\\\/\\\/eschringen.de\\\/wordpress\\\/#\\\/schema\\\/logo\\\/image\\\/\",\"url\":\"https:\\\/\\\/eschringen.de\\\/wordpress\\\/wp-content\\\/uploads\\\/2017\\\/03\\\/2017_kw15.jpg\",\"contentUrl\":\"https:\\\/\\\/eschringen.de\\\/wordpress\\\/wp-content\\\/uploads\\\/2017\\\/03\\\/2017_kw15.jpg\",\"width\":784,\"height\":447,\"caption\":\"Eschringen\"},\"image\":{\"@id\":\"https:\\\/\\\/eschringen.de\\\/wordpress\\\/#\\\/schema\\\/logo\\\/image\\\/\"}}]}<\/script>\n<!-- \/ Yoast SEO plugin. -->","yoast_head_json":{"title":"Eschringen - Die Menschen - Vereine - Musikverein Lyra","robots":{"index":"index","follow":"follow","max-snippet":"max-snippet:-1","max-image-preview":"max-image-preview:large","max-video-preview":"max-video-preview:-1"},"canonical":"https:\/\/eschringen.de\/wordpress\/die-menschen\/vereine\/musikverein-lyra-eschringen\/","og_locale":"de_DE","og_type":"article","og_title":"Eschringen - Die Menschen - Vereine - Musikverein Lyra","og_description":"Gegr\u00fcndet: 1927, derzeit 182 Mitglieder &#8211; davon 41 Aktive und 141 Passive. Mitgliedsbeitrag: 20 \u20ac j\u00e4hrlich. Mitglied des Bundes Saarl\u00e4ndischer Musikvereine (BSM). Probenzeit: mittwochs von 19:30 Uhr &#8211; 21:30 Uhr in der ehem. Grundschule.(vor Konzerten auch sonntags von 10:00 Uhr &#8211; 12:00 Uhr) &nbsp; Musikstil: konzertante und volkst\u00fcmliche Blasmusik, sowie Unterhaltungs-Musik. Gesch\u00e4ftsf\u00fchrer: Thomas Koch, Karl-Leidinger-Str. ... Weiterlesen ...","og_url":"https:\/\/eschringen.de\/wordpress\/die-menschen\/vereine\/musikverein-lyra-eschringen\/","og_site_name":"Eschringen","article_modified_time":"2022-08-20T09:13:23+00:00","og_image":[{"url":"http:\/\/eschringen.de\/wordpress\/wp-content\/uploads\/2017\/02\/lyra.jpg","type":"","width":"","height":""}],"twitter_card":"summary_large_image","twitter_misc":{"Gesch\u00e4tzte Lesezeit":"4\u00a0Minuten"},"schema":{"@context":"https:\/\/schema.org","@graph":[{"@type":"WebPage","@id":"https:\/\/eschringen.de\/wordpress\/die-menschen\/vereine\/musikverein-lyra-eschringen\/","url":"https:\/\/eschringen.de\/wordpress\/die-menschen\/vereine\/musikverein-lyra-eschringen\/","name":"Eschringen - Die Menschen - Vereine - Musikverein Lyra","isPartOf":{"@id":"https:\/\/eschringen.de\/wordpress\/#website"},"primaryImageOfPage":{"@id":"https:\/\/eschringen.de\/wordpress\/die-menschen\/vereine\/musikverein-lyra-eschringen\/#primaryimage"},"image":{"@id":"https:\/\/eschringen.de\/wordpress\/die-menschen\/vereine\/musikverein-lyra-eschringen\/#primaryimage"},"thumbnailUrl":"http:\/\/eschringen.de\/wordpress\/wp-content\/uploads\/2017\/02\/lyra.jpg","datePublished":"2017-02-11T16:07:07+00:00","dateModified":"2022-08-20T09:13:23+00:00","breadcrumb":{"@id":"https:\/\/eschringen.de\/wordpress\/die-menschen\/vereine\/musikverein-lyra-eschringen\/#breadcrumb"},"inLanguage":"de","potentialAction":[{"@type":"ReadAction","target":["https:\/\/eschringen.de\/wordpress\/die-menschen\/vereine\/musikverein-lyra-eschringen\/"]}]},{"@type":"ImageObject","inLanguage":"de","@id":"https:\/\/eschringen.de\/wordpress\/die-menschen\/vereine\/musikverein-lyra-eschringen\/#primaryimage","url":"http:\/\/eschringen.de\/wordpress\/wp-content\/uploads\/2017\/02\/lyra.jpg","contentUrl":"http:\/\/eschringen.de\/wordpress\/wp-content\/uploads\/2017\/02\/lyra.jpg"},{"@type":"BreadcrumbList","@id":"https:\/\/eschringen.de\/wordpress\/die-menschen\/vereine\/musikverein-lyra-eschringen\/#breadcrumb","itemListElement":[{"@type":"ListItem","position":1,"name":"Startseite","item":"https:\/\/eschringen.de\/wordpress\/"},{"@type":"ListItem","position":2,"name":"Die Menschen","item":"https:\/\/eschringen.de\/wordpress\/die-menschen\/"},{"@type":"ListItem","position":3,"name":"Vereine","item":"https:\/\/eschringen.de\/wordpress\/die-menschen\/vereine\/"},{"@type":"ListItem","position":4,"name":"Musikverein &#8222;Lyra&#8220; Eschringen"}]},{"@type":"WebSite","@id":"https:\/\/eschringen.de\/wordpress\/#website","url":"https:\/\/eschringen.de\/wordpress\/","name":"Eschringen","description":"","publisher":{"@id":"https:\/\/eschringen.de\/wordpress\/#organization"},"potentialAction":[{"@type":"SearchAction","target":{"@type":"EntryPoint","urlTemplate":"https:\/\/eschringen.de\/wordpress\/?s={search_term_string}"},"query-input":{"@type":"PropertyValueSpecification","valueRequired":true,"valueName":"search_term_string"}}],"inLanguage":"de"},{"@type":"Organization","@id":"https:\/\/eschringen.de\/wordpress\/#organization","name":"Eschringen","url":"https:\/\/eschringen.de\/wordpress\/","logo":{"@type":"ImageObject","inLanguage":"de","@id":"https:\/\/eschringen.de\/wordpress\/#\/schema\/logo\/image\/","url":"https:\/\/eschringen.de\/wordpress\/wp-content\/uploads\/2017\/03\/2017_kw15.jpg","contentUrl":"https:\/\/eschringen.de\/wordpress\/wp-content\/uploads\/2017\/03\/2017_kw15.jpg","width":784,"height":447,"caption":"Eschringen"},"image":{"@id":"https:\/\/eschringen.de\/wordpress\/#\/schema\/logo\/image\/"}}]}},"jetpack_sharing_enabled":true,"_links":{"self":[{"href":"https:\/\/eschringen.de\/wordpress\/wp-json\/wp\/v2\/pages\/370","targetHints":{"allow":["GET"]}}],"collection":[{"href":"https:\/\/eschringen.de\/wordpress\/wp-json\/wp\/v2\/pages"}],"about":[{"href":"https:\/\/eschringen.de\/wordpress\/wp-json\/wp\/v2\/types\/page"}],"author":[{"embeddable":true,"href":"https:\/\/eschringen.de\/wordpress\/wp-json\/wp\/v2\/users\/1"}],"replies":[{"embeddable":true,"href":"https:\/\/eschringen.de\/wordpress\/wp-json\/wp\/v2\/comments?post=370"}],"version-history":[{"count":6,"href":"https:\/\/eschringen.de\/wordpress\/wp-json\/wp\/v2\/pages\/370\/revisions"}],"predecessor-version":[{"id":3746,"href":"https:\/\/eschringen.de\/wordpress\/wp-json\/wp\/v2\/pages\/370\/revisions\/3746"}],"up":[{"embeddable":true,"href":"https:\/\/eschringen.de\/wordpress\/wp-json\/wp\/v2\/pages\/228"}],"wp:attachment":[{"href":"https:\/\/eschringen.de\/wordpress\/wp-json\/wp\/v2\/media?parent=370"}],"curies":[{"name":"wp","href":"https:\/\/api.w.org\/{rel}","templated":true}]}}