{"id":339,"date":"2017-02-10T14:01:16","date_gmt":"2017-02-10T13:01:16","guid":{"rendered":"http:\/\/eschringen.de\/wordpress\/?page_id=339"},"modified":"2020-06-13T10:55:31","modified_gmt":"2020-06-13T08:55:31","slug":"kfd-katholische-frauengemeinschaft-deutschlands","status":"publish","type":"page","link":"https:\/\/eschringen.de\/wordpress\/die-menschen\/vereine\/kfd-katholische-frauengemeinschaft-deutschlands\/","title":{"rendered":"kfd &#8211; Katholische Frauengemeinschaft Deutschlands"},"content":{"rendered":"\n<div class=\"wp-block-image\"><figure class=\"alignright\"><img data-recalc-dims=\"1\" loading=\"lazy\" decoding=\"async\" width=\"300\" height=\"157\" src=\"https:\/\/i0.wp.com\/eschringen.de\/wordpress\/wp-content\/uploads\/2017\/02\/kfd-300x157.jpg?resize=300%2C157\" alt=\"\" class=\"wp-image-1161\" srcset=\"https:\/\/i0.wp.com\/eschringen.de\/wordpress\/wp-content\/uploads\/2017\/02\/kfd.jpg?resize=300%2C157&amp;ssl=1 300w, https:\/\/i0.wp.com\/eschringen.de\/wordpress\/wp-content\/uploads\/2017\/02\/kfd.jpg?resize=768%2C402&amp;ssl=1 768w, https:\/\/i0.wp.com\/eschringen.de\/wordpress\/wp-content\/uploads\/2017\/02\/kfd.jpg?resize=390%2C205&amp;ssl=1 390w, https:\/\/i0.wp.com\/eschringen.de\/wordpress\/wp-content\/uploads\/2017\/02\/kfd.jpg?w=810&amp;ssl=1 810w\" sizes=\"auto, (max-width: 300px) 100vw, 300px\" \/><\/figure><\/div>\n\n\n\n<p>Die KFD, gegr\u00fcndet am 9.10.1980, geh\u00f6rt jetzt schon \u00fcber 25 Jahre zum kulturellen Bild Eschringens. Sie ist mehr als nur ein Farbklecks in der bunten Kulturlandschaft. Als Mitglied der Arbeitsgemeinschaft Eschringer Vereine e.V. zeichnet sie sich durch ihr aktives, soziales Wirken aus, nicht nur im Dienste der Frauen, sondern auch als fester Bestandteil in den verschiedensten Belangen der Gemeinde.<\/p>\n\n\n\n<div class=\"wp-block-image\"><figure class=\"alignleft\"><img data-recalc-dims=\"1\" decoding=\"async\" src=\"https:\/\/i0.wp.com\/www.eschringen.de\/cms\/upload\/bilder\/vereine\/kfd-brunnen.jpg?w=1200\" alt=\"\"\/><figcaption>Der Laurentiusbrunnen zur Osterzeit<\/figcaption><\/figure><\/div>\n\n\n\n<p>Beispiele hierf\u00fcr sind: Frauenmessen, Mai- und Kreuzwegandachten, Wallfahrten, Einkehrtage, Krankenbesuche, Geburtstagsgratulationen, regelm\u00e4\u00dfige Treffen der Helferinnen, Vorstandssitzungen, die Jahreshauptversammlung, sowie eine bunte Faschingsveranstaltung, Fr\u00fchlings- und Herbstwanderungen, einen Ausflug f\u00fcr die Mitglieder, der j\u00e4hrliche Adventsbasar und eine besinnliche Adventsfeier.<br>Au\u00dferdem gestalten die Frauen der KFD nun schon seit Jahren den Laurentiusbrunnen mit dem Osterbogen, zeichnen sich aus durch tatkr\u00e4ftige Mithilfe beim Dorfgemeinschaftsfest, begeistern immer wieder mit ihrem Kuchenbuffet die Besucher des Pfarr- und Kirchenchorfestes im Sommer und schm\u00fccken den Altar anl\u00e4sslich des Erntedankgottesdienstes.<br>Regelm\u00e4\u00dfig werden Spenden verteilt, einmal zu Gunsten verschiedener Missionsstationen und zum anderen f\u00fcr die Erhaltung und Gestaltung der Eschringer Kirche, Kapelle und Pfarrheim.<br>Voller Stolz erinnern wir an das gelungene Fest anl\u00e4sslich unseres 20-j\u00e4hrigen Bestehens am 1.10.2000. Der ehrenwerte Tag begann um 8.45 Uhr mit dem festlich gestalteten Erntedank-Gottesdienst. Die zahlreichen G\u00e4ste erlebten ab 15.00 Uhr im Gasthaus &#8222;Zur neuen Simbach&#8220; einen bunten Nachmittag mit heiter, besinnlicher Note, der dem Anlass in jedem Fall gerecht wurde.<br>Es sei noch erw\u00e4hnt, dass die KFD in unregelm\u00e4ssigen Abst\u00e4nden im &#8222;Kontakt&#8220;, sowie in den &#8222;Eschringer Home-Pages&#8220; Texte und Berichte ver\u00f6ffentlicht, in denen Termine bekannt gegeben werden, \u00fcber Veranstaltungen berichtet wird und Pers\u00f6nliches zur Sprache kommt.<\/p>\n\n\n\n<div class=\"wp-block-image\"><figure class=\"alignright\"><img data-recalc-dims=\"1\" decoding=\"async\" src=\"https:\/\/i0.wp.com\/www.eschringen.de\/cms\/upload\/bilder\/vereine\/kfd-backbuch.jpg?w=1200\" alt=\"\"\/><figcaption>Backbuch der kfd-Eschringen<\/figcaption><\/figure><\/div>\n\n\n\n<p>Unter dem Motto &#8222;So backen wir&#8220; erschien im Oktober 1988 ein Backbuch der KFD-Eschringen, dessen Erl\u00f6s der Elterninitiative krebskranker Kinder in Homburg zu Gute kommt.<\/p>\n\n\n\n<p>Das Backbuch kann zum Preis von 7,50 \u20ac erworben werden.<\/p>\n\n\n\n<p>Bestellungen richten Sie bitte an:<br>Gertrud Vogelgesang, Gr\u00e4finthaler Str. 58, 66130 Eschringen, Tel. 06893-2847<\/p>\n\n\n\n<p>Am 23.3.2009 wurde bei der Jahreshauptversammlung im Pfarrheim das bestehende Leitungsteam wiedergew\u00e4hlt.<\/p>\n\n\n\n<p>Wir w\u00fcrden uns freuen, wenn wir in Zukunft noch mehr j\u00fcngere Frauen in unseren Reihen begr\u00fc\u00dfen d\u00fcrften. Mit einem Jahresbeitrag von 12,- \u20ac w\u00e4ren Sie bei uns dabei.<\/p>\n\n\n\n<p>Haben Sie Fragen oder w\u00fcnschen Sie n\u00e4here Informationen, so wenden Sie sich an die Frauen des Leitungsteams oder an die Schriftf\u00fchrerin Claudia Kimmling Tel. 06893\/5177. Wir freuen uns auf Sie.<\/p>\n\n\n\n<div class=\"wp-block-image\"><figure class=\"alignright\"><img data-recalc-dims=\"1\" decoding=\"async\" src=\"https:\/\/i0.wp.com\/www.eschringen.de\/cms\/upload\/bilder\/vereine\/kfd-kochbuch.jpg?w=1200\" alt=\"\"\/><figcaption>Kochbuch der kfd-Eschringen<\/figcaption><\/figure><\/div>\n\n\n\n<p>Zum 25-j\u00e4hrigen Jubil\u00e4um am 2.10.2005 erschien die Fortsetzung von &#8222;So backen wir&#8220;. Das neue Kochbuch mit dem Namen &#8222;So kochen wir&#8220; kam ebenfalls der Elterninitiative krebskranker Kinder in Homburg zu Gute.<\/p>\n\n\n\n<p>Das Kochbuch konnte zum Preis von 8,50 \u20ac erworben werden.<\/p>\n\n\n\n<p>Leider ist es mittlerweile komplett vergriffen, so dass keine Bestellungen mehr m\u00f6glich sind.<\/p>\n\n\n\n<p>Unser Kochbuch ein Riesenerfolg<\/p>\n\n\n\n<p><img data-recalc-dims=\"1\" loading=\"lazy\" decoding=\"async\" src=\"https:\/\/i0.wp.com\/www.eschringen.de\/cms\/upload\/bilder\/vereine\/kfdscheck.jpg?resize=400%2C267\" width=\"400\" hspace=\"5\" height=\"267\" border=\"0\" align=\"left\"> Schon nach 6 Wochen konnte die Kfd-Eschringen die erste Spende von 500,- \u20ac aus dem Erl\u00f6s des Kochbuches \u201eSo kochen wir\u201c an die Kinderkrebsstation \u201eVilla Kunterbunt\u201c in Homburg \u00fcberreichen.<br>Eine der Leiterinnen, Brunhilde Wagner-Hilgers, nahm stellvertretend den Scheck in Empfang, den Gertrud Vogelgesang und Julia Bukovec \u00fcberreichten. Ein herzliches Dankesch\u00f6n an alle, die unser Kochbuch gekauft haben. Weitere Spenden konnten nach und nach \u00fcberreicht werden.<\/p>\n\n\n\n<p><a href=\"http:\/\/eschringen.de\/wordpress\/die-menschen\/vereine\/\">zur\u00fcck zur \u00dcbersicht<\/a><\/p>\n","protected":false},"excerpt":{"rendered":"<p>Die KFD, gegr\u00fcndet am 9.10.1980, geh\u00f6rt jetzt schon \u00fcber 25 Jahre zum kulturellen Bild Eschringens. Sie ist mehr als nur ein Farbklecks in der bunten Kulturlandschaft. Als Mitglied der Arbeitsgemeinschaft Eschringer Vereine e.V. zeichnet sie sich durch ihr aktives, soziales Wirken aus, nicht nur im Dienste der Frauen, sondern auch als fester Bestandteil in den &#8230; <a title=\"kfd &#8211; Katholische Frauengemeinschaft Deutschlands\" class=\"read-more\" href=\"https:\/\/eschringen.de\/wordpress\/die-menschen\/vereine\/kfd-katholische-frauengemeinschaft-deutschlands\/\" aria-label=\"Mehr Informationen \u00fcber kfd &#8211; Katholische Frauengemeinschaft Deutschlands\">Weiterlesen &#8230;<\/a><\/p>\n","protected":false},"author":1,"featured_media":0,"parent":228,"menu_order":10,"comment_status":"closed","ping_status":"closed","template":"","meta":{"ngg_post_thumbnail":0,"footnotes":""},"class_list":["post-339","page","type-page","status-publish"],"yoast_head":"<!-- This site is optimized with the Yoast SEO plugin v27.4 - https:\/\/yoast.com\/product\/yoast-seo-wordpress\/ -->\n<title>kfd - Katholische Frauengemeinschaft Deutschlands - Eschringen<\/title>\n<meta name=\"robots\" content=\"index, follow, max-snippet:-1, max-image-preview:large, max-video-preview:-1\" \/>\n<link rel=\"canonical\" href=\"https:\/\/eschringen.de\/wordpress\/die-menschen\/vereine\/kfd-katholische-frauengemeinschaft-deutschlands\/\" \/>\n<meta property=\"og:locale\" content=\"de_DE\" \/>\n<meta property=\"og:type\" content=\"article\" \/>\n<meta property=\"og:title\" content=\"kfd - Katholische Frauengemeinschaft Deutschlands - Eschringen\" \/>\n<meta property=\"og:description\" content=\"Die KFD, gegr\u00fcndet am 9.10.1980, geh\u00f6rt jetzt schon \u00fcber 25 Jahre zum kulturellen Bild Eschringens. Sie ist mehr als nur ein Farbklecks in der bunten Kulturlandschaft. Als Mitglied der Arbeitsgemeinschaft Eschringer Vereine e.V. zeichnet sie sich durch ihr aktives, soziales Wirken aus, nicht nur im Dienste der Frauen, sondern auch als fester Bestandteil in den ... Weiterlesen ...\" \/>\n<meta property=\"og:url\" content=\"https:\/\/eschringen.de\/wordpress\/die-menschen\/vereine\/kfd-katholische-frauengemeinschaft-deutschlands\/\" \/>\n<meta property=\"og:site_name\" content=\"Eschringen\" \/>\n<meta property=\"article:modified_time\" content=\"2020-06-13T08:55:31+00:00\" \/>\n<meta property=\"og:image\" content=\"http:\/\/eschringen.de\/wordpress\/wp-content\/uploads\/2017\/02\/kfd-300x157.jpg\" \/>\n<meta name=\"twitter:card\" content=\"summary_large_image\" \/>\n<meta name=\"twitter:label1\" content=\"Gesch\u00e4tzte Lesezeit\" \/>\n\t<meta name=\"twitter:data1\" content=\"3\u00a0Minuten\" \/>\n<script type=\"application\/ld+json\" class=\"yoast-schema-graph\">{\"@context\":\"https:\\\/\\\/schema.org\",\"@graph\":[{\"@type\":\"WebPage\",\"@id\":\"https:\\\/\\\/eschringen.de\\\/wordpress\\\/die-menschen\\\/vereine\\\/kfd-katholische-frauengemeinschaft-deutschlands\\\/\",\"url\":\"https:\\\/\\\/eschringen.de\\\/wordpress\\\/die-menschen\\\/vereine\\\/kfd-katholische-frauengemeinschaft-deutschlands\\\/\",\"name\":\"kfd - Katholische Frauengemeinschaft Deutschlands - Eschringen\",\"isPartOf\":{\"@id\":\"https:\\\/\\\/eschringen.de\\\/wordpress\\\/#website\"},\"primaryImageOfPage\":{\"@id\":\"https:\\\/\\\/eschringen.de\\\/wordpress\\\/die-menschen\\\/vereine\\\/kfd-katholische-frauengemeinschaft-deutschlands\\\/#primaryimage\"},\"image\":{\"@id\":\"https:\\\/\\\/eschringen.de\\\/wordpress\\\/die-menschen\\\/vereine\\\/kfd-katholische-frauengemeinschaft-deutschlands\\\/#primaryimage\"},\"thumbnailUrl\":\"http:\\\/\\\/eschringen.de\\\/wordpress\\\/wp-content\\\/uploads\\\/2017\\\/02\\\/kfd-300x157.jpg\",\"datePublished\":\"2017-02-10T13:01:16+00:00\",\"dateModified\":\"2020-06-13T08:55:31+00:00\",\"breadcrumb\":{\"@id\":\"https:\\\/\\\/eschringen.de\\\/wordpress\\\/die-menschen\\\/vereine\\\/kfd-katholische-frauengemeinschaft-deutschlands\\\/#breadcrumb\"},\"inLanguage\":\"de\",\"potentialAction\":[{\"@type\":\"ReadAction\",\"target\":[\"https:\\\/\\\/eschringen.de\\\/wordpress\\\/die-menschen\\\/vereine\\\/kfd-katholische-frauengemeinschaft-deutschlands\\\/\"]}]},{\"@type\":\"ImageObject\",\"inLanguage\":\"de\",\"@id\":\"https:\\\/\\\/eschringen.de\\\/wordpress\\\/die-menschen\\\/vereine\\\/kfd-katholische-frauengemeinschaft-deutschlands\\\/#primaryimage\",\"url\":\"http:\\\/\\\/eschringen.de\\\/wordpress\\\/wp-content\\\/uploads\\\/2017\\\/02\\\/kfd-300x157.jpg\",\"contentUrl\":\"http:\\\/\\\/eschringen.de\\\/wordpress\\\/wp-content\\\/uploads\\\/2017\\\/02\\\/kfd-300x157.jpg\"},{\"@type\":\"BreadcrumbList\",\"@id\":\"https:\\\/\\\/eschringen.de\\\/wordpress\\\/die-menschen\\\/vereine\\\/kfd-katholische-frauengemeinschaft-deutschlands\\\/#breadcrumb\",\"itemListElement\":[{\"@type\":\"ListItem\",\"position\":1,\"name\":\"Startseite\",\"item\":\"https:\\\/\\\/eschringen.de\\\/wordpress\\\/\"},{\"@type\":\"ListItem\",\"position\":2,\"name\":\"Die Menschen\",\"item\":\"https:\\\/\\\/eschringen.de\\\/wordpress\\\/die-menschen\\\/\"},{\"@type\":\"ListItem\",\"position\":3,\"name\":\"Vereine\",\"item\":\"https:\\\/\\\/eschringen.de\\\/wordpress\\\/die-menschen\\\/vereine\\\/\"},{\"@type\":\"ListItem\",\"position\":4,\"name\":\"kfd &#8211; Katholische Frauengemeinschaft Deutschlands\"}]},{\"@type\":\"WebSite\",\"@id\":\"https:\\\/\\\/eschringen.de\\\/wordpress\\\/#website\",\"url\":\"https:\\\/\\\/eschringen.de\\\/wordpress\\\/\",\"name\":\"Eschringen\",\"description\":\"\",\"publisher\":{\"@id\":\"https:\\\/\\\/eschringen.de\\\/wordpress\\\/#organization\"},\"potentialAction\":[{\"@type\":\"SearchAction\",\"target\":{\"@type\":\"EntryPoint\",\"urlTemplate\":\"https:\\\/\\\/eschringen.de\\\/wordpress\\\/?s={search_term_string}\"},\"query-input\":{\"@type\":\"PropertyValueSpecification\",\"valueRequired\":true,\"valueName\":\"search_term_string\"}}],\"inLanguage\":\"de\"},{\"@type\":\"Organization\",\"@id\":\"https:\\\/\\\/eschringen.de\\\/wordpress\\\/#organization\",\"name\":\"Eschringen\",\"url\":\"https:\\\/\\\/eschringen.de\\\/wordpress\\\/\",\"logo\":{\"@type\":\"ImageObject\",\"inLanguage\":\"de\",\"@id\":\"https:\\\/\\\/eschringen.de\\\/wordpress\\\/#\\\/schema\\\/logo\\\/image\\\/\",\"url\":\"https:\\\/\\\/eschringen.de\\\/wordpress\\\/wp-content\\\/uploads\\\/2017\\\/03\\\/2017_kw15.jpg\",\"contentUrl\":\"https:\\\/\\\/eschringen.de\\\/wordpress\\\/wp-content\\\/uploads\\\/2017\\\/03\\\/2017_kw15.jpg\",\"width\":784,\"height\":447,\"caption\":\"Eschringen\"},\"image\":{\"@id\":\"https:\\\/\\\/eschringen.de\\\/wordpress\\\/#\\\/schema\\\/logo\\\/image\\\/\"}}]}<\/script>\n<!-- \/ Yoast SEO plugin. -->","yoast_head_json":{"title":"kfd - Katholische Frauengemeinschaft Deutschlands - Eschringen","robots":{"index":"index","follow":"follow","max-snippet":"max-snippet:-1","max-image-preview":"max-image-preview:large","max-video-preview":"max-video-preview:-1"},"canonical":"https:\/\/eschringen.de\/wordpress\/die-menschen\/vereine\/kfd-katholische-frauengemeinschaft-deutschlands\/","og_locale":"de_DE","og_type":"article","og_title":"kfd - Katholische Frauengemeinschaft Deutschlands - Eschringen","og_description":"Die KFD, gegr\u00fcndet am 9.10.1980, geh\u00f6rt jetzt schon \u00fcber 25 Jahre zum kulturellen Bild Eschringens. Sie ist mehr als nur ein Farbklecks in der bunten Kulturlandschaft. Als Mitglied der Arbeitsgemeinschaft Eschringer Vereine e.V. zeichnet sie sich durch ihr aktives, soziales Wirken aus, nicht nur im Dienste der Frauen, sondern auch als fester Bestandteil in den ... Weiterlesen ...","og_url":"https:\/\/eschringen.de\/wordpress\/die-menschen\/vereine\/kfd-katholische-frauengemeinschaft-deutschlands\/","og_site_name":"Eschringen","article_modified_time":"2020-06-13T08:55:31+00:00","og_image":[{"url":"http:\/\/eschringen.de\/wordpress\/wp-content\/uploads\/2017\/02\/kfd-300x157.jpg","type":"","width":"","height":""}],"twitter_card":"summary_large_image","twitter_misc":{"Gesch\u00e4tzte Lesezeit":"3\u00a0Minuten"},"schema":{"@context":"https:\/\/schema.org","@graph":[{"@type":"WebPage","@id":"https:\/\/eschringen.de\/wordpress\/die-menschen\/vereine\/kfd-katholische-frauengemeinschaft-deutschlands\/","url":"https:\/\/eschringen.de\/wordpress\/die-menschen\/vereine\/kfd-katholische-frauengemeinschaft-deutschlands\/","name":"kfd - Katholische Frauengemeinschaft Deutschlands - Eschringen","isPartOf":{"@id":"https:\/\/eschringen.de\/wordpress\/#website"},"primaryImageOfPage":{"@id":"https:\/\/eschringen.de\/wordpress\/die-menschen\/vereine\/kfd-katholische-frauengemeinschaft-deutschlands\/#primaryimage"},"image":{"@id":"https:\/\/eschringen.de\/wordpress\/die-menschen\/vereine\/kfd-katholische-frauengemeinschaft-deutschlands\/#primaryimage"},"thumbnailUrl":"http:\/\/eschringen.de\/wordpress\/wp-content\/uploads\/2017\/02\/kfd-300x157.jpg","datePublished":"2017-02-10T13:01:16+00:00","dateModified":"2020-06-13T08:55:31+00:00","breadcrumb":{"@id":"https:\/\/eschringen.de\/wordpress\/die-menschen\/vereine\/kfd-katholische-frauengemeinschaft-deutschlands\/#breadcrumb"},"inLanguage":"de","potentialAction":[{"@type":"ReadAction","target":["https:\/\/eschringen.de\/wordpress\/die-menschen\/vereine\/kfd-katholische-frauengemeinschaft-deutschlands\/"]}]},{"@type":"ImageObject","inLanguage":"de","@id":"https:\/\/eschringen.de\/wordpress\/die-menschen\/vereine\/kfd-katholische-frauengemeinschaft-deutschlands\/#primaryimage","url":"http:\/\/eschringen.de\/wordpress\/wp-content\/uploads\/2017\/02\/kfd-300x157.jpg","contentUrl":"http:\/\/eschringen.de\/wordpress\/wp-content\/uploads\/2017\/02\/kfd-300x157.jpg"},{"@type":"BreadcrumbList","@id":"https:\/\/eschringen.de\/wordpress\/die-menschen\/vereine\/kfd-katholische-frauengemeinschaft-deutschlands\/#breadcrumb","itemListElement":[{"@type":"ListItem","position":1,"name":"Startseite","item":"https:\/\/eschringen.de\/wordpress\/"},{"@type":"ListItem","position":2,"name":"Die Menschen","item":"https:\/\/eschringen.de\/wordpress\/die-menschen\/"},{"@type":"ListItem","position":3,"name":"Vereine","item":"https:\/\/eschringen.de\/wordpress\/die-menschen\/vereine\/"},{"@type":"ListItem","position":4,"name":"kfd &#8211; Katholische Frauengemeinschaft Deutschlands"}]},{"@type":"WebSite","@id":"https:\/\/eschringen.de\/wordpress\/#website","url":"https:\/\/eschringen.de\/wordpress\/","name":"Eschringen","description":"","publisher":{"@id":"https:\/\/eschringen.de\/wordpress\/#organization"},"potentialAction":[{"@type":"SearchAction","target":{"@type":"EntryPoint","urlTemplate":"https:\/\/eschringen.de\/wordpress\/?s={search_term_string}"},"query-input":{"@type":"PropertyValueSpecification","valueRequired":true,"valueName":"search_term_string"}}],"inLanguage":"de"},{"@type":"Organization","@id":"https:\/\/eschringen.de\/wordpress\/#organization","name":"Eschringen","url":"https:\/\/eschringen.de\/wordpress\/","logo":{"@type":"ImageObject","inLanguage":"de","@id":"https:\/\/eschringen.de\/wordpress\/#\/schema\/logo\/image\/","url":"https:\/\/eschringen.de\/wordpress\/wp-content\/uploads\/2017\/03\/2017_kw15.jpg","contentUrl":"https:\/\/eschringen.de\/wordpress\/wp-content\/uploads\/2017\/03\/2017_kw15.jpg","width":784,"height":447,"caption":"Eschringen"},"image":{"@id":"https:\/\/eschringen.de\/wordpress\/#\/schema\/logo\/image\/"}}]}},"jetpack_sharing_enabled":true,"_links":{"self":[{"href":"https:\/\/eschringen.de\/wordpress\/wp-json\/wp\/v2\/pages\/339","targetHints":{"allow":["GET"]}}],"collection":[{"href":"https:\/\/eschringen.de\/wordpress\/wp-json\/wp\/v2\/pages"}],"about":[{"href":"https:\/\/eschringen.de\/wordpress\/wp-json\/wp\/v2\/types\/page"}],"author":[{"embeddable":true,"href":"https:\/\/eschringen.de\/wordpress\/wp-json\/wp\/v2\/users\/1"}],"replies":[{"embeddable":true,"href":"https:\/\/eschringen.de\/wordpress\/wp-json\/wp\/v2\/comments?post=339"}],"version-history":[{"count":4,"href":"https:\/\/eschringen.de\/wordpress\/wp-json\/wp\/v2\/pages\/339\/revisions"}],"predecessor-version":[{"id":2908,"href":"https:\/\/eschringen.de\/wordpress\/wp-json\/wp\/v2\/pages\/339\/revisions\/2908"}],"up":[{"embeddable":true,"href":"https:\/\/eschringen.de\/wordpress\/wp-json\/wp\/v2\/pages\/228"}],"wp:attachment":[{"href":"https:\/\/eschringen.de\/wordpress\/wp-json\/wp\/v2\/media?parent=339"}],"curies":[{"name":"wp","href":"https:\/\/api.w.org\/{rel}","templated":true}]}}