{"id":3266,"date":"2021-10-27T08:13:28","date_gmt":"2021-10-27T06:13:28","guid":{"rendered":"https:\/\/eschringen.de\/wordpress\/?page_id=3266"},"modified":"2021-11-23T09:37:00","modified_gmt":"2021-11-23T08:37:00","slug":"18-10-2021-chefredakteur-roland-schmitt-verstorben","status":"publish","type":"page","link":"https:\/\/eschringen.de\/wordpress\/geschichte\/archiv\/18-10-2021-chefredakteur-roland-schmitt-verstorben\/","title":{"rendered":"18.10.2021 &#8211; Chefredakteur Roland Schmitt verstorben"},"content":{"rendered":"\n<p>Am 18.10.2021 verstarb unser Chefredakteur Roland Schmitt. An dieser Stelle m\u00f6chten wir die Reaktionen der Vereine und Einzelpersonen zusammentragen.<\/p>\n\n\n\n<p><strong>Arbeitsgemeinschaft Eschringer Vereine<\/strong><\/p>\n\n\n\n<p>Am 18. Oktober ist unser langj\u00e4hriges Mitglied im Vorstand verstorben. Wir verlieren nicht nur ein sehr engagiertes Mitglied, wir verlieren einen Freund.<\/p>\n\n\n\n<p>Seit 1992 arbeitete Roland im Arbeitskreis 1100 Jahre Eschringen und nach der Gr\u00fcndung der Arge im Jahre 1993 wurde er am 25.10.2001 deren Gesch\u00e4ftsf\u00fchrer. Da er sich f\u00fcr seinen Stadtteil im besonderen Ma\u00dfe einsetzte war es logisch, dass er am 07.11.1993 auch die Geschichtswerkstatt Eschringen im Rahmen der Volkshochschule Saarbr\u00fccken gr\u00fcndete. Damit aber nicht genug: Die Kontakte zu unserer Partnergemeinde Escherange in Lothringen wurden intensiviert. In vielen Ausgaben der Eschringer Hefte berichtete er \u00fcber unseren Stadtteil. Mit einigen Mitstreitern schuf er im November 2003 die Eschringer Home-Pages, die seitdem jeden Monat \u00fcber das Geschehen in unseren Vereinen und in unserem Stadtteil informiert. Als zu Beginn des Schuljahres 2005\/06 die Grundschule Eschringen geschlossen wurde k\u00e4mpfte Roland an vorderer Stelle mit f\u00fcr die Erhaltung des Geb\u00e4udes als Haus der Vereine, was uns auch schlie\u00dflich im Dezember 2006 gelang.<\/p>\n\n\n\n<p>Auch damit nicht genug. Seine Begeisterung f\u00fcr engl. Musik f\u00fchrte dazu, dass drei\u00dfig Musiker und Bands zun\u00e4chst im Gasthaus \u201eZur Post\u201c und sp\u00e4ter im Haus der Vereine auftraten.<\/p>\n\n\n\n<p>Es g\u00e4be noch vieles zu berichten, Roland wird uns \u00fcberall fehlen.<\/p>\n\n\n\n<p>Unser Mitgef\u00fchl geht insbesondere an seine Frau Christa, sowie Tochter Yasmina und Sohn Yannick.<\/p>\n\n\n\n<p>F\u00fcr die Arbeitsgemeinschaft<\/p>\n\n\n\n<p>Arno Schmitt<\/p>\n\n\n\n<hr class=\"wp-block-separator\"\/>\n\n\n\n<p><strong>Michael Weston King<\/strong><\/p>\n\n\n\n<p>I received a very sad message last night, from a mutual friend in Germany, to tell me about the passing of Roland Schmitt<\/p>\n\n\n\n<p>Those of you with a small knowledge of German can glean more about him from the newspaper article attached, and some of you reading this will have known him personally, but Roland was a pure music man. A fan, and a music writer, of the highest order. He was never happier than when talking about his beloved Small Faces, and Ronnie Lane in particular, often with a glass of fine wine in hand.<\/p>\n\n\n\n<p>As an enthusiastic and conscientious promoter he put on many shows in Eschringen, a small town outside of Saarbrucken, which I christened &#8222;The Nashville of Germany\u201d given it\u2019s propensity for hosting American troubadours (and many British ones too). His choice of venue ranged from school halls, to classrooms, to local pubs, to the room above the local post office, perhaps his most used and well-known venue, &#8222;Zur Post&#8220;<\/p>\n\n\n\n<p>His son was a vintner and whenever I played for him, there was always a case of very good German wine to take away. I think I drank &#8222;Rolands&#8216; wine\u2019&#8220;on Christmas day every year for the past 10 years. It was always special.<\/p>\n\n\n\n<p>As some of these photos show, he also had a particularly acute dress sense, with a fine line in band T.Shirts!<\/p>\n\n\n\n<p>To quote his good friend and writing partner, Uli Twelker, \u201cWe have lost a fantastic and warm-hearted friend, and a prime and tireless promoter of all things musical &#8211; especially British rock, folk &amp; blues.\u201d<\/p>\n\n\n\n<p>My love and thoughts go to his wonderful wife Christa, their children and grandchildren. As Roland left us, two new grandson twins, Felix &amp; Anton, came into the world only weeks ago. May they continue the musical family tradition.<\/p>\n\n\n\n<p>I\u2019ll miss you Roland and will raise a glass of red in your honour later while listening to Ogdens Nutgone Flake.<\/p>\n\n\n\n<p>Prost.<\/p>\n\n\n\n<hr class=\"wp-block-separator\"\/>\n\n\n\n<p><strong>SR &#8211; Saarl\u00e4ndischer Rundfunk<\/strong><\/p>\n\n\n\n<p>Bibliothekar und Pop-Kenner Roland Schmitt gestorben<\/p>\n\n\n\n<p><em>Eschringen<\/em>&nbsp;Roland Schmitt, langj\u00e4hriger Leiter des SR-Print\u00adarchivs, Popkenner, Autor, Musiker und Veranstalter, ist im Alter von 68\u2005Jahren gestorben. Der geb\u00fcrtige Mainzer mit Vorliebe f\u00fcr Folk, Blues und Weltmusik hatte 1977 die Zeitschrift \u201efolk-Michel\u201c gegr\u00fcndet, aus der das heute noch erscheinende Magazin&nbsp;\u201eFolker\u201c hervorging.<\/p>\n\n\n\n<p>Er zog ins Saarland und arbeitete ab 1982 beim Saarl\u00e4ndischen Rundfunk. Dort leitete der Bibliothekar bis zu seinem Ruhestand 2019 das Printarchiv des SR. 1993 schrieb er eine sp\u00e4ter auch ins Englische \u00fcbersetzte Biografie \u00fcber die Band Small Faces.<\/p>\n\n\n\n<p>Der umtriebige Kulturmensch Schmitt brachte zudem ab 2001 als Hobby-Veranstalter internationale Musikerinnen und Musiker in seine Wahlheimat Eschringen&nbsp;\u2013 von Julian Dawson bis Chris Jagger, dem Bruder von Mick Jagger. Nebenbei erforschte Schmitt die Geschichte von Grenzsteinen der Region (seine Webseite: http:\/\/alte-grenzsteine.de) und engagierte sich im saarl\u00e4ndischen Poprat, wo er ein \u201eSaarl\u00e4ndisches Pop-Archiv\u201c anschob. Poprat Peter Meyer spricht f\u00fcr viele, wenn er schreibt: \u201eEr wird uns enorm fehlen\u201c.<\/p>\n\n\n\n<p><em>entnommen aus der Saarbr\u00fccker Zeitung<\/em><\/p>\n\n\n\n<hr class=\"wp-block-separator\"\/>\n\n\n\n<p><strong>Folker Redaktion<\/strong><\/p>\n\n\n\n<h4 class=\"wp-block-heading\">ROLAND SCHMITT<\/h4>\n\n\n\n<p>3.7.1953, Mainz,<br>bis 18.10.2021, Saarbr\u00fccken-Eschringen<\/p>\n\n\n\n<p>Letztes Jahr Walter Bast, dieses Jahr Roland Schmitt! Beide meldeten sich auf die Kleinanzeige im Magazin&nbsp;<em>Sounds<\/em>, Ausgabe 8\/1977, mit der ich f\u00fcr die Unterst\u00fctzung meines Projektes&nbsp;<em>Michel \u2013 Folkzeitung<\/em>&nbsp;warb, und beide waren als Einzige all die Jahre und Namens\u00e4nderungen mit an Bord.<br>Roland arbeitete Zeit seines Berufslebens als Archivar des Printarchivs des Saarl\u00e4ndischen Rundfunks. Folk- und Weltmusik waren seine Hobbys. Neben seiner Vorliebe f\u00fcr afrikanische und arabische Musik k\u00fcmmerte er sich besonders intensiv zum Beispiel um das Schaffen des ehemaligen Small-Faces-Gitarristen Ronnie Lane und des Mick-Jagger-Bruders Chris Jagger. Beim&nbsp;<em>folker<\/em>&nbsp;stand er als zuverl\u00e4ssiger Rezensent insbesondere f\u00fcr den Bereich Afrika auf der Liste. Das letzte Mal trafen wir uns zur Feier eines halbrunden Geburtstags von mir und gaben uns das Versprechen, uns demn\u00e4chst als Rentner h\u00e4ufiger zu besuchen. Das muss dann jetzt leider warten bis zur gro\u00dfen&nbsp;<em>folker<\/em>-Reunion ein paar Etagen h\u00f6her.<\/p>\n\n\n\n<p><em>Mike Kamp<\/em><\/p>\n\n\n\n<hr class=\"wp-block-separator\"\/>\n\n\n\n<p><strong>Adieu, Roland Schmitt<\/strong><\/p>\n\n\n\n<p>Manchmal merkt man erst Tage nach dem Tod eines Menschen, wie gro\u00df die L\u00fccke ist, die er hinterlassen hat. Am Freitag, den 19. November, hat sich Eschringen vom Chefredakteur der Home-Pages verabschiedet. Roland Schmitt wurde 68 Jahre alt. Zu fr\u00fch sei er verstorben, sagte Pfarrer Stephan Me\u00dfner im Trauergottesdienst. Unvergessen sei sein Engagement f\u00fcr die Restaurierung der Laurentius Kapelle und des Laurentius Brunnens.<\/p>\n\n\n\n<p>Corona-bedingt in einer kleinen Feier nahmen Verwandte, Freunde und ehemalige Kolleginnen und Kollegen des Saarl\u00e4ndischen Rundfunks Abschied im Dorfgemeinschaftshaus. SR-Intendant Martin Grasm\u00fcck w\u00fcrdigte Roland Schmitt als Freund und ehemaligen Bibliothekar des Senders. Er sei regelrecht eine Institution auf dem Halberg gewesen. Wer bei ihm einen Ratschlag gesucht habe, sei mit f\u00fcnf guten Ideen zur\u00fcck in die Redaktion gegangen. Unvergessen sei f\u00fcr ihn die gemeinsame Teilnahme an den j\u00e4hrlichen ARD\/ZDF-Tischtennismeisterschaften. Er verliere mit Roland auch einen guten Freund.<\/p>\n\n\n\n<p>Immer wieder angesprochen wurde Roland Schmitts Liebe zur Musik. Beim SR hat er auch schon mal seinen Arbeitsplatz in der Bibliothek verlassen und ist ins Radio-Studio gewechselt. Er konzipierte beispielsweise Sendungen zu afrikanischer Musik und moderierte diese Sendungen auch. In Eschringen war er sogar als Konzertmanager unterwegs. Viele internationale K\u00fcnstler sind in der Alten Post und im Dorfgemeinschaftshaus aufgetreten. So hatte Roland Schmitt es sogar geschafft, Chris Jagger, den \u201ekleinen&#8220; Bruder des Rolling-Stones-Stars Mick Jagger f\u00fcr Eschringen zu begeistern. Uli Twelker, der gemeinsam mit Roland Schmitt ein Buch \u00fcber die Geschichte der Kult-Band \u201eSmall Faces&#8220; geschrieben hat, war aus Bielefeld angereist. Aus der gemeinsamen Arbeit an dem Buchprojekt sei sehr schnell eine tiefe Freundschaft geworden, sagte Twelker.<\/p>\n\n\n\n<p>F\u00fcr den Autor dieser Zeilen beherrschte Roland Schmitt vor allem die Kunst, Menschen zusammen zu bringen. Als Gesch\u00e4ftsf\u00fchrer der Arbeitsgemeinschaft der Eschringer Vereine hat er die unterschiedlichsten F\u00e4den unseres Dorflebens zusammengef\u00fchrt. In aller Vielfalt. Vom Musikverein \u201eLyra\u201c bis zur Geschichtswerkstatt. Die Geschichte des Stadtteils lag ihm am Herzen. Die Stra\u00dfennamen, die alteingesessenen Familien, historische Geb\u00e4ude und nat\u00fcrlich: die Grenzsteine. Roland Schmitt konnte sogar f\u00fcr Grenzsteine Begeisterung wecken. Denn diese Grenzsteine erz\u00e4hlen Geschichte und Geschichten. Unsere Geschichte. Die Geschichte von Els\u00e4ssern, Lothringern, Pf\u00e4lzern und Saarl\u00e4ndern. Die Geschichte von Bayem und Preussen, mitten in Eschringen.<\/p>\n\n\n\n<p>Sein Engagement f\u00fcr ein lebendiges soziales Leben im kleinsten Saarbr\u00fccker Stadtteil wird fehlen.<\/p>\n\n\n\n<p>Norbert Klein<\/p>\n\n\n\n<hr class=\"wp-block-separator\"\/>\n","protected":false},"excerpt":{"rendered":"<p>Am 18.10.2021 verstarb unser Chefredakteur Roland Schmitt. An dieser Stelle m\u00f6chten wir die Reaktionen der Vereine und Einzelpersonen zusammentragen. Arbeitsgemeinschaft Eschringer Vereine Am 18. Oktober ist unser langj\u00e4hriges Mitglied im Vorstand verstorben. Wir verlieren nicht nur ein sehr engagiertes Mitglied, wir verlieren einen Freund. Seit 1992 arbeitete Roland im Arbeitskreis 1100 Jahre Eschringen und nach &#8230; <a title=\"18.10.2021 &#8211; Chefredakteur Roland Schmitt verstorben\" class=\"read-more\" href=\"https:\/\/eschringen.de\/wordpress\/geschichte\/archiv\/18-10-2021-chefredakteur-roland-schmitt-verstorben\/\" aria-label=\"Mehr Informationen \u00fcber 18.10.2021 &#8211; Chefredakteur Roland Schmitt verstorben\">Weiterlesen &#8230;<\/a><\/p>\n","protected":false},"author":1,"featured_media":0,"parent":403,"menu_order":0,"comment_status":"closed","ping_status":"closed","template":"","meta":{"ngg_post_thumbnail":0,"footnotes":""},"class_list":["post-3266","page","type-page","status-publish"],"yoast_head":"<!-- This site is optimized with the Yoast SEO plugin v27.5 - https:\/\/yoast.com\/product\/yoast-seo-wordpress\/ -->\n<title>18.10.2021 - Chefredakteur Roland Schmitt verstorben - Eschringen<\/title>\n<meta name=\"robots\" content=\"index, follow, max-snippet:-1, max-image-preview:large, max-video-preview:-1\" \/>\n<link rel=\"canonical\" href=\"https:\/\/eschringen.de\/wordpress\/geschichte\/archiv\/18-10-2021-chefredakteur-roland-schmitt-verstorben\/\" \/>\n<meta property=\"og:locale\" content=\"de_DE\" \/>\n<meta property=\"og:type\" content=\"article\" \/>\n<meta property=\"og:title\" content=\"18.10.2021 - Chefredakteur Roland Schmitt verstorben - Eschringen\" \/>\n<meta property=\"og:description\" content=\"Am 18.10.2021 verstarb unser Chefredakteur Roland Schmitt. An dieser Stelle m\u00f6chten wir die Reaktionen der Vereine und Einzelpersonen zusammentragen. Arbeitsgemeinschaft Eschringer Vereine Am 18. Oktober ist unser langj\u00e4hriges Mitglied im Vorstand verstorben. Wir verlieren nicht nur ein sehr engagiertes Mitglied, wir verlieren einen Freund. Seit 1992 arbeitete Roland im Arbeitskreis 1100 Jahre Eschringen und nach ... Weiterlesen ...\" \/>\n<meta property=\"og:url\" content=\"https:\/\/eschringen.de\/wordpress\/geschichte\/archiv\/18-10-2021-chefredakteur-roland-schmitt-verstorben\/\" \/>\n<meta property=\"og:site_name\" content=\"Eschringen\" \/>\n<meta property=\"article:modified_time\" content=\"2021-11-23T08:37:00+00:00\" \/>\n<meta name=\"twitter:card\" content=\"summary_large_image\" \/>\n<meta name=\"twitter:label1\" content=\"Gesch\u00e4tzte Lesezeit\" \/>\n\t<meta name=\"twitter:data1\" content=\"6\u00a0Minuten\" \/>\n<script type=\"application\/ld+json\" class=\"yoast-schema-graph\">{\"@context\":\"https:\\\/\\\/schema.org\",\"@graph\":[{\"@type\":\"WebPage\",\"@id\":\"https:\\\/\\\/eschringen.de\\\/wordpress\\\/geschichte\\\/archiv\\\/18-10-2021-chefredakteur-roland-schmitt-verstorben\\\/\",\"url\":\"https:\\\/\\\/eschringen.de\\\/wordpress\\\/geschichte\\\/archiv\\\/18-10-2021-chefredakteur-roland-schmitt-verstorben\\\/\",\"name\":\"18.10.2021 - Chefredakteur Roland Schmitt verstorben - Eschringen\",\"isPartOf\":{\"@id\":\"https:\\\/\\\/eschringen.de\\\/wordpress\\\/#website\"},\"datePublished\":\"2021-10-27T06:13:28+00:00\",\"dateModified\":\"2021-11-23T08:37:00+00:00\",\"breadcrumb\":{\"@id\":\"https:\\\/\\\/eschringen.de\\\/wordpress\\\/geschichte\\\/archiv\\\/18-10-2021-chefredakteur-roland-schmitt-verstorben\\\/#breadcrumb\"},\"inLanguage\":\"de\",\"potentialAction\":[{\"@type\":\"ReadAction\",\"target\":[\"https:\\\/\\\/eschringen.de\\\/wordpress\\\/geschichte\\\/archiv\\\/18-10-2021-chefredakteur-roland-schmitt-verstorben\\\/\"]}]},{\"@type\":\"BreadcrumbList\",\"@id\":\"https:\\\/\\\/eschringen.de\\\/wordpress\\\/geschichte\\\/archiv\\\/18-10-2021-chefredakteur-roland-schmitt-verstorben\\\/#breadcrumb\",\"itemListElement\":[{\"@type\":\"ListItem\",\"position\":1,\"name\":\"Startseite\",\"item\":\"https:\\\/\\\/eschringen.de\\\/wordpress\\\/\"},{\"@type\":\"ListItem\",\"position\":2,\"name\":\"Geschichte\",\"item\":\"https:\\\/\\\/eschringen.de\\\/wordpress\\\/geschichte\\\/\"},{\"@type\":\"ListItem\",\"position\":3,\"name\":\"Archiv\",\"item\":\"https:\\\/\\\/eschringen.de\\\/wordpress\\\/geschichte\\\/archiv\\\/\"},{\"@type\":\"ListItem\",\"position\":4,\"name\":\"18.10.2021 &#8211; Chefredakteur Roland Schmitt verstorben\"}]},{\"@type\":\"WebSite\",\"@id\":\"https:\\\/\\\/eschringen.de\\\/wordpress\\\/#website\",\"url\":\"https:\\\/\\\/eschringen.de\\\/wordpress\\\/\",\"name\":\"Eschringen\",\"description\":\"\",\"publisher\":{\"@id\":\"https:\\\/\\\/eschringen.de\\\/wordpress\\\/#organization\"},\"potentialAction\":[{\"@type\":\"SearchAction\",\"target\":{\"@type\":\"EntryPoint\",\"urlTemplate\":\"https:\\\/\\\/eschringen.de\\\/wordpress\\\/?s={search_term_string}\"},\"query-input\":{\"@type\":\"PropertyValueSpecification\",\"valueRequired\":true,\"valueName\":\"search_term_string\"}}],\"inLanguage\":\"de\"},{\"@type\":\"Organization\",\"@id\":\"https:\\\/\\\/eschringen.de\\\/wordpress\\\/#organization\",\"name\":\"Eschringen\",\"url\":\"https:\\\/\\\/eschringen.de\\\/wordpress\\\/\",\"logo\":{\"@type\":\"ImageObject\",\"inLanguage\":\"de\",\"@id\":\"https:\\\/\\\/eschringen.de\\\/wordpress\\\/#\\\/schema\\\/logo\\\/image\\\/\",\"url\":\"https:\\\/\\\/eschringen.de\\\/wordpress\\\/wp-content\\\/uploads\\\/2017\\\/03\\\/2017_kw15.jpg\",\"contentUrl\":\"https:\\\/\\\/eschringen.de\\\/wordpress\\\/wp-content\\\/uploads\\\/2017\\\/03\\\/2017_kw15.jpg\",\"width\":784,\"height\":447,\"caption\":\"Eschringen\"},\"image\":{\"@id\":\"https:\\\/\\\/eschringen.de\\\/wordpress\\\/#\\\/schema\\\/logo\\\/image\\\/\"}}]}<\/script>\n<!-- \/ Yoast SEO plugin. -->","yoast_head_json":{"title":"18.10.2021 - Chefredakteur Roland Schmitt verstorben - Eschringen","robots":{"index":"index","follow":"follow","max-snippet":"max-snippet:-1","max-image-preview":"max-image-preview:large","max-video-preview":"max-video-preview:-1"},"canonical":"https:\/\/eschringen.de\/wordpress\/geschichte\/archiv\/18-10-2021-chefredakteur-roland-schmitt-verstorben\/","og_locale":"de_DE","og_type":"article","og_title":"18.10.2021 - Chefredakteur Roland Schmitt verstorben - Eschringen","og_description":"Am 18.10.2021 verstarb unser Chefredakteur Roland Schmitt. An dieser Stelle m\u00f6chten wir die Reaktionen der Vereine und Einzelpersonen zusammentragen. Arbeitsgemeinschaft Eschringer Vereine Am 18. Oktober ist unser langj\u00e4hriges Mitglied im Vorstand verstorben. Wir verlieren nicht nur ein sehr engagiertes Mitglied, wir verlieren einen Freund. Seit 1992 arbeitete Roland im Arbeitskreis 1100 Jahre Eschringen und nach ... Weiterlesen ...","og_url":"https:\/\/eschringen.de\/wordpress\/geschichte\/archiv\/18-10-2021-chefredakteur-roland-schmitt-verstorben\/","og_site_name":"Eschringen","article_modified_time":"2021-11-23T08:37:00+00:00","twitter_card":"summary_large_image","twitter_misc":{"Gesch\u00e4tzte Lesezeit":"6\u00a0Minuten"},"schema":{"@context":"https:\/\/schema.org","@graph":[{"@type":"WebPage","@id":"https:\/\/eschringen.de\/wordpress\/geschichte\/archiv\/18-10-2021-chefredakteur-roland-schmitt-verstorben\/","url":"https:\/\/eschringen.de\/wordpress\/geschichte\/archiv\/18-10-2021-chefredakteur-roland-schmitt-verstorben\/","name":"18.10.2021 - Chefredakteur Roland Schmitt verstorben - Eschringen","isPartOf":{"@id":"https:\/\/eschringen.de\/wordpress\/#website"},"datePublished":"2021-10-27T06:13:28+00:00","dateModified":"2021-11-23T08:37:00+00:00","breadcrumb":{"@id":"https:\/\/eschringen.de\/wordpress\/geschichte\/archiv\/18-10-2021-chefredakteur-roland-schmitt-verstorben\/#breadcrumb"},"inLanguage":"de","potentialAction":[{"@type":"ReadAction","target":["https:\/\/eschringen.de\/wordpress\/geschichte\/archiv\/18-10-2021-chefredakteur-roland-schmitt-verstorben\/"]}]},{"@type":"BreadcrumbList","@id":"https:\/\/eschringen.de\/wordpress\/geschichte\/archiv\/18-10-2021-chefredakteur-roland-schmitt-verstorben\/#breadcrumb","itemListElement":[{"@type":"ListItem","position":1,"name":"Startseite","item":"https:\/\/eschringen.de\/wordpress\/"},{"@type":"ListItem","position":2,"name":"Geschichte","item":"https:\/\/eschringen.de\/wordpress\/geschichte\/"},{"@type":"ListItem","position":3,"name":"Archiv","item":"https:\/\/eschringen.de\/wordpress\/geschichte\/archiv\/"},{"@type":"ListItem","position":4,"name":"18.10.2021 &#8211; Chefredakteur Roland Schmitt verstorben"}]},{"@type":"WebSite","@id":"https:\/\/eschringen.de\/wordpress\/#website","url":"https:\/\/eschringen.de\/wordpress\/","name":"Eschringen","description":"","publisher":{"@id":"https:\/\/eschringen.de\/wordpress\/#organization"},"potentialAction":[{"@type":"SearchAction","target":{"@type":"EntryPoint","urlTemplate":"https:\/\/eschringen.de\/wordpress\/?s={search_term_string}"},"query-input":{"@type":"PropertyValueSpecification","valueRequired":true,"valueName":"search_term_string"}}],"inLanguage":"de"},{"@type":"Organization","@id":"https:\/\/eschringen.de\/wordpress\/#organization","name":"Eschringen","url":"https:\/\/eschringen.de\/wordpress\/","logo":{"@type":"ImageObject","inLanguage":"de","@id":"https:\/\/eschringen.de\/wordpress\/#\/schema\/logo\/image\/","url":"https:\/\/eschringen.de\/wordpress\/wp-content\/uploads\/2017\/03\/2017_kw15.jpg","contentUrl":"https:\/\/eschringen.de\/wordpress\/wp-content\/uploads\/2017\/03\/2017_kw15.jpg","width":784,"height":447,"caption":"Eschringen"},"image":{"@id":"https:\/\/eschringen.de\/wordpress\/#\/schema\/logo\/image\/"}}]}},"jetpack_sharing_enabled":true,"_links":{"self":[{"href":"https:\/\/eschringen.de\/wordpress\/wp-json\/wp\/v2\/pages\/3266","targetHints":{"allow":["GET"]}}],"collection":[{"href":"https:\/\/eschringen.de\/wordpress\/wp-json\/wp\/v2\/pages"}],"about":[{"href":"https:\/\/eschringen.de\/wordpress\/wp-json\/wp\/v2\/types\/page"}],"author":[{"embeddable":true,"href":"https:\/\/eschringen.de\/wordpress\/wp-json\/wp\/v2\/users\/1"}],"replies":[{"embeddable":true,"href":"https:\/\/eschringen.de\/wordpress\/wp-json\/wp\/v2\/comments?post=3266"}],"version-history":[{"count":6,"href":"https:\/\/eschringen.de\/wordpress\/wp-json\/wp\/v2\/pages\/3266\/revisions"}],"predecessor-version":[{"id":3295,"href":"https:\/\/eschringen.de\/wordpress\/wp-json\/wp\/v2\/pages\/3266\/revisions\/3295"}],"up":[{"embeddable":true,"href":"https:\/\/eschringen.de\/wordpress\/wp-json\/wp\/v2\/pages\/403"}],"wp:attachment":[{"href":"https:\/\/eschringen.de\/wordpress\/wp-json\/wp\/v2\/media?parent=3266"}],"curies":[{"name":"wp","href":"https:\/\/api.w.org\/{rel}","templated":true}]}}