{"id":322,"date":"2017-02-08T14:03:17","date_gmt":"2017-02-08T13:03:17","guid":{"rendered":"http:\/\/eschringen.de\/wordpress\/?page_id=322"},"modified":"2020-06-13T10:46:08","modified_gmt":"2020-06-13T08:46:08","slug":"f-d-p-ortsverband-eschringen","status":"publish","type":"page","link":"https:\/\/eschringen.de\/wordpress\/die-menschen\/vereine\/f-d-p-ortsverband-eschringen\/","title":{"rendered":"F.D.P.-Ortsverband Eschringen"},"content":{"rendered":"<p><strong><span style=\"color: #990000;\">Vorsitzender:<\/span><\/strong> N.N.<br \/>\n<strong><span style=\"color: #990000;\">Gr\u00fcndungsjahr:<\/span><\/strong> um 1953, Mitglieder: 15, Mitgliedsbeitrag: monatlich \u20ac 5,-<\/p>\n<p><img data-recalc-dims=\"1\" loading=\"lazy\" decoding=\"async\" class=\"alignright wp-image-1153\" src=\"https:\/\/i0.wp.com\/eschringen.de\/wordpress\/wp-content\/uploads\/2017\/02\/fdp-300x300.jpg?resize=200%2C200\" width=\"200\" height=\"200\" srcset=\"https:\/\/i0.wp.com\/eschringen.de\/wordpress\/wp-content\/uploads\/2017\/02\/fdp.jpg?resize=300%2C300&amp;ssl=1 300w, https:\/\/i0.wp.com\/eschringen.de\/wordpress\/wp-content\/uploads\/2017\/02\/fdp.jpg?resize=150%2C150&amp;ssl=1 150w, https:\/\/i0.wp.com\/eschringen.de\/wordpress\/wp-content\/uploads\/2017\/02\/fdp.jpg?w=334&amp;ssl=1 334w\" sizes=\"auto, (max-width: 200px) 100vw, 200px\" \/>Der FDP-Ortsverband Eschringen verfolgt im Rahmen seiner satzungsgem\u00e4\u00dfen Zielsetzung eine an liberalen Grunds\u00e4tzen orientierte Kommunalpolitik. Dar\u00fcber hinaus wirkt der Ortsverband \u00fcber seine in andere politische Gremien entsandten Vertreter an der L\u00f6sung von grunds\u00e4tzlichen Fragen auf Kreis- und Landesebene mit. Der FDP-Ortsverband Eschringen ist Mitglied der Arbeitsgemeinschaft Eschringer Vereine e.V.<\/p>\n<p><a href=\"http:\/\/eschringen.de\/wordpress\/die-menschen\/vereine\/\">zur\u00fcck zur \u00dcbersicht<\/a><\/p>\n","protected":false},"excerpt":{"rendered":"<p>Vorsitzender: N.N. Gr\u00fcndungsjahr: um 1953, Mitglieder: 15, Mitgliedsbeitrag: monatlich \u20ac 5,- Der FDP-Ortsverband Eschringen verfolgt im Rahmen seiner satzungsgem\u00e4\u00dfen Zielsetzung eine an liberalen Grunds\u00e4tzen orientierte Kommunalpolitik. Dar\u00fcber hinaus wirkt der Ortsverband \u00fcber seine in andere politische Gremien entsandten Vertreter an der L\u00f6sung von grunds\u00e4tzlichen Fragen auf Kreis- und Landesebene mit. Der FDP-Ortsverband Eschringen ist Mitglied &#8230; <a title=\"F.D.P.-Ortsverband Eschringen\" class=\"read-more\" href=\"https:\/\/eschringen.de\/wordpress\/die-menschen\/vereine\/f-d-p-ortsverband-eschringen\/\" aria-label=\"Mehr Informationen \u00fcber F.D.P.-Ortsverband Eschringen\">Weiterlesen &#8230;<\/a><\/p>\n","protected":false},"author":1,"featured_media":0,"parent":228,"menu_order":5,"comment_status":"closed","ping_status":"closed","template":"","meta":{"ngg_post_thumbnail":0,"footnotes":""},"class_list":["post-322","page","type-page","status-publish"],"yoast_head":"<!-- This site is optimized with the Yoast SEO plugin v27.4 - https:\/\/yoast.com\/product\/yoast-seo-wordpress\/ -->\n<title>F.D.P.-Ortsverband Eschringen - Eschringen<\/title>\n<meta name=\"robots\" content=\"index, follow, max-snippet:-1, max-image-preview:large, max-video-preview:-1\" \/>\n<link rel=\"canonical\" href=\"https:\/\/eschringen.de\/wordpress\/die-menschen\/vereine\/f-d-p-ortsverband-eschringen\/\" \/>\n<meta property=\"og:locale\" content=\"de_DE\" \/>\n<meta property=\"og:type\" content=\"article\" \/>\n<meta property=\"og:title\" content=\"F.D.P.-Ortsverband Eschringen - Eschringen\" \/>\n<meta property=\"og:description\" content=\"Vorsitzender: N.N. Gr\u00fcndungsjahr: um 1953, Mitglieder: 15, Mitgliedsbeitrag: monatlich \u20ac 5,- Der FDP-Ortsverband Eschringen verfolgt im Rahmen seiner satzungsgem\u00e4\u00dfen Zielsetzung eine an liberalen Grunds\u00e4tzen orientierte Kommunalpolitik. Dar\u00fcber hinaus wirkt der Ortsverband \u00fcber seine in andere politische Gremien entsandten Vertreter an der L\u00f6sung von grunds\u00e4tzlichen Fragen auf Kreis- und Landesebene mit. Der FDP-Ortsverband Eschringen ist Mitglied ... Weiterlesen ...\" \/>\n<meta property=\"og:url\" content=\"https:\/\/eschringen.de\/wordpress\/die-menschen\/vereine\/f-d-p-ortsverband-eschringen\/\" \/>\n<meta property=\"og:site_name\" content=\"Eschringen\" \/>\n<meta property=\"article:modified_time\" content=\"2020-06-13T08:46:08+00:00\" \/>\n<meta property=\"og:image\" content=\"http:\/\/eschringen.de\/wordpress\/wp-content\/uploads\/2017\/02\/fdp-300x300.jpg\" \/>\n<meta name=\"twitter:card\" content=\"summary_large_image\" \/>\n<script type=\"application\/ld+json\" class=\"yoast-schema-graph\">{\"@context\":\"https:\\\/\\\/schema.org\",\"@graph\":[{\"@type\":\"WebPage\",\"@id\":\"https:\\\/\\\/eschringen.de\\\/wordpress\\\/die-menschen\\\/vereine\\\/f-d-p-ortsverband-eschringen\\\/\",\"url\":\"https:\\\/\\\/eschringen.de\\\/wordpress\\\/die-menschen\\\/vereine\\\/f-d-p-ortsverband-eschringen\\\/\",\"name\":\"F.D.P.-Ortsverband Eschringen - Eschringen\",\"isPartOf\":{\"@id\":\"https:\\\/\\\/eschringen.de\\\/wordpress\\\/#website\"},\"primaryImageOfPage\":{\"@id\":\"https:\\\/\\\/eschringen.de\\\/wordpress\\\/die-menschen\\\/vereine\\\/f-d-p-ortsverband-eschringen\\\/#primaryimage\"},\"image\":{\"@id\":\"https:\\\/\\\/eschringen.de\\\/wordpress\\\/die-menschen\\\/vereine\\\/f-d-p-ortsverband-eschringen\\\/#primaryimage\"},\"thumbnailUrl\":\"http:\\\/\\\/eschringen.de\\\/wordpress\\\/wp-content\\\/uploads\\\/2017\\\/02\\\/fdp-300x300.jpg\",\"datePublished\":\"2017-02-08T13:03:17+00:00\",\"dateModified\":\"2020-06-13T08:46:08+00:00\",\"breadcrumb\":{\"@id\":\"https:\\\/\\\/eschringen.de\\\/wordpress\\\/die-menschen\\\/vereine\\\/f-d-p-ortsverband-eschringen\\\/#breadcrumb\"},\"inLanguage\":\"de\",\"potentialAction\":[{\"@type\":\"ReadAction\",\"target\":[\"https:\\\/\\\/eschringen.de\\\/wordpress\\\/die-menschen\\\/vereine\\\/f-d-p-ortsverband-eschringen\\\/\"]}]},{\"@type\":\"ImageObject\",\"inLanguage\":\"de\",\"@id\":\"https:\\\/\\\/eschringen.de\\\/wordpress\\\/die-menschen\\\/vereine\\\/f-d-p-ortsverband-eschringen\\\/#primaryimage\",\"url\":\"http:\\\/\\\/eschringen.de\\\/wordpress\\\/wp-content\\\/uploads\\\/2017\\\/02\\\/fdp-300x300.jpg\",\"contentUrl\":\"http:\\\/\\\/eschringen.de\\\/wordpress\\\/wp-content\\\/uploads\\\/2017\\\/02\\\/fdp-300x300.jpg\"},{\"@type\":\"BreadcrumbList\",\"@id\":\"https:\\\/\\\/eschringen.de\\\/wordpress\\\/die-menschen\\\/vereine\\\/f-d-p-ortsverband-eschringen\\\/#breadcrumb\",\"itemListElement\":[{\"@type\":\"ListItem\",\"position\":1,\"name\":\"Startseite\",\"item\":\"https:\\\/\\\/eschringen.de\\\/wordpress\\\/\"},{\"@type\":\"ListItem\",\"position\":2,\"name\":\"Die Menschen\",\"item\":\"https:\\\/\\\/eschringen.de\\\/wordpress\\\/die-menschen\\\/\"},{\"@type\":\"ListItem\",\"position\":3,\"name\":\"Vereine\",\"item\":\"https:\\\/\\\/eschringen.de\\\/wordpress\\\/die-menschen\\\/vereine\\\/\"},{\"@type\":\"ListItem\",\"position\":4,\"name\":\"F.D.P.-Ortsverband Eschringen\"}]},{\"@type\":\"WebSite\",\"@id\":\"https:\\\/\\\/eschringen.de\\\/wordpress\\\/#website\",\"url\":\"https:\\\/\\\/eschringen.de\\\/wordpress\\\/\",\"name\":\"Eschringen\",\"description\":\"\",\"publisher\":{\"@id\":\"https:\\\/\\\/eschringen.de\\\/wordpress\\\/#organization\"},\"potentialAction\":[{\"@type\":\"SearchAction\",\"target\":{\"@type\":\"EntryPoint\",\"urlTemplate\":\"https:\\\/\\\/eschringen.de\\\/wordpress\\\/?s={search_term_string}\"},\"query-input\":{\"@type\":\"PropertyValueSpecification\",\"valueRequired\":true,\"valueName\":\"search_term_string\"}}],\"inLanguage\":\"de\"},{\"@type\":\"Organization\",\"@id\":\"https:\\\/\\\/eschringen.de\\\/wordpress\\\/#organization\",\"name\":\"Eschringen\",\"url\":\"https:\\\/\\\/eschringen.de\\\/wordpress\\\/\",\"logo\":{\"@type\":\"ImageObject\",\"inLanguage\":\"de\",\"@id\":\"https:\\\/\\\/eschringen.de\\\/wordpress\\\/#\\\/schema\\\/logo\\\/image\\\/\",\"url\":\"https:\\\/\\\/eschringen.de\\\/wordpress\\\/wp-content\\\/uploads\\\/2017\\\/03\\\/2017_kw15.jpg\",\"contentUrl\":\"https:\\\/\\\/eschringen.de\\\/wordpress\\\/wp-content\\\/uploads\\\/2017\\\/03\\\/2017_kw15.jpg\",\"width\":784,\"height\":447,\"caption\":\"Eschringen\"},\"image\":{\"@id\":\"https:\\\/\\\/eschringen.de\\\/wordpress\\\/#\\\/schema\\\/logo\\\/image\\\/\"}}]}<\/script>\n<!-- \/ Yoast SEO plugin. -->","yoast_head_json":{"title":"F.D.P.-Ortsverband Eschringen - Eschringen","robots":{"index":"index","follow":"follow","max-snippet":"max-snippet:-1","max-image-preview":"max-image-preview:large","max-video-preview":"max-video-preview:-1"},"canonical":"https:\/\/eschringen.de\/wordpress\/die-menschen\/vereine\/f-d-p-ortsverband-eschringen\/","og_locale":"de_DE","og_type":"article","og_title":"F.D.P.-Ortsverband Eschringen - Eschringen","og_description":"Vorsitzender: N.N. Gr\u00fcndungsjahr: um 1953, Mitglieder: 15, Mitgliedsbeitrag: monatlich \u20ac 5,- Der FDP-Ortsverband Eschringen verfolgt im Rahmen seiner satzungsgem\u00e4\u00dfen Zielsetzung eine an liberalen Grunds\u00e4tzen orientierte Kommunalpolitik. Dar\u00fcber hinaus wirkt der Ortsverband \u00fcber seine in andere politische Gremien entsandten Vertreter an der L\u00f6sung von grunds\u00e4tzlichen Fragen auf Kreis- und Landesebene mit. Der FDP-Ortsverband Eschringen ist Mitglied ... Weiterlesen ...","og_url":"https:\/\/eschringen.de\/wordpress\/die-menschen\/vereine\/f-d-p-ortsverband-eschringen\/","og_site_name":"Eschringen","article_modified_time":"2020-06-13T08:46:08+00:00","og_image":[{"url":"http:\/\/eschringen.de\/wordpress\/wp-content\/uploads\/2017\/02\/fdp-300x300.jpg","type":"","width":"","height":""}],"twitter_card":"summary_large_image","schema":{"@context":"https:\/\/schema.org","@graph":[{"@type":"WebPage","@id":"https:\/\/eschringen.de\/wordpress\/die-menschen\/vereine\/f-d-p-ortsverband-eschringen\/","url":"https:\/\/eschringen.de\/wordpress\/die-menschen\/vereine\/f-d-p-ortsverband-eschringen\/","name":"F.D.P.-Ortsverband Eschringen - Eschringen","isPartOf":{"@id":"https:\/\/eschringen.de\/wordpress\/#website"},"primaryImageOfPage":{"@id":"https:\/\/eschringen.de\/wordpress\/die-menschen\/vereine\/f-d-p-ortsverband-eschringen\/#primaryimage"},"image":{"@id":"https:\/\/eschringen.de\/wordpress\/die-menschen\/vereine\/f-d-p-ortsverband-eschringen\/#primaryimage"},"thumbnailUrl":"http:\/\/eschringen.de\/wordpress\/wp-content\/uploads\/2017\/02\/fdp-300x300.jpg","datePublished":"2017-02-08T13:03:17+00:00","dateModified":"2020-06-13T08:46:08+00:00","breadcrumb":{"@id":"https:\/\/eschringen.de\/wordpress\/die-menschen\/vereine\/f-d-p-ortsverband-eschringen\/#breadcrumb"},"inLanguage":"de","potentialAction":[{"@type":"ReadAction","target":["https:\/\/eschringen.de\/wordpress\/die-menschen\/vereine\/f-d-p-ortsverband-eschringen\/"]}]},{"@type":"ImageObject","inLanguage":"de","@id":"https:\/\/eschringen.de\/wordpress\/die-menschen\/vereine\/f-d-p-ortsverband-eschringen\/#primaryimage","url":"http:\/\/eschringen.de\/wordpress\/wp-content\/uploads\/2017\/02\/fdp-300x300.jpg","contentUrl":"http:\/\/eschringen.de\/wordpress\/wp-content\/uploads\/2017\/02\/fdp-300x300.jpg"},{"@type":"BreadcrumbList","@id":"https:\/\/eschringen.de\/wordpress\/die-menschen\/vereine\/f-d-p-ortsverband-eschringen\/#breadcrumb","itemListElement":[{"@type":"ListItem","position":1,"name":"Startseite","item":"https:\/\/eschringen.de\/wordpress\/"},{"@type":"ListItem","position":2,"name":"Die Menschen","item":"https:\/\/eschringen.de\/wordpress\/die-menschen\/"},{"@type":"ListItem","position":3,"name":"Vereine","item":"https:\/\/eschringen.de\/wordpress\/die-menschen\/vereine\/"},{"@type":"ListItem","position":4,"name":"F.D.P.-Ortsverband Eschringen"}]},{"@type":"WebSite","@id":"https:\/\/eschringen.de\/wordpress\/#website","url":"https:\/\/eschringen.de\/wordpress\/","name":"Eschringen","description":"","publisher":{"@id":"https:\/\/eschringen.de\/wordpress\/#organization"},"potentialAction":[{"@type":"SearchAction","target":{"@type":"EntryPoint","urlTemplate":"https:\/\/eschringen.de\/wordpress\/?s={search_term_string}"},"query-input":{"@type":"PropertyValueSpecification","valueRequired":true,"valueName":"search_term_string"}}],"inLanguage":"de"},{"@type":"Organization","@id":"https:\/\/eschringen.de\/wordpress\/#organization","name":"Eschringen","url":"https:\/\/eschringen.de\/wordpress\/","logo":{"@type":"ImageObject","inLanguage":"de","@id":"https:\/\/eschringen.de\/wordpress\/#\/schema\/logo\/image\/","url":"https:\/\/eschringen.de\/wordpress\/wp-content\/uploads\/2017\/03\/2017_kw15.jpg","contentUrl":"https:\/\/eschringen.de\/wordpress\/wp-content\/uploads\/2017\/03\/2017_kw15.jpg","width":784,"height":447,"caption":"Eschringen"},"image":{"@id":"https:\/\/eschringen.de\/wordpress\/#\/schema\/logo\/image\/"}}]}},"jetpack_sharing_enabled":true,"_links":{"self":[{"href":"https:\/\/eschringen.de\/wordpress\/wp-json\/wp\/v2\/pages\/322","targetHints":{"allow":["GET"]}}],"collection":[{"href":"https:\/\/eschringen.de\/wordpress\/wp-json\/wp\/v2\/pages"}],"about":[{"href":"https:\/\/eschringen.de\/wordpress\/wp-json\/wp\/v2\/types\/page"}],"author":[{"embeddable":true,"href":"https:\/\/eschringen.de\/wordpress\/wp-json\/wp\/v2\/users\/1"}],"replies":[{"embeddable":true,"href":"https:\/\/eschringen.de\/wordpress\/wp-json\/wp\/v2\/comments?post=322"}],"version-history":[{"count":7,"href":"https:\/\/eschringen.de\/wordpress\/wp-json\/wp\/v2\/pages\/322\/revisions"}],"predecessor-version":[{"id":2902,"href":"https:\/\/eschringen.de\/wordpress\/wp-json\/wp\/v2\/pages\/322\/revisions\/2902"}],"up":[{"embeddable":true,"href":"https:\/\/eschringen.de\/wordpress\/wp-json\/wp\/v2\/pages\/228"}],"wp:attachment":[{"href":"https:\/\/eschringen.de\/wordpress\/wp-json\/wp\/v2\/media?parent=322"}],"curies":[{"name":"wp","href":"https:\/\/api.w.org\/{rel}","templated":true}]}}