{"id":1049,"date":"2017-02-24T12:50:04","date_gmt":"2017-02-24T11:50:04","guid":{"rendered":"http:\/\/eschringen.de\/wordpress\/?page_id=1049"},"modified":"2022-08-31T09:02:40","modified_gmt":"2022-08-31T07:02:40","slug":"1999-dr-edith-braun-referierte-ueber-sitten-und-braeuche-im-saarland","status":"publish","type":"page","link":"https:\/\/eschringen.de\/wordpress\/geschichte\/archiv\/1999-dr-edith-braun-referierte-ueber-sitten-und-braeuche-im-saarland\/","title":{"rendered":"1999 &#8211; Dr. Edith Braun referierte \u00fcber Sitten und Br\u00e4uche im Saarland"},"content":{"rendered":"\n<p>Zum zweiten Male weilte die bekannte Mundart- und Brauchtumsforscherin, Dr. Edith Braun, in Eschringen. Auf Einladung der Geschichtswerkstatt setzte sie ihre informativen Ausf\u00fchrungen zu Sitten und Br\u00e4uche im Saarland im Gasthaus &#8222;Zur Post&#8220; fort. Wiederum waren zahlreiche Interessierte gekommen, auch aus den Nachbargemeinden. Die Eschringer Geschichtswerkstatt hatte Dr. Braun einige Themenkreise vorgegeben. Sie begann mit einem historischen Abriss zu Wallfahrten und Bittprozessionen, die seit dem 4. Jahrhundert f\u00fcr den christlichen Glauben nachgewiesen werden k\u00f6nnen. Gleichwohl seien bei \u00e4lteren Religionen solche &#8222;Demonstrationen&#8220; schon viel l\u00e4nger gebr\u00e4uchlich. Verehrt w\u00fcrden vor allem Gnadenbilder und Reliquien. Besondere Anziehung b\u00f6ten solche Wallfahrten auch durch das Massenerlebnis; f\u00fcr Frauen h\u00e4tten diese Anl\u00e4sse die seltene M\u00f6glichkeit zum Reisen ergeben. Dr. Braun f\u00fchrte schlie\u00dflich die in unserer Region bekannten Wallfahrten und Bittprozessionen auf, z. B. Marpingen, Berus, Clausen. Aus dem Publikum, das wie gewohnt sich lebhaft am Gedanken- und Informationsaustausch beteiligte, gab es erg\u00e4nzende Hinweise zu den Wallfahrten nach Gr\u00e4finthal oder nach Mariental im Elsass.<\/p>\n\n\n\n<p>Dr. Braun streifte dann auch die religi\u00f6sen (und weltlichen) Br\u00e4uche zwischen Ostern und Fronleichnam. Die Kl\u00e4pperbuben und (neuerdings auch) -m\u00e4dchen seien f\u00fcr Trier schon f\u00fcr die Zeit um 1000 n. Ch. nachgewiesen. Aufgrund ihrer Ger\u00e4uscheinstrumente nenne man diese in unserer Gegend &#8222;Ratzebuwe&#8220;. Der besondere Monat Mai werde durch die traditionelle Hexennacht eingel\u00e4utet, ein Brauch, der leider mehr und mehr an Phantasie verliere, statt dessen z. T. sachbesch\u00e4digende &#8222;Scherze&#8220; hervorbringe. Die vielf\u00e4ltigen Maibr\u00e4uche gingen z. T. auf heidnischen Ursprung zur\u00fcck.<\/p>\n\n\n\n<p>&#8222;Fronleichnam&#8220; mit seiner Prozession habe sich um 1200 in L\u00fcttlich entwickelt; vier Stationen seien seit dem 15. Jahrhundert bekannt.<\/p>\n\n\n\n<p>Als letztes Kapitel widmete sich Frau Dr. Braun der Kirmes und der Kirchweih, ein Brauch, der noch nicht ausgestorben sei, sich vielmehr wieder wachsender Beliebtheit erfreue.<\/p>\n\n\n\n<p>Roland Schmitt, der Leiter der Geschichtswerkstatt, \u00e4u\u00dferte zum Ausklang dieses gelungenen Abends seine Hoffnung, Frau Dr. Braun auch f\u00fcr eine weitere Veranstaltung gewinnen zu k\u00f6nnen.<\/p>\n","protected":false},"excerpt":{"rendered":"<p>Zum zweiten Male weilte die bekannte Mundart- und Brauchtumsforscherin, Dr. Edith Braun, in Eschringen. Auf Einladung der Geschichtswerkstatt setzte sie ihre informativen Ausf\u00fchrungen zu Sitten und Br\u00e4uche im Saarland im Gasthaus &#8222;Zur Post&#8220; fort. Wiederum waren zahlreiche Interessierte gekommen, auch aus den Nachbargemeinden. Die Eschringer Geschichtswerkstatt hatte Dr. Braun einige Themenkreise vorgegeben. Sie begann mit &#8230; <a title=\"1999 &#8211; Dr. Edith Braun referierte \u00fcber Sitten und Br\u00e4uche im Saarland\" class=\"read-more\" href=\"https:\/\/eschringen.de\/wordpress\/geschichte\/archiv\/1999-dr-edith-braun-referierte-ueber-sitten-und-braeuche-im-saarland\/\" aria-label=\"Mehr Informationen \u00fcber 1999 &#8211; Dr. Edith Braun referierte \u00fcber Sitten und Br\u00e4uche im Saarland\">Weiterlesen &#8230;<\/a><\/p>\n","protected":false},"author":1,"featured_media":0,"parent":403,"menu_order":74,"comment_status":"closed","ping_status":"closed","template":"","meta":{"ngg_post_thumbnail":0,"footnotes":""},"class_list":["post-1049","page","type-page","status-publish"],"yoast_head":"<!-- This site is optimized with the Yoast SEO plugin v27.4 - https:\/\/yoast.com\/product\/yoast-seo-wordpress\/ -->\n<title>1999 - Dr. Edith Braun referierte \u00fcber Sitten und Br\u00e4uche im Saarland - Eschringen<\/title>\n<meta name=\"robots\" content=\"index, follow, max-snippet:-1, max-image-preview:large, max-video-preview:-1\" \/>\n<link rel=\"canonical\" href=\"https:\/\/eschringen.de\/wordpress\/geschichte\/archiv\/1999-dr-edith-braun-referierte-ueber-sitten-und-braeuche-im-saarland\/\" \/>\n<meta property=\"og:locale\" content=\"de_DE\" \/>\n<meta property=\"og:type\" content=\"article\" \/>\n<meta property=\"og:title\" content=\"1999 - Dr. Edith Braun referierte \u00fcber Sitten und Br\u00e4uche im Saarland - Eschringen\" \/>\n<meta property=\"og:description\" content=\"Zum zweiten Male weilte die bekannte Mundart- und Brauchtumsforscherin, Dr. Edith Braun, in Eschringen. Auf Einladung der Geschichtswerkstatt setzte sie ihre informativen Ausf\u00fchrungen zu Sitten und Br\u00e4uche im Saarland im Gasthaus &#8222;Zur Post&#8220; fort. Wiederum waren zahlreiche Interessierte gekommen, auch aus den Nachbargemeinden. Die Eschringer Geschichtswerkstatt hatte Dr. Braun einige Themenkreise vorgegeben. Sie begann mit ... Weiterlesen ...\" \/>\n<meta property=\"og:url\" content=\"https:\/\/eschringen.de\/wordpress\/geschichte\/archiv\/1999-dr-edith-braun-referierte-ueber-sitten-und-braeuche-im-saarland\/\" \/>\n<meta property=\"og:site_name\" content=\"Eschringen\" \/>\n<meta property=\"article:modified_time\" content=\"2022-08-31T07:02:40+00:00\" \/>\n<meta name=\"twitter:card\" content=\"summary_large_image\" \/>\n<meta name=\"twitter:label1\" content=\"Gesch\u00e4tzte Lesezeit\" \/>\n\t<meta name=\"twitter:data1\" content=\"2\u00a0Minuten\" \/>\n<script type=\"application\/ld+json\" class=\"yoast-schema-graph\">{\"@context\":\"https:\\\/\\\/schema.org\",\"@graph\":[{\"@type\":\"WebPage\",\"@id\":\"https:\\\/\\\/eschringen.de\\\/wordpress\\\/geschichte\\\/archiv\\\/1999-dr-edith-braun-referierte-ueber-sitten-und-braeuche-im-saarland\\\/\",\"url\":\"https:\\\/\\\/eschringen.de\\\/wordpress\\\/geschichte\\\/archiv\\\/1999-dr-edith-braun-referierte-ueber-sitten-und-braeuche-im-saarland\\\/\",\"name\":\"1999 - Dr. Edith Braun referierte \u00fcber Sitten und Br\u00e4uche im Saarland - Eschringen\",\"isPartOf\":{\"@id\":\"https:\\\/\\\/eschringen.de\\\/wordpress\\\/#website\"},\"datePublished\":\"2017-02-24T11:50:04+00:00\",\"dateModified\":\"2022-08-31T07:02:40+00:00\",\"breadcrumb\":{\"@id\":\"https:\\\/\\\/eschringen.de\\\/wordpress\\\/geschichte\\\/archiv\\\/1999-dr-edith-braun-referierte-ueber-sitten-und-braeuche-im-saarland\\\/#breadcrumb\"},\"inLanguage\":\"de\",\"potentialAction\":[{\"@type\":\"ReadAction\",\"target\":[\"https:\\\/\\\/eschringen.de\\\/wordpress\\\/geschichte\\\/archiv\\\/1999-dr-edith-braun-referierte-ueber-sitten-und-braeuche-im-saarland\\\/\"]}]},{\"@type\":\"BreadcrumbList\",\"@id\":\"https:\\\/\\\/eschringen.de\\\/wordpress\\\/geschichte\\\/archiv\\\/1999-dr-edith-braun-referierte-ueber-sitten-und-braeuche-im-saarland\\\/#breadcrumb\",\"itemListElement\":[{\"@type\":\"ListItem\",\"position\":1,\"name\":\"Startseite\",\"item\":\"https:\\\/\\\/eschringen.de\\\/wordpress\\\/\"},{\"@type\":\"ListItem\",\"position\":2,\"name\":\"Geschichte\",\"item\":\"https:\\\/\\\/eschringen.de\\\/wordpress\\\/geschichte\\\/\"},{\"@type\":\"ListItem\",\"position\":3,\"name\":\"Archiv\",\"item\":\"https:\\\/\\\/eschringen.de\\\/wordpress\\\/geschichte\\\/archiv\\\/\"},{\"@type\":\"ListItem\",\"position\":4,\"name\":\"1999 &#8211; Dr. Edith Braun referierte \u00fcber Sitten und Br\u00e4uche im Saarland\"}]},{\"@type\":\"WebSite\",\"@id\":\"https:\\\/\\\/eschringen.de\\\/wordpress\\\/#website\",\"url\":\"https:\\\/\\\/eschringen.de\\\/wordpress\\\/\",\"name\":\"Eschringen\",\"description\":\"\",\"publisher\":{\"@id\":\"https:\\\/\\\/eschringen.de\\\/wordpress\\\/#organization\"},\"potentialAction\":[{\"@type\":\"SearchAction\",\"target\":{\"@type\":\"EntryPoint\",\"urlTemplate\":\"https:\\\/\\\/eschringen.de\\\/wordpress\\\/?s={search_term_string}\"},\"query-input\":{\"@type\":\"PropertyValueSpecification\",\"valueRequired\":true,\"valueName\":\"search_term_string\"}}],\"inLanguage\":\"de\"},{\"@type\":\"Organization\",\"@id\":\"https:\\\/\\\/eschringen.de\\\/wordpress\\\/#organization\",\"name\":\"Eschringen\",\"url\":\"https:\\\/\\\/eschringen.de\\\/wordpress\\\/\",\"logo\":{\"@type\":\"ImageObject\",\"inLanguage\":\"de\",\"@id\":\"https:\\\/\\\/eschringen.de\\\/wordpress\\\/#\\\/schema\\\/logo\\\/image\\\/\",\"url\":\"https:\\\/\\\/eschringen.de\\\/wordpress\\\/wp-content\\\/uploads\\\/2017\\\/03\\\/2017_kw15.jpg\",\"contentUrl\":\"https:\\\/\\\/eschringen.de\\\/wordpress\\\/wp-content\\\/uploads\\\/2017\\\/03\\\/2017_kw15.jpg\",\"width\":784,\"height\":447,\"caption\":\"Eschringen\"},\"image\":{\"@id\":\"https:\\\/\\\/eschringen.de\\\/wordpress\\\/#\\\/schema\\\/logo\\\/image\\\/\"}}]}<\/script>\n<!-- \/ Yoast SEO plugin. -->","yoast_head_json":{"title":"1999 - Dr. Edith Braun referierte \u00fcber Sitten und Br\u00e4uche im Saarland - Eschringen","robots":{"index":"index","follow":"follow","max-snippet":"max-snippet:-1","max-image-preview":"max-image-preview:large","max-video-preview":"max-video-preview:-1"},"canonical":"https:\/\/eschringen.de\/wordpress\/geschichte\/archiv\/1999-dr-edith-braun-referierte-ueber-sitten-und-braeuche-im-saarland\/","og_locale":"de_DE","og_type":"article","og_title":"1999 - Dr. Edith Braun referierte \u00fcber Sitten und Br\u00e4uche im Saarland - Eschringen","og_description":"Zum zweiten Male weilte die bekannte Mundart- und Brauchtumsforscherin, Dr. Edith Braun, in Eschringen. Auf Einladung der Geschichtswerkstatt setzte sie ihre informativen Ausf\u00fchrungen zu Sitten und Br\u00e4uche im Saarland im Gasthaus &#8222;Zur Post&#8220; fort. Wiederum waren zahlreiche Interessierte gekommen, auch aus den Nachbargemeinden. Die Eschringer Geschichtswerkstatt hatte Dr. Braun einige Themenkreise vorgegeben. Sie begann mit ... Weiterlesen ...","og_url":"https:\/\/eschringen.de\/wordpress\/geschichte\/archiv\/1999-dr-edith-braun-referierte-ueber-sitten-und-braeuche-im-saarland\/","og_site_name":"Eschringen","article_modified_time":"2022-08-31T07:02:40+00:00","twitter_card":"summary_large_image","twitter_misc":{"Gesch\u00e4tzte Lesezeit":"2\u00a0Minuten"},"schema":{"@context":"https:\/\/schema.org","@graph":[{"@type":"WebPage","@id":"https:\/\/eschringen.de\/wordpress\/geschichte\/archiv\/1999-dr-edith-braun-referierte-ueber-sitten-und-braeuche-im-saarland\/","url":"https:\/\/eschringen.de\/wordpress\/geschichte\/archiv\/1999-dr-edith-braun-referierte-ueber-sitten-und-braeuche-im-saarland\/","name":"1999 - Dr. Edith Braun referierte \u00fcber Sitten und Br\u00e4uche im Saarland - Eschringen","isPartOf":{"@id":"https:\/\/eschringen.de\/wordpress\/#website"},"datePublished":"2017-02-24T11:50:04+00:00","dateModified":"2022-08-31T07:02:40+00:00","breadcrumb":{"@id":"https:\/\/eschringen.de\/wordpress\/geschichte\/archiv\/1999-dr-edith-braun-referierte-ueber-sitten-und-braeuche-im-saarland\/#breadcrumb"},"inLanguage":"de","potentialAction":[{"@type":"ReadAction","target":["https:\/\/eschringen.de\/wordpress\/geschichte\/archiv\/1999-dr-edith-braun-referierte-ueber-sitten-und-braeuche-im-saarland\/"]}]},{"@type":"BreadcrumbList","@id":"https:\/\/eschringen.de\/wordpress\/geschichte\/archiv\/1999-dr-edith-braun-referierte-ueber-sitten-und-braeuche-im-saarland\/#breadcrumb","itemListElement":[{"@type":"ListItem","position":1,"name":"Startseite","item":"https:\/\/eschringen.de\/wordpress\/"},{"@type":"ListItem","position":2,"name":"Geschichte","item":"https:\/\/eschringen.de\/wordpress\/geschichte\/"},{"@type":"ListItem","position":3,"name":"Archiv","item":"https:\/\/eschringen.de\/wordpress\/geschichte\/archiv\/"},{"@type":"ListItem","position":4,"name":"1999 &#8211; Dr. Edith Braun referierte \u00fcber Sitten und Br\u00e4uche im Saarland"}]},{"@type":"WebSite","@id":"https:\/\/eschringen.de\/wordpress\/#website","url":"https:\/\/eschringen.de\/wordpress\/","name":"Eschringen","description":"","publisher":{"@id":"https:\/\/eschringen.de\/wordpress\/#organization"},"potentialAction":[{"@type":"SearchAction","target":{"@type":"EntryPoint","urlTemplate":"https:\/\/eschringen.de\/wordpress\/?s={search_term_string}"},"query-input":{"@type":"PropertyValueSpecification","valueRequired":true,"valueName":"search_term_string"}}],"inLanguage":"de"},{"@type":"Organization","@id":"https:\/\/eschringen.de\/wordpress\/#organization","name":"Eschringen","url":"https:\/\/eschringen.de\/wordpress\/","logo":{"@type":"ImageObject","inLanguage":"de","@id":"https:\/\/eschringen.de\/wordpress\/#\/schema\/logo\/image\/","url":"https:\/\/eschringen.de\/wordpress\/wp-content\/uploads\/2017\/03\/2017_kw15.jpg","contentUrl":"https:\/\/eschringen.de\/wordpress\/wp-content\/uploads\/2017\/03\/2017_kw15.jpg","width":784,"height":447,"caption":"Eschringen"},"image":{"@id":"https:\/\/eschringen.de\/wordpress\/#\/schema\/logo\/image\/"}}]}},"jetpack_sharing_enabled":true,"_links":{"self":[{"href":"https:\/\/eschringen.de\/wordpress\/wp-json\/wp\/v2\/pages\/1049","targetHints":{"allow":["GET"]}}],"collection":[{"href":"https:\/\/eschringen.de\/wordpress\/wp-json\/wp\/v2\/pages"}],"about":[{"href":"https:\/\/eschringen.de\/wordpress\/wp-json\/wp\/v2\/types\/page"}],"author":[{"embeddable":true,"href":"https:\/\/eschringen.de\/wordpress\/wp-json\/wp\/v2\/users\/1"}],"replies":[{"embeddable":true,"href":"https:\/\/eschringen.de\/wordpress\/wp-json\/wp\/v2\/comments?post=1049"}],"version-history":[{"count":2,"href":"https:\/\/eschringen.de\/wordpress\/wp-json\/wp\/v2\/pages\/1049\/revisions"}],"predecessor-version":[{"id":3937,"href":"https:\/\/eschringen.de\/wordpress\/wp-json\/wp\/v2\/pages\/1049\/revisions\/3937"}],"up":[{"embeddable":true,"href":"https:\/\/eschringen.de\/wordpress\/wp-json\/wp\/v2\/pages\/403"}],"wp:attachment":[{"href":"https:\/\/eschringen.de\/wordpress\/wp-json\/wp\/v2\/media?parent=1049"}],"curies":[{"name":"wp","href":"https:\/\/api.w.org\/{rel}","templated":true}]}}