{"id":1044,"date":"2017-02-24T12:43:29","date_gmt":"2017-02-24T11:43:29","guid":{"rendered":"http:\/\/eschringen.de\/wordpress\/?page_id=1044"},"modified":"2022-08-31T09:02:14","modified_gmt":"2022-08-31T07:02:14","slug":"27-04-00-unser-ort-ganz-gross","status":"publish","type":"page","link":"https:\/\/eschringen.de\/wordpress\/geschichte\/archiv\/27-04-00-unser-ort-ganz-gross\/","title":{"rendered":"27.04.2000 &#8211; &#8222;Unser Ort ganz gro\u00df&#8220;"},"content":{"rendered":"\n<h5 class=\"wp-block-heading\">SR3-Veranstaltungsreihe machte am 27. April 2000 Station in Eschringen<\/h5>\n\n\n<div class=\"wp-block-image\">\n<figure class=\"alignright\"><img data-recalc-dims=\"1\" loading=\"lazy\" decoding=\"async\" width=\"250\" height=\"171\" src=\"https:\/\/i0.wp.com\/eschringen.de\/wordpress\/wp-content\/uploads\/2022\/08\/uogg2.jpg?resize=250%2C171&#038;ssl=1\" alt=\"\" class=\"wp-image-3911\"\/><figcaption>Die gut gef\u00fcllte Halle &#8211; auf der B\u00fchne: die Teams von Weiskirchen und Eschringen<\/figcaption><\/figure>\n<\/div>\n\n\n<p>Viele flei\u00dfige H\u00e4nde hatten die Eschringer Sport- und Kulturhalle bestens f\u00fcr die beliebte Show- und Quizsendung hergerichtet, die dieser Tage der Saarl\u00e4ndische Rundfunk in Zusammenarbeit mit der AG Eschringer Vereine durchf\u00fchrte. Erfreulicherweise fanden sich viele B\u00fcrgerinnen und B\u00fcrger aus Eschringen und den Nachbarorten sowie einige G\u00e4ste aus der gesamten Region trotz Osterferienzeit und sommerlichen Temperaturen zu dieser unterhaltsamen und bis zur letzten Minute spannenden Veranstaltung ein. Die Moderation besorgte die von SR3-Gru\u00dfsendungen her bekannte Journalistin Gudrun Ebner, die bereits 1993 anl\u00e4sslich der 1100-Jahrfeierlichkeiten ein h\u00fcbsches Fernsehportr\u00e4t zu Eschringen f\u00fcr den Aktuellen Bericht realisiert hatte.<\/p>\n\n\n<div class=\"wp-block-image\">\n<figure class=\"alignleft\"><img data-recalc-dims=\"1\" loading=\"lazy\" decoding=\"async\" width=\"183\" height=\"250\" src=\"https:\/\/i0.wp.com\/eschringen.de\/wordpress\/wp-content\/uploads\/2022\/08\/uogg3.jpg?resize=183%2C250&#038;ssl=1\" alt=\"\" class=\"wp-image-3912\"\/><figcaption>Elli Pitzius, im Hintergrund die Stefan S\u00fcnder Band<\/figcaption><\/figure>\n<\/div>\n\n\n<p>Musikalisch umrahmt wurde die (aufgezeichnete) Ratesendung durch die STEFAN S\u00dcNDER BAND und das aus dem Schaumberger Land stammende Vokalquartett <u>DIE SCHWIEGERS\u00d6HNE<\/u>, die &#8222;saarl\u00e4ndische Antwort auf die COMEDIAN HARMONISTS&#8220;. Vor allem letztere wussten durch pfiffige und hintersinnige Lieder (z. T. in Mundart), verbunden mit ausgefeilter Gesangsakrobatik, das Publikum zu \u00fcberzeugen. Dass auch in Eschringen tolle Stimmen beheimat sind, unterstrich Silke Vogelgesang souver\u00e4n mit drei Liedern, deren Interpretation an ihr Vorbild Nicole erinnern lie\u00df. F\u00fcr Lokalkolorit sorgte schlie\u00dflich Elli Pitzius, die zwei heitere, heimatverbundene Gedichte in Eschringer Mundart von dem im Darmst\u00e4dter &#8222;Exil&#8220; lebenden <a href=\"http:\/\/www.eschringen.de\/cms\/front_content.php?idcatart=85&amp;lang=1\"><u>Albert C. Hoffmann<\/u><\/a> gekonnt vortrug.<\/p>\n\n\n<div class=\"wp-block-image\">\n<figure class=\"alignright\"><img data-recalc-dims=\"1\" loading=\"lazy\" decoding=\"async\" width=\"250\" height=\"171\" src=\"https:\/\/i0.wp.com\/eschringen.de\/wordpress\/wp-content\/uploads\/2022\/08\/uogg5.jpg?resize=250%2C171&#038;ssl=1\" alt=\"\" class=\"wp-image-3914\"\/><figcaption>li.: das Eschringer Rateteam re.: Silke Vogelgesang<\/figcaption><\/figure>\n<\/div>\n\n\n<p>In der zweist\u00fcndigen Veranstaltungen stand letztlich ein Quiz-Krimi im Mittelpunkt. Im ersten Teil musste das Eschringer Rateteam, bestehend aus Waltraud Nisius, Sonja Fischer, Bernhard Marondel, Hartmut Kimmling und Artur Kr\u00e4mer, Fragen zur Geschichte und Geographie Eschringens und der Nachbargemeinden beantworten, au\u00dferdem aus vorgegebenen Begriffen ein &#8222;Lied f\u00fcr Eschringen&#8220; (auf die Melodie von &#8222;Im Fr\u00fchtau zu Berge&#8220;) texten. Die F\u00fcnf l\u00f6sten diese Aufgaben mit Bravour, lediglich bei einer Frage mussten sie passen. Ebenfalls in der ersten Stunde kamen Edgar Hartz f\u00fcr die AG Eschringer Vereine und Roland Schmitt f\u00fcr die Geschichtswerkstatt zu Wort. In Kurzinterviews mit Gudrun Ebner erl\u00e4uterten beide die Ziele und Projekte der Dorfgemeinschaft.<\/p>\n\n\n<div class=\"wp-block-image\">\n<figure class=\"alignleft\"><img data-recalc-dims=\"1\" loading=\"lazy\" decoding=\"async\" width=\"250\" height=\"165\" src=\"https:\/\/i0.wp.com\/eschringen.de\/wordpress\/wp-content\/uploads\/2022\/08\/uogg4.jpg?resize=250%2C165&#038;ssl=1\" alt=\"\" class=\"wp-image-3915\"\/><figcaption>Das Eschringer Rateteam singt das &#8222;Lied f\u00fcr Eschringen&#8220; v.l.n.r.: Moderatorin Gudrun Ebner, Artur Kr\u00e4mer, Waltraud Nisius, Bernhard Marondel, Sonja Fischer, Hartmut Kimling<\/figcaption><\/figure>\n<\/div>\n\n\n<p>Im zweiten Teil der Rateshow kam das bereits mehrfach siegreiche Team aus Weiskirchen auf die B\u00fchne. Beide Mannschaften mussten knifflige, das gesamte Saarland betreffende Fragen beantworten. Bisweilen hie\u00df es auch schnell zu reagieren, per Tr\u00f6te anzuzeigen, dass man sich eine korrekte Antwort zutraute. Nach einem spannenden Finale stand es schlie\u00dflich unentschieden, weshalb eine Entscheidungsfrage notwendig wurde. Unter dem Jubel der meisten Hallenbesucher konnte das Eschringer Rateteam mit Sprecher Bernhard Marondel diese (&#8222;Auf welcher Hauptfrequenz sendet SR3-Saarlandwelle?&#8220;) beantworten (95,5 MHz).<\/p>\n\n\n\n<p>Den Abschluss dieser kurzweiligen Veranstaltung bildete die Siegerehrung und die von Herrn David f\u00fcr die Sparkassen-Finanzgruppe vorgenommene Scheck\u00fcbergabe. Das Eschringer Team hatte ein blendendes Ergebnis erreicht, das die Jugendarbeit der betreffenden Eschringer Vereine zus\u00e4tzlich bef\u00f6rdern d\u00fcrfte. Mit dem \u00dcberraschungssieg gegen das erfahrene Team aus Weiskirchen qualifizierte sich die Eschringer Mannschaft f\u00fcr die n\u00e4chste Runde von &#8222;Unser Ort ganz gro\u00df&#8220;. Dann d\u00fcrfen die F\u00fcnf nach Merzig reisen, wo sie sich am 25. Mai 2000 im Brauhaus gegen das dortige Team behaupten wollen. Vielleicht springt auch dann wieder etwas f\u00fcr die heimische Jugendf\u00f6rderung heraus.<\/p>\n\n\n<div class=\"wp-block-image\">\n<figure class=\"alignright\"><img data-recalc-dims=\"1\" loading=\"lazy\" decoding=\"async\" width=\"250\" height=\"171\" src=\"https:\/\/i0.wp.com\/eschringen.de\/wordpress\/wp-content\/uploads\/2022\/08\/uogg1.jpg?resize=250%2C171&#038;ssl=1\" alt=\"\" class=\"wp-image-3916\"\/><figcaption>&#8222;Die Schwiegers\u00f6hne&#8220;<\/figcaption><\/figure>\n<\/div>\n\n\n<p>P.S.<br>CDs von den <u>SCHWIEGERS\u00d6HNEN<\/u> k\u00f6nnen entweder bei ihnen selbst oder \u00fcber die Geschichtswerkstatt geordert werden.<\/p>\n","protected":false},"excerpt":{"rendered":"<p>SR3-Veranstaltungsreihe machte am 27. April 2000 Station in Eschringen Viele flei\u00dfige H\u00e4nde hatten die Eschringer Sport- und Kulturhalle bestens f\u00fcr die beliebte Show- und Quizsendung hergerichtet, die dieser Tage der Saarl\u00e4ndische Rundfunk in Zusammenarbeit mit der AG Eschringer Vereine durchf\u00fchrte. Erfreulicherweise fanden sich viele B\u00fcrgerinnen und B\u00fcrger aus Eschringen und den Nachbarorten sowie einige G\u00e4ste &#8230; <a title=\"27.04.2000 &#8211; &#8222;Unser Ort ganz gro\u00df&#8220;\" class=\"read-more\" href=\"https:\/\/eschringen.de\/wordpress\/geschichte\/archiv\/27-04-00-unser-ort-ganz-gross\/\" aria-label=\"Mehr Informationen \u00fcber 27.04.2000 &#8211; &#8222;Unser Ort ganz gro\u00df&#8220;\">Weiterlesen &#8230;<\/a><\/p>\n","protected":false},"author":1,"featured_media":0,"parent":403,"menu_order":72,"comment_status":"closed","ping_status":"closed","template":"","meta":{"ngg_post_thumbnail":0,"footnotes":""},"class_list":["post-1044","page","type-page","status-publish"],"yoast_head":"<!-- This site is optimized with the Yoast SEO plugin v27.4 - https:\/\/yoast.com\/product\/yoast-seo-wordpress\/ -->\n<title>27.04.2000 - &quot;Unser Ort ganz gro\u00df&quot; - Eschringen<\/title>\n<meta name=\"robots\" content=\"index, follow, max-snippet:-1, max-image-preview:large, max-video-preview:-1\" \/>\n<link rel=\"canonical\" href=\"https:\/\/eschringen.de\/wordpress\/geschichte\/archiv\/27-04-00-unser-ort-ganz-gross\/\" \/>\n<meta property=\"og:locale\" content=\"de_DE\" \/>\n<meta property=\"og:type\" content=\"article\" \/>\n<meta property=\"og:title\" content=\"27.04.2000 - &quot;Unser Ort ganz gro\u00df&quot; - Eschringen\" \/>\n<meta property=\"og:description\" content=\"SR3-Veranstaltungsreihe machte am 27. April 2000 Station in Eschringen Viele flei\u00dfige H\u00e4nde hatten die Eschringer Sport- und Kulturhalle bestens f\u00fcr die beliebte Show- und Quizsendung hergerichtet, die dieser Tage der Saarl\u00e4ndische Rundfunk in Zusammenarbeit mit der AG Eschringer Vereine durchf\u00fchrte. Erfreulicherweise fanden sich viele B\u00fcrgerinnen und B\u00fcrger aus Eschringen und den Nachbarorten sowie einige G\u00e4ste ... Weiterlesen ...\" \/>\n<meta property=\"og:url\" content=\"https:\/\/eschringen.de\/wordpress\/geschichte\/archiv\/27-04-00-unser-ort-ganz-gross\/\" \/>\n<meta property=\"og:site_name\" content=\"Eschringen\" \/>\n<meta property=\"article:modified_time\" content=\"2022-08-31T07:02:14+00:00\" \/>\n<meta property=\"og:image\" content=\"https:\/\/eschringen.de\/wordpress\/wp-content\/uploads\/2022\/08\/uogg2.jpg\" \/>\n<meta name=\"twitter:card\" content=\"summary_large_image\" \/>\n<script type=\"application\/ld+json\" class=\"yoast-schema-graph\">{\"@context\":\"https:\\\/\\\/schema.org\",\"@graph\":[{\"@type\":\"WebPage\",\"@id\":\"https:\\\/\\\/eschringen.de\\\/wordpress\\\/geschichte\\\/archiv\\\/27-04-00-unser-ort-ganz-gross\\\/\",\"url\":\"https:\\\/\\\/eschringen.de\\\/wordpress\\\/geschichte\\\/archiv\\\/27-04-00-unser-ort-ganz-gross\\\/\",\"name\":\"27.04.2000 - \\\"Unser Ort ganz gro\u00df\\\" - Eschringen\",\"isPartOf\":{\"@id\":\"https:\\\/\\\/eschringen.de\\\/wordpress\\\/#website\"},\"primaryImageOfPage\":{\"@id\":\"https:\\\/\\\/eschringen.de\\\/wordpress\\\/geschichte\\\/archiv\\\/27-04-00-unser-ort-ganz-gross\\\/#primaryimage\"},\"image\":{\"@id\":\"https:\\\/\\\/eschringen.de\\\/wordpress\\\/geschichte\\\/archiv\\\/27-04-00-unser-ort-ganz-gross\\\/#primaryimage\"},\"thumbnailUrl\":\"https:\\\/\\\/eschringen.de\\\/wordpress\\\/wp-content\\\/uploads\\\/2022\\\/08\\\/uogg2.jpg\",\"datePublished\":\"2017-02-24T11:43:29+00:00\",\"dateModified\":\"2022-08-31T07:02:14+00:00\",\"breadcrumb\":{\"@id\":\"https:\\\/\\\/eschringen.de\\\/wordpress\\\/geschichte\\\/archiv\\\/27-04-00-unser-ort-ganz-gross\\\/#breadcrumb\"},\"inLanguage\":\"de\",\"potentialAction\":[{\"@type\":\"ReadAction\",\"target\":[\"https:\\\/\\\/eschringen.de\\\/wordpress\\\/geschichte\\\/archiv\\\/27-04-00-unser-ort-ganz-gross\\\/\"]}]},{\"@type\":\"ImageObject\",\"inLanguage\":\"de\",\"@id\":\"https:\\\/\\\/eschringen.de\\\/wordpress\\\/geschichte\\\/archiv\\\/27-04-00-unser-ort-ganz-gross\\\/#primaryimage\",\"url\":\"https:\\\/\\\/i0.wp.com\\\/eschringen.de\\\/wordpress\\\/wp-content\\\/uploads\\\/2022\\\/08\\\/uogg2.jpg?fit=250%2C171&ssl=1\",\"contentUrl\":\"https:\\\/\\\/i0.wp.com\\\/eschringen.de\\\/wordpress\\\/wp-content\\\/uploads\\\/2022\\\/08\\\/uogg2.jpg?fit=250%2C171&ssl=1\",\"width\":250,\"height\":171},{\"@type\":\"BreadcrumbList\",\"@id\":\"https:\\\/\\\/eschringen.de\\\/wordpress\\\/geschichte\\\/archiv\\\/27-04-00-unser-ort-ganz-gross\\\/#breadcrumb\",\"itemListElement\":[{\"@type\":\"ListItem\",\"position\":1,\"name\":\"Startseite\",\"item\":\"https:\\\/\\\/eschringen.de\\\/wordpress\\\/\"},{\"@type\":\"ListItem\",\"position\":2,\"name\":\"Geschichte\",\"item\":\"https:\\\/\\\/eschringen.de\\\/wordpress\\\/geschichte\\\/\"},{\"@type\":\"ListItem\",\"position\":3,\"name\":\"Archiv\",\"item\":\"https:\\\/\\\/eschringen.de\\\/wordpress\\\/geschichte\\\/archiv\\\/\"},{\"@type\":\"ListItem\",\"position\":4,\"name\":\"27.04.2000 &#8211; &#8222;Unser Ort ganz gro\u00df&#8220;\"}]},{\"@type\":\"WebSite\",\"@id\":\"https:\\\/\\\/eschringen.de\\\/wordpress\\\/#website\",\"url\":\"https:\\\/\\\/eschringen.de\\\/wordpress\\\/\",\"name\":\"Eschringen\",\"description\":\"\",\"publisher\":{\"@id\":\"https:\\\/\\\/eschringen.de\\\/wordpress\\\/#organization\"},\"potentialAction\":[{\"@type\":\"SearchAction\",\"target\":{\"@type\":\"EntryPoint\",\"urlTemplate\":\"https:\\\/\\\/eschringen.de\\\/wordpress\\\/?s={search_term_string}\"},\"query-input\":{\"@type\":\"PropertyValueSpecification\",\"valueRequired\":true,\"valueName\":\"search_term_string\"}}],\"inLanguage\":\"de\"},{\"@type\":\"Organization\",\"@id\":\"https:\\\/\\\/eschringen.de\\\/wordpress\\\/#organization\",\"name\":\"Eschringen\",\"url\":\"https:\\\/\\\/eschringen.de\\\/wordpress\\\/\",\"logo\":{\"@type\":\"ImageObject\",\"inLanguage\":\"de\",\"@id\":\"https:\\\/\\\/eschringen.de\\\/wordpress\\\/#\\\/schema\\\/logo\\\/image\\\/\",\"url\":\"https:\\\/\\\/eschringen.de\\\/wordpress\\\/wp-content\\\/uploads\\\/2017\\\/03\\\/2017_kw15.jpg\",\"contentUrl\":\"https:\\\/\\\/eschringen.de\\\/wordpress\\\/wp-content\\\/uploads\\\/2017\\\/03\\\/2017_kw15.jpg\",\"width\":784,\"height\":447,\"caption\":\"Eschringen\"},\"image\":{\"@id\":\"https:\\\/\\\/eschringen.de\\\/wordpress\\\/#\\\/schema\\\/logo\\\/image\\\/\"}}]}<\/script>\n<!-- \/ Yoast SEO plugin. -->","yoast_head_json":{"title":"27.04.2000 - \"Unser Ort ganz gro\u00df\" - Eschringen","robots":{"index":"index","follow":"follow","max-snippet":"max-snippet:-1","max-image-preview":"max-image-preview:large","max-video-preview":"max-video-preview:-1"},"canonical":"https:\/\/eschringen.de\/wordpress\/geschichte\/archiv\/27-04-00-unser-ort-ganz-gross\/","og_locale":"de_DE","og_type":"article","og_title":"27.04.2000 - \"Unser Ort ganz gro\u00df\" - Eschringen","og_description":"SR3-Veranstaltungsreihe machte am 27. April 2000 Station in Eschringen Viele flei\u00dfige H\u00e4nde hatten die Eschringer Sport- und Kulturhalle bestens f\u00fcr die beliebte Show- und Quizsendung hergerichtet, die dieser Tage der Saarl\u00e4ndische Rundfunk in Zusammenarbeit mit der AG Eschringer Vereine durchf\u00fchrte. Erfreulicherweise fanden sich viele B\u00fcrgerinnen und B\u00fcrger aus Eschringen und den Nachbarorten sowie einige G\u00e4ste ... Weiterlesen ...","og_url":"https:\/\/eschringen.de\/wordpress\/geschichte\/archiv\/27-04-00-unser-ort-ganz-gross\/","og_site_name":"Eschringen","article_modified_time":"2022-08-31T07:02:14+00:00","og_image":[{"url":"https:\/\/eschringen.de\/wordpress\/wp-content\/uploads\/2022\/08\/uogg2.jpg","type":"","width":"","height":""}],"twitter_card":"summary_large_image","schema":{"@context":"https:\/\/schema.org","@graph":[{"@type":"WebPage","@id":"https:\/\/eschringen.de\/wordpress\/geschichte\/archiv\/27-04-00-unser-ort-ganz-gross\/","url":"https:\/\/eschringen.de\/wordpress\/geschichte\/archiv\/27-04-00-unser-ort-ganz-gross\/","name":"27.04.2000 - \"Unser Ort ganz gro\u00df\" - Eschringen","isPartOf":{"@id":"https:\/\/eschringen.de\/wordpress\/#website"},"primaryImageOfPage":{"@id":"https:\/\/eschringen.de\/wordpress\/geschichte\/archiv\/27-04-00-unser-ort-ganz-gross\/#primaryimage"},"image":{"@id":"https:\/\/eschringen.de\/wordpress\/geschichte\/archiv\/27-04-00-unser-ort-ganz-gross\/#primaryimage"},"thumbnailUrl":"https:\/\/eschringen.de\/wordpress\/wp-content\/uploads\/2022\/08\/uogg2.jpg","datePublished":"2017-02-24T11:43:29+00:00","dateModified":"2022-08-31T07:02:14+00:00","breadcrumb":{"@id":"https:\/\/eschringen.de\/wordpress\/geschichte\/archiv\/27-04-00-unser-ort-ganz-gross\/#breadcrumb"},"inLanguage":"de","potentialAction":[{"@type":"ReadAction","target":["https:\/\/eschringen.de\/wordpress\/geschichte\/archiv\/27-04-00-unser-ort-ganz-gross\/"]}]},{"@type":"ImageObject","inLanguage":"de","@id":"https:\/\/eschringen.de\/wordpress\/geschichte\/archiv\/27-04-00-unser-ort-ganz-gross\/#primaryimage","url":"https:\/\/i0.wp.com\/eschringen.de\/wordpress\/wp-content\/uploads\/2022\/08\/uogg2.jpg?fit=250%2C171&ssl=1","contentUrl":"https:\/\/i0.wp.com\/eschringen.de\/wordpress\/wp-content\/uploads\/2022\/08\/uogg2.jpg?fit=250%2C171&ssl=1","width":250,"height":171},{"@type":"BreadcrumbList","@id":"https:\/\/eschringen.de\/wordpress\/geschichte\/archiv\/27-04-00-unser-ort-ganz-gross\/#breadcrumb","itemListElement":[{"@type":"ListItem","position":1,"name":"Startseite","item":"https:\/\/eschringen.de\/wordpress\/"},{"@type":"ListItem","position":2,"name":"Geschichte","item":"https:\/\/eschringen.de\/wordpress\/geschichte\/"},{"@type":"ListItem","position":3,"name":"Archiv","item":"https:\/\/eschringen.de\/wordpress\/geschichte\/archiv\/"},{"@type":"ListItem","position":4,"name":"27.04.2000 &#8211; &#8222;Unser Ort ganz gro\u00df&#8220;"}]},{"@type":"WebSite","@id":"https:\/\/eschringen.de\/wordpress\/#website","url":"https:\/\/eschringen.de\/wordpress\/","name":"Eschringen","description":"","publisher":{"@id":"https:\/\/eschringen.de\/wordpress\/#organization"},"potentialAction":[{"@type":"SearchAction","target":{"@type":"EntryPoint","urlTemplate":"https:\/\/eschringen.de\/wordpress\/?s={search_term_string}"},"query-input":{"@type":"PropertyValueSpecification","valueRequired":true,"valueName":"search_term_string"}}],"inLanguage":"de"},{"@type":"Organization","@id":"https:\/\/eschringen.de\/wordpress\/#organization","name":"Eschringen","url":"https:\/\/eschringen.de\/wordpress\/","logo":{"@type":"ImageObject","inLanguage":"de","@id":"https:\/\/eschringen.de\/wordpress\/#\/schema\/logo\/image\/","url":"https:\/\/eschringen.de\/wordpress\/wp-content\/uploads\/2017\/03\/2017_kw15.jpg","contentUrl":"https:\/\/eschringen.de\/wordpress\/wp-content\/uploads\/2017\/03\/2017_kw15.jpg","width":784,"height":447,"caption":"Eschringen"},"image":{"@id":"https:\/\/eschringen.de\/wordpress\/#\/schema\/logo\/image\/"}}]}},"jetpack_sharing_enabled":true,"_links":{"self":[{"href":"https:\/\/eschringen.de\/wordpress\/wp-json\/wp\/v2\/pages\/1044","targetHints":{"allow":["GET"]}}],"collection":[{"href":"https:\/\/eschringen.de\/wordpress\/wp-json\/wp\/v2\/pages"}],"about":[{"href":"https:\/\/eschringen.de\/wordpress\/wp-json\/wp\/v2\/types\/page"}],"author":[{"embeddable":true,"href":"https:\/\/eschringen.de\/wordpress\/wp-json\/wp\/v2\/users\/1"}],"replies":[{"embeddable":true,"href":"https:\/\/eschringen.de\/wordpress\/wp-json\/wp\/v2\/comments?post=1044"}],"version-history":[{"count":4,"href":"https:\/\/eschringen.de\/wordpress\/wp-json\/wp\/v2\/pages\/1044\/revisions"}],"predecessor-version":[{"id":3935,"href":"https:\/\/eschringen.de\/wordpress\/wp-json\/wp\/v2\/pages\/1044\/revisions\/3935"}],"up":[{"embeddable":true,"href":"https:\/\/eschringen.de\/wordpress\/wp-json\/wp\/v2\/pages\/403"}],"wp:attachment":[{"href":"https:\/\/eschringen.de\/wordpress\/wp-json\/wp\/v2\/media?parent=1044"}],"curies":[{"name":"wp","href":"https:\/\/api.w.org\/{rel}","templated":true}]}}