{"id":1010,"date":"2017-02-23T23:17:32","date_gmt":"2017-02-23T22:17:32","guid":{"rendered":"http:\/\/eschringen.de\/wordpress\/?page_id=1010"},"modified":"2022-08-31T09:12:10","modified_gmt":"2022-08-31T07:12:10","slug":"12-14-05-01-nachbardorf-ensheim-stand-im-mittelpunkt","status":"publish","type":"page","link":"https:\/\/eschringen.de\/wordpress\/geschichte\/archiv\/12-14-05-01-nachbardorf-ensheim-stand-im-mittelpunkt\/","title":{"rendered":"12. + 14.05.2001 &#8211; Nachbardorf Ensheim stand im Mittelpunkt"},"content":{"rendered":"\n<p>Mehr oder weniger zuf\u00e4llig fanden fast zeitgleich (12. und 14. Mai 2001) zwei Veranstaltungen der Geschichtswerkstatt Eschringen statt. Eine Grenzsteinwanderung f\u00fchrte entlang der Banngrenze Ensheim &#8211; Eschringen, deren Ausgangspunkt der gut erhaltene Grenzstein von 1721 am ehemaligen Ensheimer Weg (bzw. Eschringer Weg) war. Dort konnte Roland Schmitt, Leiter der Geschichtswerkstatt, bei sommerlichem Wetter neben Einzelg\u00e4sten aus Saarbr\u00fccken und Umgebung auch eine Mitwandergruppe des Ensheimer Vereins &#8222;Die Gr\u00e4nzst\u00e4ner&#8220; begr\u00fc\u00dfen. Da die (k\u00fcrzere) \u00f6stliche Grenzlinie nach Ormesheim etwas schwierig begehbar war, konzentrierte man sich auf den einstigen Grenzverlauf nach Fechingen zu. Schmitt erl\u00e4uterte die auf den Grenzsteinen zu erkennenden Zeichen, die Initialen f\u00fcr Eschringen (E) und Ensheim (E durch ein W erg\u00e4nzt, das auf den Grundherrn, das Kloster Wadgassen, hinwies), die Jahreszahl der Steinsetzung (1721 bzw. 1791), die laufende Nr. sowie die Kerbe auf dem Grenzsteinkopf, die sog. &#8222;Weisung&#8220;, die eben auf den jeweils n\u00e4chsten Grenzstein verweist. Zus\u00e4tzliche historische Informationen steuerte Heinrich Moog, der Eschringer Ortschronist, bei. Die Wanderung f\u00fchrte \u00fcber die Ackerfluren &#8222;In den Hasen\u00e4ckern&#8220; und &#8222;Unten an den vier Morgen&#8220; (wo einige Grenzsteine inzwischen fehlen) bis zu alten Grenzhecken &#8222;Im Allmend&#8220; (Eschringer Seite) bzw. &#8222;In der langen Ahnung&#8220; (Ensheimer Seite). \u00dcber Stock und Stein ging es dann am Waldsaum &#8222;Hinter Sitters&#8220; entlang bis zur alten Gemarkungsgrenze von Fechingen, Ensheim und Eschringen, wo einst auch ein sog. &#8222;Dreib\u00e4nner&#8220; gestanden hatte. Friedrich Binkle, Gesch\u00e4ftsf\u00fchrer der &#8222;Gr\u00e4nzst\u00e4ner&#8220;, gab zu verstehen, dass man sich um die abgebrochenen Steine zwecks Herrichtung k\u00fcmmern wolle. Die Wandergruppe machte schlie\u00dflich noch eine Stippvisite an die ehemalige bayerisch-preu\u00dfische Landesgrenze zwischen Eschringen und Fechingen und marschierte dann Richtung Eschringen. Dort im Gasthaus &#8222;Zur Post&#8220; referierte Schmitt \u00fcber die allgemeine Geschichte der Grenzen und Grenzzeichen, auch anhand von historischen Abbildungen, und erl\u00e4uterte das Ritual der Grenzsteinsetzung mit den geheimnisvollen &#8222;Zeugen&#8220; (oder Weisern). Diese Bruchst\u00fccke aus Ziegel oder Glas (auch eigens gefertigte Tonscheiben), die unterhalb des Grenzsteines in die Erde gesteckt wurden, sollten eine mutwillige Versetzung desselben und damit die Ver\u00e4nderung der Grenzlinie erschweren. Schmitt pl\u00e4dierte f\u00fcr einen aktiven Schutz dieser denkmalgesch\u00fctzten Kleindenkmale.<\/p>\n\n\n\n<p>Ebenfalls im Gasthaus &#8222;Zur Post&#8220; fand zwei Tage sp\u00e4ter auch der Lichtbildervortrag von Werner Kihm statt. Der Ensheimer Heimatforscher hatte aus seiner gro\u00dfen Dia- und Bildersammlung zur Geschichte seines Heimatdorfes eine Auswahl nach Themen getroffen: Angefangen von der zu Wadgassen geh\u00f6rigen Probstei, deren Geb\u00e4ude schlie\u00dflich von der Fabrikantenfamilie Adt \u00fcbernommen worden waren und insbesondere f\u00fcr die Produktion von unterschiedlichsten Materialien aus Pappmach\u00e9 genutzt wurden. Auch an andere Unternehmen, z. B. das Ziegelwerk Ludowici, wurde mit raren Fotos erinnert. Dank des Wirtschaftsaufschwungs in der zweiten H\u00e4lfte des 19. Jahrhunderts kam die &#8222;junge&#8220; Photographie schon relativ fr\u00fch in den aufstrebenden Standort Ensheim. Werner Kihm zeigte aber auch Bilder vom eher b\u00e4uerlich gepr\u00e4gten Alltag der Ensheimer, dazu viele Aufnahmen interessanter, z. T. nicht mehr existenter Geb\u00e4ude. Seine Zeitreise streifte auch das Verkehrswesen, fr\u00fche dampfgetriebene Zugmaschinen, die ersten Automobile und die bis Mitte der 1960er Jahre zum Ortsbild geh\u00f6rige Stra\u00dfenbahn. Der interessante Vortrag zeigte auch j\u00fcngere und \u00e4ltere Aufnahmen von Wegekreuzen und Brunnen und sonstige markante Punkte in Ensheim. Die Anwesenden zeigten sich jedenfalls sehr beeindruckt von der F\u00fclle und der Qualit\u00e4t des Bildmaterials.<\/p>\n","protected":false},"excerpt":{"rendered":"<p>Mehr oder weniger zuf\u00e4llig fanden fast zeitgleich (12. und 14. Mai 2001) zwei Veranstaltungen der Geschichtswerkstatt Eschringen statt. Eine Grenzsteinwanderung f\u00fchrte entlang der Banngrenze Ensheim &#8211; Eschringen, deren Ausgangspunkt der gut erhaltene Grenzstein von 1721 am ehemaligen Ensheimer Weg (bzw. Eschringer Weg) war. Dort konnte Roland Schmitt, Leiter der Geschichtswerkstatt, bei sommerlichem Wetter neben Einzelg\u00e4sten &#8230; <a title=\"12. + 14.05.2001 &#8211; Nachbardorf Ensheim stand im Mittelpunkt\" class=\"read-more\" href=\"https:\/\/eschringen.de\/wordpress\/geschichte\/archiv\/12-14-05-01-nachbardorf-ensheim-stand-im-mittelpunkt\/\" aria-label=\"Mehr Informationen \u00fcber 12. + 14.05.2001 &#8211; Nachbardorf Ensheim stand im Mittelpunkt\">Weiterlesen &#8230;<\/a><\/p>\n","protected":false},"author":1,"featured_media":0,"parent":403,"menu_order":66,"comment_status":"closed","ping_status":"closed","template":"","meta":{"ngg_post_thumbnail":0,"footnotes":""},"class_list":["post-1010","page","type-page","status-publish"],"yoast_head":"<!-- This site is optimized with the Yoast SEO plugin v27.5 - https:\/\/yoast.com\/product\/yoast-seo-wordpress\/ -->\n<title>12. + 14.05.2001 - Nachbardorf Ensheim stand im Mittelpunkt - Eschringen<\/title>\n<meta name=\"robots\" content=\"index, follow, max-snippet:-1, max-image-preview:large, max-video-preview:-1\" \/>\n<link rel=\"canonical\" href=\"https:\/\/eschringen.de\/wordpress\/geschichte\/archiv\/12-14-05-01-nachbardorf-ensheim-stand-im-mittelpunkt\/\" \/>\n<meta property=\"og:locale\" content=\"de_DE\" \/>\n<meta property=\"og:type\" content=\"article\" \/>\n<meta property=\"og:title\" content=\"12. + 14.05.2001 - Nachbardorf Ensheim stand im Mittelpunkt - Eschringen\" \/>\n<meta property=\"og:description\" content=\"Mehr oder weniger zuf\u00e4llig fanden fast zeitgleich (12. und 14. Mai 2001) zwei Veranstaltungen der Geschichtswerkstatt Eschringen statt. Eine Grenzsteinwanderung f\u00fchrte entlang der Banngrenze Ensheim &#8211; Eschringen, deren Ausgangspunkt der gut erhaltene Grenzstein von 1721 am ehemaligen Ensheimer Weg (bzw. Eschringer Weg) war. Dort konnte Roland Schmitt, Leiter der Geschichtswerkstatt, bei sommerlichem Wetter neben Einzelg\u00e4sten ... Weiterlesen ...\" \/>\n<meta property=\"og:url\" content=\"https:\/\/eschringen.de\/wordpress\/geschichte\/archiv\/12-14-05-01-nachbardorf-ensheim-stand-im-mittelpunkt\/\" \/>\n<meta property=\"og:site_name\" content=\"Eschringen\" \/>\n<meta property=\"article:modified_time\" content=\"2022-08-31T07:12:10+00:00\" \/>\n<meta name=\"twitter:card\" content=\"summary_large_image\" \/>\n<meta name=\"twitter:label1\" content=\"Gesch\u00e4tzte Lesezeit\" \/>\n\t<meta name=\"twitter:data1\" content=\"3\u00a0Minuten\" \/>\n<script type=\"application\/ld+json\" class=\"yoast-schema-graph\">{\"@context\":\"https:\\\/\\\/schema.org\",\"@graph\":[{\"@type\":\"WebPage\",\"@id\":\"https:\\\/\\\/eschringen.de\\\/wordpress\\\/geschichte\\\/archiv\\\/12-14-05-01-nachbardorf-ensheim-stand-im-mittelpunkt\\\/\",\"url\":\"https:\\\/\\\/eschringen.de\\\/wordpress\\\/geschichte\\\/archiv\\\/12-14-05-01-nachbardorf-ensheim-stand-im-mittelpunkt\\\/\",\"name\":\"12. + 14.05.2001 - Nachbardorf Ensheim stand im Mittelpunkt - Eschringen\",\"isPartOf\":{\"@id\":\"https:\\\/\\\/eschringen.de\\\/wordpress\\\/#website\"},\"datePublished\":\"2017-02-23T22:17:32+00:00\",\"dateModified\":\"2022-08-31T07:12:10+00:00\",\"breadcrumb\":{\"@id\":\"https:\\\/\\\/eschringen.de\\\/wordpress\\\/geschichte\\\/archiv\\\/12-14-05-01-nachbardorf-ensheim-stand-im-mittelpunkt\\\/#breadcrumb\"},\"inLanguage\":\"de\",\"potentialAction\":[{\"@type\":\"ReadAction\",\"target\":[\"https:\\\/\\\/eschringen.de\\\/wordpress\\\/geschichte\\\/archiv\\\/12-14-05-01-nachbardorf-ensheim-stand-im-mittelpunkt\\\/\"]}]},{\"@type\":\"BreadcrumbList\",\"@id\":\"https:\\\/\\\/eschringen.de\\\/wordpress\\\/geschichte\\\/archiv\\\/12-14-05-01-nachbardorf-ensheim-stand-im-mittelpunkt\\\/#breadcrumb\",\"itemListElement\":[{\"@type\":\"ListItem\",\"position\":1,\"name\":\"Startseite\",\"item\":\"https:\\\/\\\/eschringen.de\\\/wordpress\\\/\"},{\"@type\":\"ListItem\",\"position\":2,\"name\":\"Geschichte\",\"item\":\"https:\\\/\\\/eschringen.de\\\/wordpress\\\/geschichte\\\/\"},{\"@type\":\"ListItem\",\"position\":3,\"name\":\"Archiv\",\"item\":\"https:\\\/\\\/eschringen.de\\\/wordpress\\\/geschichte\\\/archiv\\\/\"},{\"@type\":\"ListItem\",\"position\":4,\"name\":\"12. + 14.05.2001 &#8211; Nachbardorf Ensheim stand im Mittelpunkt\"}]},{\"@type\":\"WebSite\",\"@id\":\"https:\\\/\\\/eschringen.de\\\/wordpress\\\/#website\",\"url\":\"https:\\\/\\\/eschringen.de\\\/wordpress\\\/\",\"name\":\"Eschringen\",\"description\":\"\",\"publisher\":{\"@id\":\"https:\\\/\\\/eschringen.de\\\/wordpress\\\/#organization\"},\"potentialAction\":[{\"@type\":\"SearchAction\",\"target\":{\"@type\":\"EntryPoint\",\"urlTemplate\":\"https:\\\/\\\/eschringen.de\\\/wordpress\\\/?s={search_term_string}\"},\"query-input\":{\"@type\":\"PropertyValueSpecification\",\"valueRequired\":true,\"valueName\":\"search_term_string\"}}],\"inLanguage\":\"de\"},{\"@type\":\"Organization\",\"@id\":\"https:\\\/\\\/eschringen.de\\\/wordpress\\\/#organization\",\"name\":\"Eschringen\",\"url\":\"https:\\\/\\\/eschringen.de\\\/wordpress\\\/\",\"logo\":{\"@type\":\"ImageObject\",\"inLanguage\":\"de\",\"@id\":\"https:\\\/\\\/eschringen.de\\\/wordpress\\\/#\\\/schema\\\/logo\\\/image\\\/\",\"url\":\"https:\\\/\\\/eschringen.de\\\/wordpress\\\/wp-content\\\/uploads\\\/2017\\\/03\\\/2017_kw15.jpg\",\"contentUrl\":\"https:\\\/\\\/eschringen.de\\\/wordpress\\\/wp-content\\\/uploads\\\/2017\\\/03\\\/2017_kw15.jpg\",\"width\":784,\"height\":447,\"caption\":\"Eschringen\"},\"image\":{\"@id\":\"https:\\\/\\\/eschringen.de\\\/wordpress\\\/#\\\/schema\\\/logo\\\/image\\\/\"}}]}<\/script>\n<!-- \/ Yoast SEO plugin. -->","yoast_head_json":{"title":"12. + 14.05.2001 - Nachbardorf Ensheim stand im Mittelpunkt - Eschringen","robots":{"index":"index","follow":"follow","max-snippet":"max-snippet:-1","max-image-preview":"max-image-preview:large","max-video-preview":"max-video-preview:-1"},"canonical":"https:\/\/eschringen.de\/wordpress\/geschichte\/archiv\/12-14-05-01-nachbardorf-ensheim-stand-im-mittelpunkt\/","og_locale":"de_DE","og_type":"article","og_title":"12. + 14.05.2001 - Nachbardorf Ensheim stand im Mittelpunkt - Eschringen","og_description":"Mehr oder weniger zuf\u00e4llig fanden fast zeitgleich (12. und 14. Mai 2001) zwei Veranstaltungen der Geschichtswerkstatt Eschringen statt. Eine Grenzsteinwanderung f\u00fchrte entlang der Banngrenze Ensheim &#8211; Eschringen, deren Ausgangspunkt der gut erhaltene Grenzstein von 1721 am ehemaligen Ensheimer Weg (bzw. Eschringer Weg) war. Dort konnte Roland Schmitt, Leiter der Geschichtswerkstatt, bei sommerlichem Wetter neben Einzelg\u00e4sten ... Weiterlesen ...","og_url":"https:\/\/eschringen.de\/wordpress\/geschichte\/archiv\/12-14-05-01-nachbardorf-ensheim-stand-im-mittelpunkt\/","og_site_name":"Eschringen","article_modified_time":"2022-08-31T07:12:10+00:00","twitter_card":"summary_large_image","twitter_misc":{"Gesch\u00e4tzte Lesezeit":"3\u00a0Minuten"},"schema":{"@context":"https:\/\/schema.org","@graph":[{"@type":"WebPage","@id":"https:\/\/eschringen.de\/wordpress\/geschichte\/archiv\/12-14-05-01-nachbardorf-ensheim-stand-im-mittelpunkt\/","url":"https:\/\/eschringen.de\/wordpress\/geschichte\/archiv\/12-14-05-01-nachbardorf-ensheim-stand-im-mittelpunkt\/","name":"12. + 14.05.2001 - Nachbardorf Ensheim stand im Mittelpunkt - Eschringen","isPartOf":{"@id":"https:\/\/eschringen.de\/wordpress\/#website"},"datePublished":"2017-02-23T22:17:32+00:00","dateModified":"2022-08-31T07:12:10+00:00","breadcrumb":{"@id":"https:\/\/eschringen.de\/wordpress\/geschichte\/archiv\/12-14-05-01-nachbardorf-ensheim-stand-im-mittelpunkt\/#breadcrumb"},"inLanguage":"de","potentialAction":[{"@type":"ReadAction","target":["https:\/\/eschringen.de\/wordpress\/geschichte\/archiv\/12-14-05-01-nachbardorf-ensheim-stand-im-mittelpunkt\/"]}]},{"@type":"BreadcrumbList","@id":"https:\/\/eschringen.de\/wordpress\/geschichte\/archiv\/12-14-05-01-nachbardorf-ensheim-stand-im-mittelpunkt\/#breadcrumb","itemListElement":[{"@type":"ListItem","position":1,"name":"Startseite","item":"https:\/\/eschringen.de\/wordpress\/"},{"@type":"ListItem","position":2,"name":"Geschichte","item":"https:\/\/eschringen.de\/wordpress\/geschichte\/"},{"@type":"ListItem","position":3,"name":"Archiv","item":"https:\/\/eschringen.de\/wordpress\/geschichte\/archiv\/"},{"@type":"ListItem","position":4,"name":"12. + 14.05.2001 &#8211; Nachbardorf Ensheim stand im Mittelpunkt"}]},{"@type":"WebSite","@id":"https:\/\/eschringen.de\/wordpress\/#website","url":"https:\/\/eschringen.de\/wordpress\/","name":"Eschringen","description":"","publisher":{"@id":"https:\/\/eschringen.de\/wordpress\/#organization"},"potentialAction":[{"@type":"SearchAction","target":{"@type":"EntryPoint","urlTemplate":"https:\/\/eschringen.de\/wordpress\/?s={search_term_string}"},"query-input":{"@type":"PropertyValueSpecification","valueRequired":true,"valueName":"search_term_string"}}],"inLanguage":"de"},{"@type":"Organization","@id":"https:\/\/eschringen.de\/wordpress\/#organization","name":"Eschringen","url":"https:\/\/eschringen.de\/wordpress\/","logo":{"@type":"ImageObject","inLanguage":"de","@id":"https:\/\/eschringen.de\/wordpress\/#\/schema\/logo\/image\/","url":"https:\/\/eschringen.de\/wordpress\/wp-content\/uploads\/2017\/03\/2017_kw15.jpg","contentUrl":"https:\/\/eschringen.de\/wordpress\/wp-content\/uploads\/2017\/03\/2017_kw15.jpg","width":784,"height":447,"caption":"Eschringen"},"image":{"@id":"https:\/\/eschringen.de\/wordpress\/#\/schema\/logo\/image\/"}}]}},"jetpack_sharing_enabled":true,"_links":{"self":[{"href":"https:\/\/eschringen.de\/wordpress\/wp-json\/wp\/v2\/pages\/1010","targetHints":{"allow":["GET"]}}],"collection":[{"href":"https:\/\/eschringen.de\/wordpress\/wp-json\/wp\/v2\/pages"}],"about":[{"href":"https:\/\/eschringen.de\/wordpress\/wp-json\/wp\/v2\/types\/page"}],"author":[{"embeddable":true,"href":"https:\/\/eschringen.de\/wordpress\/wp-json\/wp\/v2\/users\/1"}],"replies":[{"embeddable":true,"href":"https:\/\/eschringen.de\/wordpress\/wp-json\/wp\/v2\/comments?post=1010"}],"version-history":[{"count":2,"href":"https:\/\/eschringen.de\/wordpress\/wp-json\/wp\/v2\/pages\/1010\/revisions"}],"predecessor-version":[{"id":3958,"href":"https:\/\/eschringen.de\/wordpress\/wp-json\/wp\/v2\/pages\/1010\/revisions\/3958"}],"up":[{"embeddable":true,"href":"https:\/\/eschringen.de\/wordpress\/wp-json\/wp\/v2\/pages\/403"}],"wp:attachment":[{"href":"https:\/\/eschringen.de\/wordpress\/wp-json\/wp\/v2\/media?parent=1010"}],"curies":[{"name":"wp","href":"https:\/\/api.w.org\/{rel}","templated":true}]}}