{"version":"1.0","provider_name":"Eschringen","provider_url":"https:\/\/eschringen.de\/wordpress","title":"\"Schw\u00e4tzje Mobil\" - Eschringen","type":"rich","width":600,"height":338,"html":"<blockquote class=\"wp-embedded-content\" data-secret=\"eihUC8KKaZ\"><a href=\"https:\/\/eschringen.de\/wordpress\/event\/schwaetzje-mobil-2\/\">&#8222;Schw\u00e4tzje Mobil&#8220;<\/a><\/blockquote><iframe sandbox=\"allow-scripts\" security=\"restricted\" src=\"https:\/\/eschringen.de\/wordpress\/event\/schwaetzje-mobil-2\/embed\/#?secret=eihUC8KKaZ\" width=\"600\" height=\"338\" title=\"&#8222;&#8222;Schw\u00e4tzje Mobil&#8220;&#8220; &#8211; Eschringen\" data-secret=\"eihUC8KKaZ\" frameborder=\"0\" marginwidth=\"0\" marginheight=\"0\" scrolling=\"no\" class=\"wp-embedded-content\"><\/iframe><script>\n\/*! This file is auto-generated *\/\n!function(d,l){\"use strict\";l.querySelector&&d.addEventListener&&\"undefined\"!=typeof URL&&(d.wp=d.wp||{},d.wp.receiveEmbedMessage||(d.wp.receiveEmbedMessage=function(e){var t=e.data;if((t||t.secret||t.message||t.value)&&!\/[^a-zA-Z0-9]\/.test(t.secret)){for(var s,r,n,a=l.querySelectorAll('iframe[data-secret=\"'+t.secret+'\"]'),o=l.querySelectorAll('blockquote[data-secret=\"'+t.secret+'\"]'),c=new RegExp(\"^https?:$\",\"i\"),i=0;i<o.length;i++)o[i].style.display=\"none\";for(i=0;i<a.length;i++)s=a[i],e.source===s.contentWindow&&(s.removeAttribute(\"style\"),\"height\"===t.message?(1e3<(r=parseInt(t.value,10))?r=1e3:~~r<200&&(r=200),s.height=r):\"link\"===t.message&&(r=new URL(s.getAttribute(\"src\")),n=new URL(t.value),c.test(n.protocol))&&n.host===r.host&&l.activeElement===s&&(d.top.location.href=t.value))}},d.addEventListener(\"message\",d.wp.receiveEmbedMessage,!1),l.addEventListener(\"DOMContentLoaded\",function(){for(var e,t,s=l.querySelectorAll(\"iframe.wp-embedded-content\"),r=0;r<s.length;r++)(t=(e=s[r]).getAttribute(\"data-secret\"))||(t=Math.random().toString(36).substring(2,12),e.src+=\"#?secret=\"+t,e.setAttribute(\"data-secret\",t)),e.contentWindow.postMessage({message:\"ready\",secret:t},\"*\")},!1)))}(window,document);\n\/\/# sourceURL=https:\/\/eschringen.de\/wordpress\/wp-includes\/js\/wp-embed.min.js\n<\/script>\n","thumbnail_url":"https:\/\/eschringen.de\/wordpress\/wp-content\/uploads\/2024\/05\/2024_05_17.jpg","thumbnail_width":1080,"thumbnail_height":1080,"description":"Schw\u00e4tzje Mobil im Regionalverband Saarbr\u00fccken auf Tour Seit Mai 2023 gibt es das \u201eSchw\u00e4tzje Mobil\u201c, welches bereits am 16. Mai in Eschringen auf dem Festplatz war. Der n\u00e4chste Termin ist am 13. Juni von 14.00 bis 16.00 Uhr, wieder auf dem Festplatz Der Caritasverband f\u00fcr Saarbr\u00fccken und Umgebung e.V. bietet mit dem Schw\u00e4tzje Mobil ein ... Weiterlesen ..."}